{"id":14243,"date":"2009-09-24T00:00:00","date_gmt":"2009-09-24T00:00:00","guid":{"rendered":"https:\/\/fcmanrique.org\/fcm-actividad\/cesar-manrique-fernando-castro-borr\/"},"modified":"2023-12-13T14:55:31","modified_gmt":"2023-12-13T14:55:31","slug":"cesar-manrique-fernando-castro-borr","status":"publish","type":"fcm_actividad","link":"https:\/\/fcmanrique.org\/de\/fcm-actividad\/cesar-manrique-fernando-castro-borr\/","title":{"rendered":"Presentaci\u00f3n del libro <em>C\u00e9sar Manrique<\/em> de Fernando Castro Borrego"},"content":{"rendered":"<p class=\"qtranxs-available-languages-message qtranxs-available-languages-message-de\">Leider ist der Eintrag nur auf <a href=\"https:\/\/fcmanrique.org\/es\/wp-json\/wp\/v2\/fcm_actividad\/14243\" class=\"qtranxs-available-language-link qtranxs-available-language-link-es\" title=\"ES\">ES<\/a> verf\u00fcgbar.<\/p><p><span style=\"ofont-size: 10pt;\">El catedr\u00e1tico de Historia del arte, <strong>Fernando Castro Borrego<\/strong>, present\u00f3 el 24 de septiembre de 2009, en <\/span><span style=\"ofont-size: 10pt;\">la Sala<\/span><span style=\"ofont-size: 10pt;\"> Jos\u00e9<\/span><span style=\"ofont-size: 10pt;\"> Saramago, su libro <em><strong>C\u00e9sar Manrique<\/strong><\/em>, junto al cr\u00edtico Fernando Castro Fl\u00f3rez, el viceconsejero de cultura del Gobierno de Canarias, Alberto Delgado y el presidente de <\/span><span style=\"ofont-size: 10pt;\">la FCM<\/span><span style=\"ofont-size: 10pt;\">, Jos\u00e9 Juan Ram\u00edrez.<\/span><\/p>\n<p><span style=\"ofont-size: 10pt;\">El libro est\u00e1 editado por <\/span><span style=\"ofont-size: 10pt;\">la Consejer\u00eda<\/span><span style=\"ofont-size: 10pt;\"> de Educaci\u00f3n, Universidades, Cultura y Deportes del Gobierno canario y hace el n\u00famero 46 de la \u2018Biblioteca de artistas canarios\u2019, colecci\u00f3n que dirige el propio Castro Borrego. Se han editado dos mil ejemplares de este volumen, que significa \u201cuna valiosa contribuci\u00f3n para entender m\u00e1s cabalmente la obra del artista\u201d, en palabras del presidente de <\/span><span style=\"ofont-size: 10pt;\">la FCM<\/span><span style=\"ofont-size: 10pt;\">, que abri\u00f3 el acto.<\/span><\/p>\n<p><span style=\"ofont-size: 10pt;\">Jos\u00e9 Juan Ram\u00edrez record\u00f3 que uno de los objetivos de <\/span><span style=\"ofont-size: 10pt;\">la FCM<\/span><span style=\"ofont-size: 10pt;\"> es favorecer nuevas interpretaciones y visiones cr\u00edticas sobre C\u00e9sar Manrique y se\u00f1al\u00f3 que su figura no ha dejado de crecer en los \u00faltimos quince a\u00f1os. &nbsp;Por su parte, Alberto Delgado, que subray\u00f3 el car\u00e1cter divulgativo de la colecci\u00f3n, destac\u00f3 al artista lanzarote\u00f1o como referente de la idea del arte total.<\/span><\/p>\n<p><span style=\"ofont-size: 10pt;\">El cr\u00edtico de arte y profesor,<strong> Fernando Castro Fl\u00f3rez<\/strong>, en una larga disertaci\u00f3n, desvel\u00f3 los valores del libro de Castro Borrego. Dijo que \u201cmarca un antes y un despu\u00e9s\u201d y que ser\u00e1 un libro de referencia. Para Castro Fl\u00f3rez, este libro aporta claves poco se\u00f1aladas sobre el artista y bucea en apartados de su vida que apenas se han estudiado, como su sexualidad, sus divergencias con otros artistas o algunas vivencias personales, adem\u00e1s de trazar una reflexi\u00f3n estil\u00edstica o destacar su faceta como gestor cultural. Subray\u00f3 la visi\u00f3n integral del autor sobre Manrique, que es lo que aporta la verdadera dimensi\u00f3n del artista.<\/span><\/p>\n<p><span style=\"ofont-size: 10pt;\">El cr\u00edtico resalt\u00f3 la labor de Manrique como educador a trav\u00e9s de su relaci\u00f3n entre arte y naturaleza y se\u00f1al\u00f3 que \u201cManrique ten\u00eda en potencia todas las bazas del triunfador\u201d. Dibuj\u00f3 un peque\u00f1o recorrido por sus inicios como pintor y dijo de \u00e9l que fue uno de los primeros artistas abstractos espa\u00f1oles a pesar de que no se le considera como tal. Describi\u00f3 a Manrique como un alquimista porque convert\u00eda la pobreza en lujo y se\u00f1al\u00f3 que estaba empe\u00f1ado en crear felicidad, aunque no era ingenuo, ya que \u201cconoc\u00eda el baile de los corruptos\u201d.<\/span><\/p>\n<p><span style=\"ofont-size: 10pt;\">El autor del libro, Fernando Castro Borrego, explic\u00f3 que le cost\u00f3 convencerse para abordar la escritura del libro a pesar de que hab\u00eda escrito mucho sobre Manrique en el pasado. Dijo que era necesario seguir investigando y de hecho, se dedic\u00f3 a rastrear noticias sobre Manrique en hemerotecas de Madrid para completar esa investigaci\u00f3n. Sobre el planteamiento del libro, indic\u00f3 que \u201cel gran fallo para comprender la obra de C\u00e9sar Manrique es fraccionarlo\u201d y se\u00f1al\u00f3 que la importancia del artista viene del conjunto de su obra y su vida, incluyendo su dimensi\u00f3n pol\u00edtica. \u201cEs el \u00fanico artista espa\u00f1ol que ha propuesto un cambio de modelo econ\u00f3mico para un territorio\u201d y esto lo logr\u00f3 \u201ca trav\u00e9s de su compromiso con la belleza\u201d. \u201c\u00c9l no quer\u00eda ser un pintor de caballete, sino influir en la sociedad\u201d, asegur\u00f3 Castro, que a\u00f1adi\u00f3 que \u201cno ha habido nadie en Canarias con su capacidad de comunicaci\u00f3n\u201d y calific\u00f3 al artista como un \u201creferente espiritual en una sociedad en la que imperan los intereses materiales\u201d. Termin\u00f3 se\u00f1alando que lo que \u00e9l quiere transmitir con el libro, que \u201cno es una hagiograf\u00eda, a pesar de que admiraba a C\u00e9sar, sobre todo por su valor\u201d, es la sensaci\u00f3n de que Manrique no ha muerto: \u201cEl valor con que defiende la isla de Lanzarote es indestructible\u201d, \u201cC\u00e9sar es un mito necesario\u201d.<\/span><\/p>","protected":false},"featured_media":24824,"parent":0,"template":"","meta":{"_acf_changed":false,"ngg_post_thumbnail":0,"footnotes":""},"actividad_tipo":[36],"actividad_lugar":[],"actividad_departamento":[31],"actividad_ciclo":[],"class_list":["post-14243","fcm_actividad","type-fcm_actividad","status-publish","has-post-thumbnail","hentry","actividad_tipo-presentacion-libros","actividad_departamento-departamento-de-programas-culturales"],"acf":[],"_links":{"self":[{"href":"https:\/\/fcmanrique.org\/de\/wp-json\/wp\/v2\/fcm_actividad\/14243","targetHints":{"allow":["GET"]}}],"collection":[{"href":"https:\/\/fcmanrique.org\/de\/wp-json\/wp\/v2\/fcm_actividad"}],"about":[{"href":"https:\/\/fcmanrique.org\/de\/wp-json\/wp\/v2\/types\/fcm_actividad"}],"version-history":[{"count":3,"href":"https:\/\/fcmanrique.org\/de\/wp-json\/wp\/v2\/fcm_actividad\/14243\/revisions"}],"predecessor-version":[{"id":24845,"href":"https:\/\/fcmanrique.org\/de\/wp-json\/wp\/v2\/fcm_actividad\/14243\/revisions\/24845"}],"wp:featuredmedia":[{"embeddable":true,"href":"https:\/\/fcmanrique.org\/de\/wp-json\/wp\/v2\/media\/24824"}],"wp:attachment":[{"href":"https:\/\/fcmanrique.org\/de\/wp-json\/wp\/v2\/media?parent=14243"}],"wp:term":[{"taxonomy":"actividad_tipo","embeddable":true,"href":"https:\/\/fcmanrique.org\/de\/wp-json\/wp\/v2\/actividad_tipo?post=14243"},{"taxonomy":"actividad_lugar","embeddable":true,"href":"https:\/\/fcmanrique.org\/de\/wp-json\/wp\/v2\/actividad_lugar?post=14243"},{"taxonomy":"actividad_departamento","embeddable":true,"href":"https:\/\/fcmanrique.org\/de\/wp-json\/wp\/v2\/actividad_departamento?post=14243"},{"taxonomy":"actividad_ciclo","embeddable":true,"href":"https:\/\/fcmanrique.org\/de\/wp-json\/wp\/v2\/actividad_ciclo?post=14243"}],"curies":[{"name":"wp","href":"https:\/\/api.w.org\/{rel}","templated":true}]}}