{"id":17599,"date":"2018-10-03T14:16:45","date_gmt":"2018-10-03T14:16:45","guid":{"rendered":"https:\/\/fcmanrique.org\/?post_type=fcm_actividad&#038;p=17599"},"modified":"2018-10-04T12:08:54","modified_gmt":"2018-10-04T12:08:54","slug":"conmemoracion-del-50o-aniversario-de-la-construccion-de-taro-de-tahiche","status":"publish","type":"fcm_actividad","link":"https:\/\/fcmanrique.org\/de\/fcm-actividad\/conmemoracion-del-50o-aniversario-de-la-construccion-de-taro-de-tahiche\/","title":{"rendered":"Conmemoraci\u00f3n del 50\u00ba aniversario de la construcci\u00f3n de Taro de Tah\u00edche"},"content":{"rendered":"<p class=\"qtranxs-available-languages-message qtranxs-available-languages-message-de\">Leider ist der Eintrag nur auf <a href=\"https:\/\/fcmanrique.org\/es\/wp-json\/wp\/v2\/fcm_actividad\/17599\" class=\"qtranxs-available-language-link qtranxs-available-language-link-es\" title=\"ES\">ES<\/a> verf\u00fcgbar.<\/p><p>El pasado d\u00eda 2 de octubre se conmemor\u00f3 el 50\u00ba aniversario de la colocaci\u00f3n de la primera piedra de Taro de Tah\u00edche, la casa del artista C\u00e9sar Manrique desde 1969 hasta 1988, actual sede de su Fundaci\u00f3n.<\/p>\n<p>Con motivo de este aniversario, la Fundaci\u00f3n C\u00e9sar Manrique celebr\u00f3 un acto festivo, abierto a todo el p\u00fablico de Lanzarote, en el cual se ofreci\u00f3&nbsp;un aperitivo con ambientaci\u00f3n musical. Unas 700 personas acudieron para rendir homenaje a C\u00e9sar Manrique. Durante la celebraci\u00f3n, se pudo visitar el museo de la Fundaci\u00f3n C\u00e9sar Manrique, antigua casa del artista, que permaneci\u00f3 abierto hasta las 23:00 h.<\/p>\n<p><a href=\"https:\/\/fcmanrique.org\/wp-content\/uploads\/4.jpg\"><img loading=\"lazy\" decoding=\"async\" class=\"alignnone size-full wp-image-17603\" src=\"https:\/\/fcmanrique.org\/wp-content\/uploads\/4.jpg\" alt=\"\" width=\"800\" height=\"533\" srcset=\"https:\/\/fcmanrique.org\/wp-content\/uploads\/4.jpg 800w, https:\/\/fcmanrique.org\/wp-content\/uploads\/4-300x200.jpg 300w, https:\/\/fcmanrique.org\/wp-content\/uploads\/4-768x512.jpg 768w, https:\/\/fcmanrique.org\/wp-content\/uploads\/4-289x193.jpg 289w\" sizes=\"auto, (max-width: 800px) 100vw, 800px\" \/><\/a><\/p>\n<p><a href=\"https:\/\/fcmanrique.org\/wp-content\/uploads\/1.jpg\"><img loading=\"lazy\" decoding=\"async\" class=\"alignnone size-full wp-image-17604\" src=\"https:\/\/fcmanrique.org\/wp-content\/uploads\/1.jpg\" alt=\"\" width=\"800\" height=\"533\" srcset=\"https:\/\/fcmanrique.org\/wp-content\/uploads\/1.jpg 800w, https:\/\/fcmanrique.org\/wp-content\/uploads\/1-300x200.jpg 300w, https:\/\/fcmanrique.org\/wp-content\/uploads\/1-768x512.jpg 768w, https:\/\/fcmanrique.org\/wp-content\/uploads\/1-289x193.jpg 289w\" sizes=\"auto, (max-width: 800px) 100vw, 800px\" \/><\/a><\/p>\n<p><a href=\"https:\/\/fcmanrique.org\/wp-content\/uploads\/2.jpg\"><img loading=\"lazy\" decoding=\"async\" class=\"alignnone size-full wp-image-17605\" src=\"https:\/\/fcmanrique.org\/wp-content\/uploads\/2.jpg\" alt=\"\" width=\"800\" height=\"533\" srcset=\"https:\/\/fcmanrique.org\/wp-content\/uploads\/2.jpg 800w, https:\/\/fcmanrique.org\/wp-content\/uploads\/2-300x200.jpg 300w, https:\/\/fcmanrique.org\/wp-content\/uploads\/2-768x512.jpg 768w, https:\/\/fcmanrique.org\/wp-content\/uploads\/2-289x193.jpg 289w\" sizes=\"auto, (max-width: 800px) 100vw, 800px\" \/><\/a><\/p>\n<p><a href=\"https:\/\/fcmanrique.org\/wp-content\/uploads\/3.jpg\"><img loading=\"lazy\" decoding=\"async\" class=\"alignnone size-full wp-image-17606\" src=\"https:\/\/fcmanrique.org\/wp-content\/uploads\/3.jpg\" alt=\"\" width=\"800\" height=\"533\" srcset=\"https:\/\/fcmanrique.org\/wp-content\/uploads\/3.jpg 800w, https:\/\/fcmanrique.org\/wp-content\/uploads\/3-300x200.jpg 300w, https:\/\/fcmanrique.org\/wp-content\/uploads\/3-768x512.jpg 768w, https:\/\/fcmanrique.org\/wp-content\/uploads\/3-289x193.jpg 289w\" sizes=\"auto, (max-width: 800px) 100vw, 800px\" \/><\/a><\/p>\n<p><a href=\"https:\/\/fcmanrique.org\/wp-content\/uploads\/5.jpg\"><img loading=\"lazy\" decoding=\"async\" class=\"alignnone size-full wp-image-17607\" src=\"https:\/\/fcmanrique.org\/wp-content\/uploads\/5.jpg\" alt=\"\" width=\"800\" height=\"533\" srcset=\"https:\/\/fcmanrique.org\/wp-content\/uploads\/5.jpg 800w, https:\/\/fcmanrique.org\/wp-content\/uploads\/5-300x200.jpg 300w, https:\/\/fcmanrique.org\/wp-content\/uploads\/5-768x512.jpg 768w, https:\/\/fcmanrique.org\/wp-content\/uploads\/5-289x193.jpg 289w\" sizes=\"auto, (max-width: 800px) 100vw, 800px\" \/><\/a><\/p>\n<p><a href=\"https:\/\/fcmanrique.org\/wp-content\/uploads\/6.jpg\"><img loading=\"lazy\" decoding=\"async\" class=\"alignnone size-full wp-image-17608\" src=\"https:\/\/fcmanrique.org\/wp-content\/uploads\/6.jpg\" alt=\"\" width=\"800\" height=\"533\" srcset=\"https:\/\/fcmanrique.org\/wp-content\/uploads\/6.jpg 800w, https:\/\/fcmanrique.org\/wp-content\/uploads\/6-300x200.jpg 300w, https:\/\/fcmanrique.org\/wp-content\/uploads\/6-768x512.jpg 768w, https:\/\/fcmanrique.org\/wp-content\/uploads\/6-289x193.jpg 289w\" sizes=\"auto, (max-width: 800px) 100vw, 800px\" \/><\/a><\/p>\n<p><a href=\"https:\/\/fcmanrique.org\/wp-content\/uploads\/7.jpg\"><img loading=\"lazy\" decoding=\"async\" class=\"alignnone size-full wp-image-17609\" src=\"https:\/\/fcmanrique.org\/wp-content\/uploads\/7.jpg\" alt=\"\" width=\"800\" height=\"533\" srcset=\"https:\/\/fcmanrique.org\/wp-content\/uploads\/7.jpg 800w, https:\/\/fcmanrique.org\/wp-content\/uploads\/7-300x200.jpg 300w, https:\/\/fcmanrique.org\/wp-content\/uploads\/7-768x512.jpg 768w, https:\/\/fcmanrique.org\/wp-content\/uploads\/7-289x193.jpg 289w\" sizes=\"auto, (max-width: 800px) 100vw, 800px\" \/><\/a><\/p>\n<p><a href=\"https:\/\/fcmanrique.org\/wp-content\/uploads\/fc-manrique-50-aniversario-casa-taro-tahiche.pdf\">M\u00e1s informaci\u00f3n sobre el 50 aniversario casa C\u00e9sar Manrique en Tah\u00edche<\/a><\/p>\n<p><a href=\"https:\/\/fcmanrique.org\/wp-content\/uploads\/FIESTA-CONMEMORATIVA_M.jpg\"><img loading=\"lazy\" decoding=\"async\" class=\"alignnone size-full wp-image-17611\" src=\"https:\/\/fcmanrique.org\/wp-content\/uploads\/FIESTA-CONMEMORATIVA_M.jpg\" alt=\"\" width=\"1181\" height=\"779\" srcset=\"https:\/\/fcmanrique.org\/wp-content\/uploads\/FIESTA-CONMEMORATIVA_M.jpg 1181w, https:\/\/fcmanrique.org\/wp-content\/uploads\/FIESTA-CONMEMORATIVA_M-300x198.jpg 300w, https:\/\/fcmanrique.org\/wp-content\/uploads\/FIESTA-CONMEMORATIVA_M-768x507.jpg 768w, https:\/\/fcmanrique.org\/wp-content\/uploads\/FIESTA-CONMEMORATIVA_M-1024x675.jpg 1024w, https:\/\/fcmanrique.org\/wp-content\/uploads\/FIESTA-CONMEMORATIVA_M-289x191.jpg 289w\" sizes=\"auto, (max-width: 1181px) 100vw, 1181px\" \/><\/a><\/p>","protected":false},"featured_media":17602,"parent":0,"template":"","meta":{"_acf_changed":false,"ngg_post_thumbnail":0,"footnotes":""},"actividad_tipo":[37],"actividad_lugar":[46],"actividad_departamento":[31],"actividad_ciclo":[],"class_list":["post-17599","fcm_actividad","type-fcm_actividad","status-publish","has-post-thumbnail","hentry","actividad_tipo-otras-actividades","actividad_lugar-lugar-fcm","actividad_departamento-departamento-de-programas-culturales"],"acf":[],"_links":{"self":[{"href":"https:\/\/fcmanrique.org\/de\/wp-json\/wp\/v2\/fcm_actividad\/17599","targetHints":{"allow":["GET"]}}],"collection":[{"href":"https:\/\/fcmanrique.org\/de\/wp-json\/wp\/v2\/fcm_actividad"}],"about":[{"href":"https:\/\/fcmanrique.org\/de\/wp-json\/wp\/v2\/types\/fcm_actividad"}],"version-history":[{"count":6,"href":"https:\/\/fcmanrique.org\/de\/wp-json\/wp\/v2\/fcm_actividad\/17599\/revisions"}],"predecessor-version":[{"id":17615,"href":"https:\/\/fcmanrique.org\/de\/wp-json\/wp\/v2\/fcm_actividad\/17599\/revisions\/17615"}],"wp:featuredmedia":[{"embeddable":true,"href":"https:\/\/fcmanrique.org\/de\/wp-json\/wp\/v2\/media\/17602"}],"wp:attachment":[{"href":"https:\/\/fcmanrique.org\/de\/wp-json\/wp\/v2\/media?parent=17599"}],"wp:term":[{"taxonomy":"actividad_tipo","embeddable":true,"href":"https:\/\/fcmanrique.org\/de\/wp-json\/wp\/v2\/actividad_tipo?post=17599"},{"taxonomy":"actividad_lugar","embeddable":true,"href":"https:\/\/fcmanrique.org\/de\/wp-json\/wp\/v2\/actividad_lugar?post=17599"},{"taxonomy":"actividad_departamento","embeddable":true,"href":"https:\/\/fcmanrique.org\/de\/wp-json\/wp\/v2\/actividad_departamento?post=17599"},{"taxonomy":"actividad_ciclo","embeddable":true,"href":"https:\/\/fcmanrique.org\/de\/wp-json\/wp\/v2\/actividad_ciclo?post=17599"}],"curies":[{"name":"wp","href":"https:\/\/api.w.org\/{rel}","templated":true}]}}