{"id":22625,"date":"2022-04-27T13:16:36","date_gmt":"2022-04-27T13:16:36","guid":{"rendered":"https:\/\/fcmanrique.org\/?post_type=fcm_actividad&#038;p=22625"},"modified":"2022-09-23T12:48:54","modified_gmt":"2022-09-23T12:48:54","slug":"el-estreno-de-la-pelicula-utopia-manrique-en-jameos-del-agua-clausura-los-actos-del-centenario-del-artista-2","status":"publish","type":"fcm_actividad","link":"https:\/\/fcmanrique.org\/de\/fcm-actividad\/el-estreno-de-la-pelicula-utopia-manrique-en-jameos-del-agua-clausura-los-actos-del-centenario-del-artista-2\/","title":{"rendered":"El estreno de la pel\u00edcula &#8218;Utop\u00eda Manrique&#8216; en Jameos del Agua clausura los actos del centenario del artista"},"content":{"rendered":"<p class=\"qtranxs-available-languages-message qtranxs-available-languages-message-de\">Leider ist der Eintrag nur auf <a href=\"https:\/\/fcmanrique.org\/es\/wp-json\/wp\/v2\/fcm_actividad\/22625\" class=\"qtranxs-available-language-link qtranxs-available-language-link-es\" title=\"ES\">ES<\/a> verf\u00fcgbar.<\/p><p>La pandemia del Covid 19 abri\u00f3 un largo par\u00e9ntesis de m\u00e1s de dos a\u00f1os para poder dar por terminados los actos culturales organizados con motivo del centenario de C\u00e9sar Manrique. Los actos deb\u00edan haberse cerrado el 24 de abril de 2020, pero se vieron interrumpidos en marzo de ese a\u00f1o. Finalmente, el viernes 22 de abril de 2022, el estreno de la pel\u00edcula \u2018Utop\u00eda Manrique\u2019 en el auditorio Jameos del Agua, cuyo aforo se complet\u00f3, clausur\u00f3 definitivamente las actividades.<\/p>\n<p>El acto comenz\u00f3 con los agradecimientos por parte de la Fundaci\u00f3n C\u00e9sar Manrique (FCM). Una voz en off agradeci\u00f3 al p\u00fablico de Lanzarote \u201cel apoyo y el cari\u00f1o recibido con su asistencia\u201d, a las empresas y entidades colaboradoras \u201csu generosa implicaci\u00f3n\u201d, y al Cabildo de Lanzarote, \u201csu contribuci\u00f3n\u201d al estreno de esta pel\u00edcula.<\/p>\n<div id=\"attachment_22616\" class=\"wp-caption alignnone\" style=\"max-width: 930px;\"><a href=\"https:\/\/fcmanrique.org\/wp-content\/uploads\/pte-director-utopia-manrique.jpg\"><img loading=\"lazy\" decoding=\"async\" class=\"wp-image-22616 size-full\" src=\"https:\/\/fcmanrique.org\/wp-content\/uploads\/pte-director-utopia-manrique.jpg\" alt=\"Jos\u00e9 Juan Ram\u00edrez, presidente de la Fundaci\u00f3n C\u00e9sar Manrique con Fernando G\u00f3mez Aguilera, director de la Fundaci\u00f3n C\u00e9sar Manrique\" width=\"920\" height=\"585\" srcset=\"https:\/\/fcmanrique.org\/wp-content\/uploads\/pte-director-utopia-manrique.jpg 920w, https:\/\/fcmanrique.org\/wp-content\/uploads\/pte-director-utopia-manrique-300x191.jpg 300w, https:\/\/fcmanrique.org\/wp-content\/uploads\/pte-director-utopia-manrique-768x488.jpg 768w, https:\/\/fcmanrique.org\/wp-content\/uploads\/pte-director-utopia-manrique-289x184.jpg 289w\" sizes=\"auto, (max-width: 920px) 100vw, 920px\" \/><\/a><p class=\"wp-caption-text\">Jos\u00e9 Juan Ram\u00edrez, presidente de la Fundaci\u00f3n C\u00e9sar Manrique con Fernando G\u00f3mez Aguilera, director de la Fundaci\u00f3n C\u00e9sar Manrique<\/p><\/div>\n<p>El centenario de C\u00e9sar Manrique ha sido el periodo de mayor actividad cultural en la FCM en sus treinta a\u00f1os de historia, y tras \u00e9l, sin transici\u00f3n, lleg\u00f3 el de menor actividad, con la ausencia de actos culturales durante dos a\u00f1os.<\/p>\n<p>A continuaci\u00f3n, un v\u00eddeo recorri\u00f3 los principales actos del centenario: conferencias, cursos, talleres conciertos, presentaciones de libros, actuaciones en la calle, mesas redondas, etc. En \u00e9l se pudieron escuchar palabras del acto de inauguraci\u00f3n, tanto del presidente de la FCM, Jos\u00e9 Juan Ram\u00edrez, anticipando lo que iba a ser un a\u00f1o de \u201carte, cultura y naturaleza\u201d en recuerdo de un artista \u201crebosante de vida y de conciencia\u201d, como del director, Fernando G\u00f3mez Aguilera, se\u00f1alando la necesidad de contar en la sociedad actual con el coraje y la capacidad visionaria y de anticipaci\u00f3n de C\u00e9sar Manrique. El v\u00eddeo terminaba con el lema del centenario: \u201cEl desaf\u00edo inmediato del presente: una humanidad contempor\u00e1nea del futuro\u201d.<\/p>\n<div id=\"attachment_22618\" class=\"wp-caption alignleft\" style=\"max-width: 930px;\"><a href=\"https:\/\/fcmanrique.org\/wp-content\/uploads\/j-j-ramirez-m-d-corujo-m-g-morales-f-g-aguilera-utopia-manrique.jpg\"><img loading=\"lazy\" decoding=\"async\" class=\"wp-image-22618 size-full\" src=\"https:\/\/fcmanrique.org\/wp-content\/uploads\/j-j-ramirez-m-d-corujo-m-g-morales-f-g-aguilera-utopia-manrique.jpg\" alt=\"\" width=\"920\" height=\"539\" srcset=\"https:\/\/fcmanrique.org\/wp-content\/uploads\/j-j-ramirez-m-d-corujo-m-g-morales-f-g-aguilera-utopia-manrique.jpg 920w, https:\/\/fcmanrique.org\/wp-content\/uploads\/j-j-ramirez-m-d-corujo-m-g-morales-f-g-aguilera-utopia-manrique-300x176.jpg 300w, https:\/\/fcmanrique.org\/wp-content\/uploads\/j-j-ramirez-m-d-corujo-m-g-morales-f-g-aguilera-utopia-manrique-768x450.jpg 768w, https:\/\/fcmanrique.org\/wp-content\/uploads\/j-j-ramirez-m-d-corujo-m-g-morales-f-g-aguilera-utopia-manrique-289x169.jpg 289w\" sizes=\"auto, (max-width: 920px) 100vw, 920px\" \/><\/a><p class=\"wp-caption-text\">Jos\u00e9 Juan Ram\u00edrez; Mar\u00eda Dolores Corujo, presidenta del Cabildo insular de Lanzarote; Miguel G. Morales, director de &#8218;Utop\u00eda Manrique&#8216; y Fernando G\u00f3mez Aguilera<\/p><\/div>\n<p>No hubo ninguna intervenci\u00f3n p\u00fablica. Al acto asisti\u00f3 una gran representaci\u00f3n de la sociedad civil lanzarote\u00f1a, el personal de la Fundaci\u00f3n C\u00e9sar Manrique, sus patronos, cargos p\u00fablicos, familiares del artista y p\u00fablico en general. Al finalizar la pel\u00edcula se sirvi\u00f3 un c\u00f3ctel.<\/p>\n<p><a href=\"https:\/\/fcmanrique.org\/wp-content\/uploads\/m-g-morales-p-diaz-lopez-utopia-manrique.jpg\"><img loading=\"lazy\" decoding=\"async\" class=\"alignleft size-full wp-image-22619\" src=\"https:\/\/fcmanrique.org\/wp-content\/uploads\/m-g-morales-p-diaz-lopez-utopia-manrique.jpg\" alt=\"\" width=\"920\" height=\"609\" srcset=\"https:\/\/fcmanrique.org\/wp-content\/uploads\/m-g-morales-p-diaz-lopez-utopia-manrique.jpg 920w, https:\/\/fcmanrique.org\/wp-content\/uploads\/m-g-morales-p-diaz-lopez-utopia-manrique-300x199.jpg 300w, https:\/\/fcmanrique.org\/wp-content\/uploads\/m-g-morales-p-diaz-lopez-utopia-manrique-768x508.jpg 768w, https:\/\/fcmanrique.org\/wp-content\/uploads\/m-g-morales-p-diaz-lopez-utopia-manrique-289x191.jpg 289w\" sizes=\"auto, (max-width: 920px) 100vw, 920px\" \/><\/a><\/p>\n<p>\u2018Utop\u00eda Manrique\u2019 es una coproducci\u00f3n de la Fundaci\u00f3n C\u00e9sar Manrique y Radiotelevisi\u00f3n Espa\u00f1ola (RTVE). Est\u00e1 dirigida por Miguel G. Morales, con guion de Fernando G\u00f3mez Aguilera,&nbsp; voz en off de Charo L\u00f3pez y m\u00fasica de Mladen Kurajica. Muestra la proyecci\u00f3n medi\u00e1tica de Manrique y su personalidad exuberante. Es una aproximaci\u00f3n original a la figura del artista a trav\u00e9s de archivos f\u00edlmicos y fotogr\u00e1ficos, algunos de ellos in\u00e9ditos o privados y otros provenientes de los fondos de RTVE, que ha programado su estreno en televisi\u00f3n el 12 de junio, en La 2, dentro de la serie \u2018Imprescindibles\u2019.<\/p>\n<p>En \u2018Utop\u00eda Manrique\u2019 se mezclan fragmentos de entrevistas realizadas al artista, con im\u00e1genes grabadas en su casa de Taro de Tah\u00edche, fotograf\u00edas de su casa de la calle Covarrubias en Madrid, y en Nueva York, entre muchas otras, y apariciones en programas de televisi\u00f3n como \u2018La Tarde\u2019 o \u2018La Clave\u2019. La pel\u00edcula finaliza con los dos \u00fanicos testimonios que aparecen de otras personas: Luis Morales, que confiesa que C\u00e9sar le ense\u00f1o a ver, y Jos\u00e9 Saramago, que resume que \u201csimplemente C\u00e9sar Manrique era una persona que ten\u00eda raz\u00f3n\u201d.<\/p>\n<p><a href=\"https:\/\/fcmanrique.org\/wp-content\/uploads\/auditorio-jameos-agua-utopia-manrique.jpg\"><img loading=\"lazy\" decoding=\"async\" class=\"alignleft size-full wp-image-22620\" src=\"https:\/\/fcmanrique.org\/wp-content\/uploads\/auditorio-jameos-agua-utopia-manrique.jpg\" alt=\"\" width=\"920\" height=\"614\" srcset=\"https:\/\/fcmanrique.org\/wp-content\/uploads\/auditorio-jameos-agua-utopia-manrique.jpg 920w, https:\/\/fcmanrique.org\/wp-content\/uploads\/auditorio-jameos-agua-utopia-manrique-300x200.jpg 300w, https:\/\/fcmanrique.org\/wp-content\/uploads\/auditorio-jameos-agua-utopia-manrique-768x513.jpg 768w, https:\/\/fcmanrique.org\/wp-content\/uploads\/auditorio-jameos-agua-utopia-manrique-289x193.jpg 289w\" sizes=\"auto, (max-width: 920px) 100vw, 920px\" \/><\/a><\/p>\n<p>El C\u00e9sar m\u00e1s genuino capt\u00f3 la atenci\u00f3n silente del p\u00fablico, solo interrumpida por aplausos en dos ocasiones: en la ovaci\u00f3n final y tras una intervenci\u00f3n en un programa de televisi\u00f3n en la que el artista derrama una copa de champ\u00e1n contra los especuladores del territorio en Lanzarote.<\/p>\n<p><a href=\"https:\/\/fcmanrique.org\/wp-content\/uploads\/cocktel-jameos-utopia-manrique.jpg\"><img loading=\"lazy\" decoding=\"async\" class=\"alignleft size-full wp-image-22621\" src=\"https:\/\/fcmanrique.org\/wp-content\/uploads\/cocktel-jameos-utopia-manrique.jpg\" alt=\"\" width=\"920\" height=\"549\" srcset=\"https:\/\/fcmanrique.org\/wp-content\/uploads\/cocktel-jameos-utopia-manrique.jpg 920w, https:\/\/fcmanrique.org\/wp-content\/uploads\/cocktel-jameos-utopia-manrique-300x179.jpg 300w, https:\/\/fcmanrique.org\/wp-content\/uploads\/cocktel-jameos-utopia-manrique-768x458.jpg 768w, https:\/\/fcmanrique.org\/wp-content\/uploads\/cocktel-jameos-utopia-manrique-289x172.jpg 289w\" sizes=\"auto, (max-width: 920px) 100vw, 920px\" \/><\/a><\/p>","protected":false},"featured_media":22617,"parent":0,"template":"","meta":{"_acf_changed":false,"ngg_post_thumbnail":0,"footnotes":""},"actividad_tipo":[37],"actividad_lugar":[],"actividad_departamento":[],"actividad_ciclo":[],"class_list":["post-22625","fcm_actividad","type-fcm_actividad","status-publish","has-post-thumbnail","hentry","actividad_tipo-otras-actividades"],"acf":[],"_links":{"self":[{"href":"https:\/\/fcmanrique.org\/de\/wp-json\/wp\/v2\/fcm_actividad\/22625","targetHints":{"allow":["GET"]}}],"collection":[{"href":"https:\/\/fcmanrique.org\/de\/wp-json\/wp\/v2\/fcm_actividad"}],"about":[{"href":"https:\/\/fcmanrique.org\/de\/wp-json\/wp\/v2\/types\/fcm_actividad"}],"version-history":[{"count":7,"href":"https:\/\/fcmanrique.org\/de\/wp-json\/wp\/v2\/fcm_actividad\/22625\/revisions"}],"predecessor-version":[{"id":22994,"href":"https:\/\/fcmanrique.org\/de\/wp-json\/wp\/v2\/fcm_actividad\/22625\/revisions\/22994"}],"wp:featuredmedia":[{"embeddable":true,"href":"https:\/\/fcmanrique.org\/de\/wp-json\/wp\/v2\/media\/22617"}],"wp:attachment":[{"href":"https:\/\/fcmanrique.org\/de\/wp-json\/wp\/v2\/media?parent=22625"}],"wp:term":[{"taxonomy":"actividad_tipo","embeddable":true,"href":"https:\/\/fcmanrique.org\/de\/wp-json\/wp\/v2\/actividad_tipo?post=22625"},{"taxonomy":"actividad_lugar","embeddable":true,"href":"https:\/\/fcmanrique.org\/de\/wp-json\/wp\/v2\/actividad_lugar?post=22625"},{"taxonomy":"actividad_departamento","embeddable":true,"href":"https:\/\/fcmanrique.org\/de\/wp-json\/wp\/v2\/actividad_departamento?post=22625"},{"taxonomy":"actividad_ciclo","embeddable":true,"href":"https:\/\/fcmanrique.org\/de\/wp-json\/wp\/v2\/actividad_ciclo?post=22625"}],"curies":[{"name":"wp","href":"https:\/\/api.w.org\/{rel}","templated":true}]}}