{"id":22661,"date":"2022-06-16T12:07:56","date_gmt":"2022-06-16T12:07:56","guid":{"rendered":"https:\/\/fcmanrique.org\/?post_type=fcm_actividad&#038;p=22661"},"modified":"2023-12-15T13:58:37","modified_gmt":"2023-12-15T13:58:37","slug":"presentacion-de-la-intuicion-de-la-isla-los-dias-de-jose-saramago-en-lanzarote","status":"publish","type":"fcm_actividad","link":"https:\/\/fcmanrique.org\/de\/fcm-actividad\/presentacion-de-la-intuicion-de-la-isla-los-dias-de-jose-saramago-en-lanzarote\/","title":{"rendered":"Presentaci\u00f3n de <em>La intuici\u00f3n de la isla. Los d\u00edas de Jos\u00e9 Saramago en Lanzarote<\/em>"},"content":{"rendered":"<p class=\"qtranxs-available-languages-message qtranxs-available-languages-message-de\">Leider ist der Eintrag nur auf <a href=\"https:\/\/fcmanrique.org\/es\/wp-json\/wp\/v2\/fcm_actividad\/22661\" class=\"qtranxs-available-language-link qtranxs-available-language-link-es\" title=\"ES\">ES<\/a> verf\u00fcgbar.<\/p><p><strong>Pilar del R\u00edo: &#8222;Lanzarote fue la posibilidad de silencio. Saramago descubri\u00f3 que llegaban todas las ideas y no se perd\u00eda el tiempo&#8220;<\/strong><\/p>\n<div id=\"attachment_22669\" class=\"wp-caption alignnone\" style=\"max-width: 930px;\"><a href=\"https:\/\/fcmanrique.org\/wp-content\/uploads\/08.jpg\"><img loading=\"lazy\" decoding=\"async\" class=\"wp-image-22669 size-full\" src=\"https:\/\/fcmanrique.org\/wp-content\/uploads\/08.jpg\" alt=\"\" width=\"920\" height=\"625\" srcset=\"https:\/\/fcmanrique.org\/wp-content\/uploads\/08.jpg 920w, https:\/\/fcmanrique.org\/wp-content\/uploads\/08-300x204.jpg 300w, https:\/\/fcmanrique.org\/wp-content\/uploads\/08-768x522.jpg 768w, https:\/\/fcmanrique.org\/wp-content\/uploads\/08-289x196.jpg 289w\" sizes=\"auto, (max-width: 920px) 100vw, 920px\" \/><\/a><p class=\"wp-caption-text\">Alba Cant\u00f3n, Pilar del R\u00edo y Fernando G\u00f3mez Aguilera, durante la presentaci\u00f3n del libro La intuici\u00f3n de la isla, el d\u00eda 15 de junio de 2022, en la Sala Jos\u00e9 Saramago de la Fundaci\u00f3n C\u00e9sar Manrique.<\/p><\/div>\n<p>Antes de instalarse en Lanzarote, en 1992, Saramago hab\u00eda tenido poca relaci\u00f3n con islas: visitas fugaces a Cuba, Cabo Verde&#8230; Pero ocurri\u00f3 lo de \u2018El evangelio seg\u00fan Jesucristo\u2019. En Portugal, dice Pilar del R\u00edo, \u201cse introdujo la Inquisici\u00f3n, no la censura\u201d. En sede parlamentaria, el Gobierno portugu\u00e9s dijo que ese libro no pod\u00eda representar al pa\u00eds porque estaba mal escrito\u201d. As\u00ed que se plantean venir a la Isla, \u201cpero la Isla a\u00fan no era la Isla, era la posibilidad del silencio\u201d, de alejarse del ruido creado por la reacci\u00f3n al libro. \u201cLa Isla lleg\u00f3 m\u00e1s tarde, cuando descubri\u00f3 que llegaban otros, que llegaban todas las ideas y no se perd\u00eda el tiempo\u201d.<\/p>\n<p><strong>Pilar del R\u00edo<\/strong>, el d\u00eda 15 de junio, present\u00f3 en la sala Jos\u00e9 Saramago, en la Fundaci\u00f3n C\u00e9sar Manrique (FCM), el libro \u2018La intuici\u00f3n de la isla. Los d\u00edas de Jos\u00e9 Saramago en Lanzarote\u2019, editado por Itineraria. El libro recoge vivencias, acontecimientos y emociones compartidas en Lanzarote, en <em>A Casa<\/em>.<\/p>\n<div id=\"attachment_22663\" class=\"wp-caption alignnone\" style=\"max-width: 930px;\"><a href=\"https:\/\/fcmanrique.org\/wp-content\/uploads\/02.jpg\"><img loading=\"lazy\" decoding=\"async\" class=\"wp-image-22663 size-full\" src=\"https:\/\/fcmanrique.org\/wp-content\/uploads\/02.jpg\" alt=\"\" width=\"920\" height=\"646\" srcset=\"https:\/\/fcmanrique.org\/wp-content\/uploads\/02.jpg 920w, https:\/\/fcmanrique.org\/wp-content\/uploads\/02-300x211.jpg 300w, https:\/\/fcmanrique.org\/wp-content\/uploads\/02-768x539.jpg 768w, https:\/\/fcmanrique.org\/wp-content\/uploads\/02-289x203.jpg 289w\" sizes=\"auto, (max-width: 920px) 100vw, 920px\" \/><\/a><p class=\"wp-caption-text\">Pilar del R\u00edo, durante la presentaci\u00f3n del libro La intuici\u00f3n de la isla, en la Sala Jos\u00e9 Saramago de la Fundaci\u00f3n C\u00e9sar Manrique.<\/p><\/div>\n<p>\u201cEl estilo de Saramago cambia en la Isla porque cambia despu\u00e9s de escribir \u2018El evangelio seg\u00fan Jesucristo\u2019, de enfrentarse al hecho fundacional de la civilizaci\u00f3n europea\u201d, dijo Pilar del R\u00edo. Ese cierto barroquismo de su escritura se transforma en un estilo m\u00e1s duro, m\u00e1s directo: \u201cSi Jesucristo no es Dios, nuestra civilizaci\u00f3n est\u00e1 basada en la mentira\u201d.<\/p>\n<p>Su siguiente libro fue \u2018Ensayo sobre la ceguera\u2019. Cuando lo termina, descubre la Isla. Se da cuenta de que una isla es un espacio habitado donde tiene que predominar el auxilio mutuo, la ayuda, porque si no, no se sobrevive. \u201cEstamos ciegos, as\u00ed que la \u00e9tica del cuidado no es una opci\u00f3n, es una urgencia\u201d.<\/p>\n<p>Saramago, dice Pilar, era un hombre solitario \u201cy hasta un poco triste\u201d pero en Lanzarote va perdiendo esas caracter\u00edsticas. Su vida empieza a llenarse de gente. La Isla ya estaba en la vida de Saramago, aunque \u00e9l no lo viera. \u201cHab\u00eda una intuici\u00f3n de la Isla porque hab\u00eda una intuici\u00f3n de encuentros\u201d. El escritor escrib\u00eda para comunicarse, para encontrarse, y acaba escribiendo la mitad de su obra en Lanzarote. \u201cAunque no le gustaba mucho ese concepto, en la Isla se hizo ciudadano del mundo\u201d.<\/p>\n<p class=\"textbody\">Dice la autora: \u201cEs muy importante para su obra que viniera a Lanzarote y creo que su obra tambi\u00e9n es muy importante para Lanzarote, si es que la queremos salvar\u201d. Pilar del R\u00edo termin\u00f3 dando las gracias y manifestando su orgullo por comprobar que la Fundaci\u00f3n C\u00e9sar Manrique tiene a\u00fan por Jos\u00e9 Saramago el mismo respeto que le ten\u00eda, doce a\u00f1os despu\u00e9s de su muerte: \u201cSigue vivo en esta Fundaci\u00f3n\u201d.<\/p>\n<p class=\"textbody\"><b>Cuidados<\/b><\/p>\n<p class=\"textbody\">El director de la FCM y albacea del Nobel portugu\u00e9s,<strong> Fernando G\u00f3mez Aguilera<\/strong>, cit\u00f3 al inicio de su intervenci\u00f3n, para presentar el libro, a Leonardo Boff. \u201cCuando cuidamos, amamos; cuando amamos, cuidamos\u201d. Las 71 cr\u00f3nicas de \u2018La intuici\u00f3n de la isla\u2019 conforman un \u00e1lbum de recuerdos, un relato filtrado por el prisma de quien comparti\u00f3 su vida con Saramago. Se trata de cr\u00f3nicas \u00e1giles, donde no hay \u201cmajestad, ni rencor, quejas, dramatismo o chismes ni ajustes de cuentas\u201d pero s\u00ed hay \u201cbelleza, generosidad, un tributo a Lanzarote, respeto a la literatura, sensibilidad y mucho amor\u201d.<\/p>\n<p class=\"textbody\">La estancia de Saramago en Lanzarote fue una etapa determinante en su vida. Escribi\u00f3 la mitad de su obra y tom\u00f3 un nuevo rumbo. Se hace un escritor m\u00e1s metaf\u00edsico, m\u00e1s esencial, se aferra a la alegor\u00eda y se interroga sobre la condici\u00f3n del ser humano contempor\u00e1neo. \u201cAqu\u00ed, su pensamiento social alcanz\u00f3 una perspectiva global, se universaliza\u201d.<\/p>\n<div id=\"attachment_22665\" class=\"wp-caption alignnone\" style=\"max-width: 930px;\"><a href=\"https:\/\/fcmanrique.org\/wp-content\/uploads\/04.jpg\"><img loading=\"lazy\" decoding=\"async\" class=\"size-full wp-image-22665\" src=\"https:\/\/fcmanrique.org\/wp-content\/uploads\/04.jpg\" alt=\"\" width=\"920\" height=\"655\" srcset=\"https:\/\/fcmanrique.org\/wp-content\/uploads\/04.jpg 920w, https:\/\/fcmanrique.org\/wp-content\/uploads\/04-300x214.jpg 300w, https:\/\/fcmanrique.org\/wp-content\/uploads\/04-768x547.jpg 768w, https:\/\/fcmanrique.org\/wp-content\/uploads\/04-289x206.jpg 289w\" sizes=\"auto, (max-width: 920px) 100vw, 920px\" \/><\/a><p class=\"wp-caption-text\">Fernando G\u00f3mez Aguilera, durante la presentaci\u00f3n del libro La intuici\u00f3n de la isla, en la Sala Jos\u00e9 Saramago de la Fundaci\u00f3n C\u00e9sar Manrique.<\/p><\/div>\n<p>\u201c\u00bfQu\u00e9 es este libro?\u201d \u201cEs una malla de respiraci\u00f3n diaria\u201d, seg\u00fan G\u00f3mez Aguilera, un libro que trata de libros, de un ambiente de vida, que retrata una casa, <em>A Casa<\/em>, como un \u201cespacio de agencia permanente\u201d. \u201cEsa casa abierta al p\u00fablico, un privilegio que a\u00fan no hemos sabido valorar ni en Lanzarote ni en Canarias ni en Espa\u00f1a\u201d, dijo el director de la FCM.<\/p>\n<p>A la vez, el libro levanta una tipograf\u00eda sentimental y tambi\u00e9n es un ejercicio de traducci\u00f3n cultural, de un patrimonio inmaterial. \u201cLa autora abre de par en par una puerta que solo estaba entreabierta\u201d. Lanzarote aparece como una casa-isla. \u201cPilar y Jos\u00e9 hicieron de la Isla su casa pero su casa nunca fue una isla, no se aislaron\u201d. \u201cAqu\u00ed Saramago fue feliz, encontr\u00f3 tranquilidad y sosiego reparadores\u201d.<\/p>\n<p>\u201cDe su mayor virtud nace su mayor carencia\u201d, porque el lector debe incorporar al personaje ausente, la narradora que habita en esa casa donde la conversaci\u00f3n sobre la civilizaci\u00f3n tiene garantizado su futuro y que es un \u201cuniverso de ra\u00edz y pulso femenino\u201d. \u201cLos libros los escribe Saramago pero la vida la vivieron Pilar y Jos\u00e9\u201d.<\/p>\n<p>G\u00f3mez Aguilera empez\u00f3 con el cuidado y termin\u00f3 tambi\u00e9n con \u00e9l, porque es el \u201csignificado \u00faltimo del libro\u201d. La \u00e9tica del cuidado y sus valores frente al paradigma del \u00e9xito, del poder y la acumulaci\u00f3n \u201cque nos ha llevado hasta aqu\u00ed\u201d. \u201cSaramago no conoc\u00eda ninguna prioridad por encima del ser humano, y es hora de sustituir una inteligencia patriarcal por una altruista\u201d.<\/p>\n<p><strong>Itineraria<\/strong><\/p>\n<p>Este es el tercer libro que publica la editorial Itineraria. Alba Cant\u00f3n, su responsable, dijo que con este libro \u201cPilar rompe fronteras f\u00edsicas y temporales para compartir con los lectores un tiempo y un lugar extraordinarios\u201d y lo hace con una prosa sabia, po\u00e9tica y generosa. \u201cUn libro para amigos y amigas que consigue que <em>A Casa<\/em> viaje al coraz\u00f3n de los lectores\u201d, que se convierta en un lugar eterno.<\/p>\n<p><a href=\"https:\/\/fcmanrique.org\/wp-content\/uploads\/03.jpg\"><img loading=\"lazy\" decoding=\"async\" class=\"wp-image-22664 size-full alignnone\" src=\"https:\/\/fcmanrique.org\/wp-content\/uploads\/03.jpg\" alt=\"\" width=\"920\" height=\"578\" srcset=\"https:\/\/fcmanrique.org\/wp-content\/uploads\/03.jpg 920w, https:\/\/fcmanrique.org\/wp-content\/uploads\/03-300x188.jpg 300w, https:\/\/fcmanrique.org\/wp-content\/uploads\/03-768x483.jpg 768w, https:\/\/fcmanrique.org\/wp-content\/uploads\/03-289x182.jpg 289w\" sizes=\"auto, (max-width: 920px) 100vw, 920px\" \/><\/a><\/p>\n<p><a href=\"https:\/\/fcmanrique.org\/wp-content\/uploads\/06.jpg\"><img loading=\"lazy\" decoding=\"async\" class=\"size-full wp-image-22667 alignnone\" src=\"https:\/\/fcmanrique.org\/wp-content\/uploads\/06.jpg\" alt=\"\" width=\"920\" height=\"626\" srcset=\"https:\/\/fcmanrique.org\/wp-content\/uploads\/06.jpg 920w, https:\/\/fcmanrique.org\/wp-content\/uploads\/06-300x204.jpg 300w, https:\/\/fcmanrique.org\/wp-content\/uploads\/06-768x523.jpg 768w, https:\/\/fcmanrique.org\/wp-content\/uploads\/06-289x197.jpg 289w\" sizes=\"auto, (max-width: 920px) 100vw, 920px\" \/><\/a><\/p>\n<div id=\"attachment_22662\" class=\"wp-caption alignnone\" style=\"max-width: 930px;\"><a href=\"https:\/\/fcmanrique.org\/wp-content\/uploads\/01.jpg\"><img loading=\"lazy\" decoding=\"async\" class=\"wp-image-22662 size-full\" src=\"https:\/\/fcmanrique.org\/wp-content\/uploads\/01.jpg\" alt=\"\" width=\"920\" height=\"587\" srcset=\"https:\/\/fcmanrique.org\/wp-content\/uploads\/01.jpg 920w, https:\/\/fcmanrique.org\/wp-content\/uploads\/01-300x191.jpg 300w, https:\/\/fcmanrique.org\/wp-content\/uploads\/01-768x490.jpg 768w, https:\/\/fcmanrique.org\/wp-content\/uploads\/01-289x184.jpg 289w\" sizes=\"auto, (max-width: 920px) 100vw, 920px\" \/><\/a><p class=\"wp-caption-text\">Pilar del R\u00edo, durante la presentaci\u00f3n del libro La intuici\u00f3n de la isla, en la Sala Jos\u00e9 Saramago de la Fundaci\u00f3n C\u00e9sar Manrique, el d\u00eda 15 de junio de 2022.<\/p><\/div>\n<p><a href=\"https:\/\/fcmanrique.org\/wp-content\/uploads\/invitacion-libro-pilar-del-rio.jpg\"><img loading=\"lazy\" decoding=\"async\" class=\"alignnone size-full wp-image-22659\" src=\"https:\/\/fcmanrique.org\/wp-content\/uploads\/invitacion-libro-pilar-del-rio.jpg\" alt=\"\" width=\"1200\" height=\"1200\" srcset=\"https:\/\/fcmanrique.org\/wp-content\/uploads\/invitacion-libro-pilar-del-rio.jpg 1200w, https:\/\/fcmanrique.org\/wp-content\/uploads\/invitacion-libro-pilar-del-rio-300x300.jpg 300w, https:\/\/fcmanrique.org\/wp-content\/uploads\/invitacion-libro-pilar-del-rio-1024x1024.jpg 1024w, https:\/\/fcmanrique.org\/wp-content\/uploads\/invitacion-libro-pilar-del-rio-150x150.jpg 150w, https:\/\/fcmanrique.org\/wp-content\/uploads\/invitacion-libro-pilar-del-rio-768x768.jpg 768w, https:\/\/fcmanrique.org\/wp-content\/uploads\/invitacion-libro-pilar-del-rio-246x246.jpg 246w\" sizes=\"auto, (max-width: 1200px) 100vw, 1200px\" \/><\/a><\/p>","protected":false},"featured_media":22671,"parent":0,"template":"","meta":{"_acf_changed":false,"ngg_post_thumbnail":0,"footnotes":""},"actividad_tipo":[36],"actividad_lugar":[],"actividad_departamento":[],"actividad_ciclo":[],"class_list":["post-22661","fcm_actividad","type-fcm_actividad","status-publish","has-post-thumbnail","hentry","actividad_tipo-presentacion-libros"],"acf":[],"_links":{"self":[{"href":"https:\/\/fcmanrique.org\/de\/wp-json\/wp\/v2\/fcm_actividad\/22661","targetHints":{"allow":["GET"]}}],"collection":[{"href":"https:\/\/fcmanrique.org\/de\/wp-json\/wp\/v2\/fcm_actividad"}],"about":[{"href":"https:\/\/fcmanrique.org\/de\/wp-json\/wp\/v2\/types\/fcm_actividad"}],"version-history":[{"count":20,"href":"https:\/\/fcmanrique.org\/de\/wp-json\/wp\/v2\/fcm_actividad\/22661\/revisions"}],"predecessor-version":[{"id":24888,"href":"https:\/\/fcmanrique.org\/de\/wp-json\/wp\/v2\/fcm_actividad\/22661\/revisions\/24888"}],"wp:featuredmedia":[{"embeddable":true,"href":"https:\/\/fcmanrique.org\/de\/wp-json\/wp\/v2\/media\/22671"}],"wp:attachment":[{"href":"https:\/\/fcmanrique.org\/de\/wp-json\/wp\/v2\/media?parent=22661"}],"wp:term":[{"taxonomy":"actividad_tipo","embeddable":true,"href":"https:\/\/fcmanrique.org\/de\/wp-json\/wp\/v2\/actividad_tipo?post=22661"},{"taxonomy":"actividad_lugar","embeddable":true,"href":"https:\/\/fcmanrique.org\/de\/wp-json\/wp\/v2\/actividad_lugar?post=22661"},{"taxonomy":"actividad_departamento","embeddable":true,"href":"https:\/\/fcmanrique.org\/de\/wp-json\/wp\/v2\/actividad_departamento?post=22661"},{"taxonomy":"actividad_ciclo","embeddable":true,"href":"https:\/\/fcmanrique.org\/de\/wp-json\/wp\/v2\/actividad_ciclo?post=22661"}],"curies":[{"name":"wp","href":"https:\/\/api.w.org\/{rel}","templated":true}]}}