{"id":23988,"date":"2023-06-14T13:39:20","date_gmt":"2023-06-14T13:39:20","guid":{"rendered":"https:\/\/fcmanrique.org\/?post_type=fcm_actividad&#038;p=23988"},"modified":"2024-10-09T14:00:20","modified_gmt":"2024-10-09T14:00:20","slug":"jose-diaz","status":"publish","type":"fcm_actividad","link":"https:\/\/fcmanrique.org\/de\/fcm-actividad\/jose-diaz\/","title":{"rendered":"Jos\u00e9 D\u00edaz Bethencourt: \u00abEl discurso sobre el paisaje en Canarias no ha cambiado mucho\u00bb"},"content":{"rendered":"<p class=\"qtranxs-available-languages-message qtranxs-available-languages-message-de\">Leider ist der Eintrag nur auf <a href=\"https:\/\/fcmanrique.org\/es\/wp-json\/wp\/v2\/fcm_actividad\/23988\" class=\"qtranxs-available-language-link qtranxs-available-language-link-es\" title=\"ES\">ES<\/a> verf\u00fcgbar.<\/p><p><\/p>\n<p class=\"Standard\">Jos\u00e9 D\u00edaz Bethencourt present\u00f3 en la sala Jos\u00e9 Saramago el \u00faltimo t\u00edtulo de la colecci\u00f3n Torcusa, que edita la Fundaci\u00f3n C\u00e9sar Manrique: <a href=\"https:\/\/fcmanrique.org\/fcm-publicacion\/paisaje-en-celuloide\/?cpg=1\" target=\"_blank\" rel=\"noopener\"><strong><i>Paisaje en celuloide. Canarias como decorado cinematogr\u00e1fico<\/i><\/strong><\/a>. El libro, explic\u00f3 el autor, tiene su origen m\u00e1s remoto en su inter\u00e9s por el cine y en una beca del Gobierno canario. Con esa beca, realiz\u00f3 una tesina y, aunque tuvo una oferta para su publicaci\u00f3n, la pospuso porque la Filmoteca canaria justo hab\u00eda publicado en aquel momento un trabajo similar.<\/p>\n<p class=\"Standard\">D\u00edaz fue la primera persona que comenz\u00f3 a interesarse por recopilar los rodajes realizados en las Islas. Esta publicaci\u00f3n recoge rodajes del siglo XX, centr\u00e1ndose en los largometrajes, aunque tambi\u00e9n incluye alg\u00fan corto, sin incorporar los rodajes de series de los \u00faltimos a\u00f1os. En este sentido, el autor se\u00f1al\u00f3 que no se trata de un recorrido \u00abdetallado\u00bb, sino de destacar lo m\u00e1s significativo, analizando su impacto en la poblaci\u00f3n y c\u00f3mo se reflejaron en la prensa.<\/p>\n<p class=\"Standard\">Tanto el libro como la presentaci\u00f3n del mismo que hizo su autor, siguieron un orden cronol\u00f3gico. En primer lugar, D\u00edaz habl\u00f3 sobre los motivos que llevan a las productoras a elegir Canarias para sus rodajes cinematogr\u00e1ficos y, \u00abaunque sea un t\u00f3pico\u00bb, puntualiz\u00f3, es por la gran diversidad paisaj\u00edstica y su climatolog\u00eda. \u00abEl discurso sobre el paisaje no ha cambiado mucho\u00bb en los \u00faltimos 120 a\u00f1os, asegur\u00f3. La labor actual de la Film Commission orientando a las productoras sobre los paisajes m\u00e1s convenientes para rodar seg\u00fan sus necesidades, ya se reflejaba en la prensa de hace cien a\u00f1os.<\/p>\n<p><a href=\"https:\/\/fcmanrique.org\/wp-content\/uploads\/fcmanrique-presentacion-paisaje-en-celuloide-1.jpg\"><img loading=\"lazy\" decoding=\"async\" class=\"alignnone size-full wp-image-23989\" src=\"https:\/\/fcmanrique.org\/wp-content\/uploads\/fcmanrique-presentacion-paisaje-en-celuloide-1.jpg\" alt=\"\" width=\"1424\" height=\"920\" srcset=\"https:\/\/fcmanrique.org\/wp-content\/uploads\/fcmanrique-presentacion-paisaje-en-celuloide-1.jpg 1424w, https:\/\/fcmanrique.org\/wp-content\/uploads\/fcmanrique-presentacion-paisaje-en-celuloide-1-300x194.jpg 300w, https:\/\/fcmanrique.org\/wp-content\/uploads\/fcmanrique-presentacion-paisaje-en-celuloide-1-1024x662.jpg 1024w, https:\/\/fcmanrique.org\/wp-content\/uploads\/fcmanrique-presentacion-paisaje-en-celuloide-1-768x496.jpg 768w, https:\/\/fcmanrique.org\/wp-content\/uploads\/fcmanrique-presentacion-paisaje-en-celuloide-1-289x187.jpg 289w\" sizes=\"auto, (max-width: 1424px) 100vw, 1424px\" \/><\/a><\/p>\n<p>La primera producci\u00f3n en Canarias con capital isle\u00f1o fue <em>El ladr\u00f3n de los guantes blancos <\/em>(1926) y ya entonces se relacion\u00f3 el paisaje y el cine como un reclamo tur\u00edstico. La pel\u00edcula se rud\u00f3 en Tenerife y tuvo su contestaci\u00f3n, dos a\u00f1os despu\u00e9s, en Gran Canaria, con la realizaci\u00f3n de otra pel\u00edcula de \u00abpeor calidad\u00bb, pero de \u00abinter\u00e9s etnogr\u00e1fico\u00bb, titulada&nbsp; <em>La hija del mestre<\/em> (1928), rodada en el barrio de San Crist\u00f3bal.<\/p>\n<p>Despu\u00e9s, el director alem\u00e1n Douglas Sirk rod\u00f3 <em>La Habanera<\/em> (1937), ambientada en el Caribe. Ese rodaje de la UFA, el estudio cinematogr\u00e1fico m\u00e1s importante de Alemania, despert\u00f3 el inter\u00e9s en la islas por la posibilidad de rodar. As\u00ed, comenz\u00f3 a rodarse cine folcl\u00f3rico como <em>Tierra canaria<\/em> (1941) de Rafael Gil, <em>Alma canaria<\/em> (1947), de un \u00abtipismo empalagoso\u00bb, y varios cortos del No-Do.<\/p>\n<p>Llega la \u00ab\u00e9poca dorada\u00bb de los a\u00f1os cincuenta con pel\u00edculas espa\u00f1olas y extranjeras como <em>Tirma<\/em> (1954), <em>Mara<\/em> (1958), <em>El reflejo del alma<\/em> (1958) y <em>Moby Dick <\/em>(1956). Estas supusieron, seg\u00fan D\u00edaz, \u00abun acontecimiento\u00bb, principalmente, el \u00faltimo largometraje citado, por la llegada de Gregory Peck. Es a partir de este momento cuando se empieza a pensar en la conveniencia de que lleguen m\u00e1s pel\u00edculas e incluso en que Canarias sea un lugar de producci\u00f3n y no solo de rodaje. Es tal el entusiasmo que se suscita, que la prensa habl\u00f3 incluso de la visita al Archipi\u00e9lago de estrellas de Hollywood que en realidad nunca llegaron, como Marlon Brando o Spencer Tracy.<\/p>\n<p><a href=\"https:\/\/fcmanrique.org\/wp-content\/uploads\/fcmanrique-presentacion-paisaje-en-celuloide-2.jpg\"><img loading=\"lazy\" decoding=\"async\" class=\"alignnone size-full wp-image-23990\" src=\"https:\/\/fcmanrique.org\/wp-content\/uploads\/fcmanrique-presentacion-paisaje-en-celuloide-2.jpg\" alt=\"\" width=\"1390\" height=\"920\" srcset=\"https:\/\/fcmanrique.org\/wp-content\/uploads\/fcmanrique-presentacion-paisaje-en-celuloide-2.jpg 1390w, https:\/\/fcmanrique.org\/wp-content\/uploads\/fcmanrique-presentacion-paisaje-en-celuloide-2-300x199.jpg 300w, https:\/\/fcmanrique.org\/wp-content\/uploads\/fcmanrique-presentacion-paisaje-en-celuloide-2-1024x678.jpg 1024w, https:\/\/fcmanrique.org\/wp-content\/uploads\/fcmanrique-presentacion-paisaje-en-celuloide-2-768x508.jpg 768w, https:\/\/fcmanrique.org\/wp-content\/uploads\/fcmanrique-presentacion-paisaje-en-celuloide-2-289x191.jpg 289w\" sizes=\"auto, (max-width: 1390px) 100vw, 1390px\" \/><\/a><\/p>\n<p class=\"Standard\">En los a\u00f1os sesenta se ruedan pel\u00edculas como <i>M\u00e1s bonita que ninguna <\/i>(1965), de Roc\u00edo D\u00farcal, y alguna del D\u00fao Din\u00e1mico y en los setenta se hace incluso cine S o porno, pel\u00edculas del Oeste o de James Bond. D\u00edaz destaca entre ellas las de Jess Franco que rod\u00f3 <i>\u00d3palo de fuego <\/i>(1978), sobre la que la prensa dijo que \u00abdestroza visualmente\u00bb Canarias ya que su ambientaci\u00f3n era oscura.<\/p>\n<p class=\"Standard\">En los a\u00f1os ochenta aparece el proyecto Cinemat\u00f3grafo Yaiza Borges, en Santa Cruz de Tenerife, un colectivo que exhib\u00eda pel\u00edculas que normalmente no se ve\u00edan en las salas comerciales. Esta asociaci\u00f3n fundada por miembros de la Asamblea de Cineastas Independientes Canarias (ACIC) intent\u00f3 producir la pel\u00edcula <i>Marar\u00eda<\/i>, pero finalmente no fue posible y la acab\u00f3 rodando Antonio Betancor.<\/p>\n<p><a href=\"https:\/\/fcmanrique.org\/wp-content\/uploads\/fcmanrique-presentacion-paisaje-en-celuloide.jpg\"><img loading=\"lazy\" decoding=\"async\" class=\"alignnone size-full wp-image-23991\" src=\"https:\/\/fcmanrique.org\/wp-content\/uploads\/fcmanrique-presentacion-paisaje-en-celuloide.jpg\" alt=\"\" width=\"1380\" height=\"920\" srcset=\"https:\/\/fcmanrique.org\/wp-content\/uploads\/fcmanrique-presentacion-paisaje-en-celuloide.jpg 1380w, https:\/\/fcmanrique.org\/wp-content\/uploads\/fcmanrique-presentacion-paisaje-en-celuloide-300x200.jpg 300w, https:\/\/fcmanrique.org\/wp-content\/uploads\/fcmanrique-presentacion-paisaje-en-celuloide-1024x683.jpg 1024w, https:\/\/fcmanrique.org\/wp-content\/uploads\/fcmanrique-presentacion-paisaje-en-celuloide-768x512.jpg 768w, https:\/\/fcmanrique.org\/wp-content\/uploads\/fcmanrique-presentacion-paisaje-en-celuloide-289x193.jpg 289w\" sizes=\"auto, (max-width: 1380px) 100vw, 1380px\" \/><\/a><\/p>\n<p class=\"Standard\"><b>Otras artes<\/b><\/p>\n<p class=\"Standard\">Seg\u00fan D\u00edaz Bethencourt, el primer inter\u00e9s por el paisaje de Canarias no vino del cine ni del arte sino de la literatura, con Guill\u00e9n Peraza o Antonio de Viana. Despu\u00e9s, \u00abla Arcadia canaria se va reflejando en la pintura y todas las artes van recogiendo esa idea\u00bb de las islas afortunadas, hasta que Pedro Garc\u00eda Cabrera muestra tambi\u00e9n la visi\u00f3n de la desnudez del paisaje de Tenerife y no solo de su exuberancia. Los surrealistas y la exposici\u00f3n en la que particip\u00f3 Andr\u00e9 Breton en Tenerife influyen tambi\u00e9n en la mitificaci\u00f3n del paisaje isle\u00f1o.<\/p>\n<p class=\"Standard\">La segunda parte del libro se centra en cuatro pel\u00edculas rodadas en Lanzarote y un proyecto que no vio la luz. Dos de ellas son del alem\u00e1n Werner Herzog, <i>Todos los enanos empezaron peque\u00f1os<\/i> (1970), rodada en un caser\u00f3n en Tegoyo, \u00abque transgrede todo y vuelve los paisajes del rev\u00e9s\u00bb y <i>Fata Morgana<\/i> (1969), \u00abuna cosa de locos\u00bb. Las otras dos son la superproducci\u00f3n <i>Hace un mill\u00f3n de a\u00f1os<\/i> (1966), con Raquel Welch, y <i>Road to salina<\/i> (1969), que incluye escenas de desnudos y una historia de incesto que pas\u00f3 la censura. El proyecto que no se lleg\u00f3 a hacer por su alto coste de rodaje fue la adaptaci\u00f3n de la novela de Ignacio Aldecoa, <i>Parte de una historia<\/i>, que deb\u00eda rodar Juan Antonio Bardem en La Graciosa y de la que lleg\u00f3 a escribir el guion.<\/p>\n<p class=\"Standard\">El libro, finalmente, incluye bibliograf\u00eda y un apartado con la filmograf\u00eda citada. El autor termin\u00f3 la presentaci\u00f3n con un peque\u00f1o homenaje a C\u00e9sar Manrique mostrando una escena de la pel\u00edcula Mr. Arcadine, de Orson Welles, en la que aparece en el camarote de un barco un cuadro del artista lanzarote\u00f1o.<\/p>\n<p><a href=\"https:\/\/fcmanrique.org\/wp-content\/uploads\/2023-06-13-fmanrique-invitacion-2023-paisaje-en-celuloide-1.jpg\"><img loading=\"lazy\" decoding=\"async\" class=\"alignnone size-full wp-image-23963\" src=\"https:\/\/fcmanrique.org\/wp-content\/uploads\/2023-06-13-fmanrique-invitacion-2023-paisaje-en-celuloide-1.jpg\" alt=\"\" width=\"1200\" height=\"1200\" srcset=\"https:\/\/fcmanrique.org\/wp-content\/uploads\/2023-06-13-fmanrique-invitacion-2023-paisaje-en-celuloide-1.jpg 1200w, https:\/\/fcmanrique.org\/wp-content\/uploads\/2023-06-13-fmanrique-invitacion-2023-paisaje-en-celuloide-1-300x300.jpg 300w, https:\/\/fcmanrique.org\/wp-content\/uploads\/2023-06-13-fmanrique-invitacion-2023-paisaje-en-celuloide-1-1024x1024.jpg 1024w, https:\/\/fcmanrique.org\/wp-content\/uploads\/2023-06-13-fmanrique-invitacion-2023-paisaje-en-celuloide-1-150x150.jpg 150w, https:\/\/fcmanrique.org\/wp-content\/uploads\/2023-06-13-fmanrique-invitacion-2023-paisaje-en-celuloide-1-768x768.jpg 768w, https:\/\/fcmanrique.org\/wp-content\/uploads\/2023-06-13-fmanrique-invitacion-2023-paisaje-en-celuloide-1-246x246.jpg 246w\" sizes=\"auto, (max-width: 1200px) 100vw, 1200px\" \/><\/a><\/p>\n<p><strong>M\u00e1s informaci\u00f3n:<\/strong> <a href=\"https:\/\/fcmanrique.org\/wp-content\/uploads\/np-10.23.-Presentacion-libro-Jose-Fernando.pdf\">Nota de prensa<\/a><\/p>","protected":false},"featured_media":24039,"parent":0,"template":"","meta":{"_acf_changed":false,"ngg_post_thumbnail":0,"footnotes":""},"actividad_tipo":[36],"actividad_lugar":[49],"actividad_departamento":[],"actividad_ciclo":[],"class_list":["post-23988","fcm_actividad","type-fcm_actividad","status-publish","has-post-thumbnail","hentry","actividad_tipo-presentacion-libros","actividad_lugar-lugar-sala-saramago"],"acf":[],"_links":{"self":[{"href":"https:\/\/fcmanrique.org\/de\/wp-json\/wp\/v2\/fcm_actividad\/23988","targetHints":{"allow":["GET"]}}],"collection":[{"href":"https:\/\/fcmanrique.org\/de\/wp-json\/wp\/v2\/fcm_actividad"}],"about":[{"href":"https:\/\/fcmanrique.org\/de\/wp-json\/wp\/v2\/types\/fcm_actividad"}],"version-history":[{"count":9,"href":"https:\/\/fcmanrique.org\/de\/wp-json\/wp\/v2\/fcm_actividad\/23988\/revisions"}],"predecessor-version":[{"id":26132,"href":"https:\/\/fcmanrique.org\/de\/wp-json\/wp\/v2\/fcm_actividad\/23988\/revisions\/26132"}],"wp:featuredmedia":[{"embeddable":true,"href":"https:\/\/fcmanrique.org\/de\/wp-json\/wp\/v2\/media\/24039"}],"wp:attachment":[{"href":"https:\/\/fcmanrique.org\/de\/wp-json\/wp\/v2\/media?parent=23988"}],"wp:term":[{"taxonomy":"actividad_tipo","embeddable":true,"href":"https:\/\/fcmanrique.org\/de\/wp-json\/wp\/v2\/actividad_tipo?post=23988"},{"taxonomy":"actividad_lugar","embeddable":true,"href":"https:\/\/fcmanrique.org\/de\/wp-json\/wp\/v2\/actividad_lugar?post=23988"},{"taxonomy":"actividad_departamento","embeddable":true,"href":"https:\/\/fcmanrique.org\/de\/wp-json\/wp\/v2\/actividad_departamento?post=23988"},{"taxonomy":"actividad_ciclo","embeddable":true,"href":"https:\/\/fcmanrique.org\/de\/wp-json\/wp\/v2\/actividad_ciclo?post=23988"}],"curies":[{"name":"wp","href":"https:\/\/api.w.org\/{rel}","templated":true}]}}