{"id":25686,"date":"2024-06-21T14:22:13","date_gmt":"2024-06-21T14:22:13","guid":{"rendered":"https:\/\/fcmanrique.org\/?post_type=fcm_actividad&#038;p=25686"},"modified":"2025-03-26T10:32:27","modified_gmt":"2025-03-26T10:32:27","slug":"rosa-maria-regueiro","status":"publish","type":"fcm_actividad","link":"https:\/\/fcmanrique.org\/de\/fcm-actividad\/rosa-maria-regueiro\/","title":{"rendered":"Rosa Mar\u00eda Regueiro: \u00abEl modelo e\u00f3lico alienta la participaci\u00f3n de las empresas, deja de lado a las comunidades y provoca inseguridad jur\u00eddica\u00bb"},"content":{"rendered":"<p class=\"qtranxs-available-languages-message qtranxs-available-languages-message-de\">Leider ist der Eintrag nur auf <a href=\"https:\/\/fcmanrique.org\/es\/wp-json\/wp\/v2\/fcm_actividad\/25686\" class=\"qtranxs-available-language-link qtranxs-available-language-link-es\" title=\"ES\">ES<\/a> verf\u00fcgbar.<\/p><p>El modelo e\u00f3lico espa\u00f1ol actual alienta la participaci\u00f3n de las empresas, deja de lado a los agentes implicados en su desarrollo y provoca inseguridad jur\u00eddica, afirm\u00f3 el jueves 20 de junio, Rosa Mar\u00eda Regueiro, experta en econom\u00eda ecol\u00f3gica, durante el taller titulado: &#8222;El desarrollo e\u00f3lico en el contexto de crisis ecosocial&#8220;, impartido en la sala Jos\u00e9 Saramago de la FCM. En este sentido, la profesora de Econom\u00eda Aplicada de la Universidad de Santiago de Compostela, matiz\u00f3 que nos encontramos ante &#8222;una crisis energ\u00e9tica provocada por un modelo que ha cambiado, sustituyendo parte de la energ\u00eda f\u00f3sil, para seguir igual&#8220;.<\/p>\n<p>Esta crisis es multifactorial, a diferencia de las anteriores que estaban basadas solo en la oferta y la demanda. Al modelo hegem\u00f3nico f\u00f3sil nunca le ha importado el entorno ni los l\u00edmites de la biosfera y \u201ces importante se\u00f1alar que los recursos no se originan a la misma velocidad que los consumimos\u201d. Por otro lado, sigue habiendo personas que no disponen de electricidad, incluso en Espa\u00f1a, donde existe pobreza energ\u00e9tica, que es una situaci\u00f3n provocada por el propio modelo. Regueiro tambi\u00e9n indic\u00f3 la importancia de conocer las relaciones de poder derivadas de la propiedad de la energ\u00eda ya que est\u00e1n detr\u00e1s de las decisiones pol\u00edticas y geoestrat\u00e9gicas. Espa\u00f1a, y la Uni\u00f3n Europea, en general, tienen una gran dependencia energ\u00e9tica del exterior.<\/p>\n<p>Hay otro elemento relevante: las energ\u00edas renovables no son sustitutivas del modelo hegem\u00f3nico f\u00f3sil, est\u00e1n dise\u00f1adas para que sean complementarias. Tienen la ventaja de que no producen emisiones pero su construcci\u00f3n, mantenimiento y desmantelamiento no es inocuo. El sistema f\u00f3sil sigue siendo hegem\u00f3nico, queda mucho camino para que deje de serlo y es dif\u00edcil que cambie porque va de la mano del modelo productivo. No es factible que cambie de forma sustancial en los pr\u00f3ximos treinta a\u00f1os. Regueiro se\u00f1al\u00f3 que ya se habla, no de la Agenda 2030, sino del horizonte de 2050 o 2070: \u201cLa adaptaci\u00f3n no est\u00e1 siendo tan r\u00e1pida y esto tiene que ver con la limitaci\u00f3n de los recursos\u201d. El pico m\u00e1ximo de petr\u00f3leo disponible de calidad ocurri\u00f3 ya en el a\u00f1o 2010. Puede haber reservas por descubrir, pero su coste de extracci\u00f3n es mucho m\u00e1s caro, al igual que pasa con el gas natural y con otros materiales imprescindibles. \u201cAs\u00ed que tenemos que cambiar\u201d, dijo.<\/p>\n<p>Los pa\u00edses que importan energ\u00eda tienen ese problema, el de la dependencia energ\u00e9tica. Desde 2021 India juega un papel estrat\u00e9gico en silencio. Compra energ\u00eda a Rusia y la vende a Europa. Las cifras de compra y venta indican el juego de poder y el dominio de quien tiene los recursos frente a quien los necesita. En un futuro pr\u00f3ximo ser\u00e1 clave lo que ocurra en el Estrecho de Ormuz. Si hay problemas que dificulten el transporte en esa zona, el precio del barril de Brent subir\u00e1 mucho \u201cy muchos pa\u00edses van a tener un serio problema\u201d. El 43 por ciento del gas natural de la Uni\u00f3n Europea ven\u00eda de Rusia antes del conflicto con Ucrania. Cada pa\u00eds, no obstante, tiene unas dependencias diferentes. Espa\u00f1a depende m\u00e1s de Argelia que de Rusia. Por otra parte, el gas licuado, que es m\u00e1s caro, puede venir por barco desde Estados Unidos. \u201cHay que ser conscientes de las implicaciones que se derivan del acopio energ\u00e9tico\u201d.<\/p>\n<p><a href=\"https:\/\/fcmanrique.org\/wp-content\/uploads\/DSC0695-copia.jpg\"><img loading=\"lazy\" decoding=\"async\" class=\"alignnone size-full wp-image-25687\" src=\"https:\/\/fcmanrique.org\/wp-content\/uploads\/DSC0695-copia.jpg\" alt=\"\" width=\"920\" height=\"613\" srcset=\"https:\/\/fcmanrique.org\/wp-content\/uploads\/DSC0695-copia.jpg 920w, https:\/\/fcmanrique.org\/wp-content\/uploads\/DSC0695-copia-300x200.jpg 300w, https:\/\/fcmanrique.org\/wp-content\/uploads\/DSC0695-copia-768x512.jpg 768w, https:\/\/fcmanrique.org\/wp-content\/uploads\/DSC0695-copia-289x193.jpg 289w\" sizes=\"auto, (max-width: 920px) 100vw, 920px\" \/><\/a><\/p>\n<p>Con los minerales pasa lo mismo: escasean y sus precios suben. El litio, por ejemplo, es fundamental no solo para los m\u00f3viles o los autom\u00f3viles, sino para construir aerogeneradores. De ah\u00ed la importancia de que se puedan reciclar e incorporarlos a una econom\u00eda circular. En este mercado, las empresas dedicadas a la eficiencia energ\u00e9tica y a las bajas emisiones son las mismas que las que venden petr\u00f3leo. Hay cuatro grandes fondos de inversi\u00f3n que dominan el mercado del modelo f\u00f3sil energ\u00e9tico en el mundo.<\/p>\n<p>Para Regueiro, \u201cun detalle preocupante es la situaci\u00f3n de pobreza energ\u00e9tica\u201d en Espa\u00f1a, donde el n\u00famero de hogares que no puede mantener una buena temperatura creci\u00f3 entre 2015 y 2021 un 3,6 por ciento frente a una subida media menor en Europa, del 2,7. La profesora de la Universidad de Santiago tambi\u00e9n explic\u00f3 el funcionamiento del sistema marginalista de fijaci\u00f3n de precios, que es complejo y en el que el precio lo marca la \u00faltima tecnolog\u00eda que entra en la red. Es un modelo que genera distorsiones: las energ\u00edas renovables perciben una sobrerremuneraci\u00f3n y el gas y el petr\u00f3leo se compran por su precio futuro. Las mismas empresas que venden electricidad son las que compran, y el mercado, en el fondo, se ha convertido en un mercado financiero.<\/p>\n<p>El cambio clim\u00e1tico tiene la capacidad de alterar las posibilidades de obtenci\u00f3n de energ\u00edas renovables al modificarse las condiciones de sol, lluvia y viento. China es la primera potencia e\u00f3lica mundial, seguida de lejos por Estados Unidos, Alemania, India, Espa\u00f1a y Reino Unido. La e\u00f3lica marina est\u00e1 despegando, pero China tambi\u00e9n est\u00e1 a la cabeza.<\/p>\n<p>El modelo pionero en la e\u00f3lica fue el de Dinamarca, que comenz\u00f3 en 1973. Se trata de un modelo que \u201cno dej\u00f3 a nadie fuera\u201d, desde las grandes empresas a los consumidores, y esa fue su baza para el triunfo. Promovi\u00f3 un modelo asociacionista de propietarios, que ten\u00edan derecho a una remuneraci\u00f3n acorde al beneficio que se iba a obtener. Eso dio garant\u00edas jur\u00eddicas a los propietarios y les dio la oportunidad de entrar en el sistema.<\/p>\n<p>Mientras que otros pa\u00edses s\u00ed adoptaron algunas de las caracter\u00edsticas del modelo e\u00f3lico dan\u00e9s, en Espa\u00f1a esto no se dio. En Dinamarca, el 85 por ciento del negocio est\u00e1 en manos de los propietarios. \u201cEs importante incluir la protecci\u00f3n del entorno y de las comunidades locales y por ello deber\u00edan recibir un beneficio y cerrar as\u00ed las puertas a la especulaci\u00f3n\u201d, se\u00f1al\u00f3 Regueiro. En este sentido, explic\u00f3 c\u00f3mo en Jap\u00f3n, mediante fondos soberanos, el 70 por ciento de los parques e\u00f3licos est\u00e1 en manos de amas de casa o en B\u00e9lgica hay una cooperativa con 24.000 socios y en Dakota (EE.UU.) otra que surte de energ\u00eda a 2,8 millones de personas.<\/p>\n<p>El modelo e\u00f3lico en Espa\u00f1a es un \u201cno modelo\u201d, seg\u00fan Regueiro. En Galicia, de setenta proyectos en marcha, sesenta est\u00e1n parados por el Tribunal Superior de Justicia ya que incumplen la declaraci\u00f3n de impacto ambiental. En Espa\u00f1a no hay una norma e\u00f3lica integral, sino una sucesi\u00f3n de normas con alcance parcial y cada comunidad aut\u00f3noma se rige por su norma. Mientras que la e\u00f3lica marina depende del Ministerio, la terrestre, si es de menos de 50 megavatios, depende de las comunidades aut\u00f3nomas, con lo cual se produce \u201cla trampa de los 50 megavatios\u201d porque se trocean los proyectos, entre otros controles, para evitar la evaluaci\u00f3n ambiental.<\/p>\n<p>Para instalar un parque e\u00f3lico es necesaria la inversi\u00f3n de mucho capital, sin embargo no se ve reflejado en la generaci\u00f3n de empleo. Un megavatio cuesta aproximadamente un mill\u00f3n de euros. Durante su construcci\u00f3n crea unos trece empleos por a\u00f1o y megavatio mientras que, para su mantenimiento, solo es necesario un empleo por cada cinco megavatios. En Canarias, de momento, la penetraci\u00f3n de la energ\u00eda e\u00f3lica est\u00e1 en el 16,2 por ciento, mientras que en Espa\u00f1a es del 22,4. Es un modelo muy productivista que alienta la participaci\u00f3n del sector empresarial y deja de lado a las comunidades y los peque\u00f1os propietarios, provocando inseguridad jur\u00eddica. \u201cLa duda es si se va a trasladar este modelo a la e\u00f3lica marina\u201d.<\/p>\n<p><a href=\"https:\/\/fcmanrique.org\/wp-content\/uploads\/DSC0798-copia.jpg\"><img loading=\"lazy\" decoding=\"async\" class=\"alignnone size-full wp-image-25688\" src=\"https:\/\/fcmanrique.org\/wp-content\/uploads\/DSC0798-copia.jpg\" alt=\"\" width=\"920\" height=\"613\" srcset=\"https:\/\/fcmanrique.org\/wp-content\/uploads\/DSC0798-copia.jpg 920w, https:\/\/fcmanrique.org\/wp-content\/uploads\/DSC0798-copia-300x200.jpg 300w, https:\/\/fcmanrique.org\/wp-content\/uploads\/DSC0798-copia-768x512.jpg 768w, https:\/\/fcmanrique.org\/wp-content\/uploads\/DSC0798-copia-289x193.jpg 289w\" sizes=\"auto, (max-width: 920px) 100vw, 920px\" \/><\/a><\/p>\n<p>Finalmente, Regueiro abord\u00f3 los retos, como la afectaci\u00f3n ambiental sobre el territorio \u2014tanto de la e\u00f3lica terrestre como de la marina\u2014 que tambi\u00e9n tiene un impacto multifactorial: hidrodin\u00e1micas, sonidos, materiales de construcci\u00f3n actividad naval, impacto visual&#8230; Hay que estudiar todas esas afecciones, al igual que las sociales, al entorno o a la vida tradicional: hay conflictos entre vecinos, ocupaci\u00f3n de \u00e1reas de ocio, etc. En casi todos los modelos, tambi\u00e9n fuera de Espa\u00f1a, existe \u201cfalta de credibilidad, compromiso y transparencia\u201d. Hay inconvenientes provocados por la instalaci\u00f3n de la energ\u00eda e\u00f3lica en todo el mundo.&nbsp; En lugar de fijarse en el modelo dan\u00e9s, que es el que m\u00e1s experiencia posee, \u201cparece un proceso de neocolonizaci\u00f3n\u201d.<\/p>\n<p>Respecto a la e\u00f3lica marina hay un informe del Tribunal de Cuentas Europeo (TCE) del a\u00f1o 2023 que advierte sobre sus posibles efectos adversos. Alerta sobre la posible generaci\u00f3n de problemas pr\u00e1cticos, que a\u00fan no han tenido atenci\u00f3n, y pide evitar esos conflictos a la vez que se protege el medio ambiente, garantizando as\u00ed la convivencia con otras actividades. En Espa\u00f1a, el Real Decreto 150\/2023 define cinco zonas de uso prioritario para la instalaci\u00f3n de parques e\u00f3licos marinos. De los 40 proyectos previstos en territorio espa\u00f1ol, 21 est\u00e1n en la provincia de Las Palmas.<\/p>\n<p>A pesar de la ausencia de datos claros en m\u00e1s del 80 por ciento de estos proyectos, lo seguro es que escasear\u00e1n los materiales para su construcci\u00f3n, y su instalaci\u00f3n tendr\u00e1 un impacto visual. Adem\u00e1s, se puede dar otra \u201ctrampa\u201d y es que la extracci\u00f3n de materiales necesarios para su montaje y su fabricaci\u00f3n consuman tanta energ\u00eda y se produzcan tantas emisiones como las que se pretenden ahorrar con su puesta funcionamiento. \u201cSeguimos haciendo mal el proceso de extracci\u00f3n de esos materiales y, por otro lado, no debemos olvidar que la econom\u00eda circular de reciclaje nos puede ayudar\u201d.<\/p>\n<p>Como consideraciones finales, Regueiro asegur\u00f3 que \u201cel tri\u00e1logo energ\u00eda-biosfera-materiales es imprescindible\u201d y no se puede aplazar hasta el a\u00f1o 2050. \u201cCambiar el modelo de producci\u00f3n y de consumo es inaplazable\u201d. Sigue siendo un modelo asim\u00e9trico, no inclusivo y que est\u00e1 dominado por los fondos de inversi\u00f3n, pero no hay aceptaci\u00f3n social. \u201cNo dupliquemos este modelo en la e\u00f3lica marina porque no ha funcionado en las anteriores\u201d, demand\u00f3 Regueiro en su apuesta por poder contar con instrumentos conceptuales que nos permitan obtener informaci\u00f3n sobre los materiales disponibles porque es esencial contabilizar y gestionar el capital mineral del planeta.<\/p>\n<p>En este sentido, el Derecho Internacional tendr\u00eda algo que decir sobre el impacto global de la degradaci\u00f3n causada por el modelo energ\u00e9tico. Tambi\u00e9n hace falta una transici\u00f3n pol\u00edtica, econ\u00f3mica y cultural \u201cporque si no perdemos todos, hasta los que creen que ganan\u201d. La Uni\u00f3n Europea sigue dependiendo mucho del petr\u00f3leo, tiene una gran debilidad energ\u00e9tica, las renovables siguen siendo complementarias, no hay un modelo inclusivo y hay que prevenir la pobreza energ\u00e9tica. En definitiva, \u201chay que aprender de las lecciones recientes\u201d.<\/p>\n<p><a href=\"https:\/\/fcmanrique.org\/wp-content\/uploads\/fc-manrique-diptico-taller-energia-eolicaa.jpg\"><img loading=\"lazy\" decoding=\"async\" class=\"alignnone size-full wp-image-25631\" src=\"https:\/\/fcmanrique.org\/wp-content\/uploads\/fc-manrique-diptico-taller-energia-eolicaa.jpg\" alt=\"\" width=\"2431\" height=\"2480\" srcset=\"https:\/\/fcmanrique.org\/wp-content\/uploads\/fc-manrique-diptico-taller-energia-eolicaa.jpg 2431w, https:\/\/fcmanrique.org\/wp-content\/uploads\/fc-manrique-diptico-taller-energia-eolicaa-294x300.jpg 294w, https:\/\/fcmanrique.org\/wp-content\/uploads\/fc-manrique-diptico-taller-energia-eolicaa-1004x1024.jpg 1004w, https:\/\/fcmanrique.org\/wp-content\/uploads\/fc-manrique-diptico-taller-energia-eolicaa-768x783.jpg 768w, https:\/\/fcmanrique.org\/wp-content\/uploads\/fc-manrique-diptico-taller-energia-eolicaa-241x246.jpg 241w, https:\/\/fcmanrique.org\/wp-content\/uploads\/fc-manrique-diptico-taller-energia-eolicaa-1506x1536.jpg 1506w, https:\/\/fcmanrique.org\/wp-content\/uploads\/fc-manrique-diptico-taller-energia-eolicaa-2008x2048.jpg 2008w\" sizes=\"auto, (max-width: 2431px) 100vw, 2431px\" \/><\/a><\/p>\n<p><strong>D\u00edptico completo:<\/strong>&nbsp; <a href=\"https:\/\/fcmanrique.org\/wp-content\/uploads\/fc-manrique-diptico-taller-energia-eolica-copia.pdf\" target=\"_blank\" rel=\"noopener\">D\u00edptico del taller<\/a><\/p>\n<p><strong>M\u00e1s informaci\u00f3n: <\/strong><a href=\"https:\/\/fcmanrique.org\/wp-content\/uploads\/fc-manrique-taller-energia-eolica.pdf\" target=\"_blank\" rel=\"noopener\">Nota de prensa<\/a><\/p>\n<p><strong>Grabaci\u00f3n de la conferencia:<\/strong> <a href=\"https:\/\/fcmanrique.org\/fcm-video\/rosa-maria-regueiro-el-desarrallo-eolico-en-el-contexto-de-crisis-ecosocial\/\">Grabaci\u00f3n<\/a><\/p>","protected":false},"featured_media":25690,"parent":0,"template":"","meta":{"_acf_changed":false,"ngg_post_thumbnail":0,"footnotes":""},"actividad_tipo":[35],"actividad_lugar":[49],"actividad_departamento":[],"actividad_ciclo":[],"class_list":["post-25686","fcm_actividad","type-fcm_actividad","status-publish","has-post-thumbnail","hentry","actividad_tipo-cursos-y-talleres","actividad_lugar-lugar-sala-saramago"],"acf":[],"_links":{"self":[{"href":"https:\/\/fcmanrique.org\/de\/wp-json\/wp\/v2\/fcm_actividad\/25686","targetHints":{"allow":["GET"]}}],"collection":[{"href":"https:\/\/fcmanrique.org\/de\/wp-json\/wp\/v2\/fcm_actividad"}],"about":[{"href":"https:\/\/fcmanrique.org\/de\/wp-json\/wp\/v2\/types\/fcm_actividad"}],"version-history":[{"count":11,"href":"https:\/\/fcmanrique.org\/de\/wp-json\/wp\/v2\/fcm_actividad\/25686\/revisions"}],"predecessor-version":[{"id":26565,"href":"https:\/\/fcmanrique.org\/de\/wp-json\/wp\/v2\/fcm_actividad\/25686\/revisions\/26565"}],"wp:featuredmedia":[{"embeddable":true,"href":"https:\/\/fcmanrique.org\/de\/wp-json\/wp\/v2\/media\/25690"}],"wp:attachment":[{"href":"https:\/\/fcmanrique.org\/de\/wp-json\/wp\/v2\/media?parent=25686"}],"wp:term":[{"taxonomy":"actividad_tipo","embeddable":true,"href":"https:\/\/fcmanrique.org\/de\/wp-json\/wp\/v2\/actividad_tipo?post=25686"},{"taxonomy":"actividad_lugar","embeddable":true,"href":"https:\/\/fcmanrique.org\/de\/wp-json\/wp\/v2\/actividad_lugar?post=25686"},{"taxonomy":"actividad_departamento","embeddable":true,"href":"https:\/\/fcmanrique.org\/de\/wp-json\/wp\/v2\/actividad_departamento?post=25686"},{"taxonomy":"actividad_ciclo","embeddable":true,"href":"https:\/\/fcmanrique.org\/de\/wp-json\/wp\/v2\/actividad_ciclo?post=25686"}],"curies":[{"name":"wp","href":"https:\/\/api.w.org\/{rel}","templated":true}]}}