{"id":26485,"date":"2025-03-16T14:44:06","date_gmt":"2025-03-16T14:44:06","guid":{"rendered":"https:\/\/fcmanrique.org\/?post_type=fcm_actividad&#038;p=26485"},"modified":"2025-06-20T12:55:31","modified_gmt":"2025-06-20T12:55:31","slug":"amancio-prada","status":"publish","type":"fcm_actividad","link":"https:\/\/fcmanrique.org\/de\/fcm-actividad\/amancio-prada\/","title":{"rendered":"Amancio Prada: \u00abEn el arte es importante revivir el momento cuando nacen las cosas\u00bb"},"content":{"rendered":"<p class=\"qtranxs-available-languages-message qtranxs-available-languages-message-de\">Leider ist der Eintrag nur auf <a href=\"https:\/\/fcmanrique.org\/es\/wp-json\/wp\/v2\/fcm_actividad\/26485\" class=\"qtranxs-available-language-link qtranxs-available-language-link-es\" title=\"ES\">ES<\/a> verf\u00fcgbar.<\/p><p>El <em>C\u00e1ntico Espiritual<\/em> de San Juan de la Cruz ha acompa\u00f1ado a Amancio Prada desde que el m\u00fasico ten\u00eda veinte a\u00f1os. El cantante berciano abri\u00f3 la programaci\u00f3n cultural de la Fundaci\u00f3n C\u00e9sar Manrique, prevista para 2025, el 13 de marzo en Taro de Tah\u00edche con \u201cEl hilo del C\u00e1ntico\u201d, asegurando que esta era su \u201cprimera conferencia\u201d.&nbsp;&nbsp;<\/p>\n<p>Para explicar el origen de ese C\u00e1ntico, al que \u00e9l mismo puso m\u00fasica, recurri\u00f3 a sus vivencias personales, que comienzan en el oto\u00f1o de 1969, cuando estaba \u201carrancando patatas\u201d en la tierra de su t\u00eda Manuela, poco antes de coger un tren a Par\u00eds para estudiar sociolog\u00eda y hacer una tesis sobre la agricultura a tiempo parcial en El Bierzo. \u201cEn el arte es importante revivir el momento cuando nacen las cosas\u201d, afirm\u00f3 el compositor.<\/p>\n<p><a href=\"https:\/\/fcmanrique.org\/wp-content\/uploads\/DSC0964.gif\"><img loading=\"lazy\" decoding=\"async\" class=\"alignnone size-full wp-image-26488\" src=\"https:\/\/fcmanrique.org\/wp-content\/uploads\/DSC0964.gif\" alt=\"\" width=\"1067\" height=\"711\"><\/a><\/p>\n<p>Lleg\u00f3 a la capital francesa con \u201ccuatro mudas\u201d y cuatro libros, uno de Rosal\u00eda de Castro, otro de Lorca y dos de Tagore. Por aquel entonces, Amancio ya ten\u00eda experiencia en la m\u00fasica y \u201cuna gran afici\u00f3n\u201d. Hab\u00eda debutado con una orquesta con el pasodoble <em>Tengo miedo, torero<\/em> y hab\u00eda compuesto su primera canci\u00f3n sobre el poema de Lorca <em>La guitarra<\/em>, que aprovech\u00f3 para cantar brevemente en mitad de la conferencia. \u201cSiempre me recuerdo cantando\u201d, asegur\u00f3. En cualquier caso, no se planteaba hacer canciones \u201cporque quer\u00eda cantar lo que le\u00eda, lo sent\u00eda as\u00ed\u201d.<\/p>\n<p>Durante su estancia en Paris, acab\u00f3 viviendo en una <em>chambre de bonne <\/em>en el <em>boulevard <\/em>\u201cde las malas hierbas\u201d entre su compa\u00f1ero Silicio F\u00e9lix Pardo, que ocupaba una estancia a un lado y una \u201cfrancesita\u201d, al otro lado. Ah\u00ed est\u00e1 el origen del C\u00e1ntico. Ella \u201cera tan expansiva cuando hac\u00eda el amor\u2026 con su novio\u201d que le inspiraba a tocar la guitarra y a cantar, lo que a su vez provoc\u00f3 en Silicio el impulso de regalarle a Amancio el libro <em>Vida y obra de San Juan de la Cruz<\/em>, para que se dedicara a la lectura.&nbsp;<\/p>\n<p>\u201cToda la poes\u00eda de San Juan son veinte p\u00e1ginas, ning\u00fan poeta lleg\u00f3 tan alto habiendo escrito tan poco\u201d, sentenci\u00f3 el int\u00e9rprete. Prada fue explicando el C\u00e1ntico, que tiene \u201cb\u00fasqueda, encuentro y consumaci\u00f3n\u201d. Cuando lleg\u00f3 al encuentro pens\u00f3: \u201cEsto es lo que est\u00e1 pasando aqu\u00ed al lado\u201d. Y se pregunt\u00f3: \u201c\u00bfC\u00f3mo hay tanto erotismo, tanta sensibilidad?\u201d. El texto del poeta es \u201cun texto de amor humano\u201d ya que \u201cun m\u00edstico no tiene otras palabras para expresar el amor divino\u201d. Y comenz\u00f3 a componer el C\u00e1ntico.<\/p>\n<p><a href=\"https:\/\/fcmanrique.org\/wp-content\/uploads\/DSC1184.gif\"><img loading=\"lazy\" decoding=\"async\" class=\"alignnone size-full wp-image-26486\" src=\"https:\/\/fcmanrique.org\/wp-content\/uploads\/DSC1184.gif\" alt=\"\" width=\"1067\" height=\"711\"><\/a><\/p>\n<p>En aquel momento, Prada ya hab\u00eda descubierto a Paco Ib\u00e1\u00f1ez, \u201cque era Dios\u201d y tuvo la suerte de cantar junto a \u00e9l en un Festival de los pueblos ib\u00e9ricos en Francia, ante 4.000 personas. Despu\u00e9s estren\u00f3 una parte del C\u00e1ntico en el programa de France Culture,<em> Libre Parcours R\u00e9cital. Iba a cantar junto a Mar\u00eda del Mar Bonet pero ella se desmarc\u00f3 finalmente. \u201c<\/em>Se lo agradezco porque tom\u00e9 la decisi\u00f3n de hacer yo las dos voces y eso da unidad a la obra<em>\u201d.<\/em><\/p>\n<p>Tras los cinco a\u00f1os que vivi\u00f3 en Par\u00eds, Amancio Prada se traslad\u00f3 a Segovia porque, seg\u00fan confes\u00f3, se hab\u00eda enamorado de la ciudad el verano anterior. All\u00ed encontr\u00f3 un libro de Gerald Brenan sobre San Juan que le ayud\u00f3 a entender al poeta: \u201cFui aprendiendo d\u00f3nde me hab\u00eda metido\u201d. Grab\u00f3 el C\u00e1ntico en 1977, en un solo d\u00eda.<\/p>\n<p>Prada explic\u00f3 entonces \u201cel grito de angustia original\u201d del poeta para escribir el C\u00e1ntico, cuando se sinti\u00f3 abandonado por Dios despu\u00e9s de que lo raptaran tras su acercamiento a Santa Teresa de Jes\u00fas y lo metieran durante nueve meses en una celda min\u00fascula en Toledo, donde le propinaban latigazos, y de donde, finalmente, pudo escapar.<\/p>\n<p><a href=\"https:\/\/fcmanrique.org\/wp-content\/uploads\/DSC1209.gif\"><img loading=\"lazy\" decoding=\"async\" class=\"alignnone size-full wp-image-26487\" src=\"https:\/\/fcmanrique.org\/wp-content\/uploads\/DSC1209.gif\" alt=\"\" width=\"1067\" height=\"711\"><\/a><\/p>\n<p class=\"Textbody\" style=\"text-align: justify;\">Despu\u00e9s de otros cinco a\u00f1os en Segovia, \u201cque es lo que dura el amor eterno\u201d, se fue a Madrid gracias a la invitaci\u00f3n de Jos\u00e9 Luis G\u00f3mez para que interpretase el C\u00e1ntico en el Teatro Espa\u00f1ol. En ese momento, comenz\u00f3 a llover en Taro de Tah\u00edche y Prada interrumpi\u00f3 su conferencia para interpretar su canci\u00f3n titulada <i>La lluvia<\/i>, antes de afrontar el final del hilo, que termin\u00f3 con el inicio del C\u00e1ntico, con Prada a la voz y la guitarra.<\/p>\n<p class=\"Textbody\" style=\"text-align: justify;\">Tambi\u00e9n cont\u00f3 su encuentro con Mar\u00eda Zambrano, a la que le hab\u00eda entusiasmado la grabaci\u00f3n. \u00c9l no sab\u00eda qui\u00e9n era pero le pidi\u00f3 un texto para el programa de mano del teatro y ella se lo envi\u00f3. Prada se comprometi\u00f3 a cantar para ella cuando volviera a Madrid, y as\u00ed lo hizo, en casa de la fil\u00f3sofa, el 20 de noviembre de 1984.<\/p>\n<p class=\"Textbody\" style=\"text-align: justify;\">Cuando termin\u00f3, despu\u00e9s de un largo silencio, le dijo: \u201c\u00bfC\u00f3mo no te has muerto? \u00bfDespu\u00e9s de esto qu\u00e9 vas a cantar?\u201d. \u00c9l contest\u00f3 que quer\u00eda seguir cantando y que estaba buscando algo. \u201cLo encontrar\u00e1s porque veo sobre tu cabeza una paloma\u201d contest\u00f3 ella.<\/p>\n<p class=\"Textbody\" style=\"text-align: justify;\">Como una premonici\u00f3n, Amancio Prada descubri\u00f3 poco despu\u00e9s los <i>Sonetos del amor oscuro<\/i> de Lorca, que tienen una influencia indudable de San Juan de la Cruz. M\u00e1s tarde, el poeta Juan Gil-Albert, que conoci\u00f3 a Lorca, le cont\u00f3 que \u00e9l hab\u00eda sido el \u201cculpable\u201d de esos versos porque regal\u00f3 a Lorca una paloma enjaulada.<\/p>\n<p><a href=\"https:\/\/fcmanrique.org\/wp-content\/uploads\/Amancio-Prada_invitacion_-luz-suave.jpg\"><img loading=\"lazy\" decoding=\"async\" class=\"alignnone size-full wp-image-26492\" src=\"https:\/\/fcmanrique.org\/wp-content\/uploads\/Amancio-Prada_invitacion_-luz-suave.jpg\" alt=\"\" width=\"1200\" height=\"1200\" srcset=\"https:\/\/fcmanrique.org\/wp-content\/uploads\/Amancio-Prada_invitacion_-luz-suave.jpg 1200w, https:\/\/fcmanrique.org\/wp-content\/uploads\/Amancio-Prada_invitacion_-luz-suave-300x300.jpg 300w, https:\/\/fcmanrique.org\/wp-content\/uploads\/Amancio-Prada_invitacion_-luz-suave-1024x1024.jpg 1024w, https:\/\/fcmanrique.org\/wp-content\/uploads\/Amancio-Prada_invitacion_-luz-suave-150x150.jpg 150w, https:\/\/fcmanrique.org\/wp-content\/uploads\/Amancio-Prada_invitacion_-luz-suave-768x768.jpg 768w, https:\/\/fcmanrique.org\/wp-content\/uploads\/Amancio-Prada_invitacion_-luz-suave-246x246.jpg 246w\" sizes=\"auto, (max-width: 1200px) 100vw, 1200px\" \/><\/a><\/p>\n<p><strong>M\u00e1s informaci\u00f3n:<\/strong> <a href=\"https:\/\/fcmanrique.org\/wp-content\/uploads\/fcmanrique-nota-prensa-conferencia-amancio-prada.pdf\" target=\"_blank\" rel=\"noopener\">Nota de prensa<\/a><\/p>\n<p><strong>Grabaci\u00f3n de la conferencia:<\/strong>&nbsp;<a href=\"https:\/\/fcmanrique.org\/fcm-video\/conferencia-inaugural-amancio-prada\/\" target=\"_blank\" rel=\"noopener\">Grabaci\u00f3n<\/a><\/p>","protected":false},"featured_media":26490,"parent":0,"template":"","meta":{"_acf_changed":false,"ngg_post_thumbnail":0,"footnotes":""},"actividad_tipo":[34],"actividad_lugar":[],"actividad_departamento":[],"actividad_ciclo":[75],"class_list":["post-26485","fcm_actividad","type-fcm_actividad","status-publish","has-post-thumbnail","hentry","actividad_tipo-conferencias","actividad_ciclo-conferencias-inaugurales"],"acf":[],"_links":{"self":[{"href":"https:\/\/fcmanrique.org\/de\/wp-json\/wp\/v2\/fcm_actividad\/26485","targetHints":{"allow":["GET"]}}],"collection":[{"href":"https:\/\/fcmanrique.org\/de\/wp-json\/wp\/v2\/fcm_actividad"}],"about":[{"href":"https:\/\/fcmanrique.org\/de\/wp-json\/wp\/v2\/types\/fcm_actividad"}],"version-history":[{"count":9,"href":"https:\/\/fcmanrique.org\/de\/wp-json\/wp\/v2\/fcm_actividad\/26485\/revisions"}],"predecessor-version":[{"id":26929,"href":"https:\/\/fcmanrique.org\/de\/wp-json\/wp\/v2\/fcm_actividad\/26485\/revisions\/26929"}],"wp:featuredmedia":[{"embeddable":true,"href":"https:\/\/fcmanrique.org\/de\/wp-json\/wp\/v2\/media\/26490"}],"wp:attachment":[{"href":"https:\/\/fcmanrique.org\/de\/wp-json\/wp\/v2\/media?parent=26485"}],"wp:term":[{"taxonomy":"actividad_tipo","embeddable":true,"href":"https:\/\/fcmanrique.org\/de\/wp-json\/wp\/v2\/actividad_tipo?post=26485"},{"taxonomy":"actividad_lugar","embeddable":true,"href":"https:\/\/fcmanrique.org\/de\/wp-json\/wp\/v2\/actividad_lugar?post=26485"},{"taxonomy":"actividad_departamento","embeddable":true,"href":"https:\/\/fcmanrique.org\/de\/wp-json\/wp\/v2\/actividad_departamento?post=26485"},{"taxonomy":"actividad_ciclo","embeddable":true,"href":"https:\/\/fcmanrique.org\/de\/wp-json\/wp\/v2\/actividad_ciclo?post=26485"}],"curies":[{"name":"wp","href":"https:\/\/api.w.org\/{rel}","templated":true}]}}