{"id":27386,"date":"2025-11-18T12:47:16","date_gmt":"2025-11-18T12:47:16","guid":{"rendered":"https:\/\/fcmanrique.org\/?post_type=fcm_actividad&#038;p=27386"},"modified":"2025-11-21T11:52:41","modified_gmt":"2025-11-21T11:52:41","slug":"aminetu-el-gobierno-de-espana-contribuye-a-perpetuar-la-ocupacion-ilegal-en-el-sahara","status":"publish","type":"fcm_actividad","link":"https:\/\/fcmanrique.org\/de\/fcm-actividad\/aminetu-el-gobierno-de-espana-contribuye-a-perpetuar-la-ocupacion-ilegal-en-el-sahara\/","title":{"rendered":"Aminetu: \u00abEl Gobierno de Espa\u00f1a contribuye a perpetuar la ocupaci\u00f3n ilegal en el S\u00e1hara\u00bb"},"content":{"rendered":"<p class=\"qtranxs-available-languages-message qtranxs-available-languages-message-de\">Leider ist der Eintrag nur auf <a href=\"https:\/\/fcmanrique.org\/es\/wp-json\/wp\/v2\/fcm_actividad\/27386\" class=\"qtranxs-available-language-link qtranxs-available-language-link-es\" title=\"ES\">ES<\/a> verf\u00fcgbar.<\/p><p>La Fundaci\u00f3n C\u00e9sar Manrique (FCM) present\u00f3 el 14 de noviembre de 2025, en la sala Jos\u00e9 Saramago, el largometraje documental titulado <em>Aminetu: 50 a\u00f1os de ocupaci\u00f3n<\/em>, dirigido por Luc\u00eda Mu\u00f1oz Lucena con guion de Nicol\u00e1s Castellano y Sergio Rodrigo. Firmado por la productora malague\u00f1a Entrefronteras, este <em>docuthriller<\/em> trata sobre el conflicto del S\u00e1hara Occidental y es contado a trav\u00e9s de la figura que protagoniza la pel\u00edcula: la activista saharaui Aminetu Haidar; con la huelga de hambre que mantuvo durante 32 d\u00edas en el aeropuerto de Lanzarote tras ser expulsada sin pasaporte de El Aai\u00fan como hilo argumental.<\/p>\n<p><a href=\"https:\/\/fcmanrique.org\/wp-content\/uploads\/fc-manrique-actividad-aminetu-0.jpg\"><img loading=\"lazy\" decoding=\"async\" class=\"alignnone size-full wp-image-27388\" src=\"https:\/\/fcmanrique.org\/wp-content\/uploads\/fc-manrique-actividad-aminetu-0.jpg\" alt=\"\" width=\"1440\" height=\"960\" srcset=\"https:\/\/fcmanrique.org\/wp-content\/uploads\/fc-manrique-actividad-aminetu-0.jpg 1440w, https:\/\/fcmanrique.org\/wp-content\/uploads\/fc-manrique-actividad-aminetu-0-300x200.jpg 300w, https:\/\/fcmanrique.org\/wp-content\/uploads\/fc-manrique-actividad-aminetu-0-1024x683.jpg 1024w, https:\/\/fcmanrique.org\/wp-content\/uploads\/fc-manrique-actividad-aminetu-0-768x512.jpg 768w, https:\/\/fcmanrique.org\/wp-content\/uploads\/fc-manrique-actividad-aminetu-0-289x193.jpg 289w\" sizes=\"auto, (max-width: 1440px) 100vw, 1440px\" \/><\/a><\/p>\n<p>Tras la proyecci\u00f3n, de 90 minutos de duraci\u00f3n, Aminetu Haidar tom\u00f3 la palabra para agradecer al pueblo lanzarote\u00f1o su solidaridad y compromiso con la justicia, en reconocimiento al apoyo recibido en 2009 cuando fue \u201cdeportada a la fuerza del Sahara Occidental por el r\u00e9gimen de ocupaci\u00f3n marroqu\u00ed en connivencia con el Estado espa\u00f1ol\u201d. Denunci\u00f3 el sufrimiento del pueblo saharaui debido \u201cal exilio, la represi\u00f3n, la tortura, la desaparici\u00f3n forzada y la ocupaci\u00f3n ilegal\u201d, y destac\u00f3 la perseverancia de los saharauis pues, a pesar de la discriminaci\u00f3n, marginalizaci\u00f3n y la privaci\u00f3n de sus derechos m\u00ednimos, \u201csiguen en pie\u201d.<\/p>\n<p>Con respecto al conflicto del Sahara indic\u00f3 que existen tres muros que exigen una soluci\u00f3n coordinada. El primero es el muro pol\u00edtico y diplom\u00e1tico, donde la palabra refer\u00e9ndum ha sido sistem\u00e1ticamente vaciada de contenido. A\u00f1adiendo, en este sentido, que \u201cla reciente y ambigua resoluci\u00f3n del Consejo de Seguridad de octubre de 2025 consolida este preocupante retroceso al tomar la propuesta de autonom\u00eda marroqu\u00ed como base, sin mencionar siquiera la propuesta del Frente Polisario. Espa\u00f1a se ha convertido en facilitadora del estancamiento, normalizando un lenguaje que legitima la ocupaci\u00f3n\u201d.<\/p>\n<p><a href=\"https:\/\/fcmanrique.org\/wp-content\/uploads\/fc-manrique-actividad-aminetu-1.jpg\"><img loading=\"lazy\" decoding=\"async\" class=\"alignnone size-full wp-image-27389\" src=\"https:\/\/fcmanrique.org\/wp-content\/uploads\/fc-manrique-actividad-aminetu-1.jpg\" alt=\"\" width=\"1440\" height=\"960\" srcset=\"https:\/\/fcmanrique.org\/wp-content\/uploads\/fc-manrique-actividad-aminetu-1.jpg 1440w, https:\/\/fcmanrique.org\/wp-content\/uploads\/fc-manrique-actividad-aminetu-1-300x200.jpg 300w, https:\/\/fcmanrique.org\/wp-content\/uploads\/fc-manrique-actividad-aminetu-1-1024x683.jpg 1024w, https:\/\/fcmanrique.org\/wp-content\/uploads\/fc-manrique-actividad-aminetu-1-768x512.jpg 768w, https:\/\/fcmanrique.org\/wp-content\/uploads\/fc-manrique-actividad-aminetu-1-289x193.jpg 289w\" sizes=\"auto, (max-width: 1440px) 100vw, 1440px\" \/><\/a><\/p>\n<p>Mientras la diplomacia se estanca, continu\u00f3 exponiendo la activista, los saharauis se enfrentan a un segundo muro: el jur\u00eddico-econ\u00f3mico. \u201cLa maquinaria extractiva marroqu\u00ed genera miles de millones con los fosfatos de Bucraa, la pesca y los parques e\u00f3licos. Empresas europeas y espa\u00f1olas financian y legitiman la ocupaci\u00f3n violando el derecho internacional y las sentencias del Tribunal de Justicia de la Uni\u00f3n Europea. Cada saco de fosfatos, cada tomate etiquetado como \u2018producto de Marruecos\u2019 es un ladrillo m\u00e1s en el muro de la colonizaci\u00f3n\u201d. Y, a juicio de Aminetu, quiz\u00e1s el muro m\u00e1s peligroso sea el tercero: La desesperanza generacional. Explic\u00f3 que con m\u00e1s del 60% de la poblaci\u00f3n nacida en el exilio, para ellos la promesa del refer\u00e9ndum es una historia lejana. La ayuda humanitaria cubre menos del 40% de sus necesidades alimentando el riesgo de radicalizaci\u00f3n o la emigraci\u00f3n masiva, manifest\u00f3.<\/p>\n<p>Durante su discurso, Haidar reclam\u00f3 a Espa\u00f1a que \u201cgarantice la descolonizaci\u00f3n y el derecho a la autodeterminaci\u00f3n del pueblo saharaui\u201d y sostuvo que \u201cal respaldar la autonom\u00eda bajo soberan\u00eda marroqu\u00ed, el Gobierno de Pedro S\u00e1nchez contribuye a perpetuar una ocupaci\u00f3n ilegal\u201d y \u201cfacilita la explotaci\u00f3n de recursos naturales como fosfatos, pesca, energ\u00edas renovables y la continuidad de graves violaciones de derechos humanos\u201d. Para concluir record\u00f3 que en los territorios ocupados \u201cla represi\u00f3n es brutal y la colonizaci\u00f3n avanza\u201d y finaliz\u00f3 agradeciendo el respaldo de diferentes instituciones y personalidades, como la FCM, el apoyo en su momento de Jos\u00e9 Saramago y la \u201cincansable labor de tantas figuras del mundo de la cultura y del periodismo que han dado voz al pueblo saharaui\u201d.<\/p>\n<p><a href=\"https:\/\/fcmanrique.org\/wp-content\/uploads\/fc-manrique-actividad-aminetu-2.jpg\"><img loading=\"lazy\" decoding=\"async\" class=\"alignnone size-full wp-image-27390\" src=\"https:\/\/fcmanrique.org\/wp-content\/uploads\/fc-manrique-actividad-aminetu-2.jpg\" alt=\"\" width=\"1440\" height=\"960\" srcset=\"https:\/\/fcmanrique.org\/wp-content\/uploads\/fc-manrique-actividad-aminetu-2.jpg 1440w, https:\/\/fcmanrique.org\/wp-content\/uploads\/fc-manrique-actividad-aminetu-2-300x200.jpg 300w, https:\/\/fcmanrique.org\/wp-content\/uploads\/fc-manrique-actividad-aminetu-2-1024x683.jpg 1024w, https:\/\/fcmanrique.org\/wp-content\/uploads\/fc-manrique-actividad-aminetu-2-768x512.jpg 768w, https:\/\/fcmanrique.org\/wp-content\/uploads\/fc-manrique-actividad-aminetu-2-289x193.jpg 289w\" sizes=\"auto, (max-width: 1440px) 100vw, 1440px\" \/><\/a><\/p>\n<p>Tras las palabras de Haidar, se celebr\u00f3 una mesa redonda \u2014moderada por el periodista y director de <em>Diario de Lanzarote<\/em>, Manuel Riveiro\u2014 en la que participaron la directora y los guionistas del documental. Luc\u00eda Mu\u00f1oz puso de relieve la importancia de seguir hablando de la historia del S\u00e1hara y afirm\u00f3 que el pueblo saharaui no ha perdido la esperanza ni ha normalizado su situaci\u00f3n, lamentando que su lucha haya estado silenciada por los distintos gobiernos espa\u00f1oles. Por su parte, Sergio Rodrigo calific\u00f3 a Aminetu como \u201cun referente de la lucha por la paz en el mundo\u201d y puntualiz\u00f3 que el pueblo saharaui no ha perdido la esperanza, pero s\u00ed la confianza en el papel de Espa\u00f1a y en el derecho internacional.<\/p>\n<div id=\"attachment_27391\" class=\"wp-caption alignnone\" style=\"max-width: 1450px;\"><a href=\"https:\/\/fcmanrique.org\/wp-content\/uploads\/fc-manrique-actividad-aminetu-3.jpg\"><img loading=\"lazy\" decoding=\"async\" class=\"wp-image-27391 size-full\" src=\"https:\/\/fcmanrique.org\/wp-content\/uploads\/fc-manrique-actividad-aminetu-3.jpg\" alt=\"\" width=\"1440\" height=\"960\" srcset=\"https:\/\/fcmanrique.org\/wp-content\/uploads\/fc-manrique-actividad-aminetu-3.jpg 1440w, https:\/\/fcmanrique.org\/wp-content\/uploads\/fc-manrique-actividad-aminetu-3-300x200.jpg 300w, https:\/\/fcmanrique.org\/wp-content\/uploads\/fc-manrique-actividad-aminetu-3-1024x683.jpg 1024w, https:\/\/fcmanrique.org\/wp-content\/uploads\/fc-manrique-actividad-aminetu-3-768x512.jpg 768w, https:\/\/fcmanrique.org\/wp-content\/uploads\/fc-manrique-actividad-aminetu-3-289x193.jpg 289w\" sizes=\"auto, (max-width: 1440px) 100vw, 1440px\" \/><\/a><p class=\"wp-caption-text\">Nicol\u00e1s Castellano, Manuel Riveiro, Luc\u00eda Mu\u00f1oz y Sergio Rodrigo<\/p><\/div>\n<p>En palabras de Nicol\u00e1s Castellano, \u201cLanzarote fue un tablero de ajedrez de la pol\u00edtica internacional\u201d. Asegur\u00f3 que, para Canarias, el S\u00e1hara ocupa un espacio amplio en las p\u00e1ginas de su historia, sin embargo \u201ces la p\u00e1gina de la historia espa\u00f1ola m\u00e1s sepultada\u201d. Hay un silencio medi\u00e1tico consciente ya que se expulsa a periodistas del S\u00e1hara y no se habla de ello, apunt\u00f3. \u00bfQu\u00e9 reciben a cambio los medios para no hablar del S\u00e1hara occidental?, se pregunt\u00f3. Manuel Riveiro record\u00f3 que, sin la connivencia del Gobierno espa\u00f1ol, Haidar no hubiera sido expulsada a Lanzarote, y dijo que fue el antecedente de la carta de Pedro S\u00e1nchez sobre el S\u00e1hara apoyando a Marruecos. Para Castellano, el momento en que se publica esa carta de Pedro S\u00e1nchez (marzo de 2022) fue \u201cespecialmente sangrante\u201d, ya que todo el mundo estaba mirando hacia Ucrania. \u201cPensamos que era un bulo\u201d, confes\u00f3. Finaliz\u00f3 advirtiendo que \u201cresulta dif\u00edcil explicar por qu\u00e9 estamos en contra de la ocupaci\u00f3n de Palestina y de la invasi\u00f3n de Ucrania y por qu\u00e9 guardamos silencio sobre la situaci\u00f3n del S\u00e1hara\u201d.<\/p>\n<p><a href=\"https:\/\/fcmanrique.org\/wp-content\/uploads\/fc-manrique-actividad-aminetu-4.jpg\"><img loading=\"lazy\" decoding=\"async\" class=\"alignnone size-full wp-image-27392\" src=\"https:\/\/fcmanrique.org\/wp-content\/uploads\/fc-manrique-actividad-aminetu-4.jpg\" alt=\"\" width=\"1440\" height=\"960\" srcset=\"https:\/\/fcmanrique.org\/wp-content\/uploads\/fc-manrique-actividad-aminetu-4.jpg 1440w, https:\/\/fcmanrique.org\/wp-content\/uploads\/fc-manrique-actividad-aminetu-4-300x200.jpg 300w, https:\/\/fcmanrique.org\/wp-content\/uploads\/fc-manrique-actividad-aminetu-4-1024x683.jpg 1024w, https:\/\/fcmanrique.org\/wp-content\/uploads\/fc-manrique-actividad-aminetu-4-768x512.jpg 768w, https:\/\/fcmanrique.org\/wp-content\/uploads\/fc-manrique-actividad-aminetu-4-289x193.jpg 289w\" sizes=\"auto, (max-width: 1440px) 100vw, 1440px\" \/><\/a><\/p>\n<p>La huelga de hambre de Aminetu, se\u00f1alaron, sirvi\u00f3 para que todo el mundo supiera de la existencia del conflicto. Sin la presi\u00f3n medi\u00e1tica y del mundo de la cultura no se habr\u00eda llegado a una resoluci\u00f3n pac\u00edfica. En estos \u00faltimos 50 a\u00f1os, durante el episodio de Aminetu fue cuando Espa\u00f1a ha estado m\u00e1s comprometida respecto al S\u00e1hara y qued\u00f3 en evidencia \u201cel chantaje de Marruecos y que la poblaci\u00f3n apoya al pueblo saharaui\u201d. La mesa finaliz\u00f3 analizando las perspectivas actuales para el pueblo saharaui, con la dif\u00edcil situaci\u00f3n bajo la presidencia de Donald Trump y su b\u00fasqueda de apoyos para Israel, como es el caso de Marruecos, porque usa el S\u00e1hara como cromo de intercambio en la pol\u00edtica internacional.<\/p>\n<p><strong>M\u00e1s informaci\u00f3n<\/strong>: <a href=\"https:\/\/fcmanrique.org\/wp-content\/uploads\/fcmanrique-np-preestreno-documental-aminetu.pdf\" target=\"_blank\" rel=\"noopener\">Nota de prensa<\/a><\/p>\n<p><strong>M\u00e1s informaci\u00f3n<\/strong>: <a href=\"https:\/\/fcmanrique.org\/wp-content\/uploads\/fc-manrique-actividad-discurso-Aminetu.pdf\" target=\"_blank\" rel=\"noopener\">Discurso completo de Aminetu Haidar en la Fundaci\u00f3n C\u00e9sar Manrique<\/a><\/p>\n<p><a href=\"https:\/\/fcmanrique.org\/wp-content\/uploads\/fcmanrique-cine-aminetu.jpg\"><img loading=\"lazy\" decoding=\"async\" class=\"alignnone size-full wp-image-27353\" src=\"https:\/\/fcmanrique.org\/wp-content\/uploads\/fcmanrique-cine-aminetu.jpg\" alt=\"\" width=\"1200\" height=\"1200\" srcset=\"https:\/\/fcmanrique.org\/wp-content\/uploads\/fcmanrique-cine-aminetu.jpg 1200w, https:\/\/fcmanrique.org\/wp-content\/uploads\/fcmanrique-cine-aminetu-300x300.jpg 300w, https:\/\/fcmanrique.org\/wp-content\/uploads\/fcmanrique-cine-aminetu-1024x1024.jpg 1024w, https:\/\/fcmanrique.org\/wp-content\/uploads\/fcmanrique-cine-aminetu-150x150.jpg 150w, https:\/\/fcmanrique.org\/wp-content\/uploads\/fcmanrique-cine-aminetu-768x768.jpg 768w, https:\/\/fcmanrique.org\/wp-content\/uploads\/fcmanrique-cine-aminetu-246x246.jpg 246w\" sizes=\"auto, (max-width: 1200px) 100vw, 1200px\" \/><\/a><\/p>","protected":false},"featured_media":27387,"parent":0,"template":"","meta":{"_acf_changed":false,"ngg_post_thumbnail":0,"footnotes":""},"actividad_tipo":[37],"actividad_lugar":[49],"actividad_departamento":[31],"actividad_ciclo":[],"class_list":["post-27386","fcm_actividad","type-fcm_actividad","status-publish","has-post-thumbnail","hentry","actividad_tipo-otras-actividades","actividad_lugar-lugar-sala-saramago","actividad_departamento-departamento-de-programas-culturales"],"acf":[],"_links":{"self":[{"href":"https:\/\/fcmanrique.org\/de\/wp-json\/wp\/v2\/fcm_actividad\/27386","targetHints":{"allow":["GET"]}}],"collection":[{"href":"https:\/\/fcmanrique.org\/de\/wp-json\/wp\/v2\/fcm_actividad"}],"about":[{"href":"https:\/\/fcmanrique.org\/de\/wp-json\/wp\/v2\/types\/fcm_actividad"}],"version-history":[{"count":5,"href":"https:\/\/fcmanrique.org\/de\/wp-json\/wp\/v2\/fcm_actividad\/27386\/revisions"}],"predecessor-version":[{"id":27428,"href":"https:\/\/fcmanrique.org\/de\/wp-json\/wp\/v2\/fcm_actividad\/27386\/revisions\/27428"}],"wp:featuredmedia":[{"embeddable":true,"href":"https:\/\/fcmanrique.org\/de\/wp-json\/wp\/v2\/media\/27387"}],"wp:attachment":[{"href":"https:\/\/fcmanrique.org\/de\/wp-json\/wp\/v2\/media?parent=27386"}],"wp:term":[{"taxonomy":"actividad_tipo","embeddable":true,"href":"https:\/\/fcmanrique.org\/de\/wp-json\/wp\/v2\/actividad_tipo?post=27386"},{"taxonomy":"actividad_lugar","embeddable":true,"href":"https:\/\/fcmanrique.org\/de\/wp-json\/wp\/v2\/actividad_lugar?post=27386"},{"taxonomy":"actividad_departamento","embeddable":true,"href":"https:\/\/fcmanrique.org\/de\/wp-json\/wp\/v2\/actividad_departamento?post=27386"},{"taxonomy":"actividad_ciclo","embeddable":true,"href":"https:\/\/fcmanrique.org\/de\/wp-json\/wp\/v2\/actividad_ciclo?post=27386"}],"curies":[{"name":"wp","href":"https:\/\/api.w.org\/{rel}","templated":true}]}}