{"id":3502,"date":"2014-12-11T00:00:00","date_gmt":"2014-12-11T00:00:00","guid":{"rendered":"https:\/\/fcmanrique.org\/2014\/12\/11\/luis-morales-no-salia-en-las-fotos-pero-es-una-especie-en-extincion-por-su-energia-y-generosidad\/?lang=es"},"modified":"2018-06-25T15:55:14","modified_gmt":"2018-06-25T15:55:14","slug":"luis-morales-no-salia-en-las-fotos-pero-es-una-especie-en-extincion-por-su-energia-y-generosidad","status":"publish","type":"fcm_actividad","link":"https:\/\/fcmanrique.org\/de\/fcm-actividad\/luis-morales-no-salia-en-las-fotos-pero-es-una-especie-en-extincion-por-su-energia-y-generosidad\/","title":{"rendered":"<em>Luis Morales no sal\u00eda en las fotos pero es una especie en extinci\u00f3n por su energ\u00eda y generosidad<\/em>"},"content":{"rendered":"<p><!--[if gte mso 9]><xml>\n \n  Normal\n  0\n  21\n  \n  \n  false\n  false\n  false\n  \n   \n   \n   \n   \n   \n  \n  MicrosoftInternetExplorer4\n \n<\/xml><![endif]--><!--[if gte mso 9]><xml>\n \n  Normal\n  0\n  21\n  \n  \n  false\n  false\n  false\n  \n   \n   \n   \n   \n   \n  \n  MicrosoftInternetExplorer4\n \n<\/xml><![endif]--><\/p>\n<p style=\"text-align:justify;line-height:150%\"><span style=\"line-height:150%;\">El 10 de diciembre, Jos&eacute; Juan Ram&iacute;rez, presidente de la  FCM abri&oacute; el acto, el estreno del corto documental <em>Maestro de obra. Luis Morales: las otras manos de Manrique<\/em>, diciendo que la pel&iacute;cula era un homenaje que la Fundaci&oacute;n C&eacute;sar Manrique han querido tributar a Morales y porque representa el car&aacute;cter de &ldquo;esas personas que creyeron en la utop&iacute;a moderna de nuestra Isla y contribuyeron decisivamente a hacerla posible&rdquo;. <\/span><\/p>\n<p style=\"text-align:justify;line-height:150%\"><span style=\"line-height:150%;\">&ldquo;Un hombre sencillo, un l&iacute;der humilde, trabajador y amigo de sus amigos&rdquo;, dijo de &eacute;l Ram&iacute;rez, que relat&oacute; brevemente la trayectoria laboral del homenajeado, al que la FCM dedicar&aacute; una mesa redonda en 2015, adem&aacute;s de un libro en el que est&aacute; trabajando el periodista y patrono de la FCM Mario Alberto Perdomo. Luis Morales comenz&oacute; con 14 a&ntilde;os en el Ayuntamiento de Arrecife y ya dos a&ntilde;os despu&eacute;s hizo su primera obra, la plaza de Las Palmas, con C&eacute;sar Manrique, para despu&eacute;s llegar a ser capataz general del Cabildo de Lanzarote y hombre de confianza de todos sus presidentes, &ldquo;en una &eacute;poca dif&iacute;cil y fundamental para la creaci&oacute;n de las infraestructuras b&aacute;sicas de la Isla&rdquo;, subray&oacute; el presidente. Desde los a&ntilde;os cincuenta, Morales particip&oacute; en todas las obras en el espacio p&uacute;blico que hizo C&eacute;sar Manrique en Lanzarote: &ldquo;Fue el que mejor interpret&oacute; las ideas de C&eacute;sar&rdquo;, que le consideraba &ldquo;un colaborador de m&aacute;xima confianza y le ten&iacute;a un enorme cari&ntilde;o&rdquo;. Ram&iacute;rez tambi&eacute;n destac&oacute; su pasi&oacute;n por la m&uacute;sica y su pertenencia a la Agrupaci&oacute;n folcl&oacute;rica Arrecife y a los Amigos de Portonao, con muchos de sus miembros presentes en la sala.<\/span><\/p>\n<p style=\"text-align:justify;line-height:150%\"><span style=\"line-height:150%;\">El director de la pel&iacute;cula, Miguel G. Morales, quiso que le acompa&ntilde;aran durante su intervenci&oacute;n sus dos colaboradores inmediatos: Jorge Rojas y Fabi&aacute;n Yanes. Dijo que descubri&oacute; Lanzarote con 21 a&ntilde;os a trav&eacute;s de Jos&eacute; Saramago y que se interes&oacute; por C&eacute;sar Manrique por c&oacute;mo hablaba de &eacute;l el Nobel portugu&eacute;s. Morales dirigi&oacute; el documental dedicado a C&eacute;sar, <em>Taro. El eco de Manrique<\/em>, y este &uacute;ltimo constituye, a su juicio, un <em>spin off<\/em> del anterior. En <em>Maestro de obra<\/em>, ha querido crear una conversaci&oacute;n ficticia entre el artista y Luis Morales y, a su vez, contar &ldquo;la labor de un gran hombre que trabaj&oacute; con C&eacute;sar desde su primera obra hasta la construcci&oacute;n de la tumba del artista en Har&iacute;a&rdquo;. &ldquo;Luis Morales no sal&iacute;a en las fotos, ni en primera l&iacute;nea, pero es una especie en extinci&oacute;n por su energ&iacute;a y generosidad&rdquo;. Calific&oacute; su funci&oacute;n como la de un director de orquesta que ten&iacute;a que saber de todo y dijo que &ldquo;fue una suerte contar con un grupo de hombres para poder hacer una isla &uacute;nica en el mundo&rdquo;. A&ntilde;adi&oacute; que la pel&iacute;cula tambi&eacute;n habla de eso, &ldquo;es un homenaje a toda esa gente&rdquo;. Termin&oacute; describiendo a Luis Morales como el hombre &ldquo;que primero sonr&iacute;e y luego habla, que dirigi&oacute; un ej&eacute;rcito de hombres, que se construy&oacute; primero a s&iacute; mismo para poder construir, y que aprendi&oacute; a ver&rdquo;. &ldquo;El hombre que siempre estaba all&iacute;&rdquo;. <\/span><\/p>\n<p style=\"text-align:justify;line-height:150%\"><span style=\"line-height:150%;\">El homenajeado, visiblemente emocionado, dio las gracias a todos, pero especialmente a todos los compa&ntilde;eros con los que hab&iacute;a trabajado &ldquo;y que nunca me dejaron en mal lugar porque cuando los jefes dec&iacute;an que ten&iacute;a que terminar una obra en determinada fecha, todos arrimaban el hombro&rdquo;. Dijo que iba a hacer un paseo por su vida laboral, pero acab&oacute; contando &uacute;nicamente el principio y el final, porque ya el presidente de la Fundaci&oacute;n lo hab&iacute;a contado todo. Su primera obra con 14 a&ntilde;os en el Ayuntamiento de Arrecife, con Jos&eacute; Miranda de alcalde, fue adoquinar, junto a su padre como maestro, la calle Gin&eacute;s de Castro aunque &eacute;l &ldquo;s&oacute;lo llevaba los adoquines en una carretilla&rdquo;. Despu&eacute;s pas&oacute; al Cabildo el 15 de marzo de 1960, con Jos&eacute; Ram&iacute;rez de presidente, llegando a dirigir un equipo de m&aacute;s de trescientos obreros, para acabar jubil&aacute;ndose con P&eacute;rez Parrilla en la presidencia. Entonces, tambi&eacute;n le hicieron un homenaje. Termin&oacute; como empez&oacute;, acord&aacute;ndose de sus compa&ntilde;eros, en este caso de los jefes que tuvo en el Cabildo, como Esteban Armas o Jos&eacute; Onieva, &ldquo;que fueron amigos m&aacute;s que jefes&rdquo;. &ldquo;Yo los respetaba y ellos me respetaban a m&iacute;&rdquo;, dijo. <\/span><\/p>\n<p style=\"text-align:justify;line-height:150%\"><span style=\"line-height:150%;color:black\">Tras la presentaci&oacute;n se proyect&oacute; la pel&iacute;cula, que incluye la voz de C&eacute;sar Manrique adem&aacute;s de im&aacute;genes de archivo, grabaciones recientes a Luis Morales explicando su trayectoria y preciosos planos. Las risas y los silencios durante, y los aplausos al finalizar la proyecci&oacute;n, dieron una pista fiable de que la pel&iacute;cula gust&oacute; al p&uacute;blico que llen&oacute; Taro de Tah&iacute;che y que acab&oacute; ovacionando al homenajeado, quien termin&oacute; en pie en medio de la sala agradeciendo el cari&ntilde;o manifestado por los asistentes al acto.<\/span><\/p>\n<p><!--[if gte mso 9]><![endif]--><!--[if !mso]>\n\n\n<style>\nst1:*{behavior:url(#ieooui) }\n<\/style>\n\n\n<![endif]--><!--[if gte mso 10]>\n\n\n<style>\n \/* Style Definitions *\/\n table.MsoNormalTable\n\t{mso-style-name:\"Tabla normal\";\n\tmso-style-parent:\"\";\n\t\"Times New Roman\";}\n<\/style>\n\n\n<![endif]--> <span style=\"Times New Roman&quot;;\ncolor:black;\"><!--[if gte mso 9]><![endif]--><!--[if !mso]>\n\n\n<style>\nst1:*{behavior:url(#ieooui) }\n<\/style>\n\n\n<![endif]--><!--[if gte mso 10]>\n\n\n<style>\n \/* Style Definitions *\/\n table.MsoNormalTable\n\t{mso-style-name:\"Tabla normal\";\n\tmso-style-parent:\"\";\n\t\"Times New Roman\";}\n<\/style>\n\n\n<![endif]--><\/span><!--[if gte mso 9]><xml>\n \n  Normal\n  0\n  21\n  \n  \n  false\n  false\n  false\n  \n   \n   \n   \n   \n   \n  \n  MicrosoftInternetExplorer4\n \n<\/xml><![endif]--><!--[if gte mso 9]><xml>\n \n  Normal\n  0\n  21\n  \n  \n  false\n  false\n  false\n  \n   \n   \n   \n   \n   \n  \n  MicrosoftInternetExplorer4\n \n<\/xml><![endif]--><\/p>\n<p style=\"text-align:justify;line-height:150%\"><span style=\"line-height:150%;\">El 10 de diciembre, Jos&eacute; Juan Ram&iacute;rez, presidente de la  FCM abri&oacute; el acto, el estreno del corto documental <em>Maestro de obra. Luis Morales: las otras manos de Manrique<\/em>, diciendo que la pel&iacute;cula era un homenaje que la Fundaci&oacute;n C&eacute;sar Manrique han querido tributar a Morales y porque representa el car&aacute;cter de &ldquo;esas personas que creyeron en la utop&iacute;a moderna de nuestra Isla y contribuyeron decisivamente a hacerla posible&rdquo;. <\/span><\/p>\n<p style=\"text-align:justify;line-height:150%\"><span style=\"line-height:150%;\">&ldquo;Un hombre sencillo, un l&iacute;der humilde, trabajador y amigo de sus amigos&rdquo;, dijo de &eacute;l Ram&iacute;rez, que relat&oacute; brevemente la trayectoria laboral del homenajeado, al que la FCM dedicar&aacute; una mesa redonda en 2015, adem&aacute;s de un libro en el que est&aacute; trabajando el periodista y patrono de la FCM Mario Alberto Perdomo. Luis Morales comenz&oacute; con 14 a&ntilde;os en el Ayuntamiento de Arrecife y ya dos a&ntilde;os despu&eacute;s hizo su primera obra, la plaza de Las Palmas, con C&eacute;sar Manrique, para despu&eacute;s llegar a ser capataz general del Cabildo de Lanzarote y hombre de confianza de todos sus presidentes, &ldquo;en una &eacute;poca dif&iacute;cil y fundamental para la creaci&oacute;n de las infraestructuras b&aacute;sicas de la Isla&rdquo;, subray&oacute; el presidente. Desde los a&ntilde;os cincuenta, Morales particip&oacute; en todas las obras en el espacio p&uacute;blico que hizo C&eacute;sar Manrique en Lanzarote: &ldquo;Fue el que mejor interpret&oacute; las ideas de C&eacute;sar&rdquo;, que le consideraba &ldquo;un colaborador de m&aacute;xima confianza y le ten&iacute;a un enorme cari&ntilde;o&rdquo;. Ram&iacute;rez tambi&eacute;n destac&oacute; su pasi&oacute;n por la m&uacute;sica y su pertenencia a la Agrupaci&oacute;n folcl&oacute;rica Arrecife y a los Amigos de Portonao, con muchos de sus miembros presentes en la sala.<\/span><\/p>\n<p style=\"text-align:justify;line-height:150%\"><span style=\"line-height:150%;\">El director de la pel&iacute;cula, Miguel G. Morales, quiso que le acompa&ntilde;aran durante su intervenci&oacute;n sus dos colaboradores inmediatos: Jorge Rojas y Fabi&aacute;n Yanes. Dijo que descubri&oacute; Lanzarote con 21 a&ntilde;os a trav&eacute;s de Jos&eacute; Saramago y que se interes&oacute; por C&eacute;sar Manrique por c&oacute;mo hablaba de &eacute;l el Nobel portugu&eacute;s. Morales dirigi&oacute; el documental dedicado a C&eacute;sar, <em>Taro. El eco de Manrique<\/em>, y este &uacute;ltimo constituye, a su juicio, un <em>spin off<\/em> del anterior. En <em>Maestro de obra<\/em>, ha querido crear una conversaci&oacute;n ficticia entre el artista y Luis Morales y, a su vez, contar &ldquo;la labor de un gran hombre que trabaj&oacute; con C&eacute;sar desde su primera obra hasta la construcci&oacute;n de la tumba del artista en Har&iacute;a&rdquo;. &ldquo;Luis Morales no sal&iacute;a en las fotos, ni en primera l&iacute;nea, pero es una especie en extinci&oacute;n por su energ&iacute;a y generosidad&rdquo;. Calific&oacute; su funci&oacute;n como la de un director de orquesta que ten&iacute;a que saber de todo y dijo que &ldquo;fue una suerte contar con un grupo de hombres para poder hacer una isla &uacute;nica en el mundo&rdquo;. A&ntilde;adi&oacute; que la pel&iacute;cula tambi&eacute;n habla de eso, &ldquo;es un homenaje a toda esa gente&rdquo;. Termin&oacute; describiendo a Luis Morales como el hombre &ldquo;que primero sonr&iacute;e y luego habla, que dirigi&oacute; un ej&eacute;rcito de hombres, que se construy&oacute; primero a s&iacute; mismo para poder construir, y que aprendi&oacute; a ver&rdquo;. &ldquo;El hombre que siempre estaba all&iacute;&rdquo;. <\/span><\/p>\n<p style=\"text-align:justify;line-height:150%\"><span style=\"line-height:150%;\">El homenajeado, visiblemente emocionado, dio las gracias a todos, pero especialmente a todos los compa&ntilde;eros con los que hab&iacute;a trabajado &ldquo;y que nunca me dejaron en mal lugar porque cuando los jefes dec&iacute;an que ten&iacute;a que terminar una obra en determinada fecha, todos arrimaban el hombro&rdquo;. Dijo que iba a hacer un paseo por su vida laboral, pero acab&oacute; contando &uacute;nicamente el principio y el final, porque ya el presidente de la Fundaci&oacute;n lo hab&iacute;a contado todo. Su primera obra con 14 a&ntilde;os en el Ayuntamiento de Arrecife, con Jos&eacute; Miranda de alcalde, fue adoquinar, junto a su padre como maestro, la calle Gin&eacute;s de Castro aunque &eacute;l &ldquo;s&oacute;lo llevaba los adoquines en una carretilla&rdquo;. Despu&eacute;s pas&oacute; al Cabildo el 15 de marzo de 1960, con Jos&eacute; Ram&iacute;rez de presidente, llegando a dirigir un equipo de m&aacute;s de trescientos obreros, para acabar jubil&aacute;ndose con P&eacute;rez Parrilla en la presidencia. Entonces, tambi&eacute;n le hicieron un homenaje. Termin&oacute; como empez&oacute;, acord&aacute;ndose de sus compa&ntilde;eros, en este caso de los jefes que tuvo en el Cabildo, como Esteban Armas o Jos&eacute; Onieva, &ldquo;que fueron amigos m&aacute;s que jefes&rdquo;. &ldquo;Yo los respetaba y ellos me respetaban a m&iacute;&rdquo;, dijo. <\/span><\/p>\n<p style=\"text-align:justify;line-height:150%\"><span style=\"line-height:150%;color:black\">Tras la presentaci&oacute;n se proyect&oacute; la pel&iacute;cula, que incluye la voz de C&eacute;sar Manrique adem&aacute;s de im&aacute;genes de archivo, grabaciones recientes a Luis Morales explicando su trayectoria y preciosos planos. Las risas y los silencios durante, y los aplausos al finalizar la proyecci&oacute;n, dieron una pista fiable de que la pel&iacute;cula gust&oacute; al p&uacute;blico que llen&oacute; Taro de Tah&iacute;che y que acab&oacute; ovacionando al homenajeado, quien termin&oacute; en pie en medio de la sala agradeciendo el cari&ntilde;o manifestado por los asistentes al acto.<\/span><\/p>\n<p><!--[if gte mso 9]><![endif]--><!--[if !mso]>\n\n\n<style>\nst1:*{behavior:url(#ieooui) }\n<\/style>\n\n\n<![endif]--><!--[if gte mso 10]>\n\n\n<style>\n \/* Style Definitions *\/\n table.MsoNormalTable\n\t{mso-style-name:\"Tabla normal\";\n\tmso-style-parent:\"\";\n\t\"Times New Roman\";}\n<\/style>\n\n\n<![endif]--> <span style=\"Times New Roman&quot;;\ncolor:black;\"><!--[if gte mso 9]><![endif]--><!--[if !mso]>\n\n\n<style>\nst1:*{behavior:url(#ieooui) }\n<\/style>\n\n\n<![endif]--><!--[if gte mso 10]>\n\n\n<style>\n \/* Style Definitions *\/\n table.MsoNormalTable\n\t{mso-style-name:\"Tabla normal\";\n\tmso-style-parent:\"\";\n\t\"Times New Roman\";}\n<\/style>\n\n\n<![endif]--><\/span><\/p>","protected":false},"featured_media":3503,"parent":0,"template":"","meta":{"_acf_changed":false,"ngg_post_thumbnail":0,"footnotes":""},"actividad_tipo":[37],"actividad_lugar":[],"actividad_departamento":[],"actividad_ciclo":[],"class_list":["post-3502","fcm_actividad","type-fcm_actividad","status-publish","has-post-thumbnail","hentry","actividad_tipo-otras-actividades"],"acf":[],"_links":{"self":[{"href":"https:\/\/fcmanrique.org\/de\/wp-json\/wp\/v2\/fcm_actividad\/3502","targetHints":{"allow":["GET"]}}],"collection":[{"href":"https:\/\/fcmanrique.org\/de\/wp-json\/wp\/v2\/fcm_actividad"}],"about":[{"href":"https:\/\/fcmanrique.org\/de\/wp-json\/wp\/v2\/types\/fcm_actividad"}],"version-history":[{"count":4,"href":"https:\/\/fcmanrique.org\/de\/wp-json\/wp\/v2\/fcm_actividad\/3502\/revisions"}],"predecessor-version":[{"id":17296,"href":"https:\/\/fcmanrique.org\/de\/wp-json\/wp\/v2\/fcm_actividad\/3502\/revisions\/17296"}],"wp:featuredmedia":[{"embeddable":true,"href":"https:\/\/fcmanrique.org\/de\/wp-json\/wp\/v2\/media\/3503"}],"wp:attachment":[{"href":"https:\/\/fcmanrique.org\/de\/wp-json\/wp\/v2\/media?parent=3502"}],"wp:term":[{"taxonomy":"actividad_tipo","embeddable":true,"href":"https:\/\/fcmanrique.org\/de\/wp-json\/wp\/v2\/actividad_tipo?post=3502"},{"taxonomy":"actividad_lugar","embeddable":true,"href":"https:\/\/fcmanrique.org\/de\/wp-json\/wp\/v2\/actividad_lugar?post=3502"},{"taxonomy":"actividad_departamento","embeddable":true,"href":"https:\/\/fcmanrique.org\/de\/wp-json\/wp\/v2\/actividad_departamento?post=3502"},{"taxonomy":"actividad_ciclo","embeddable":true,"href":"https:\/\/fcmanrique.org\/de\/wp-json\/wp\/v2\/actividad_ciclo?post=3502"}],"curies":[{"name":"wp","href":"https:\/\/api.w.org\/{rel}","templated":true}]}}