{"id":4717,"date":"2017-10-20T12:32:30","date_gmt":"2017-10-20T12:32:30","guid":{"rendered":"https:\/\/fcmanrique.org\/?p=4717"},"modified":"2018-06-25T13:10:10","modified_gmt":"2018-06-25T13:10:10","slug":"la-fundacion-cesar-manrique-recibe-el-premio-taburiente-2017-concedido-por-la-fundacion-diario-de-avisos","status":"publish","type":"fcm_actividad","link":"https:\/\/fcmanrique.org\/de\/fcm-actividad\/la-fundacion-cesar-manrique-recibe-el-premio-taburiente-2017-concedido-por-la-fundacion-diario-de-avisos\/","title":{"rendered":"La Fundaci\u00f3n C\u00e9sar Manrique recibe el Premio Taburiente 2017 concedido por la Fundaci\u00f3n DIARIO DE AVISOS"},"content":{"rendered":"<p>La Fundaci\u00f3n C\u00e9sar Manrique (FCM) ha sido distinguida con el Premio Taburiente 2017 concedido anualmente por la Fundaci\u00f3n DIARIO DE AVISOS. El Jurado ha querido reconocer en el 25\u00ba aniversario de la Fundaci\u00f3n C\u00e9sar Manrique \u201cla encomiable labor realizada por la instituci\u00f3n en el \u00e1mbito de la conservaci\u00f3n y difusi\u00f3n de la obra de C\u00e9sar Manrique, manteniendo viva la ideolog\u00eda y el alma del artista canario\u201d, seg\u00fan se difundi\u00f3 desde la organizaci\u00f3n del premio. \u201cLa Fundaci\u00f3n C\u00e9sar Manrique lleva a cabo una labor tan ambiciosa como necesaria, especialmente en artes pl\u00e1sticas o medio ambiente, consolid\u00e1ndose adem\u00e1s como un espacio imprescindible para la reflexi\u00f3n cultural o el debate sobre la convivencia de los canarios con su territorio. Esta labor hace de la Fundaci\u00f3n C\u00e9sar Manrique una de las instituciones m\u00e1s apreciadas y reconocidas dentro y fuera de nuestro Archipi\u00e9lago\u201d, argumentaron.<\/p>\n<p><a href=\"https:\/\/fcmanrique.org\/wp-content\/uploads\/fc-manrique-premio-taburiente-1.jpg\"><img loading=\"lazy\" decoding=\"async\" class=\"alignnone  wp-image-4723\" src=\"https:\/\/fcmanrique.org\/wp-content\/uploads\/fc-manrique-premio-taburiente-1.jpg\" alt=\"\" width=\"559\" height=\"372\" srcset=\"https:\/\/fcmanrique.org\/wp-content\/uploads\/fc-manrique-premio-taburiente-1.jpg 1200w, https:\/\/fcmanrique.org\/wp-content\/uploads\/fc-manrique-premio-taburiente-1-300x200.jpg 300w, https:\/\/fcmanrique.org\/wp-content\/uploads\/fc-manrique-premio-taburiente-1-768x511.jpg 768w, https:\/\/fcmanrique.org\/wp-content\/uploads\/fc-manrique-premio-taburiente-1-1024x682.jpg 1024w\" sizes=\"auto, (max-width: 559px) 100vw, 559px\" \/><\/a><\/p>\n<p>La gala de entrega de esta tercera edici\u00f3n de los premios anuales del peri\u00f3dico perteneciente al Grupo Plat\u00f3 del Atl\u00e1ntico, se celebr\u00f3 en el d\u00eda de ayer, 19 de octubre, en el Teatro Guimer\u00e1, de Santa Cruz de Tenerife, a las 20 horas y fue transmitida por La 2 de Televisi\u00f3n Espa\u00f1ola (TVE) y por el Canal Internacional. A la entrega acudi\u00f3 el presidente de la Fundaci\u00f3n, Jos\u00e9 Juan Ram\u00edrez, que recogi\u00f3 el premio, acompa\u00f1ado de Fernando G\u00f3mez Aguilera, director de la instituci\u00f3n.<\/p>\n<p>En la tercera convocatoria de los Premios, junto a la FCM, el Jurado ha reconocido a otros diez distinguidos \u201cque constituyen admirables ejemplos de talento, creatividad, esfuerzo y de compromiso con el progreso de nuestra sociedad, tanto en las Islas como en el exterior\u201d: la Asociaci\u00f3n Espa\u00f1ola contra el C\u00e1ncer en Santa Cruz de Tenerife (AECC), la cantante Olga Cerpa, el tenor Celso Albelo, el periodista Luis del Olmo, el grupo musical Efecto Pasillo, el Instituto de Astrof\u00edsica de Canarias (IAC), el periodista y escritor Juan Cruz Ruiz, el l\u00edder opositor venezolano Leopoldo L\u00f3pez, el periodista Jos\u00e9 Antonio Pardellas y el m\u00e9dico y empresario Pedro Luis Cobiella.<\/p>\n<p>La Fundaci\u00f3n DIARIO DE AVISOS apoya el talento en diferentes \u00e1mbitos, reconoce personalidades o entidades que constituyen una referencia dentro y fuera de nuestro pa\u00eds y est\u00e1 comprometida con valores, retos y trayectorias globales vinculadas a la sostenibilidad, la cooperaci\u00f3n al desarrollo, las expresiones culturales, la ciencia y los avances del conocimiento, as\u00ed como a la ayuda a grupos desfavorecidos. En ediciones anteriores se ha distinguido, entre otros, a Manolo Blahnik, I\u00f1aki Gabilondo, Radio Televisi\u00f3n Espa\u00f1ola, Alberto V\u00e1zquez-Figueroa, Olga Ramos, Pedro Guerra o Vicente del Bosque.<\/p>\n<p><a href=\"https:\/\/fcmanrique.org\/wp-content\/uploads\/fc-manrique-premio-taburiente-2.jpg\"><img loading=\"lazy\" decoding=\"async\" class=\"wp-image-4724 aligncenter\" src=\"https:\/\/fcmanrique.org\/wp-content\/uploads\/fc-manrique-premio-taburiente-2.jpg\" alt=\"\" width=\"547\" height=\"319\" srcset=\"https:\/\/fcmanrique.org\/wp-content\/uploads\/fc-manrique-premio-taburiente-2.jpg 1200w, https:\/\/fcmanrique.org\/wp-content\/uploads\/fc-manrique-premio-taburiente-2-300x175.jpg 300w, https:\/\/fcmanrique.org\/wp-content\/uploads\/fc-manrique-premio-taburiente-2-768x448.jpg 768w, https:\/\/fcmanrique.org\/wp-content\/uploads\/fc-manrique-premio-taburiente-2-1024x597.jpg 1024w\" sizes=\"auto, (max-width: 547px) 100vw, 547px\" \/><\/a><\/p>\n<p>Para la FCM, este reconocimiento, unido a otras referencias y premios obtenidos por esta instituci\u00f3n, que este a\u00f1o conmemora su 25\u00ba aniversario, constituye un est\u00edmulo para seguir realizando su labor cultural, medioambiental y de promoci\u00f3n de la cultura y el paisaje de Lanzarote.<\/p>\n","protected":false},"featured_media":4723,"parent":0,"template":"","meta":{"_acf_changed":false,"ngg_post_thumbnail":0,"footnotes":""},"actividad_tipo":[37],"actividad_lugar":[],"actividad_departamento":[],"actividad_ciclo":[],"class_list":["post-4717","fcm_actividad","type-fcm_actividad","status-publish","has-post-thumbnail","hentry","actividad_tipo-otras-actividades"],"acf":[],"_links":{"self":[{"href":"https:\/\/fcmanrique.org\/de\/wp-json\/wp\/v2\/fcm_actividad\/4717","targetHints":{"allow":["GET"]}}],"collection":[{"href":"https:\/\/fcmanrique.org\/de\/wp-json\/wp\/v2\/fcm_actividad"}],"about":[{"href":"https:\/\/fcmanrique.org\/de\/wp-json\/wp\/v2\/types\/fcm_actividad"}],"version-history":[{"count":4,"href":"https:\/\/fcmanrique.org\/de\/wp-json\/wp\/v2\/fcm_actividad\/4717\/revisions"}],"predecessor-version":[{"id":17252,"href":"https:\/\/fcmanrique.org\/de\/wp-json\/wp\/v2\/fcm_actividad\/4717\/revisions\/17252"}],"wp:featuredmedia":[{"embeddable":true,"href":"https:\/\/fcmanrique.org\/de\/wp-json\/wp\/v2\/media\/4723"}],"wp:attachment":[{"href":"https:\/\/fcmanrique.org\/de\/wp-json\/wp\/v2\/media?parent=4717"}],"wp:term":[{"taxonomy":"actividad_tipo","embeddable":true,"href":"https:\/\/fcmanrique.org\/de\/wp-json\/wp\/v2\/actividad_tipo?post=4717"},{"taxonomy":"actividad_lugar","embeddable":true,"href":"https:\/\/fcmanrique.org\/de\/wp-json\/wp\/v2\/actividad_lugar?post=4717"},{"taxonomy":"actividad_departamento","embeddable":true,"href":"https:\/\/fcmanrique.org\/de\/wp-json\/wp\/v2\/actividad_departamento?post=4717"},{"taxonomy":"actividad_ciclo","embeddable":true,"href":"https:\/\/fcmanrique.org\/de\/wp-json\/wp\/v2\/actividad_ciclo?post=4717"}],"curies":[{"name":"wp","href":"https:\/\/api.w.org\/{rel}","templated":true}]}}