{"id":18826,"date":"2019-05-02T14:40:44","date_gmt":"2019-05-02T14:40:44","guid":{"rendered":"https:\/\/fcmanrique.org\/?post_type=fcm_c_acti_celebrada&#038;p=18826"},"modified":"2019-05-22T10:00:41","modified_gmt":"2019-05-22T10:00:41","slug":"exposicion-manifiesto-y-mesa-redonda","status":"publish","type":"fcm_c_acti_celebrada","link":"https:\/\/fcmanrique.org\/de\/fcm-c-acti-celebrada\/exposicion-manifiesto-y-mesa-redonda\/","title":{"rendered":"Exposici\u00f3n, Manifiesto y Mesa redonda"},"content":{"rendered":"<p class=\"qtranxs-available-languages-message qtranxs-available-languages-message-de\">Leider ist der Eintrag nur auf <a href=\"https:\/\/fcmanrique.org\/es\/wp-json\/wp\/v2\/fcm_c_acti_celebrada\/18826\" class=\"qtranxs-available-language-link qtranxs-available-language-link-es\" title=\"ES\">ES<\/a> verf\u00fcgbar.<\/p><p>El pasado 30 de abril, en la Sala Jos\u00e9 Saramago de la Fundaci\u00f3n C\u00e9sar Manrique (FCM), en La Plazuela de Arrecife, se inaugur\u00f3 la exposici\u00f3n \u201cC\u00e9sar Manrique, palabra y compromiso: Al poder se le incomoda\u201d. As\u00ed mismo, se present\u00f3 la edici\u00f3n del manifiesto del artista <em>\u00a1Salvemos la isla de Lanzarote!<\/em>, y a continuaci\u00f3n tuvo lugar la mesa redonda \u201cCanarias, del suelo al territorio (in)sostenible\u201d.<\/p>\n<p>\u201cC\u00e9sar Manrique, palabra y compromiso: Al poder se le incomoda\u201d es una\u00a0exposici\u00f3n sobre la dimensi\u00f3n activista del artista. Exhibe su perfil m\u00e1s social y pol\u00edtico, la voz cr\u00edtica de una conciencia alarmada en defensa del territorio de Lanzarote y de las Islas, a trav\u00e9s de sus declaraciones y reivindicaciones planteadas en los medios de comunicaci\u00f3n, sin filtros ni intermediaciones cr\u00edticas.<\/p>\n<p>El manifiesto <em>\u00a1Salvar la isla de Lanzarote!<\/em>, fue escrito y difundido por C\u00e9sar Manrique en 1986. Recoge un grito de socorro por la isla en que naci\u00f3 y una llamada a la sensibilidad colectiva para proteger la isla de la ambici\u00f3n.<\/p>\n<p><a href=\"https:\/\/fcmanrique.org\/wp-content\/uploads\/fc-manrique-exposicion-manifiesto-mesa-redonda3.jpg\"><img loading=\"lazy\" decoding=\"async\" class=\"alignnone size-full wp-image-18838\" src=\"https:\/\/fcmanrique.org\/wp-content\/uploads\/fc-manrique-exposicion-manifiesto-mesa-redonda3.jpg\" alt=\"\" width=\"920\" height=\"650\" srcset=\"https:\/\/fcmanrique.org\/wp-content\/uploads\/fc-manrique-exposicion-manifiesto-mesa-redonda3.jpg 920w, https:\/\/fcmanrique.org\/wp-content\/uploads\/fc-manrique-exposicion-manifiesto-mesa-redonda3-300x212.jpg 300w, https:\/\/fcmanrique.org\/wp-content\/uploads\/fc-manrique-exposicion-manifiesto-mesa-redonda3-768x543.jpg 768w, https:\/\/fcmanrique.org\/wp-content\/uploads\/fc-manrique-exposicion-manifiesto-mesa-redonda3-289x204.jpg 289w\" sizes=\"auto, (max-width: 920px) 100vw, 920px\" \/><\/a><\/p>\n<p><strong>Lanzarote 1986-2019: del grito de C\u00e9sar a la \u00faltima llamada por la Ley del Suelo<\/strong><\/p>\n<p>Dentro del car\u00e1cter complejo y poli\u00e9drico de C\u00e9sar Manrique hay una faceta que ha calado en el imaginario de las islas, y es su dimensi\u00f3n de conciencia cr\u00edtica. El director de la Fundaci\u00f3n C\u00e9sar Manrique, Fernando G\u00f3mez Aguilera, comenz\u00f3 as\u00ed, el d\u00eda 30 de abril, la presentaci\u00f3n de la exposici\u00f3n <i>C\u00e9sar Manrique, palabra y compromiso: al poder se le incomoda<\/i>, que se puede ver en la Sala Jos\u00e9 Saramago: \u201cC\u00e9sar transita toda su obra entre dos polos: de la dimensi\u00f3n ut\u00f3pica a la dist\u00f3pica\u201d. Es decir, del paradigma de lo que deb\u00eda ser Lanzarote a lo que comenz\u00f3 a convertirse a mitad de los a\u00f1os setenta. En esa \u00e9poca, el artista ya se da cuenta de que la cosas no iban a salir como las hab\u00edan planeado \u201cy la palabra de C\u00e9sar se convierte en grito\u201d.<\/p>\n<p>La exposici\u00f3n recoge titulares de prensa y documentos que muestran la faceta m\u00e1s reivindicativa de C\u00e9sar Manrique. G\u00f3mez Aguilera apunt\u00f3 que la exposici\u00f3n se quiere convertir en un \u201cinstrumento de reflexi\u00f3n, di\u00e1logo y disputa de las pol\u00edticas p\u00fablicas\u201d y que pretende servir para el debate de la cuesti\u00f3n territorial y del modelo tur\u00edstico de Canarias. Record\u00f3 que ya en 1983 C\u00e9sar advert\u00eda: \u201cNos estamos comportando como v\u00e1ndalos, la Naturaleza est\u00e1 llegando a sus l\u00edmites y hace falta respeto al medio ambiente\u201d. Su cultura estaba atravesada por la \u00e9tica y se convirti\u00f3 en el \u201cl\u00edder de la indignaci\u00f3n cr\u00edtica\u201d. La muestra es un documento o una exposici\u00f3n manifiesto que intenta reponer la memoria sin mediaciones, con la palabra directa. Tambi\u00e9n es una herramienta \u201ccontra la desactivaci\u00f3n del mensaje de C\u00e9sar\u201d en un momento en el que se repiten algunas circunstancias y pol\u00e9micas similares.<\/p>\n<p>Junto a la exposici\u00f3n se present\u00f3 la edici\u00f3n del Manifiesto <i>Salvemos la isla de Lanzarote<\/i>, redactado por C\u00e9sar en 1986. Se le acus\u00f3 entonces de querer manchar la imagen de la Isla por ir a leerlo a Madrid. Para el director de la FCM, esta dimensi\u00f3n de conciencia p\u00fablica es la m\u00e1s relevante en el perfil de C\u00e9sar Manrique, \u201cle otorga la distinci\u00f3n de artista pol\u00edtico en un hombre que no era pol\u00edtico, pero s\u00ed sus practicas\u201d.<\/p>\n<p>Antes de la mesa redonda con la que se complet\u00f3 el acto, los asistentes pudieron ver un v\u00eddeo de Miguel G. Morales que incluye palabras de protesta e im\u00e1genes de C\u00e9sar y de Lanzarote. Tras el v\u00eddeo, el periodista Sa\u00fal Garc\u00eda hizo una breve introducci\u00f3n comparativa entre la situaci\u00f3n de Lanzarote y de su industria tur\u00edstica en 1986, el a\u00f1o que se hizo el Manifiesto, y 2019. Faustino Garc\u00eda M\u00e1rquez fue el primero en intervenir. Habl\u00f3 del proceso y el recorrido hist\u00f3rico de regulaci\u00f3n del territorio en Canarias como un \u201corden racional\u201d y de c\u00f3mo ha llegado la desregulaci\u00f3n neoliberal con la Ley del Suelo: \u201cEn lugar de reparar las deficiencias de ese orden, decidi\u00f3 demolerlo\u201d. Puso varios ejemplos anteriores a esta ley, como el PIO de Fuerteventura de 2001, las leyes de medidas urgentes y de armonizaci\u00f3n y la Ley de islas \u201cantes\u201d verdes, que ya comenzaron a liberalizar las actividades inmobiliarias, a reducir el control p\u00fablico, a permitir proyectos discrecionales y expandir el uso del suelo r\u00fastico. Se\u00f1al\u00f3 que esta \u00faltima ley \u201colvida las determinaciones de capacidad de carga de otras leyes a\u00fan vigentes y advirti\u00f3 que esa desregulaci\u00f3n puede llegar al PIO de Lanzarote \u201csi alguna vez se termina\u201d. Durante su intervenci\u00f3n compar\u00f3 esta lucha por el territorio con los bandos de los vikingos, atacando, y los romanos resistiendo, pero acab\u00f3 diciendo que los vikingos no vienen de fuera. \u201cSomos nosotros los que no hemos sabido, podido o querido impedirlo\u201d.<\/p>\n<p><a href=\"https:\/\/fcmanrique.org\/wp-content\/uploads\/fc-manrique-exposicion-manifiesto-mesa-redonda1.jpg\"><img loading=\"lazy\" decoding=\"async\" class=\"alignnone size-full wp-image-18836\" src=\"https:\/\/fcmanrique.org\/wp-content\/uploads\/fc-manrique-exposicion-manifiesto-mesa-redonda1.jpg\" alt=\"\" width=\"920\" height=\"572\" srcset=\"https:\/\/fcmanrique.org\/wp-content\/uploads\/fc-manrique-exposicion-manifiesto-mesa-redonda1.jpg 920w, https:\/\/fcmanrique.org\/wp-content\/uploads\/fc-manrique-exposicion-manifiesto-mesa-redonda1-300x187.jpg 300w, https:\/\/fcmanrique.org\/wp-content\/uploads\/fc-manrique-exposicion-manifiesto-mesa-redonda1-768x477.jpg 768w, https:\/\/fcmanrique.org\/wp-content\/uploads\/fc-manrique-exposicion-manifiesto-mesa-redonda1-289x180.jpg 289w\" sizes=\"auto, (max-width: 920px) 100vw, 920px\" \/><\/a><\/p>\n<p><b>\u00bfPodemos seguir creciendo?<\/b><\/p>\n<p>La ge\u00f3grafa Emma P\u00e9rez-Chac\u00f3n plante\u00f3 la cuesti\u00f3n de si podemos seguir creciendo de forma indefinida. Dijo que el debate entre poblaci\u00f3n y recursos es muy antiguo, viene desde el siglo XVIII y que la mejor definici\u00f3n sobre la capacidad de carga fue pronunciada por C\u00e9sar Manrique al advertir de que la Isla estaba traspasando \u201cel umbral de la inquietud\u201d. Ese umbral se traspasa cuando el paisaje se deteriora o cuando no somos capaces de metabolizar los residuos que generamos, entre otras cuestiones. Puso dos ejemplos, porque \u201ceste tipo de debate hay que llevarlo a lo concreto\u201d. Los dos son trabajados de sus alumnos. Uno es sobre la capacidad de carga de Playa Francesa en La Graciosa. Despu\u00e9s de varios c\u00e1lculos, determinaron la capacidad real de carga de esa playa en 146 personas. All\u00ed, a pesar de ser un lugar de especial conservaci\u00f3n, fondean cada d\u00eda varios catamaranes con unas 180 personas cada uno. \u201cEn determinadas \u00e9pocas, Playa Francesa es un lugar de todo menos sostenible\u201d, indic\u00f3 P\u00e9rez-Chac\u00f3n. S\u00f3lo con un catamar\u00e1n ya se sobrepasa el umbral. El otro ejemplo es el contrario: c\u00f3mo Famara pas\u00f3 de tener dibujadas en el planeamiento 25.000 camas tur\u00edsticas a tener s\u00f3lo 740 gracias al PIO de 1991. \u201cLa Ley del Suelo proh\u00edbe poner l\u00edmites y ser\u00eda interesante que el legislador hubiera estudiado un poco de historia\u201d, asegur\u00f3 P\u00e9rez-Chac\u00f3n, que propuso que cada partido pol\u00edtico manifieste qu\u00e9 planea para cada zona de la Isla porque \u201ctenemos motivos para estar muy inquietos\u201d.<\/p>\n<p>Antonio P\u00e9rez se ocup\u00f3 del reparto de los beneficios del turismo. Comenz\u00f3 se\u00f1alando que existe un t\u00f3pico que afirma que el turismo es igual a prosperidad y que la f\u00f3rmula para valorar el \u00e9xito est\u00e1 \u00fanicamente en funci\u00f3n del n\u00famero de turistas cuando deber\u00eda valorarse en funci\u00f3n de la mejora de la calidad de vida que obtienen sus habitantes. Canarias ha llegado a su r\u00e9cord con 16 millones de turistas pero el veinte por ciento de los contratos de trabajo en el Archipi\u00e9lago tienen una duraci\u00f3n de entre uno y tres d\u00edas, casi el setenta por ciento son de menos de un mes y muchos de ellos no llegan las ocho horas. \u201cHay un proceso de precarizaci\u00f3n y empobrecimiento\u201d. Lanzarote es una isla tur\u00edstica y tiene entre un 19 y un 20 por ciento de paro. La Palma no lo es y tiene alrededor de un 22 por ciento. P\u00e9rez se\u00f1al\u00f3 que a pesar de estos datos, la creaci\u00f3n de empleo siempre es la excusa para plantear modificaciones a las leyes y asegur\u00f3 que en Canarias, en realidad, la renta per capita ha bajado. \u201cEl incremento del beneficio para un grupo no supone que la gente de la Isla se beneficie, al contrario; la desregulaci\u00f3n no favorece a los trabajadores sino a los especuladores\u201d, concluy\u00f3.<\/p>\n<p><a href=\"https:\/\/fcmanrique.org\/wp-content\/uploads\/fc-manrique-exposicion-manifiesto-mesa-redonda2.jpg\"><img loading=\"lazy\" decoding=\"async\" class=\"alignnone size-full wp-image-18837\" src=\"https:\/\/fcmanrique.org\/wp-content\/uploads\/fc-manrique-exposicion-manifiesto-mesa-redonda2.jpg\" alt=\"\" width=\"920\" height=\"592\" srcset=\"https:\/\/fcmanrique.org\/wp-content\/uploads\/fc-manrique-exposicion-manifiesto-mesa-redonda2.jpg 920w, https:\/\/fcmanrique.org\/wp-content\/uploads\/fc-manrique-exposicion-manifiesto-mesa-redonda2-300x193.jpg 300w, https:\/\/fcmanrique.org\/wp-content\/uploads\/fc-manrique-exposicion-manifiesto-mesa-redonda2-768x494.jpg 768w, https:\/\/fcmanrique.org\/wp-content\/uploads\/fc-manrique-exposicion-manifiesto-mesa-redonda2-289x186.jpg 289w\" sizes=\"auto, (max-width: 920px) 100vw, 920px\" \/><\/a><\/p>\n<p><b>Construcci\u00f3n colectiva<\/b><\/p>\n<p>El \u00faltimo en intervenir fue Eugenio Reyes, que dijo que en cada uno de los asistentes al acto \u201chay un C\u00e9sar\u201d y que le gustar\u00eda que lo activaran. Puso sobre la mesa el mayor problema en el Planeta, el del cambio clim\u00e1tico y afirm\u00f3 que todo tiene un l\u00edmite y ninguna ley puede decir que no los hay. \u201cLa calefacci\u00f3n es buena cuando hace fr\u00edo pero a nadie se le ocurre ponerla a sesenta grados\u201d, se\u00f1al\u00f3. Por eso considera que la Ley del Suelo es una ley contra natura y profundiz\u00f3 en la idea de P\u00e9rez sobre el empobrecimiento se\u00f1alando que desde 2009, por cada turista de m\u00e1s, en lugar de crearse empleo, se han destruido casi dos empleos y medio. \u201cEstamos en un escenario de colapso y nos nos queda mucho tiempo\u201d, asegur\u00f3. Tambi\u00e9n habl\u00f3 de la huella ecol\u00f3gica y afirmn\u00f3 que con el nivel de consumo en Canarias \u201cnecesitar\u00edamos once planetas; estamos robando a las generaciones futuras los recursos para su vida\u201d<\/p>\n<p>Los cuatro ponentes tuvieron un \u00faltimo turno. Hablaron de decrecimiento como una necesidad y de pedir a los gobernantes que recapaciten y act\u00faen, que hagan pol\u00edticas con la vista puesta a largo plazo, que es el momento de redistribuir los beneficios y diversificar la econom\u00eda. Pidieron que no prevalezca el proyecto sobre el plan, que se reactive El Guincho, que se cambie de rumbo, que se ponga el medio ambiente en un papel central en la pol\u00edtica y que se actu\u00e9 con un compromiso ciudadano \u201cy no s\u00f3lo en campa\u00f1a electoral sino trabajando en la discusi\u00f3n de las cuestiones p\u00fablicas, en una construcci\u00f3n colectiva\u201d.<\/p>\n<p><a href=\"https:\/\/fcmanrique.org\/wp-content\/uploads\/fc-manrique-exposicion-mesa-manifiesto.pdf\">M\u00e1s informaci\u00f3n sobre la Exposici\u00f3n, Mesa redonda y la Presentaci\u00f3n del Manifiesto: \u00a1Salvar Lanzarote! de C\u00e9sar Manrique<\/a><\/p>\n<p><a href=\"https:\/\/fcmanrique.org\/fcm-video\/canarias-del-suelo-al-territorio-insostenible\/?lang=es\">Acceder al v\u00eddeo de la conferencia<\/a><\/p>\n<p><a href=\"https:\/\/fcmanrique.org\/wp-content\/uploads\/fc-manrique-invitacion-mesa-exposicion-manifiesto.jpg\"><img loading=\"lazy\" decoding=\"async\" class=\"alignnone size-full wp-image-19124\" src=\"https:\/\/fcmanrique.org\/wp-content\/uploads\/fc-manrique-invitacion-mesa-exposicion-manifiesto.jpg\" alt=\"\" width=\"1200\" height=\"1200\" srcset=\"https:\/\/fcmanrique.org\/wp-content\/uploads\/fc-manrique-invitacion-mesa-exposicion-manifiesto.jpg 1200w, https:\/\/fcmanrique.org\/wp-content\/uploads\/fc-manrique-invitacion-mesa-exposicion-manifiesto-150x150.jpg 150w, https:\/\/fcmanrique.org\/wp-content\/uploads\/fc-manrique-invitacion-mesa-exposicion-manifiesto-300x300.jpg 300w, https:\/\/fcmanrique.org\/wp-content\/uploads\/fc-manrique-invitacion-mesa-exposicion-manifiesto-768x768.jpg 768w, https:\/\/fcmanrique.org\/wp-content\/uploads\/fc-manrique-invitacion-mesa-exposicion-manifiesto-1024x1024.jpg 1024w, https:\/\/fcmanrique.org\/wp-content\/uploads\/fc-manrique-invitacion-mesa-exposicion-manifiesto-246x246.jpg 246w\" sizes=\"auto, (max-width: 1200px) 100vw, 1200px\" \/><\/a><\/p>\n<p>&nbsp;<\/p>","protected":false},"excerpt":{"rendered":"<p>Leider ist der Eintrag nur auf ES verf\u00fcgbar.El pasado 30 de abril, en la Sala Jos\u00e9 Saramago de la Fundaci\u00f3n C\u00e9sar Manrique (FCM), en La Plazuela de Arrecife, se inaugur\u00f3 la exposici\u00f3n \u201cC\u00e9sar Manrique, palabra y compromiso: Al poder se le incomoda\u201d. As\u00ed mismo, se present\u00f3 la edici\u00f3n del manifiesto del artista \u00a1Salvemos la isla&#8230; <a href=\"https:\/\/fcmanrique.org\/de\/fcm-c-acti-celebrada\/exposicion-manifiesto-y-mesa-redonda\/\" class=\"readmore\">Contin\u00faa leyendo \u2192<\/a><\/p>\n","protected":false},"featured_media":18830,"parent":0,"template":"","meta":{"_acf_changed":false,"ngg_post_thumbnail":0,"footnotes":""},"class_list":["post-18826","fcm_c_acti_celebrada","type-fcm_c_acti_celebrada","status-publish","has-post-thumbnail","hentry","c_acti_celebrada_categoria-presentacion"],"acf":[],"_links":{"self":[{"href":"https:\/\/fcmanrique.org\/de\/wp-json\/wp\/v2\/fcm_c_acti_celebrada\/18826","targetHints":{"allow":["GET"]}}],"collection":[{"href":"https:\/\/fcmanrique.org\/de\/wp-json\/wp\/v2\/fcm_c_acti_celebrada"}],"about":[{"href":"https:\/\/fcmanrique.org\/de\/wp-json\/wp\/v2\/types\/fcm_c_acti_celebrada"}],"version-history":[{"count":8,"href":"https:\/\/fcmanrique.org\/de\/wp-json\/wp\/v2\/fcm_c_acti_celebrada\/18826\/revisions"}],"predecessor-version":[{"id":19125,"href":"https:\/\/fcmanrique.org\/de\/wp-json\/wp\/v2\/fcm_c_acti_celebrada\/18826\/revisions\/19125"}],"wp:featuredmedia":[{"embeddable":true,"href":"https:\/\/fcmanrique.org\/de\/wp-json\/wp\/v2\/media\/18830"}],"wp:attachment":[{"href":"https:\/\/fcmanrique.org\/de\/wp-json\/wp\/v2\/media?parent=18826"}],"curies":[{"name":"wp","href":"https:\/\/api.w.org\/{rel}","templated":true}]}}