{"id":19111,"date":"2019-05-22T09:19:47","date_gmt":"2019-05-22T09:19:47","guid":{"rendered":"https:\/\/fcmanrique.org\/?post_type=fcm_c_acti_celebrada&#038;p=19111"},"modified":"2020-01-23T13:40:22","modified_gmt":"2020-01-23T13:40:22","slug":"jose-luis-guerin-he-creado-mi-propia-isla-cinematografica","status":"publish","type":"fcm_c_acti_celebrada","link":"https:\/\/fcmanrique.org\/de\/fcm-c-acti-celebrada\/jose-luis-guerin-he-creado-mi-propia-isla-cinematografica\/","title":{"rendered":"Jos\u00e9 Luis Guerin: &#8222;He creado mi propia isla cinematogr\u00e1fica&#8220;"},"content":{"rendered":"<p class=\"qtranxs-available-languages-message qtranxs-available-languages-message-de\">Leider ist der Eintrag nur auf <a href=\"https:\/\/fcmanrique.org\/es\/wp-json\/wp\/v2\/fcm_c_acti_celebrada\/19111\" class=\"qtranxs-available-language-link qtranxs-available-language-link-es\" title=\"ES\">ES<\/a> verf\u00fcgbar.<\/p><p><em>La FCM estrena la pel\u00edcula \u201cDe una isla\u201d, dirigida por Jos\u00e9 Luis Guerin.<\/em><\/p>\n<p>\u201cComo un viajero del Siglo XIX\u201d. As\u00ed abord\u00f3 su \u00faltima pel\u00edcula (en palabras del director de la Fundaci\u00f3n C\u00e9sar Manrique, Fernando G\u00f3mez Aguilera) el director de cine Jos\u00e9 Luis Guerin. As\u00ed rod\u00f3, \u201ccomo si viera la isla por primera vez\u201d, este cineasta, Premio Nacional de Cinematograf\u00eda en 2001, <em>De una isla<\/em>, un \u201cdrama geol\u00f3gico\u201d que aporta una visi\u00f3n de una isla \u201cprel\u00f3gica y rupestre, una isla previa\u201d.<\/p>\n<p><a href=\"https:\/\/fcmanrique.org\/wp-content\/uploads\/fc-manrique-estreno-de-una-isla4.jpg\"><img loading=\"lazy\" decoding=\"async\" class=\"alignnone size-full wp-image-19115\" src=\"https:\/\/fcmanrique.org\/wp-content\/uploads\/fc-manrique-estreno-de-una-isla4.jpg\" alt=\"\" width=\"920\" height=\"627\" srcset=\"https:\/\/fcmanrique.org\/wp-content\/uploads\/fc-manrique-estreno-de-una-isla4.jpg 920w, https:\/\/fcmanrique.org\/wp-content\/uploads\/fc-manrique-estreno-de-una-isla4-300x204.jpg 300w, https:\/\/fcmanrique.org\/wp-content\/uploads\/fc-manrique-estreno-de-una-isla4-768x523.jpg 768w, https:\/\/fcmanrique.org\/wp-content\/uploads\/fc-manrique-estreno-de-una-isla4-289x197.jpg 289w\" sizes=\"auto, (max-width: 920px) 100vw, 920px\" \/><\/a><\/p>\n<p>La pel\u00edcula, producida por la FCM, se estren\u00f3 este martes por la noche en los Cines Atl\u00e1ntida, en Arrecife. Es, de nuevo seg\u00fan G\u00f3mez Aguilera, \u201cun bello y austero poema cinematogr\u00e1fico\u201d, \u201cun canto \u00e9pico que evoca la fr\u00e1gil profundidad de la belleza\u201d y que \u201chace una aportaci\u00f3n decisiva a la construcci\u00f3n del imaginario de Lanzarote\u201d. \u201cEs cine en estado puro\u201d.<\/p>\n<p>Guerin retrata en 25 minutos una visi\u00f3n personal de Lanzarote que nace de un encargo de la FCM. \u201cEs un trabajo que siento m\u00edo porque no diferencio entre los trabajos de encargo y los de iniciativa propia, sino si me implico o no implico, y me he implicado como en la m\u00e1s \u00edntima de mis pel\u00edculas\u201d, explic\u00f3 el director al p\u00fablico tras la proyecci\u00f3n: \u201cOjal\u00e1 tuviera m\u00e1s encargos de esta naturaleza\u201d.<\/p>\n<p>Asegur\u00f3 que ha creado su propia isla cinematogr\u00e1fica. En la pel\u00edcula apenas hay presencia humana. Narra una historia, apoyada en subt\u00edtulos, sobre un territorio que, excepto por m\u00ednimos detalles y por su plano final, podr\u00eda haber rodado, efectivamente, en el Siglo XIX. Plante\u00f3 la pel\u00edcula para un p\u00fablico universal porque el cine, \u201cpor muy minoritaria que sea la pel\u00edcula, y este es el caso, debe llegar igual a cualquier espectador\u201d.<\/p>\n<p>Guerin explic\u00f3 que hab\u00eda querido hacer algo muy libre y que se preguntaba hasta qu\u00e9 punto le iba a dejar la Fundaci\u00f3n esa libertad. As\u00ed que fue avisando de que le gustar\u00eda hacer \u201cuna pel\u00edcula rara\u201d. \u201cBien\u201d, le contestaban. \u201cY en blanco y negro\u201d. \u201cTambi\u00e9n\u201d\u2026 \u201cy como si fuera muda\u201d. \u201cNo se amedrentaban ante mis deseos\u201d, dijo, y quiso explorar la Isla y llevarla hasta las \u00faltimas consecuencias \u201cporque hacer cine te permite vivir intensamente las cosas\u201d.<\/p>\n<p>Se convirti\u00f3 en un \u201cdetective del paisaje\u201d, al que no considera como un ornamento sino como significaci\u00f3n e incluso como drama. Dijo que hay una reivindicaci\u00f3n artesanal en la pel\u00edcula y por eso est\u00e1 rodada en celuloide, no en digital, y por eso quiso que se viera la textura y las veladuras de la luz, \u201cla materia\u201d, como le gustaba a C\u00e9sar Manrique.<\/p>\n<p><a href=\"https:\/\/fcmanrique.org\/wp-content\/uploads\/fc-manrique-estreno-de-una-isla3.jpg\"><img loading=\"lazy\" decoding=\"async\" class=\"alignnone size-full wp-image-19114\" src=\"https:\/\/fcmanrique.org\/wp-content\/uploads\/fc-manrique-estreno-de-una-isla3.jpg\" alt=\"\" width=\"920\" height=\"614\" srcset=\"https:\/\/fcmanrique.org\/wp-content\/uploads\/fc-manrique-estreno-de-una-isla3.jpg 920w, https:\/\/fcmanrique.org\/wp-content\/uploads\/fc-manrique-estreno-de-una-isla3-300x200.jpg 300w, https:\/\/fcmanrique.org\/wp-content\/uploads\/fc-manrique-estreno-de-una-isla3-768x513.jpg 768w, https:\/\/fcmanrique.org\/wp-content\/uploads\/fc-manrique-estreno-de-una-isla3-289x193.jpg 289w\" sizes=\"auto, (max-width: 920px) 100vw, 920px\" \/><\/a><\/p>\n<p>Hab\u00eda un reto, el del estatismo, afrontar \u201cla inmovilidad de lo mineral\u201d porque el cine es movimiento. Introduce en la pel\u00edcula sombras de las nubes pero tambi\u00e9n elementos artificiales como neblinas, humos y bruma \u201cporque no hay vegetaci\u00f3n que pueda leer el viento en un mundo de piedras\u201d. Tambi\u00e9n cont\u00f3 que us\u00f3 el encadenado de im\u00e1genes para dar una idea de la extinci\u00f3n \u201cque es una muy poderosa en esta isla\u201d y porque quer\u00eda visibilizar a esas poblaciones ocultas por las erupciones volc\u00e1nicas.<\/p>\n<p>Finalmente, dijo que tiene una gratitud enorme hacia la FCM y que qued\u00f3 \u201csinceramente impresionado\u201d de su alcance y su apuesta por conservar el legado activista de C\u00e9sar, llegando incluso a los tribunales, cuando podr\u00eda \u201cdedicarse c\u00f3modamente a cuidar sus cuadros\u201d sin granjearse hostilidades. \u201cEn esa dimensi\u00f3n me impresion\u00f3 la Fundaci\u00f3n\u201d, dijo Guerin.<\/p>\n<p><strong>Realidad revelada<\/strong><\/p>\n<p>Antes de la proyecci\u00f3n de la pel\u00edcula, el presidente de la FCM, Jos\u00e9 Juan Ram\u00edrez, dio la bienvenida a los asistentes, dio las gracias al Grupo Sp\u00ednola por la cesi\u00f3n de la sala y dijo que era un orgullo y un honor que Guerin aceptara colaborar y que hace una importante aportaci\u00f3n a la filmograf\u00eda de Lanzarote.<\/p>\n<p>El director de la FCM, Fernando G\u00f3mez Aguilera, present\u00f3 la pel\u00edcula y al autor, del que repas\u00f3 su filmograf\u00eda y del que dijo que es el m\u00e1ximo exponente del cine de autor europeo con un cine \u201celegante, inconformista e innovador a medio camino entre la ficci\u00f3n y la realidad\u201d y alejado del mercado.<\/p>\n<p>Sobre la pel\u00edcula a\u00f1adi\u00f3 que sugiere una cosmogon\u00eda po\u00e9tica, crea una atm\u00f3sfera de emoci\u00f3n y toma distancia de la codificada fascinaci\u00f3n est\u00e9tica de Lanzarote, adem\u00e1s de impugnar el clich\u00e9 visual de la isla y de ser \u201cun ant\u00eddoto contra la salmodia\u201d. \u201cGuerin (que no ilustra la realidad sino que la revela) le devuelve a Lanzarote sus propiedades inmanentes\u201d, se\u00f1al\u00f3 G\u00f3mez Aguilera.<\/p>\n<p><a href=\"https:\/\/fcmanrique.org\/wp-content\/uploads\/fc-manrique-estreno-de-una-isla1.jpg\"><img loading=\"lazy\" decoding=\"async\" class=\"alignnone size-full wp-image-19113\" src=\"https:\/\/fcmanrique.org\/wp-content\/uploads\/fc-manrique-estreno-de-una-isla1.jpg\" alt=\"\" width=\"920\" height=\"627\" srcset=\"https:\/\/fcmanrique.org\/wp-content\/uploads\/fc-manrique-estreno-de-una-isla1.jpg 920w, https:\/\/fcmanrique.org\/wp-content\/uploads\/fc-manrique-estreno-de-una-isla1-300x204.jpg 300w, https:\/\/fcmanrique.org\/wp-content\/uploads\/fc-manrique-estreno-de-una-isla1-768x523.jpg 768w, https:\/\/fcmanrique.org\/wp-content\/uploads\/fc-manrique-estreno-de-una-isla1-289x197.jpg 289w\" sizes=\"auto, (max-width: 920px) 100vw, 920px\" \/><\/a><\/p>\n<p><a href=\"https:\/\/fcmanrique.org\/wp-content\/uploads\/fc-manrique-invitacion-estreno-pelicula-guerin.jpg\"><img loading=\"lazy\" decoding=\"async\" class=\"alignnone size-full wp-image-19129\" src=\"https:\/\/fcmanrique.org\/wp-content\/uploads\/fc-manrique-invitacion-estreno-pelicula-guerin.jpg\" alt=\"\" width=\"1200\" height=\"1200\" srcset=\"https:\/\/fcmanrique.org\/wp-content\/uploads\/fc-manrique-invitacion-estreno-pelicula-guerin.jpg 1200w, https:\/\/fcmanrique.org\/wp-content\/uploads\/fc-manrique-invitacion-estreno-pelicula-guerin-150x150.jpg 150w, https:\/\/fcmanrique.org\/wp-content\/uploads\/fc-manrique-invitacion-estreno-pelicula-guerin-300x300.jpg 300w, https:\/\/fcmanrique.org\/wp-content\/uploads\/fc-manrique-invitacion-estreno-pelicula-guerin-768x768.jpg 768w, https:\/\/fcmanrique.org\/wp-content\/uploads\/fc-manrique-invitacion-estreno-pelicula-guerin-1024x1024.jpg 1024w, https:\/\/fcmanrique.org\/wp-content\/uploads\/fc-manrique-invitacion-estreno-pelicula-guerin-246x246.jpg 246w\" sizes=\"auto, (max-width: 1200px) 100vw, 1200px\" \/><\/a><\/p>\n<p>M\u00e1s informaci\u00f3n sobre la pel\u00edcula:\u00a0<a href=\"https:\/\/fcmanrique.org\/fcm-c-ev-relac\/la-pelicula-de-una-isla-dirigida-por-jose-luis-guerin-y-producida-por-la-fcm-se-exhibira-en-el-festival-doc-fortnight-que-organiza-el-moma-de-nueva-york\/?lang=es\">https:\/\/fcmanrique.org\/fcm-c-ev-relac\/la-pelicula-de-una-isla-dirigida-por-jose-luis-guerin-y-producida-por-la-fcm-se-exhibira-en-el-festival-doc-fortnight-que-organiza-el-moma-de-nueva-york\/?lang=es<\/a><\/p>","protected":false},"excerpt":{"rendered":"<p>Leider ist der Eintrag nur auf ES verf\u00fcgbar.La FCM estrena la pel\u00edcula \u201cDe una isla\u201d, dirigida por Jos\u00e9 Luis Guerin. \u201cComo un viajero del Siglo XIX\u201d. As\u00ed abord\u00f3 su \u00faltima pel\u00edcula (en palabras del director de la Fundaci\u00f3n C\u00e9sar Manrique, Fernando G\u00f3mez Aguilera) el director de cine Jos\u00e9 Luis Guerin. As\u00ed rod\u00f3, \u201ccomo si viera&#8230; <a href=\"https:\/\/fcmanrique.org\/de\/fcm-c-acti-celebrada\/jose-luis-guerin-he-creado-mi-propia-isla-cinematografica\/\" class=\"readmore\">Contin\u00faa leyendo \u2192<\/a><\/p>\n","protected":false},"featured_media":19112,"parent":0,"template":"","meta":{"_acf_changed":false,"ngg_post_thumbnail":0,"footnotes":""},"class_list":["post-19111","fcm_c_acti_celebrada","type-fcm_c_acti_celebrada","status-publish","has-post-thumbnail","hentry","c_acti_celebrada_categoria-cine"],"acf":[],"_links":{"self":[{"href":"https:\/\/fcmanrique.org\/de\/wp-json\/wp\/v2\/fcm_c_acti_celebrada\/19111","targetHints":{"allow":["GET"]}}],"collection":[{"href":"https:\/\/fcmanrique.org\/de\/wp-json\/wp\/v2\/fcm_c_acti_celebrada"}],"about":[{"href":"https:\/\/fcmanrique.org\/de\/wp-json\/wp\/v2\/types\/fcm_c_acti_celebrada"}],"version-history":[{"count":10,"href":"https:\/\/fcmanrique.org\/de\/wp-json\/wp\/v2\/fcm_c_acti_celebrada\/19111\/revisions"}],"predecessor-version":[{"id":21875,"href":"https:\/\/fcmanrique.org\/de\/wp-json\/wp\/v2\/fcm_c_acti_celebrada\/19111\/revisions\/21875"}],"wp:featuredmedia":[{"embeddable":true,"href":"https:\/\/fcmanrique.org\/de\/wp-json\/wp\/v2\/media\/19112"}],"wp:attachment":[{"href":"https:\/\/fcmanrique.org\/de\/wp-json\/wp\/v2\/media?parent=19111"}],"curies":[{"name":"wp","href":"https:\/\/api.w.org\/{rel}","templated":true}]}}