{"id":19527,"date":"2019-06-10T08:03:40","date_gmt":"2019-06-10T08:03:40","guid":{"rendered":"https:\/\/fcmanrique.org\/?post_type=fcm_c_acti_celebrada&#038;p=19527"},"modified":"2019-06-11T13:54:41","modified_gmt":"2019-06-11T13:54:41","slug":"50-anos-de-cine-medioambiental","status":"publish","type":"fcm_c_acti_celebrada","link":"https:\/\/fcmanrique.org\/de\/fcm-c-acti-celebrada\/50-anos-de-cine-medioambiental\/","title":{"rendered":"Jos\u00e9 Mar\u00eda Morales: &#8222;Personas como C\u00e9sar Manrique hacen avanzar al mundo&#8220;"},"content":{"rendered":"<p class=\"qtranxs-available-languages-message qtranxs-available-languages-message-de\">Leider ist der Eintrag nur auf <a href=\"https:\/\/fcmanrique.org\/es\/wp-json\/wp\/v2\/fcm_c_acti_celebrada\/19527\" class=\"qtranxs-available-language-link qtranxs-available-language-link-es\" title=\"ES\">ES<\/a> verf\u00fcgbar.<\/p><p><strong><i>Cincuenta a\u00f1os de cine medioambiental.<\/i><\/strong><\/p>\n<p>La Fundaci\u00f3n C\u00e9sar Manrique organiz\u00f3 una retrospectiva de cine medioambiental durante los d\u00edas 4, 5, 6 y 7 de junio, en los Cines Atl\u00e1ntida. Una retrospectiva tem\u00e1tica de cine, que se desarroll\u00f3 bajo el t\u00edtulo \u201c50 a\u00f1os de cine medioambiental\u201d, comisariada por David Baute, director del Festival Internacional de Cine Medioambiental de Canarias.<\/p>\n<p>En total se proyectaron siete largometrajes (documentales y de ficci\u00f3n), que fueron previamente presentados por el comisario. Se cerr\u00f3 el Ciclo con una mesa redonda.<\/p>\n<p><a href=\"https:\/\/fcmanrique.org\/wp-content\/uploads\/fc-manrique-ciclo-cine-medioambiental6.jpg\"><img loading=\"lazy\" decoding=\"async\" class=\"alignnone size-full wp-image-19533\" src=\"https:\/\/fcmanrique.org\/wp-content\/uploads\/fc-manrique-ciclo-cine-medioambiental6.jpg\" alt=\"\" width=\"920\" height=\"640\" srcset=\"https:\/\/fcmanrique.org\/wp-content\/uploads\/fc-manrique-ciclo-cine-medioambiental6.jpg 920w, https:\/\/fcmanrique.org\/wp-content\/uploads\/fc-manrique-ciclo-cine-medioambiental6-300x209.jpg 300w, https:\/\/fcmanrique.org\/wp-content\/uploads\/fc-manrique-ciclo-cine-medioambiental6-768x534.jpg 768w, https:\/\/fcmanrique.org\/wp-content\/uploads\/fc-manrique-ciclo-cine-medioambiental6-289x201.jpg 289w\" sizes=\"auto, (max-width: 920px) 100vw, 920px\" \/><\/a><\/p>\n<p><a href=\"https:\/\/fcmanrique.org\/wp-content\/uploads\/fc-manrique-ciclo-cine-medioambiental1.jpg\"><img loading=\"lazy\" decoding=\"async\" class=\"alignnone size-full wp-image-19528\" src=\"https:\/\/fcmanrique.org\/wp-content\/uploads\/fc-manrique-ciclo-cine-medioambiental1.jpg\" alt=\"\" width=\"920\" height=\"613\" srcset=\"https:\/\/fcmanrique.org\/wp-content\/uploads\/fc-manrique-ciclo-cine-medioambiental1.jpg 920w, https:\/\/fcmanrique.org\/wp-content\/uploads\/fc-manrique-ciclo-cine-medioambiental1-300x200.jpg 300w, https:\/\/fcmanrique.org\/wp-content\/uploads\/fc-manrique-ciclo-cine-medioambiental1-768x512.jpg 768w, https:\/\/fcmanrique.org\/wp-content\/uploads\/fc-manrique-ciclo-cine-medioambiental1-289x193.jpg 289w\" sizes=\"auto, (max-width: 920px) 100vw, 920px\" \/><\/a><\/p>\n<p>La \u00faltima jornada se complet\u00f3 con una mesa redonda sobre la historia del cine medioambiental, que se celebr\u00f3 en la Sala Jos\u00e9 Saramago, con la participaci\u00f3n del productor de cine Jos\u00e9 Mar\u00eda Morales, de Wanda Films, el cr\u00edtico de cine Jorge Gorostiza y el director del <i>Festival Internacional de Cine Medioambiental de Canaria<\/i>s, David Baute.<\/p>\n<p>Baute habl\u00f3 brevemente de la trayectoria del Festival, que naci\u00f3 en 1982 en Puerto de la Cruz con el apoyo de C\u00e9sar Manrique y que fue el \u201cprimer festival de cine medioambiental que se conoce en el mundo\u201d mientras que Gorostiza dijo que los canarios tienen que agradecer el trabajo de la Fundaci\u00f3n C\u00e9sar Manrique: \u201cSus luchas son nuestras luchas\u201d.<\/p>\n<p><a href=\"https:\/\/fcmanrique.org\/wp-content\/uploads\/fc-manrique-ciclo-cine-medioambiental7.jpg\"><img loading=\"lazy\" decoding=\"async\" class=\"alignnone size-full wp-image-19554\" src=\"https:\/\/fcmanrique.org\/wp-content\/uploads\/fc-manrique-ciclo-cine-medioambiental7.jpg\" alt=\"\" width=\"920\" height=\"628\" srcset=\"https:\/\/fcmanrique.org\/wp-content\/uploads\/fc-manrique-ciclo-cine-medioambiental7.jpg 920w, https:\/\/fcmanrique.org\/wp-content\/uploads\/fc-manrique-ciclo-cine-medioambiental7-300x205.jpg 300w, https:\/\/fcmanrique.org\/wp-content\/uploads\/fc-manrique-ciclo-cine-medioambiental7-768x524.jpg 768w, https:\/\/fcmanrique.org\/wp-content\/uploads\/fc-manrique-ciclo-cine-medioambiental7-289x197.jpg 289w\" sizes=\"auto, (max-width: 920px) 100vw, 920px\" \/><\/a><em>Jorge Gorostiza\u00a0<\/em><\/p>\n<p>El cr\u00edtico de cine y ex director de la Filmoteca canaria, Jorge Gorostiza, se remont\u00f3 al 28 de diciembre de 1895, el d\u00eda en que los hermanos Lumi\u00e8re pasaron varias proyecciones en el s\u00f3tano del Grand Caf\u00e9 de Par\u00eds y 33 personas pagaron un franco para ver el nuevo espect\u00e1culo. Gorostiza se\u00f1al\u00f3 que no fue la primera proyecci\u00f3n y que, por tanto, los Lumi\u00e8re no inventaron el cine, sino la taquilla. Una de las pel\u00edculas que se proyectaron aquel d\u00eda fue <i>El mar<\/i>, que se puede considerar la primera pel\u00edcula medioambiental. La historia del cine considera a <i>Nanuk el esquimal<\/i> como el primer documental, mientras que Gorostiza duda de que se le pueda clasificar as\u00ed porque se trata de autoficci\u00f3n, ya que su director, Robert Flaherty, creaba la trama y ciertas escenas. Cit\u00f3 en el \u00e1mbito documental al ruso Dziga Vertov. \u201cEl cine medioambiental est\u00e1 desde el principio, porque a los cineastas les ha interesado mostrar el mundo como es\u201d, se\u00f1al\u00f3.<\/p>\n<p><a href=\"https:\/\/fcmanrique.org\/wp-content\/uploads\/fc-manrique-ciclo-cine-medioambiental3.jpg\"><img loading=\"lazy\" decoding=\"async\" class=\"alignnone size-full wp-image-19530\" src=\"https:\/\/fcmanrique.org\/wp-content\/uploads\/fc-manrique-ciclo-cine-medioambiental3.jpg\" alt=\"\" width=\"920\" height=\"613\" srcset=\"https:\/\/fcmanrique.org\/wp-content\/uploads\/fc-manrique-ciclo-cine-medioambiental3.jpg 920w, https:\/\/fcmanrique.org\/wp-content\/uploads\/fc-manrique-ciclo-cine-medioambiental3-300x200.jpg 300w, https:\/\/fcmanrique.org\/wp-content\/uploads\/fc-manrique-ciclo-cine-medioambiental3-768x512.jpg 768w, https:\/\/fcmanrique.org\/wp-content\/uploads\/fc-manrique-ciclo-cine-medioambiental3-289x193.jpg 289w\" sizes=\"auto, (max-width: 920px) 100vw, 920px\" \/><\/a><em>David Baute<\/em><\/p>\n<p>Baute hizo referencia al salto de calidad que supuso una pel\u00edcula como <i>N\u00f3madas del viento<\/i> (Jacques Perrin, 2001), en cuya producci\u00f3n particip\u00f3 Jos\u00e9 Mar\u00eda Morales, que cont\u00f3 su encuentro con el director en una granja en Normand\u00eda que hab\u00eda convertido en una \u201cciudad de cient\u00edficos\u201d. Morales alab\u00f3 la labor de C\u00e9sar Manrique como referencia mundial del ecologismo y dijo que hay personajes como \u00e9l \u201cque hacen avanzar al mundo\u201d. Habl\u00f3 de los pioneros en cine medioambiental, como F\u00e9lix Rodr\u00edguez de la Fuente, que rod\u00f3 en 1967 <i>Alas y garras<\/i>, que tuvo 338.000 espectadores y Jacques Cousteau, que ya film\u00f3 en 1956 con Louis Malle la pel\u00edcula <i>El mundo del silencio<\/i>. Otras referencias m\u00e1s actuales son las de Perrin, \u201cque es un mago\u201d o Alastair Fothergill, que ha hecho para Netflix la serie <i>Nuestro Planeta<\/i>.<\/p>\n<p>Durante la mesa redonda, Morales proyect\u00f3, como primicia, dos trailers de pel\u00edculas a\u00fan no estrenadas: <i>Dehesa<\/i> y una serie de Andoni Canela, que tambi\u00e9n es pel\u00edcula, sobre los grandes felinos del mundo. Habl\u00f3 de sus producciones de cine medioambiental tras crear Wanda Natura en 1998. Hay ficci\u00f3n con un tema ambiental de fondo, como en <i>Entrelobos<\/i>, o m\u00e1s recientemente <i>El faro de las orcas<\/i>, que se rod\u00f3 en Fuerteventura, y hay documentales como <i>Guadalquivir<\/i> o <i>Cant\u00e1brico<\/i> y el pr\u00f3ximo proyecto ser\u00e1 sobre la Macaronesia.<\/p>\n<p><a href=\"https:\/\/fcmanrique.org\/wp-content\/uploads\/fc-manrique-ciclo-cine-medioambiental4.jpg\"><img loading=\"lazy\" decoding=\"async\" class=\"alignnone size-full wp-image-19531\" src=\"https:\/\/fcmanrique.org\/wp-content\/uploads\/fc-manrique-ciclo-cine-medioambiental4.jpg\" alt=\"\" width=\"920\" height=\"625\" srcset=\"https:\/\/fcmanrique.org\/wp-content\/uploads\/fc-manrique-ciclo-cine-medioambiental4.jpg 920w, https:\/\/fcmanrique.org\/wp-content\/uploads\/fc-manrique-ciclo-cine-medioambiental4-300x204.jpg 300w, https:\/\/fcmanrique.org\/wp-content\/uploads\/fc-manrique-ciclo-cine-medioambiental4-768x522.jpg 768w, https:\/\/fcmanrique.org\/wp-content\/uploads\/fc-manrique-ciclo-cine-medioambiental4-289x196.jpg 289w\" sizes=\"auto, (max-width: 920px) 100vw, 920px\" \/><\/a><em>Jos\u00e9 Mar\u00eda Morales<\/em><\/p>\n<p>Gorostiza plante\u00f3 c\u00f3mo ven el cine las nuevas generaciones: \u201cPara qu\u00e9 proyectar en cine si la gente no va? El problema no es el cine, es el p\u00fablico\u201d. Sostuvo que el cine no va a desaparecer en pantalla pero que puede que quede restringido a festivales. Baute dijo que hay que acostumbrar al p\u00fablico a que ciertas pel\u00edculas hay que verlas en pantalla grande. Morales explic\u00f3 que Perrin hace pel\u00edculas que cuestan veinte millones de euros, mientras que las suyas cuestan una d\u00e9cima parte. \u201cLas pensamos para cine, sobre todo por el sonido, donde hay una revoluci\u00f3n, pero tambi\u00e9n me gusta que las vean en televisi\u00f3n\u201d. \u201cLo importante, en todo caso es hacer una buena historia\u201d, apunt\u00f3. Para Morales, se mantendr\u00e1 el cine y se van a desarrollar experiencias inmersivas: \u201cLa realidad virtual va a ser brutal\u201d.<\/p>\n<p>La charla acab\u00f3 hablando sobre el uso de drones o la \u00e9tica en los rodajes. Morales finaliz\u00f3 contando c\u00f3mo el director alem\u00e1n Werner Herzog le explic\u00f3 que en su pel\u00edcula <i>La cueva de los sue\u00f1os olvidados<\/i>, rodada en la cueva francesa de Chauvet, en la que hay pintadas varias cabezas de caballo consecutivas sin un sentido aparente, pero que si acerca una antorcha y se camina, las cabezas se mueven. \u201cEn realidad era una pel\u00edcula&#8230;, es maravilloso\u201d.<\/p>\n<p><a href=\"https:\/\/fcmanrique.org\/wp-content\/uploads\/fc-manrique-ciclo-cine-medioambiental5.jpg\"><img loading=\"lazy\" decoding=\"async\" class=\"alignnone size-full wp-image-19532\" src=\"https:\/\/fcmanrique.org\/wp-content\/uploads\/fc-manrique-ciclo-cine-medioambiental5.jpg\" alt=\"\" width=\"920\" height=\"596\" srcset=\"https:\/\/fcmanrique.org\/wp-content\/uploads\/fc-manrique-ciclo-cine-medioambiental5.jpg 920w, https:\/\/fcmanrique.org\/wp-content\/uploads\/fc-manrique-ciclo-cine-medioambiental5-300x194.jpg 300w, https:\/\/fcmanrique.org\/wp-content\/uploads\/fc-manrique-ciclo-cine-medioambiental5-768x498.jpg 768w, https:\/\/fcmanrique.org\/wp-content\/uploads\/fc-manrique-ciclo-cine-medioambiental5-289x187.jpg 289w\" sizes=\"auto, (max-width: 920px) 100vw, 920px\" \/><\/a><\/p>\n<p><a href=\"https:\/\/fcmanrique.org\/wp-content\/uploads\/50-a\u00f1os-de-cine-medioambiental.jpg\"><img loading=\"lazy\" decoding=\"async\" class=\"alignnone size-full wp-image-19432\" src=\"https:\/\/fcmanrique.org\/wp-content\/uploads\/50-a\u00f1os-de-cine-medioambiental.jpg\" alt=\"\" width=\"2430\" height=\"2480\" srcset=\"https:\/\/fcmanrique.org\/wp-content\/uploads\/50-a\u00f1os-de-cine-medioambiental.jpg 2430w, https:\/\/fcmanrique.org\/wp-content\/uploads\/50-a\u00f1os-de-cine-medioambiental-294x300.jpg 294w, https:\/\/fcmanrique.org\/wp-content\/uploads\/50-a\u00f1os-de-cine-medioambiental-768x784.jpg 768w, https:\/\/fcmanrique.org\/wp-content\/uploads\/50-a\u00f1os-de-cine-medioambiental-1003x1024.jpg 1003w, https:\/\/fcmanrique.org\/wp-content\/uploads\/50-a\u00f1os-de-cine-medioambiental-241x246.jpg 241w\" sizes=\"auto, (max-width: 2430px) 100vw, 2430px\" \/><\/a><\/p>\n<p><a href=\"https:\/\/fcmanrique.org\/wp-content\/uploads\/fc-manrique-cine-medioambiental.pdf\">M\u00e1s informaci\u00f3n del ciclo y la mesa redonda Cine Medioambiental<\/a><\/p>","protected":false},"excerpt":{"rendered":"<p>Leider ist der Eintrag nur auf ES verf\u00fcgbar.Cincuenta a\u00f1os de cine medioambiental. La Fundaci\u00f3n C\u00e9sar Manrique organiz\u00f3 una retrospectiva de cine medioambiental durante los d\u00edas 4, 5, 6 y 7 de junio, en los Cines Atl\u00e1ntida. Una retrospectiva tem\u00e1tica de cine, que se desarroll\u00f3 bajo el t\u00edtulo \u201c50 a\u00f1os de cine medioambiental\u201d, comisariada por David&#8230; <a href=\"https:\/\/fcmanrique.org\/de\/fcm-c-acti-celebrada\/50-anos-de-cine-medioambiental\/\" class=\"readmore\">Contin\u00faa leyendo \u2192<\/a><\/p>\n","protected":false},"featured_media":19547,"parent":0,"template":"","meta":{"_acf_changed":false,"ngg_post_thumbnail":0,"footnotes":""},"class_list":["post-19527","fcm_c_acti_celebrada","type-fcm_c_acti_celebrada","status-publish","has-post-thumbnail","hentry","c_acti_celebrada_categoria-cine"],"acf":[],"_links":{"self":[{"href":"https:\/\/fcmanrique.org\/de\/wp-json\/wp\/v2\/fcm_c_acti_celebrada\/19527","targetHints":{"allow":["GET"]}}],"collection":[{"href":"https:\/\/fcmanrique.org\/de\/wp-json\/wp\/v2\/fcm_c_acti_celebrada"}],"about":[{"href":"https:\/\/fcmanrique.org\/de\/wp-json\/wp\/v2\/types\/fcm_c_acti_celebrada"}],"version-history":[{"count":7,"href":"https:\/\/fcmanrique.org\/de\/wp-json\/wp\/v2\/fcm_c_acti_celebrada\/19527\/revisions"}],"predecessor-version":[{"id":19556,"href":"https:\/\/fcmanrique.org\/de\/wp-json\/wp\/v2\/fcm_c_acti_celebrada\/19527\/revisions\/19556"}],"wp:featuredmedia":[{"embeddable":true,"href":"https:\/\/fcmanrique.org\/de\/wp-json\/wp\/v2\/media\/19547"}],"wp:attachment":[{"href":"https:\/\/fcmanrique.org\/de\/wp-json\/wp\/v2\/media?parent=19527"}],"curies":[{"name":"wp","href":"https:\/\/api.w.org\/{rel}","templated":true}]}}