{"id":19996,"date":"2019-07-07T09:05:27","date_gmt":"2019-07-07T09:05:27","guid":{"rendered":"https:\/\/fcmanrique.org\/?post_type=fcm_c_acti_celebrada&#038;p=19996"},"modified":"2025-05-20T12:46:41","modified_gmt":"2025-05-20T12:46:41","slug":"klok-konkolowicz","status":"publish","type":"fcm_c_acti_celebrada","link":"https:\/\/fcmanrique.org\/de\/fcm-c-acti-celebrada\/klok-konkolowicz\/","title":{"rendered":"Kloc-Konko\u0142owicz: \u201cC\u00e9sar Manrique es un artista pensador cuya filosof\u00eda es su obra\u201d"},"content":{"rendered":"<p class=\"qtranxs-available-languages-message qtranxs-available-languages-message-de\">Leider ist der Eintrag nur auf <a href=\"https:\/\/fcmanrique.org\/es\/wp-json\/wp\/v2\/fcm_c_acti_celebrada\/19996\" class=\"qtranxs-available-language-link qtranxs-available-language-link-es\" title=\"ES\">ES<\/a> verf\u00fcgbar.<\/p><p><em>Manrique y su proyecto Lanzarote \u00bfUna utop\u00eda realizada?<\/em> es el \u00faltimo ensayo editado por la Fundaci\u00f3n C\u00e9sar Manrique. Su autor, el profesor de filosof\u00eda polaco Jakub Kloc-Konkolowicz lo present\u00f3 en Taro de Tah\u00edche junto al director de la FCM, Fernando G\u00f3mez Aguilera y al traductor del libro, el tambi\u00e9n profesor de filosof\u00eda en la Universidad Carlos III, Antonio G\u00f3mez Ramos. G\u00f3mez Aguilera comenz\u00f3 el acto afirmando que el proyecto de C\u00e9sar Manrique surge de la \u201ceterna esencia ut\u00f3pica de la Isla\u201d, que como utop\u00eda es un proyecto colectivo y que su arte tiene un enfoque de futuro.<\/p>\n<p><a href=\"https:\/\/fcmanrique.org\/wp-content\/uploads\/fc-manrique-presentacion-klok-konkolowicz1.jpg\"><img loading=\"lazy\" decoding=\"async\" class=\"alignnone size-full wp-image-19997\" src=\"https:\/\/fcmanrique.org\/wp-content\/uploads\/fc-manrique-presentacion-klok-konkolowicz1.jpg\" alt=\"\" width=\"920\" height=\"573\" srcset=\"https:\/\/fcmanrique.org\/wp-content\/uploads\/fc-manrique-presentacion-klok-konkolowicz1.jpg 920w, https:\/\/fcmanrique.org\/wp-content\/uploads\/fc-manrique-presentacion-klok-konkolowicz1-300x187.jpg 300w, https:\/\/fcmanrique.org\/wp-content\/uploads\/fc-manrique-presentacion-klok-konkolowicz1-768x478.jpg 768w, https:\/\/fcmanrique.org\/wp-content\/uploads\/fc-manrique-presentacion-klok-konkolowicz1-289x180.jpg 289w\" sizes=\"auto, (max-width: 920px) 100vw, 920px\" \/><\/a><\/p>\n<p>G\u00f3mez Ramos explic\u00f3 que no conoc\u00eda al autor cuando recibi\u00f3 el encargo de traducir el libro pero que dos semanas despu\u00e9s coincidi\u00f3 con \u00e9l en Finlandia en un congreso sobre Hegel. Dijo que se trata de un libro \u201cserio, denso y original\u201d porque pone a dialogar a un artista con la filosof\u00eda del siglo XX\u201d. Kloc-Konkolowicz lleg\u00f3 a Lanzarote \u201cy se dej\u00f3 interpelar por la obra y el pensamiento de C\u00e9sar Manrique\u201d, se dej\u00f3 impresionar por un paisaje y se puso a estudiar, aunque \u201cManrique, como cualquier artista, es un laberinto\u201d. Para G\u00f3mez Ramos, \u00e9ste es un libro de est\u00e9tica y filosof\u00eda social, \u201cy no hay muchos libros as\u00ed\u201d, pero tambi\u00e9n es un libro realista sobre la utop\u00eda, \u201caunque suene raro\u201d. En concreto, sobre la fragilidad de la utop\u00eda, que para Manrique era un deber.<\/p>\n<p><a href=\"https:\/\/fcmanrique.org\/wp-content\/uploads\/fc-manrique-presentacion-klok-konkolowicz2.jpg\"><img loading=\"lazy\" decoding=\"async\" class=\"alignnone size-full wp-image-19998\" src=\"https:\/\/fcmanrique.org\/wp-content\/uploads\/fc-manrique-presentacion-klok-konkolowicz2.jpg\" alt=\"\" width=\"920\" height=\"607\" srcset=\"https:\/\/fcmanrique.org\/wp-content\/uploads\/fc-manrique-presentacion-klok-konkolowicz2.jpg 920w, https:\/\/fcmanrique.org\/wp-content\/uploads\/fc-manrique-presentacion-klok-konkolowicz2-300x198.jpg 300w, https:\/\/fcmanrique.org\/wp-content\/uploads\/fc-manrique-presentacion-klok-konkolowicz2-768x507.jpg 768w, https:\/\/fcmanrique.org\/wp-content\/uploads\/fc-manrique-presentacion-klok-konkolowicz2-289x191.jpg 289w\" sizes=\"auto, (max-width: 920px) 100vw, 920px\" \/><\/a><em>Fernando G\u00f3mez Aguilera<\/em><\/p>\n<p>El traductor abord\u00f3 la globalizacion y la construcci\u00f3n de no lugares en destinos tur\u00edsticos para hablar de que, en la Isla, a pesar de la desnudez de su paisaje, est\u00e1n presentes todos los problemas, incluido el de la posibilidad de emprender la \u00faltima fase de la modernidad capitalista. En definitiva, \u201cel destino moral y est\u00e9tico de la humanidad\u201d. De la lectura del libro surgen preguntas como la manera de mirar la naturaleza, \u201cque es una categor\u00eda social\u201d. La originalidad de Kloc-Konkolowicz pero tambi\u00e9n de Manrique, para G\u00f3mez Ramos, es que saben que para entender la naturaleza hay que mirarla como al arte, \u201cque es una promesa, la anticipaci\u00f3n de un futuro\u201d. Una pregunta dif\u00edcil de responder que deja este libro (que apuesta por la reflexi\u00f3n) es la de c\u00f3mo ser hoy turista de forma leg\u00edtima, \u201cporque lo m\u00e1s honesto ser\u00eda quedarse en casa, pero por otro lado si nadie viene a Lanzarote, adi\u00f3s Lanzarote\u201d.<\/p>\n<p><a href=\"https:\/\/fcmanrique.org\/wp-content\/uploads\/fc-manrique-presentacion-klok-konkolowicz3.jpg\"><img loading=\"lazy\" decoding=\"async\" class=\"alignnone size-full wp-image-19999\" src=\"https:\/\/fcmanrique.org\/wp-content\/uploads\/fc-manrique-presentacion-klok-konkolowicz3.jpg\" alt=\"\" width=\"920\" height=\"613\" srcset=\"https:\/\/fcmanrique.org\/wp-content\/uploads\/fc-manrique-presentacion-klok-konkolowicz3.jpg 920w, https:\/\/fcmanrique.org\/wp-content\/uploads\/fc-manrique-presentacion-klok-konkolowicz3-300x200.jpg 300w, https:\/\/fcmanrique.org\/wp-content\/uploads\/fc-manrique-presentacion-klok-konkolowicz3-768x512.jpg 768w, https:\/\/fcmanrique.org\/wp-content\/uploads\/fc-manrique-presentacion-klok-konkolowicz3-289x193.jpg 289w\" sizes=\"auto, (max-width: 920px) 100vw, 920px\" \/><\/a><em>Antonio G\u00f3mez Ramos<\/em><\/p>\n<p>El autor del libro comenz\u00f3 afirmando que \u201ces un milagro haber podido editarlo\u201d. Dijo que est\u00e1 fascinado por C\u00e9sar Manrique e intent\u00f3 contestar a varias preguntas, que lanz\u00f3 \u00e9l mismo. La primera es que c\u00f3mo es posible que un polaco estudie la obra de C\u00e9sar. La respuesta m\u00e1s sencilla, dijo, tendr\u00eda que ver con la diferencia de clima, pero el hecho es que \u00e9l trabaja sobre filosof\u00eda social y le fascin\u00f3 que un artista tuviera como misi\u00f3n la de transformar el lugar donde naci\u00f3. Para el profesor polaco, Manrique \u201ces un pensador\u201d. \u201cMuchos pensadores creen en el arte como remedio social pero no lo llevan a cabo\u201d, mientras que Manrique \u201ces un artista pensador que filosofa cuando cuando crea, su filosof\u00eda es su obra\u201d. Dijo que en el libro <em>La palabra encendida<\/em>, una compilaci\u00f3n de textos escritos por C\u00e9sar seleccionados por G\u00f3mez Aguilera, se puede comprobar el modelo de su pensamiento.<\/p>\n<p><a href=\"https:\/\/fcmanrique.org\/wp-content\/uploads\/fc-manrique-presentacion-klok-konkolowicz4.jpg\"><img loading=\"lazy\" decoding=\"async\" class=\"alignnone size-full wp-image-20000\" src=\"https:\/\/fcmanrique.org\/wp-content\/uploads\/fc-manrique-presentacion-klok-konkolowicz4.jpg\" alt=\"\" width=\"920\" height=\"617\" srcset=\"https:\/\/fcmanrique.org\/wp-content\/uploads\/fc-manrique-presentacion-klok-konkolowicz4.jpg 920w, https:\/\/fcmanrique.org\/wp-content\/uploads\/fc-manrique-presentacion-klok-konkolowicz4-300x201.jpg 300w, https:\/\/fcmanrique.org\/wp-content\/uploads\/fc-manrique-presentacion-klok-konkolowicz4-768x515.jpg 768w, https:\/\/fcmanrique.org\/wp-content\/uploads\/fc-manrique-presentacion-klok-konkolowicz4-289x194.jpg 289w\" sizes=\"auto, (max-width: 920px) 100vw, 920px\" \/><\/a><em>Jakub Kloc-Konko\u0142owicz<\/em><\/p>\n<p>Otra pregunta es por qu\u00e9 escribi\u00f3 el libro en alem\u00e1n. Lo eligi\u00f3 por la proximidad entre C\u00e9sar y Adorno, porque cree que el pensamiento social de ambos est\u00e1 emparentado, por la teor\u00eda est\u00e9tica de Adorno. \u00bfY qu\u00e9 resulta de este an\u00e1lisis, de este proyecto ut\u00f3pico relacionado con el hombre, el arte y la naturaleza? Pues que es una tarea para toda la comunidad porque C\u00e9sar cree que el hombre est\u00e1 vinculado a la naturaleza, no por lo que es, sino por lo que hace y porque entendi\u00f3 el arte como la posibilidad de alargar el poder creativo de la naturaleza. En este caso, la utop\u00eda es una tarea para artistas, pol\u00edticos y ciudadanos. En este punto se opone a Adorno, que ve\u00eda la utop\u00eda solo como impulso. Para Kloc-Konkolowicz, la utop\u00eda solo puede realizarse si no se pierde el car\u00e1cter \u00fanico del lugar, si no se degrada por la globalizaci\u00f3n.<\/p>\n<p><a href=\"https:\/\/fcmanrique.org\/wp-content\/uploads\/fc-manrique-presentacion-klok-konkolowicz5.jpg\"><img loading=\"lazy\" decoding=\"async\" class=\"alignnone size-full wp-image-20001\" src=\"https:\/\/fcmanrique.org\/wp-content\/uploads\/fc-manrique-presentacion-klok-konkolowicz5.jpg\" alt=\"\" width=\"920\" height=\"588\" srcset=\"https:\/\/fcmanrique.org\/wp-content\/uploads\/fc-manrique-presentacion-klok-konkolowicz5.jpg 920w, https:\/\/fcmanrique.org\/wp-content\/uploads\/fc-manrique-presentacion-klok-konkolowicz5-300x192.jpg 300w, https:\/\/fcmanrique.org\/wp-content\/uploads\/fc-manrique-presentacion-klok-konkolowicz5-768x491.jpg 768w, https:\/\/fcmanrique.org\/wp-content\/uploads\/fc-manrique-presentacion-klok-konkolowicz5-289x185.jpg 289w\" sizes=\"auto, (max-width: 920px) 100vw, 920px\" \/><\/a><\/p>\n<p>Llegaron las dos \u00faltimas preguntas, ambas sin una respuesta clara. \u00bfEl proyecto fue un \u00e9xito o un fracaso? El autor deja esta pregunta sin respuesta porque se trata de una posici\u00f3n est\u00e9tica muy compleja dif\u00edcil de interpretar. Y la \u00faltima: \u00bfEste proyecto sirve para otros lugares, es universal? Parece que s\u00ed pero no est\u00e1 tan claro \u201cporque necesita de un aislamiento\u201d. Como autor del libro, Kloc-Konkolowicz quiere creer que tiene un sentido universal pero como estudioso del paisaje de Lanzarote, cree que la utop\u00eda solo se se puede dar en esta Isla.<\/p>\n<p><a href=\"https:\/\/fcmanrique.org\/wp-content\/uploads\/fc-manrique-presentacion-klok-konkolowicz6.jpg\"><img loading=\"lazy\" decoding=\"async\" class=\"alignnone size-full wp-image-20002\" src=\"https:\/\/fcmanrique.org\/wp-content\/uploads\/fc-manrique-presentacion-klok-konkolowicz6.jpg\" alt=\"\" width=\"920\" height=\"558\" srcset=\"https:\/\/fcmanrique.org\/wp-content\/uploads\/fc-manrique-presentacion-klok-konkolowicz6.jpg 920w, https:\/\/fcmanrique.org\/wp-content\/uploads\/fc-manrique-presentacion-klok-konkolowicz6-300x182.jpg 300w, https:\/\/fcmanrique.org\/wp-content\/uploads\/fc-manrique-presentacion-klok-konkolowicz6-768x466.jpg 768w, https:\/\/fcmanrique.org\/wp-content\/uploads\/fc-manrique-presentacion-klok-konkolowicz6-289x175.jpg 289w\" sizes=\"auto, (max-width: 920px) 100vw, 920px\" \/><\/a><\/p>\n<p><a href=\"https:\/\/fcmanrique.org\/wp-content\/uploads\/fc-manrique-libro-manrique-lanzarote-kloc-konkolowicz.pdf\">M\u00e1s informaci\u00f3n sobre la presentaci\u00f3n del libro Manrique y su Proyecto Lanzarote<\/a><\/p>\n<p>M\u00e1s informaci\u00f3n sobre la publicaci\u00f3n:&nbsp;<a href=\"https:\/\/fcmanrique.org\/fcm-publicacion\/manrique-y-su-proyecto-lanzarote-una-utopia-realizada\/?cpg=1\" target=\"_blank\" rel=\"noopener\">Publicaci\u00f3n Manrique y su proyecto Lanzarote \u00bfUna utop\u00eda realizada?<\/a><\/p>\n<p><a href=\"https:\/\/fcmanrique.org\/wp-content\/uploads\/fc-manrique-invitacion-presentacion-libro-manrique-y-su-proyecto-lanzarote.jpg\"><img loading=\"lazy\" decoding=\"async\" class=\"alignnone size-full wp-image-19904\" src=\"https:\/\/fcmanrique.org\/wp-content\/uploads\/fc-manrique-invitacion-presentacion-libro-manrique-y-su-proyecto-lanzarote.jpg\" alt=\"\" width=\"1200\" height=\"1200\" srcset=\"https:\/\/fcmanrique.org\/wp-content\/uploads\/fc-manrique-invitacion-presentacion-libro-manrique-y-su-proyecto-lanzarote.jpg 1200w, https:\/\/fcmanrique.org\/wp-content\/uploads\/fc-manrique-invitacion-presentacion-libro-manrique-y-su-proyecto-lanzarote-150x150.jpg 150w, https:\/\/fcmanrique.org\/wp-content\/uploads\/fc-manrique-invitacion-presentacion-libro-manrique-y-su-proyecto-lanzarote-300x300.jpg 300w, https:\/\/fcmanrique.org\/wp-content\/uploads\/fc-manrique-invitacion-presentacion-libro-manrique-y-su-proyecto-lanzarote-768x768.jpg 768w, https:\/\/fcmanrique.org\/wp-content\/uploads\/fc-manrique-invitacion-presentacion-libro-manrique-y-su-proyecto-lanzarote-1024x1024.jpg 1024w, https:\/\/fcmanrique.org\/wp-content\/uploads\/fc-manrique-invitacion-presentacion-libro-manrique-y-su-proyecto-lanzarote-246x246.jpg 246w\" sizes=\"auto, (max-width: 1200px) 100vw, 1200px\" \/><\/a><\/p>","protected":false},"excerpt":{"rendered":"<p>Leider ist der Eintrag nur auf ES verf\u00fcgbar.Manrique y su proyecto Lanzarote \u00bfUna utop\u00eda realizada? es el \u00faltimo ensayo editado por la Fundaci\u00f3n C\u00e9sar Manrique. Su autor, el profesor de filosof\u00eda polaco Jakub Kloc-Konkolowicz lo present\u00f3 en Taro de Tah\u00edche junto al director de la FCM, Fernando G\u00f3mez Aguilera y al traductor del libro, el&#8230; <a href=\"https:\/\/fcmanrique.org\/de\/fcm-c-acti-celebrada\/klok-konkolowicz\/\" class=\"readmore\">Contin\u00faa leyendo \u2192<\/a><\/p>\n","protected":false},"featured_media":20003,"parent":0,"template":"","meta":{"_acf_changed":false,"ngg_post_thumbnail":0,"footnotes":""},"class_list":["post-19996","fcm_c_acti_celebrada","type-fcm_c_acti_celebrada","status-publish","has-post-thumbnail","hentry","c_acti_celebrada_categoria-presentacion"],"acf":[],"_links":{"self":[{"href":"https:\/\/fcmanrique.org\/de\/wp-json\/wp\/v2\/fcm_c_acti_celebrada\/19996","targetHints":{"allow":["GET"]}}],"collection":[{"href":"https:\/\/fcmanrique.org\/de\/wp-json\/wp\/v2\/fcm_c_acti_celebrada"}],"about":[{"href":"https:\/\/fcmanrique.org\/de\/wp-json\/wp\/v2\/types\/fcm_c_acti_celebrada"}],"version-history":[{"count":3,"href":"https:\/\/fcmanrique.org\/de\/wp-json\/wp\/v2\/fcm_c_acti_celebrada\/19996\/revisions"}],"predecessor-version":[{"id":26793,"href":"https:\/\/fcmanrique.org\/de\/wp-json\/wp\/v2\/fcm_c_acti_celebrada\/19996\/revisions\/26793"}],"wp:featuredmedia":[{"embeddable":true,"href":"https:\/\/fcmanrique.org\/de\/wp-json\/wp\/v2\/media\/20003"}],"wp:attachment":[{"href":"https:\/\/fcmanrique.org\/de\/wp-json\/wp\/v2\/media?parent=19996"}],"curies":[{"name":"wp","href":"https:\/\/api.w.org\/{rel}","templated":true}]}}