{"id":20035,"date":"2019-07-09T09:07:57","date_gmt":"2019-07-09T09:07:57","guid":{"rendered":"https:\/\/fcmanrique.org\/?post_type=fcm_c_acti_celebrada&#038;p=20035"},"modified":"2019-07-09T13:23:07","modified_gmt":"2019-07-09T13:23:07","slug":"jorge-riechmann-las-elites-han-decidido-ya-el-exterminio-de-la-mayor-parte-de-la-humanidad","status":"publish","type":"fcm_c_acti_celebrada","link":"https:\/\/fcmanrique.org\/de\/fcm-c-acti-celebrada\/jorge-riechmann-las-elites-han-decidido-ya-el-exterminio-de-la-mayor-parte-de-la-humanidad\/","title":{"rendered":"Jorge Riechmann: \u201cLas \u00e9lites han decidido ya el exterminio de la mayor parte de la humanidad\u201d"},"content":{"rendered":"<p class=\"qtranxs-available-languages-message qtranxs-available-languages-message-de\">Leider ist der Eintrag nur auf <a href=\"https:\/\/fcmanrique.org\/es\/wp-json\/wp\/v2\/fcm_c_acti_celebrada\/20035\" class=\"qtranxs-available-language-link qtranxs-available-language-link-es\" title=\"ES\">ES<\/a> verf\u00fcgbar.<\/p><p>Jorge Riechmann present\u00f3 en la sala Jos\u00e9 Saramago su \u00faltimo libro, <em>Grafitis para neandertales<\/em>, un \u201clibro h\u00edbrido\u201d, seg\u00fan dijo el propio autor, y un libro \u201ccoral\u201d porque recoge muchas voces distintas \u201cy algunas son del tapiz manrique\u00f1o\u201d. Asegur\u00f3 que por sus p\u00e1ginas pasan el propio C\u00e9sar Manrique, Fernando G\u00f3mez Aguilera, y Jos\u00e9 Saramago. Se\u00f1al\u00f3 que, aunque durante el proceso de escritura no pod\u00eda prever que har\u00eda la primera presentaci\u00f3n en la Fundaci\u00f3n C\u00e9sar Manrique, \u201cquiz\u00e1s no sea tan casual y arbitrario\u201d.<\/p>\n<p><a href=\"https:\/\/fcmanrique.org\/wp-content\/uploads\/fc-manrique-presentacion-jorge-riechmann1.jpg\"><img loading=\"lazy\" decoding=\"async\" class=\"alignnone size-full wp-image-20037\" src=\"https:\/\/fcmanrique.org\/wp-content\/uploads\/fc-manrique-presentacion-jorge-riechmann1.jpg\" alt=\"\" width=\"920\" height=\"648\" srcset=\"https:\/\/fcmanrique.org\/wp-content\/uploads\/fc-manrique-presentacion-jorge-riechmann1.jpg 920w, https:\/\/fcmanrique.org\/wp-content\/uploads\/fc-manrique-presentacion-jorge-riechmann1-300x211.jpg 300w, https:\/\/fcmanrique.org\/wp-content\/uploads\/fc-manrique-presentacion-jorge-riechmann1-768x541.jpg 768w, https:\/\/fcmanrique.org\/wp-content\/uploads\/fc-manrique-presentacion-jorge-riechmann1-289x204.jpg 289w\" sizes=\"auto, (max-width: 920px) 100vw, 920px\" \/><\/a><\/p>\n<p>El libro es h\u00edbrido porque re\u00fane poemas y reflexiones, algunas de ellas nacidas como tuits, como \u201cmicrorreflexiones afor\u00edsticas\u201d. Esas piezas est\u00e1n dentro de un g\u00e9nero amplio que se ha llamado \u201cpoes\u00eda para los que no leen poes\u00eda\u201d, que puede remontarse a la antipoes\u00eda de Nicanor Parra y que nace para llegar a un p\u00fablico m\u00e1s amplio \u201cporque no es tan extenso ese grupo de personas que no pueden vivir sin la poes\u00eda\u201d. La voz que narra el libro es la de \u00d1or, una especie de monje tao\u00edsta que, seg\u00fan el autor, no llega a ser un heter\u00f3nimo porque no est\u00e1n tan distanciados.<\/p>\n<p><em>Grafitis para neandertales <\/em>tambi\u00e9n es un libro \u201cseco\u201d, principalmente porque trata \u201casuntos tremendos\u201d, pero no contrapone la raz\u00f3n, a la emoci\u00f3n o la intuici\u00f3n. Incluye, eso s\u00ed, una secci\u00f3n tan at\u00edpica para un libro de poes\u00eda como una secci\u00f3n de notas y tiene, adem\u00e1s, cierta vocaci\u00f3n did\u00e1ctica.<\/p>\n<p><a href=\"https:\/\/fcmanrique.org\/wp-content\/uploads\/fc-manrique-presentacion-jorge-riechmann2.jpg\"><img loading=\"lazy\" decoding=\"async\" class=\"alignnone size-full wp-image-20038\" src=\"https:\/\/fcmanrique.org\/wp-content\/uploads\/fc-manrique-presentacion-jorge-riechmann2.jpg\" alt=\"\" width=\"920\" height=\"637\" srcset=\"https:\/\/fcmanrique.org\/wp-content\/uploads\/fc-manrique-presentacion-jorge-riechmann2.jpg 920w, https:\/\/fcmanrique.org\/wp-content\/uploads\/fc-manrique-presentacion-jorge-riechmann2-300x208.jpg 300w, https:\/\/fcmanrique.org\/wp-content\/uploads\/fc-manrique-presentacion-jorge-riechmann2-768x532.jpg 768w, https:\/\/fcmanrique.org\/wp-content\/uploads\/fc-manrique-presentacion-jorge-riechmann2-289x200.jpg 289w\" sizes=\"auto, (max-width: 920px) 100vw, 920px\" \/><\/a><\/p>\n<p>La mayor parte de la presentaci\u00f3n consisti\u00f3 en la lectura de fragmentos del libro, de esos asuntos tremendos de los que habl\u00f3 el autor, que parti\u00f3 en su lectura de la imagen de la casa ardiendo, de actualidad ahora por la activista Greta Thunberg pero que &#8222;se trata de una imagen cl\u00e1sica del budismo&#8220;. En sus poemas, Riechmann habl\u00f3 de la crisis ecosocial, de organizar la movilizaci\u00f3n del pesimismo, de dar una posibilidad a la contemplaci\u00f3n frente a la acci\u00f3n, de aprender a morir, de la vulnerabilidad del ser humano, del capitalismo como m\u00e1quina del fin del mundo, de los derechos humanos, la thanatopol\u00edtica, Gaia y Thanatia, la \u00e9tica, el desarrollo, el turismo sostenible como ox\u00edmoron, el antropoceno, el <em>homo sapiens<\/em>&#8230;<\/p>\n<p><a href=\"https:\/\/fcmanrique.org\/wp-content\/uploads\/fc-manrique-presentacion-jorge-riechmann3.jpg\"><img loading=\"lazy\" decoding=\"async\" class=\"alignnone size-full wp-image-20039\" src=\"https:\/\/fcmanrique.org\/wp-content\/uploads\/fc-manrique-presentacion-jorge-riechmann3.jpg\" alt=\"\" width=\"920\" height=\"646\" srcset=\"https:\/\/fcmanrique.org\/wp-content\/uploads\/fc-manrique-presentacion-jorge-riechmann3.jpg 920w, https:\/\/fcmanrique.org\/wp-content\/uploads\/fc-manrique-presentacion-jorge-riechmann3-300x211.jpg 300w, https:\/\/fcmanrique.org\/wp-content\/uploads\/fc-manrique-presentacion-jorge-riechmann3-768x539.jpg 768w, https:\/\/fcmanrique.org\/wp-content\/uploads\/fc-manrique-presentacion-jorge-riechmann3-289x203.jpg 289w\" sizes=\"auto, (max-width: 920px) 100vw, 920px\" \/><\/a><\/p>\n<p>En el turno de preguntas, Riechmann dijo que, m\u00e1s que un arma, la poes\u00eda puede ser un camino, un conjunto de caminos \u201cque ser\u00e1n f\u00e9rtiles si conseguimos abrir los ojos a esas dimensiones de la realidad ante las que permanecemos ciegos\u201d. Y no solo se refiri\u00f3 a la poes\u00eda como artefacto verbal, sino a la poes\u00eda expandida, la que est\u00e1 en las situaciones, en las cosas o en los paisajes. \u201cNo valdr\u00e1 para salir del atolladero, pero s\u00ed para vivir m\u00e1s dignamente\u201d. Termin\u00f3 hablando sobre la responsabilidad por el antropoceno, reconociendo la importancia de las responsabilidades diferenciadas pero tambi\u00e9n admitiendo un \u201cproblema antropol\u00f3gico de desequilibrio constitutivo\u201d, y finaliz\u00f3 afirmando que \u201clas \u00e9lites han decidido ya el exterminio de la mayor parte de la humanidad\u201d.<\/p>\n<p><a href=\"https:\/\/fcmanrique.org\/wp-content\/uploads\/fc-manrique-presentacion-jorge-riechmann4.jpg\"><img loading=\"lazy\" decoding=\"async\" class=\"alignnone size-full wp-image-20040\" src=\"https:\/\/fcmanrique.org\/wp-content\/uploads\/fc-manrique-presentacion-jorge-riechmann4.jpg\" alt=\"\" width=\"920\" height=\"596\" srcset=\"https:\/\/fcmanrique.org\/wp-content\/uploads\/fc-manrique-presentacion-jorge-riechmann4.jpg 920w, https:\/\/fcmanrique.org\/wp-content\/uploads\/fc-manrique-presentacion-jorge-riechmann4-300x194.jpg 300w, https:\/\/fcmanrique.org\/wp-content\/uploads\/fc-manrique-presentacion-jorge-riechmann4-768x498.jpg 768w, https:\/\/fcmanrique.org\/wp-content\/uploads\/fc-manrique-presentacion-jorge-riechmann4-289x187.jpg 289w\" sizes=\"auto, (max-width: 920px) 100vw, 920px\" \/><\/a><\/p>\n<p><a href=\"https:\/\/fcmanrique.org\/wp-content\/uploads\/fc-manrique-presentacion-libro-jorge-riechmann.pdf\">M\u00e1s informaci\u00f3n sobre la presentaci\u00f3n del libro<\/a><\/p>\n<p><a href=\"https:\/\/fcmanrique.org\/wp-content\/uploads\/fc-manrique-invitacion-presentacion-libro-jorge-riechmann.jpg\"><img loading=\"lazy\" decoding=\"async\" class=\"alignnone size-full wp-image-19976\" src=\"https:\/\/fcmanrique.org\/wp-content\/uploads\/fc-manrique-invitacion-presentacion-libro-jorge-riechmann.jpg\" alt=\"\" width=\"1200\" height=\"1200\" srcset=\"https:\/\/fcmanrique.org\/wp-content\/uploads\/fc-manrique-invitacion-presentacion-libro-jorge-riechmann.jpg 1200w, https:\/\/fcmanrique.org\/wp-content\/uploads\/fc-manrique-invitacion-presentacion-libro-jorge-riechmann-150x150.jpg 150w, https:\/\/fcmanrique.org\/wp-content\/uploads\/fc-manrique-invitacion-presentacion-libro-jorge-riechmann-300x300.jpg 300w, https:\/\/fcmanrique.org\/wp-content\/uploads\/fc-manrique-invitacion-presentacion-libro-jorge-riechmann-768x768.jpg 768w, https:\/\/fcmanrique.org\/wp-content\/uploads\/fc-manrique-invitacion-presentacion-libro-jorge-riechmann-1024x1024.jpg 1024w, https:\/\/fcmanrique.org\/wp-content\/uploads\/fc-manrique-invitacion-presentacion-libro-jorge-riechmann-246x246.jpg 246w\" sizes=\"auto, (max-width: 1200px) 100vw, 1200px\" \/><\/a><\/p>","protected":false},"excerpt":{"rendered":"<p>Leider ist der Eintrag nur auf ES verf\u00fcgbar.Jorge Riechmann present\u00f3 en la sala Jos\u00e9 Saramago su \u00faltimo libro, Grafitis para neandertales, un \u201clibro h\u00edbrido\u201d, seg\u00fan dijo el propio autor, y un libro \u201ccoral\u201d porque recoge muchas voces distintas \u201cy algunas son del tapiz manrique\u00f1o\u201d. Asegur\u00f3 que por sus p\u00e1ginas pasan el propio C\u00e9sar Manrique, Fernando&#8230; <a href=\"https:\/\/fcmanrique.org\/de\/fcm-c-acti-celebrada\/jorge-riechmann-las-elites-han-decidido-ya-el-exterminio-de-la-mayor-parte-de-la-humanidad\/\" class=\"readmore\">Contin\u00faa leyendo \u2192<\/a><\/p>\n","protected":false},"featured_media":20036,"parent":0,"template":"","meta":{"_acf_changed":false,"ngg_post_thumbnail":0,"footnotes":""},"class_list":["post-20035","fcm_c_acti_celebrada","type-fcm_c_acti_celebrada","status-publish","has-post-thumbnail","hentry","c_acti_celebrada_categoria-presentacion"],"acf":[],"_links":{"self":[{"href":"https:\/\/fcmanrique.org\/de\/wp-json\/wp\/v2\/fcm_c_acti_celebrada\/20035","targetHints":{"allow":["GET"]}}],"collection":[{"href":"https:\/\/fcmanrique.org\/de\/wp-json\/wp\/v2\/fcm_c_acti_celebrada"}],"about":[{"href":"https:\/\/fcmanrique.org\/de\/wp-json\/wp\/v2\/types\/fcm_c_acti_celebrada"}],"version-history":[{"count":2,"href":"https:\/\/fcmanrique.org\/de\/wp-json\/wp\/v2\/fcm_c_acti_celebrada\/20035\/revisions"}],"predecessor-version":[{"id":20060,"href":"https:\/\/fcmanrique.org\/de\/wp-json\/wp\/v2\/fcm_c_acti_celebrada\/20035\/revisions\/20060"}],"wp:featuredmedia":[{"embeddable":true,"href":"https:\/\/fcmanrique.org\/de\/wp-json\/wp\/v2\/media\/20036"}],"wp:attachment":[{"href":"https:\/\/fcmanrique.org\/de\/wp-json\/wp\/v2\/media?parent=20035"}],"curies":[{"name":"wp","href":"https:\/\/api.w.org\/{rel}","templated":true}]}}