{"id":20172,"date":"2019-07-30T11:16:35","date_gmt":"2019-07-30T11:16:35","guid":{"rendered":"https:\/\/fcmanrique.org\/?post_type=fcm_c_acti_celebrada&#038;p=20172"},"modified":"2019-08-27T12:32:00","modified_gmt":"2019-08-27T12:32:00","slug":"la-fcm-presento-lanzaroteno-un-espectaculo-folclorico-de-musica-y-danza","status":"publish","type":"fcm_c_acti_celebrada","link":"https:\/\/fcmanrique.org\/de\/fcm-c-acti-celebrada\/la-fcm-presento-lanzaroteno-un-espectaculo-folclorico-de-musica-y-danza\/","title":{"rendered":"La FCM present\u00f3 &#8222;Lanzarote\u00f1o&#8220;, un espect\u00e1culo folcl\u00f3rico de m\u00fasica y danza"},"content":{"rendered":"<p class=\"qtranxs-available-languages-message qtranxs-available-languages-message-de\">Leider ist der Eintrag nur auf <a href=\"https:\/\/fcmanrique.org\/es\/wp-json\/wp\/v2\/fcm_c_acti_celebrada\/20172\" class=\"qtranxs-available-language-link qtranxs-available-language-link-es\" title=\"ES\">ES<\/a> verf\u00fcgbar.<\/p><p>La Fundaci\u00f3n C\u00e9sar Manrique present\u00f3 el s\u00e1bado d\u00eda 27 de julio en la sala de teatro de los Multicines Atl\u00e1ntida, el espect\u00e1culo folcl\u00f3rico titulado \u201cLanzarote\u00f1o\u201d, realizado en homenaje al artista en el marco del centenario de su nacimiento.<\/p>\n<p><a href=\"https:\/\/fcmanrique.org\/wp-content\/uploads\/fc-manrique-festival-folclorico-lanzaroteno1.jpg\"><img loading=\"lazy\" decoding=\"async\" class=\"alignnone size-full wp-image-20174\" src=\"https:\/\/fcmanrique.org\/wp-content\/uploads\/fc-manrique-festival-folclorico-lanzaroteno1.jpg\" alt=\"\" width=\"920\" height=\"616\" srcset=\"https:\/\/fcmanrique.org\/wp-content\/uploads\/fc-manrique-festival-folclorico-lanzaroteno1.jpg 920w, https:\/\/fcmanrique.org\/wp-content\/uploads\/fc-manrique-festival-folclorico-lanzaroteno1-300x201.jpg 300w, https:\/\/fcmanrique.org\/wp-content\/uploads\/fc-manrique-festival-folclorico-lanzaroteno1-768x514.jpg 768w, https:\/\/fcmanrique.org\/wp-content\/uploads\/fc-manrique-festival-folclorico-lanzaroteno1-289x194.jpg 289w\" sizes=\"auto, (max-width: 920px) 100vw, 920px\" \/><\/a><em><strong>BENITO CABRERA.<\/strong> Solista de timple y folclorista, ha sido el primer int\u00e9rprete que ha llevado el timple al \u00e1mbito sinf\u00f3nico, realizando numerosos conciertos y grabaciones. Ha editado 9 grabaciones como solista de timple.<\/em><\/p>\n<p>\u201cLanzarote\u00f1o\u201d fue un espect\u00e1culo de m\u00fasica y danza, concebido y organizado por Miguel \u00c1ngel Corujo y producido por la FCM, cuya puesta en escena gir\u00f3 en torno a tres de las agrupaciones m\u00e1s representativas de la isla: el grupo de M\u00fasica Popular Acatife, la Parranda Los Toledo y el grupo de M\u00fasica y Danza Tradicional Los Campesinos.<\/p>\n<p>Los tres grupos interpretaron un nutrido repertorio de los g\u00e9neros folcl\u00f3ricos m\u00e1s reconocidos: desde la parranda a la m\u00fasica popular, renovada desde la tradici\u00f3n, y lo hicieron acompa\u00f1ados de la danza y las voces de destacadas solistas: Almudena Hern\u00e1ndez, Marilina Cabrera, Nieves Nieves y Beni Ferrer. La voz de Benito Cabrera, m\u00fasico y gran conocedor de las tradiciones de las islas, constituy\u00f3 el hilo conductor de este espect\u00e1culo en recuerdo a C\u00e9sar Manrique.<\/p>\n<p><a href=\"https:\/\/fcmanrique.org\/wp-content\/uploads\/fc-manrique-festival-folclorico-lanzaroteno3.jpg\"><img loading=\"lazy\" decoding=\"async\" class=\"alignnone size-full wp-image-20176\" src=\"https:\/\/fcmanrique.org\/wp-content\/uploads\/fc-manrique-festival-folclorico-lanzaroteno3.jpg\" alt=\"\" width=\"920\" height=\"611\" srcset=\"https:\/\/fcmanrique.org\/wp-content\/uploads\/fc-manrique-festival-folclorico-lanzaroteno3.jpg 920w, https:\/\/fcmanrique.org\/wp-content\/uploads\/fc-manrique-festival-folclorico-lanzaroteno3-300x199.jpg 300w, https:\/\/fcmanrique.org\/wp-content\/uploads\/fc-manrique-festival-folclorico-lanzaroteno3-768x510.jpg 768w, https:\/\/fcmanrique.org\/wp-content\/uploads\/fc-manrique-festival-folclorico-lanzaroteno3-289x192.jpg 289w\" sizes=\"auto, (max-width: 920px) 100vw, 920px\" \/><\/a><em><strong>ACATIFE.<\/strong> Grupo de m\u00fasica popular fundado en 1983 en la Villa de Teguise. Desde sus or\u00edgenes se han diferenciado por la fidelidad a una l\u00ednea de trabajo constante sobre el conocimiento y divulgaci\u00f3n del folclore de nuestra isla.<\/em><\/p>\n<p><a href=\"https:\/\/fcmanrique.org\/wp-content\/uploads\/fc-manrique-festival-folclorico-lanzaroteno5.jpg\"><img loading=\"lazy\" decoding=\"async\" class=\"alignnone size-full wp-image-20178\" src=\"https:\/\/fcmanrique.org\/wp-content\/uploads\/fc-manrique-festival-folclorico-lanzaroteno5.jpg\" alt=\"\" width=\"920\" height=\"615\" srcset=\"https:\/\/fcmanrique.org\/wp-content\/uploads\/fc-manrique-festival-folclorico-lanzaroteno5.jpg 920w, https:\/\/fcmanrique.org\/wp-content\/uploads\/fc-manrique-festival-folclorico-lanzaroteno5-300x201.jpg 300w, https:\/\/fcmanrique.org\/wp-content\/uploads\/fc-manrique-festival-folclorico-lanzaroteno5-768x513.jpg 768w, https:\/\/fcmanrique.org\/wp-content\/uploads\/fc-manrique-festival-folclorico-lanzaroteno5-289x193.jpg 289w\" sizes=\"auto, (max-width: 920px) 100vw, 920px\" \/><\/a><em><strong>LOS TOLEDO.<\/strong> Parranda con un modo muy peculiar de entender el folclore de las islas de Lanzarote y La Graciosa, recogido en su primer trabajo discogr\u00e1fico. Hijos e hijas, nietos, nietas y t\u00edos maternos crearon el Festival \u201cParrandera\u201d, en La Graciosa, para conservar y difundir el folclore.<\/em><\/p>\n<p><a href=\"https:\/\/fcmanrique.org\/wp-content\/uploads\/fc-manrique-festival-folclorico-lanzaroteno9.jpg\"><img loading=\"lazy\" decoding=\"async\" class=\"alignnone size-full wp-image-20182\" src=\"https:\/\/fcmanrique.org\/wp-content\/uploads\/fc-manrique-festival-folclorico-lanzaroteno9.jpg\" alt=\"\" width=\"920\" height=\"608\" srcset=\"https:\/\/fcmanrique.org\/wp-content\/uploads\/fc-manrique-festival-folclorico-lanzaroteno9.jpg 920w, https:\/\/fcmanrique.org\/wp-content\/uploads\/fc-manrique-festival-folclorico-lanzaroteno9-300x198.jpg 300w, https:\/\/fcmanrique.org\/wp-content\/uploads\/fc-manrique-festival-folclorico-lanzaroteno9-768x508.jpg 768w, https:\/\/fcmanrique.org\/wp-content\/uploads\/fc-manrique-festival-folclorico-lanzaroteno9-289x191.jpg 289w\" sizes=\"auto, (max-width: 920px) 100vw, 920px\" \/><\/a><em><strong>LOS CAMPESINOS.<\/strong> En 1964 comenzaron un largo y nada f\u00e1cil camino que, afortunadamente, recorrieron combatiendo muchas adversidades. El respeto y la defensa de la cultura fueron los alicientes que han hecho posible andar el tiempo hasta la actualidad.<\/em><\/p>\n<p><a href=\"https:\/\/fcmanrique.org\/wp-content\/uploads\/fc-manrique-festival-folclorico-lanzaroteno2.jpg\"><img loading=\"lazy\" decoding=\"async\" class=\"alignnone size-full wp-image-20175\" src=\"https:\/\/fcmanrique.org\/wp-content\/uploads\/fc-manrique-festival-folclorico-lanzaroteno2.jpg\" alt=\"\" width=\"920\" height=\"598\" srcset=\"https:\/\/fcmanrique.org\/wp-content\/uploads\/fc-manrique-festival-folclorico-lanzaroteno2.jpg 920w, https:\/\/fcmanrique.org\/wp-content\/uploads\/fc-manrique-festival-folclorico-lanzaroteno2-300x195.jpg 300w, https:\/\/fcmanrique.org\/wp-content\/uploads\/fc-manrique-festival-folclorico-lanzaroteno2-768x499.jpg 768w, https:\/\/fcmanrique.org\/wp-content\/uploads\/fc-manrique-festival-folclorico-lanzaroteno2-289x188.jpg 289w\" sizes=\"auto, (max-width: 920px) 100vw, 920px\" \/><\/a><em><strong>ALMUDENA HERN\u00c1NDEZ.<\/strong> Artista multidisciplinar, en 2006 comienza su andadura como cantante ganando varios festivales de la canci\u00f3n en la isla, as\u00ed como en el programa televisivo nacional &#8222;AcapelA&#8220;.<\/em><\/p>\n<p><a href=\"https:\/\/fcmanrique.org\/wp-content\/uploads\/fc-manrique-festival-folclorico-lanzaroteno4.jpg\"><img loading=\"lazy\" decoding=\"async\" class=\"alignnone size-full wp-image-20177\" src=\"https:\/\/fcmanrique.org\/wp-content\/uploads\/fc-manrique-festival-folclorico-lanzaroteno4.jpg\" alt=\"\" width=\"920\" height=\"629\" srcset=\"https:\/\/fcmanrique.org\/wp-content\/uploads\/fc-manrique-festival-folclorico-lanzaroteno4.jpg 920w, https:\/\/fcmanrique.org\/wp-content\/uploads\/fc-manrique-festival-folclorico-lanzaroteno4-300x205.jpg 300w, https:\/\/fcmanrique.org\/wp-content\/uploads\/fc-manrique-festival-folclorico-lanzaroteno4-768x525.jpg 768w, https:\/\/fcmanrique.org\/wp-content\/uploads\/fc-manrique-festival-folclorico-lanzaroteno4-289x198.jpg 289w\" sizes=\"auto, (max-width: 920px) 100vw, 920px\" \/><\/a><em><strong>MARILINA CABRERA.<\/strong> Una de las voces femeninas m\u00e1s veteranas del folclore insular, desde siempre vinculada a las agrupaciones folcl\u00f3ricas y durante los \u00faltimos 32 a\u00f1os en Coros y Danzas de Arrecife.<\/em><\/p>\n<p><a href=\"https:\/\/fcmanrique.org\/wp-content\/uploads\/fc-manrique-festival-folclorico-lanzaroteno6.jpg\"><img loading=\"lazy\" decoding=\"async\" class=\"alignnone size-full wp-image-20179\" src=\"https:\/\/fcmanrique.org\/wp-content\/uploads\/fc-manrique-festival-folclorico-lanzaroteno6.jpg\" alt=\"\" width=\"920\" height=\"614\" srcset=\"https:\/\/fcmanrique.org\/wp-content\/uploads\/fc-manrique-festival-folclorico-lanzaroteno6.jpg 920w, https:\/\/fcmanrique.org\/wp-content\/uploads\/fc-manrique-festival-folclorico-lanzaroteno6-300x200.jpg 300w, https:\/\/fcmanrique.org\/wp-content\/uploads\/fc-manrique-festival-folclorico-lanzaroteno6-768x513.jpg 768w, https:\/\/fcmanrique.org\/wp-content\/uploads\/fc-manrique-festival-folclorico-lanzaroteno6-289x193.jpg 289w\" sizes=\"auto, (max-width: 920px) 100vw, 920px\" \/><\/a><em><strong>NIEVES NIEVES.<\/strong> Solista de la Agrupaci\u00f3n Malpa\u00eds de la Corona, con ra\u00edces en el norte de la isla de Lanzarote, comienza su inter\u00e9s por el mundo del folclore hace 29 a\u00f1os.<\/em><\/p>\n<p><a href=\"https:\/\/fcmanrique.org\/wp-content\/uploads\/fc-manrique-festival-folclorico-lanzaroteno8.jpg\"><img loading=\"lazy\" decoding=\"async\" class=\"alignnone size-full wp-image-20181\" src=\"https:\/\/fcmanrique.org\/wp-content\/uploads\/fc-manrique-festival-folclorico-lanzaroteno8.jpg\" alt=\"\" width=\"920\" height=\"610\" srcset=\"https:\/\/fcmanrique.org\/wp-content\/uploads\/fc-manrique-festival-folclorico-lanzaroteno8.jpg 920w, https:\/\/fcmanrique.org\/wp-content\/uploads\/fc-manrique-festival-folclorico-lanzaroteno8-300x199.jpg 300w, https:\/\/fcmanrique.org\/wp-content\/uploads\/fc-manrique-festival-folclorico-lanzaroteno8-768x509.jpg 768w, https:\/\/fcmanrique.org\/wp-content\/uploads\/fc-manrique-festival-folclorico-lanzaroteno8-289x192.jpg 289w\" sizes=\"auto, (max-width: 920px) 100vw, 920px\" \/><\/a><em><strong>BENI FERRER.<\/strong> Cantante lanzarote\u00f1a de amplios registros y esp\u00edritu inquieto, inici\u00f3 desde temprana edad su experiencia musical. Domina el canto ligero tipo folclore, fados, boleros, rock y hasta el canto l\u00edrico.<\/em><\/p>\n<p><a href=\"https:\/\/fcmanrique.org\/wp-content\/uploads\/fc-manrique-festival-folclorico-lanzaroteno7.jpg\"><img loading=\"lazy\" decoding=\"async\" class=\"alignnone size-full wp-image-20180\" src=\"https:\/\/fcmanrique.org\/wp-content\/uploads\/fc-manrique-festival-folclorico-lanzaroteno7.jpg\" alt=\"\" width=\"920\" height=\"613\" srcset=\"https:\/\/fcmanrique.org\/wp-content\/uploads\/fc-manrique-festival-folclorico-lanzaroteno7.jpg 920w, https:\/\/fcmanrique.org\/wp-content\/uploads\/fc-manrique-festival-folclorico-lanzaroteno7-300x200.jpg 300w, https:\/\/fcmanrique.org\/wp-content\/uploads\/fc-manrique-festival-folclorico-lanzaroteno7-768x512.jpg 768w, https:\/\/fcmanrique.org\/wp-content\/uploads\/fc-manrique-festival-folclorico-lanzaroteno7-289x193.jpg 289w\" sizes=\"auto, (max-width: 920px) 100vw, 920px\" \/><\/a><\/p>\n<p><a href=\"https:\/\/fcmanrique.org\/wp-content\/uploads\/fc-manrique-festival-folklorico-lanzaroteno.pdf\">M\u00e1s informaci\u00f3n sobre el espect\u00e1culo <em>Lanzarote\u00f1o<\/em><\/a><\/p>\n<p><a href=\"https:\/\/fcmanrique.org\/wp-content\/uploads\/fc-manrique-invitacion-festiva-folclorico-lanzarote\u00f1o.jpg\"><img loading=\"lazy\" decoding=\"async\" class=\"alignnone size-full wp-image-20186\" src=\"https:\/\/fcmanrique.org\/wp-content\/uploads\/fc-manrique-invitacion-festiva-folclorico-lanzarote\u00f1o.jpg\" alt=\"\" width=\"1200\" height=\"1200\" srcset=\"https:\/\/fcmanrique.org\/wp-content\/uploads\/fc-manrique-invitacion-festiva-folclorico-lanzarote\u00f1o.jpg 1200w, https:\/\/fcmanrique.org\/wp-content\/uploads\/fc-manrique-invitacion-festiva-folclorico-lanzarote\u00f1o-150x150.jpg 150w, https:\/\/fcmanrique.org\/wp-content\/uploads\/fc-manrique-invitacion-festiva-folclorico-lanzarote\u00f1o-300x300.jpg 300w, https:\/\/fcmanrique.org\/wp-content\/uploads\/fc-manrique-invitacion-festiva-folclorico-lanzarote\u00f1o-768x768.jpg 768w, https:\/\/fcmanrique.org\/wp-content\/uploads\/fc-manrique-invitacion-festiva-folclorico-lanzarote\u00f1o-1024x1024.jpg 1024w, https:\/\/fcmanrique.org\/wp-content\/uploads\/fc-manrique-invitacion-festiva-folclorico-lanzarote\u00f1o-246x246.jpg 246w\" sizes=\"auto, (max-width: 1200px) 100vw, 1200px\" \/><\/a><\/p>","protected":false},"excerpt":{"rendered":"<p>Leider ist der Eintrag nur auf ES verf\u00fcgbar.La Fundaci\u00f3n C\u00e9sar Manrique present\u00f3 el s\u00e1bado d\u00eda 27 de julio en la sala de teatro de los Multicines Atl\u00e1ntida, el espect\u00e1culo folcl\u00f3rico titulado \u201cLanzarote\u00f1o\u201d, realizado en homenaje al artista en el marco del centenario de su nacimiento. BENITO CABRERA. Solista de timple y folclorista, ha sido el&#8230; <a href=\"https:\/\/fcmanrique.org\/de\/fcm-c-acti-celebrada\/la-fcm-presento-lanzaroteno-un-espectaculo-folclorico-de-musica-y-danza\/\" class=\"readmore\">Contin\u00faa leyendo \u2192<\/a><\/p>\n","protected":false},"featured_media":20173,"parent":0,"template":"","meta":{"_acf_changed":false,"ngg_post_thumbnail":0,"footnotes":""},"class_list":["post-20172","fcm_c_acti_celebrada","type-fcm_c_acti_celebrada","status-publish","has-post-thumbnail","hentry","c_acti_celebrada_categoria-musica"],"acf":[],"_links":{"self":[{"href":"https:\/\/fcmanrique.org\/de\/wp-json\/wp\/v2\/fcm_c_acti_celebrada\/20172","targetHints":{"allow":["GET"]}}],"collection":[{"href":"https:\/\/fcmanrique.org\/de\/wp-json\/wp\/v2\/fcm_c_acti_celebrada"}],"about":[{"href":"https:\/\/fcmanrique.org\/de\/wp-json\/wp\/v2\/types\/fcm_c_acti_celebrada"}],"version-history":[{"count":4,"href":"https:\/\/fcmanrique.org\/de\/wp-json\/wp\/v2\/fcm_c_acti_celebrada\/20172\/revisions"}],"predecessor-version":[{"id":20190,"href":"https:\/\/fcmanrique.org\/de\/wp-json\/wp\/v2\/fcm_c_acti_celebrada\/20172\/revisions\/20190"}],"wp:featuredmedia":[{"embeddable":true,"href":"https:\/\/fcmanrique.org\/de\/wp-json\/wp\/v2\/media\/20173"}],"wp:attachment":[{"href":"https:\/\/fcmanrique.org\/de\/wp-json\/wp\/v2\/media?parent=20172"}],"curies":[{"name":"wp","href":"https:\/\/api.w.org\/{rel}","templated":true}]}}