{"id":20307,"date":"2019-09-06T10:44:46","date_gmt":"2019-09-06T10:44:46","guid":{"rendered":"https:\/\/fcmanrique.org\/?post_type=fcm_c_acti_celebrada&#038;p=20307"},"modified":"2019-10-17T15:20:53","modified_gmt":"2019-10-17T15:20:53","slug":"guerriero-y-marana","status":"publish","type":"fcm_c_acti_celebrada","link":"https:\/\/fcmanrique.org\/de\/fcm-c-acti-celebrada\/guerriero-y-marana\/","title":{"rendered":"Mara\u00f1a y Guerriero: La crisis no es del periodismo, sino del modelo period\u00edstico"},"content":{"rendered":"<p class=\"qtranxs-available-languages-message qtranxs-available-languages-message-de\">Leider ist der Eintrag nur auf <a href=\"https:\/\/fcmanrique.org\/es\/wp-json\/wp\/v2\/fcm_c_acti_celebrada\/20307\" class=\"qtranxs-available-language-link qtranxs-available-language-link-es\" title=\"ES\">ES<\/a> verf\u00fcgbar.<\/p><p>La Fundaci\u00f3n C\u00e9sar Manrique retom\u00f3 su actividad en el centenario despu\u00e9s del verano con otra sesi\u00f3n del ciclo <i>Democracia y periodismo en su laberin<\/i><i>t<\/i><i>o<\/i>, con una conversaci\u00f3n entre los periodistas Alberto Acosta y Teresa C\u00e1rdenes con Leila Guerriero y Jes\u00fas Mara\u00f1a, bajo el t\u00edtulo <em>Presente y futuro del periodismo: digitalizaci\u00f3n, informaci\u00f3n, comunicaci\u00f3n y formaci\u00f3n de la opini\u00f3n p\u00fablica. <\/em><\/p>\n<p><a href=\"https:\/\/fcmanrique.org\/wp-content\/uploads\/fc-manrique-leila-guerriero-jesus-mara\u00f1a5.jpg\"><img loading=\"lazy\" decoding=\"async\" class=\"alignnone size-full wp-image-20313\" src=\"https:\/\/fcmanrique.org\/wp-content\/uploads\/fc-manrique-leila-guerriero-jesus-mara\u00f1a5.jpg\" alt=\"\" width=\"920\" height=\"582\" srcset=\"https:\/\/fcmanrique.org\/wp-content\/uploads\/fc-manrique-leila-guerriero-jesus-mara\u00f1a5.jpg 920w, https:\/\/fcmanrique.org\/wp-content\/uploads\/fc-manrique-leila-guerriero-jesus-mara\u00f1a5-300x190.jpg 300w, https:\/\/fcmanrique.org\/wp-content\/uploads\/fc-manrique-leila-guerriero-jesus-mara\u00f1a5-768x486.jpg 768w, https:\/\/fcmanrique.org\/wp-content\/uploads\/fc-manrique-leila-guerriero-jesus-mara\u00f1a5-289x183.jpg 289w\" sizes=\"auto, (max-width: 920px) 100vw, 920px\" \/><\/a><\/p>\n<p>C\u00e1rdenes comenz\u00f3 hablando de la conciencia cr\u00edtica de C\u00e9sar Manrique y pas\u00f3 a plantear la crisis del modelo de negocio desde la aparici\u00f3n de Internet, as\u00ed como la p\u00e9rdida de \u00e9tica en la profesi\u00f3n y su impacto en la calidad democr\u00e1tica. Leila Guerriero destac\u00f3 el entusiasmo de las nuevas generaciones de periodistas para formarse en el periodismo narrativo pero tambi\u00e9n su queja com\u00fan acerca de los medios donde trabajan y c\u00f3mo se publican las noticias. Afirm\u00f3 que ahora los periodistas deben asumir una carga de trabajo que no les corresponde y que \u201cen la lucha por el click se va el esfuerzo de la calidad\u201d. Por tanto, no hay una crisis del periodismo, sino de las empresas, algo que corrobor\u00f3 Jes\u00fas Mara\u00f1a, que asegur\u00f3 que la crisis es del modelo de negocio y que el periodismo ahora es un oficio lleno de dudas, ya que antes estaba tomado por gente que ten\u00eda la seguridad absoluta. \u201cEso pas\u00f3 a mejor vida y es una buena noticia\u201d. Cont\u00f3 que la aparici\u00f3n de Internet llev\u00f3 a una mala lectura por parte de todos. Las empresas no lo entendieron, cre\u00edan que iba a disparar los ingresos, \u201clo vieron como una oportunidad de pelotazo y los periodistas est\u00e1bamos a la defensiva\u201d. Se\u00f1al\u00f3 que el periodismo ha hecho lo que nunca har\u00eda una fruter\u00eda si va mal el negocio, que es poner la peor mercanc\u00eda en el escaparate y dejar de vender alg\u00fan tipo de fruta. \u201cLo que ha hecho el periodismo es renunciar a la calidad, a lo que tiene valor\u201d y \u201csin un periodismo sano no hay democracia sana\u201d.<\/p>\n<p><a href=\"https:\/\/fcmanrique.org\/wp-content\/uploads\/fc-manrique-leila-guerriero-jesus-mara\u00f1a1.jpg\"><img loading=\"lazy\" decoding=\"async\" class=\"alignnone size-full wp-image-20309\" src=\"https:\/\/fcmanrique.org\/wp-content\/uploads\/fc-manrique-leila-guerriero-jesus-mara\u00f1a1.jpg\" alt=\"\" width=\"920\" height=\"639\" srcset=\"https:\/\/fcmanrique.org\/wp-content\/uploads\/fc-manrique-leila-guerriero-jesus-mara\u00f1a1.jpg 920w, https:\/\/fcmanrique.org\/wp-content\/uploads\/fc-manrique-leila-guerriero-jesus-mara\u00f1a1-300x208.jpg 300w, https:\/\/fcmanrique.org\/wp-content\/uploads\/fc-manrique-leila-guerriero-jesus-mara\u00f1a1-768x533.jpg 768w, https:\/\/fcmanrique.org\/wp-content\/uploads\/fc-manrique-leila-guerriero-jesus-mara\u00f1a1-289x201.jpg 289w\" sizes=\"auto, (max-width: 920px) 100vw, 920px\" \/><\/a><em>Teresa C\u00e1rdenes<\/em><\/p>\n<p>Acosta plante\u00f3 c\u00f3mo influyen las redes sociales en el mensaje y si es posible a\u00fan consumir informaci\u00f3n con un contenido extenso y Guerriero opin\u00f3 que la cuesti\u00f3n es si se cuenta bien o mal, no si el documento visual o el texto es largo o corto. \u201cEstamos para contar historias con solidez, hay que hacer piezas que no sean anodinas, que marquen la diferencia\u201d.<\/p>\n<p>Mara\u00f1a compar\u00f3 la crisis pol\u00edtica y la period\u00edstica porque ambas nacen de una falta de credibilidad, y consider\u00f3 que los medios de comunicaci\u00f3n tuvieron un papel principal en la corrupci\u00f3n y la burbuja del ladrillo, cuando las empresas constructoras y\/o financieras se adue\u00f1aron de los medios con el fin de influir o de no tener problemas con proyectos especulativos. Apunt\u00f3 que hay que hacer autocr\u00edtica \u201cporque no paramos a tiempo lo que ocurr\u00eda\u201d pero tambi\u00e9n se\u00f1al\u00f3 que le generalizaci\u00f3n no es justa. Para Mara\u00f1a, ante las presiones internas, el periodista puede y debe discrepar de su propio medio. Destac\u00f3 la importancia de distinguir entre lo que es periodismo y lo que no es y dijo que el periodista en redes debe seguir haciendo periodismo porque es donde se multiplica la posibilidad de desinformar. Tambi\u00e9n afirm\u00f3 que las cifras de clicks son mentira porque el periodismo nunca ha sido de masas ya que exige implicaci\u00f3n y esfuerzo, y apost\u00f3, m\u00e1s que por la objetividad, por ser honesto y riguroso para condicionar el debate p\u00fablico.<\/p>\n<p><a href=\"https:\/\/fcmanrique.org\/wp-content\/uploads\/fc-manrique-leila-guerriero-jesus-mara\u00f1a2.jpg\"><img loading=\"lazy\" decoding=\"async\" class=\"alignnone size-full wp-image-20310\" src=\"https:\/\/fcmanrique.org\/wp-content\/uploads\/fc-manrique-leila-guerriero-jesus-mara\u00f1a2.jpg\" alt=\"\" width=\"920\" height=\"595\" srcset=\"https:\/\/fcmanrique.org\/wp-content\/uploads\/fc-manrique-leila-guerriero-jesus-mara\u00f1a2.jpg 920w, https:\/\/fcmanrique.org\/wp-content\/uploads\/fc-manrique-leila-guerriero-jesus-mara\u00f1a2-300x194.jpg 300w, https:\/\/fcmanrique.org\/wp-content\/uploads\/fc-manrique-leila-guerriero-jesus-mara\u00f1a2-768x497.jpg 768w, https:\/\/fcmanrique.org\/wp-content\/uploads\/fc-manrique-leila-guerriero-jesus-mara\u00f1a2-289x187.jpg 289w\" sizes=\"auto, (max-width: 920px) 100vw, 920px\" \/><\/a><em>Jes\u00fas Mara\u00f1a<\/em><\/p>\n<p><a href=\"https:\/\/fcmanrique.org\/wp-content\/uploads\/fc-manrique-leila-guerriero-jesus-mara\u00f1a3.jpg\"><img loading=\"lazy\" decoding=\"async\" class=\"alignnone size-full wp-image-20311\" src=\"https:\/\/fcmanrique.org\/wp-content\/uploads\/fc-manrique-leila-guerriero-jesus-mara\u00f1a3.jpg\" alt=\"\" width=\"920\" height=\"652\" srcset=\"https:\/\/fcmanrique.org\/wp-content\/uploads\/fc-manrique-leila-guerriero-jesus-mara\u00f1a3.jpg 920w, https:\/\/fcmanrique.org\/wp-content\/uploads\/fc-manrique-leila-guerriero-jesus-mara\u00f1a3-300x213.jpg 300w, https:\/\/fcmanrique.org\/wp-content\/uploads\/fc-manrique-leila-guerriero-jesus-mara\u00f1a3-768x544.jpg 768w, https:\/\/fcmanrique.org\/wp-content\/uploads\/fc-manrique-leila-guerriero-jesus-mara\u00f1a3-289x205.jpg 289w\" sizes=\"auto, (max-width: 920px) 100vw, 920px\" \/><\/a><em>Teresa C\u00e1rdenes y Agust\u00edn Acosta<\/em><\/p>\n<p>Leila Guerriero dijo que en Am\u00e9rica latina los periodistas fueron h\u00e9roes (\u201ca nadie se le ocurrir\u00eda decir que Rodolfo Walsh era un mentiroso\u201d) pero que ahora se ha generado un periodista que no va a ver la realidad, sino que quiere que encaje en una teor\u00eda previa que tiene el peri\u00f3dico y por eso, y porque los periodistas \u201cpastan en las pl\u00e1cidas praderas de facebook\u201d, nadie pudo predecir, por ejemplo, las victorias de Trump o Bolsonaro. \u201cTenemos que saber qu\u00e9 hemos hecho mal para que nos llamen mentirosos\u201d, se\u00f1al\u00f3. Dijo que las presiones en Am\u00e9rica son de todo tipo y que los medios tambi\u00e9n dependen de la publicidad estatal y apost\u00f3 por las generaciones j\u00f3venes, que deben rebelarse y pasar de la queja a la acci\u00f3n. C\u00e1rdenes, en este sentido, habl\u00f3 del arrodillamiento de los medios canarios ante el Gobierno de Canarias en los \u00faltimos a\u00f1os y de que \u201chemos normalizado que los editores manipulen los textos\u201d.<\/p>\n<p><a href=\"https:\/\/fcmanrique.org\/wp-content\/uploads\/fc-manrique-leila-guerriero-jesus-mara\u00f1a4.jpg\"><img loading=\"lazy\" decoding=\"async\" class=\"alignnone size-full wp-image-20312\" src=\"https:\/\/fcmanrique.org\/wp-content\/uploads\/fc-manrique-leila-guerriero-jesus-mara\u00f1a4.jpg\" alt=\"\" width=\"920\" height=\"564\" srcset=\"https:\/\/fcmanrique.org\/wp-content\/uploads\/fc-manrique-leila-guerriero-jesus-mara\u00f1a4.jpg 920w, https:\/\/fcmanrique.org\/wp-content\/uploads\/fc-manrique-leila-guerriero-jesus-mara\u00f1a4-300x184.jpg 300w, https:\/\/fcmanrique.org\/wp-content\/uploads\/fc-manrique-leila-guerriero-jesus-mara\u00f1a4-768x471.jpg 768w, https:\/\/fcmanrique.org\/wp-content\/uploads\/fc-manrique-leila-guerriero-jesus-mara\u00f1a4-289x177.jpg 289w\" sizes=\"auto, (max-width: 920px) 100vw, 920px\" \/><\/a><em>Leila Guerriero y Jes\u00fas Mara\u00f1a<\/em><\/p>\n<p>Mara\u00f1a pas\u00f3 a hablar de la subsistencia econ\u00f3mica de los grandes medios, que viven gracias a los acuerdos o pactos comerciales con grandes empresas que consisten en \u201cte pongo dinero para llevarnos bien\u201d. Se puso el ejemplo del esc\u00e1ndalo del BBVA y su escasa repercusi\u00f3n en los medios, o del accidente de Spanair y las campa\u00f1as en medios de Canarias por parte de la aseguradora que deb\u00eda hacer frente a las indemnizaciones. En este sentido, afirm\u00f3 que \u201cla ciudadan\u00eda debe ser consciente de la importancia de tener medios que hacen una funci\u00f3n para todos\u201d. Por este motivo, hay que pagar por el periodismo, y si no asume este asunto, terminar\u00e1 desapareciendo el periodismo riguroso. \u201cPara que sea independiente tenemos que pagarlo entre todos\u201d.<\/p>\n<p><a href=\"https:\/\/fcmanrique.org\/wp-content\/uploads\/fc-manrique-leila-guerriero-jesus-mara\u00f1a6.jpg\"><img loading=\"lazy\" decoding=\"async\" class=\"alignnone size-full wp-image-20314\" src=\"https:\/\/fcmanrique.org\/wp-content\/uploads\/fc-manrique-leila-guerriero-jesus-mara\u00f1a6.jpg\" alt=\"\" width=\"920\" height=\"622\" srcset=\"https:\/\/fcmanrique.org\/wp-content\/uploads\/fc-manrique-leila-guerriero-jesus-mara\u00f1a6.jpg 920w, https:\/\/fcmanrique.org\/wp-content\/uploads\/fc-manrique-leila-guerriero-jesus-mara\u00f1a6-300x203.jpg 300w, https:\/\/fcmanrique.org\/wp-content\/uploads\/fc-manrique-leila-guerriero-jesus-mara\u00f1a6-768x519.jpg 768w, https:\/\/fcmanrique.org\/wp-content\/uploads\/fc-manrique-leila-guerriero-jesus-mara\u00f1a6-289x195.jpg 289w\" sizes=\"auto, (max-width: 920px) 100vw, 920px\" \/><\/a><\/p>\n<p><a href=\"https:\/\/fcmanrique.org\/wp-content\/uploads\/fc-manrique-dialogo-guerriero-jesus-marana.pdf\">M\u00e1s informaci\u00f3n sobre el di\u00e1logo entre L. Guerriero y J. Mara\u00f1a<\/a><\/p>\n<p><a href=\"https:\/\/fcmanrique.org\/fcm-video\/conversacion-leila-guerriero-y-jesus-marana-moderan-teresa-cardenes-y-alberto-acosta-5-septiembre\/?lang=es\">Acceder al v\u00eddeo de la conversaci\u00f3n<\/a><\/p>\n<p><a href=\"https:\/\/fcmanrique.org\/wp-content\/uploads\/Guerriero-Mara\u00f1a-mailing.jpg\"><img loading=\"lazy\" decoding=\"async\" class=\"alignnone size-full wp-image-20263\" src=\"https:\/\/fcmanrique.org\/wp-content\/uploads\/Guerriero-Mara\u00f1a-mailing.jpg\" alt=\"\" width=\"1200\" height=\"1200\" srcset=\"https:\/\/fcmanrique.org\/wp-content\/uploads\/Guerriero-Mara\u00f1a-mailing.jpg 1200w, https:\/\/fcmanrique.org\/wp-content\/uploads\/Guerriero-Mara\u00f1a-mailing-150x150.jpg 150w, https:\/\/fcmanrique.org\/wp-content\/uploads\/Guerriero-Mara\u00f1a-mailing-300x300.jpg 300w, https:\/\/fcmanrique.org\/wp-content\/uploads\/Guerriero-Mara\u00f1a-mailing-768x768.jpg 768w, https:\/\/fcmanrique.org\/wp-content\/uploads\/Guerriero-Mara\u00f1a-mailing-1024x1024.jpg 1024w, https:\/\/fcmanrique.org\/wp-content\/uploads\/Guerriero-Mara\u00f1a-mailing-246x246.jpg 246w\" sizes=\"auto, (max-width: 1200px) 100vw, 1200px\" \/><\/a><\/p>","protected":false},"excerpt":{"rendered":"<p>Leider ist der Eintrag nur auf ES verf\u00fcgbar.La Fundaci\u00f3n C\u00e9sar Manrique retom\u00f3 su actividad en el centenario despu\u00e9s del verano con otra sesi\u00f3n del ciclo Democracia y periodismo en su laberinto, con una conversaci\u00f3n entre los periodistas Alberto Acosta y Teresa C\u00e1rdenes con Leila Guerriero y Jes\u00fas Mara\u00f1a, bajo el t\u00edtulo Presente y futuro del&#8230; <a href=\"https:\/\/fcmanrique.org\/de\/fcm-c-acti-celebrada\/guerriero-y-marana\/\" class=\"readmore\">Contin\u00faa leyendo \u2192<\/a><\/p>\n","protected":false},"featured_media":20308,"parent":0,"template":"","meta":{"_acf_changed":false,"ngg_post_thumbnail":0,"footnotes":""},"class_list":["post-20307","fcm_c_acti_celebrada","type-fcm_c_acti_celebrada","status-publish","has-post-thumbnail","hentry","c_acti_celebrada_categoria-dialogo"],"acf":[],"_links":{"self":[{"href":"https:\/\/fcmanrique.org\/de\/wp-json\/wp\/v2\/fcm_c_acti_celebrada\/20307","targetHints":{"allow":["GET"]}}],"collection":[{"href":"https:\/\/fcmanrique.org\/de\/wp-json\/wp\/v2\/fcm_c_acti_celebrada"}],"about":[{"href":"https:\/\/fcmanrique.org\/de\/wp-json\/wp\/v2\/types\/fcm_c_acti_celebrada"}],"version-history":[{"count":4,"href":"https:\/\/fcmanrique.org\/de\/wp-json\/wp\/v2\/fcm_c_acti_celebrada\/20307\/revisions"}],"predecessor-version":[{"id":20680,"href":"https:\/\/fcmanrique.org\/de\/wp-json\/wp\/v2\/fcm_c_acti_celebrada\/20307\/revisions\/20680"}],"wp:featuredmedia":[{"embeddable":true,"href":"https:\/\/fcmanrique.org\/de\/wp-json\/wp\/v2\/media\/20308"}],"wp:attachment":[{"href":"https:\/\/fcmanrique.org\/de\/wp-json\/wp\/v2\/media?parent=20307"}],"curies":[{"name":"wp","href":"https:\/\/api.w.org\/{rel}","templated":true}]}}