{"id":20471,"date":"2019-09-20T08:21:56","date_gmt":"2019-09-20T08:21:56","guid":{"rendered":"https:\/\/fcmanrique.org\/?post_type=fcm_c_acti_celebrada&#038;p=20471"},"modified":"2019-10-17T15:26:20","modified_gmt":"2019-10-17T15:26:20","slug":"libro-pepin","status":"publish","type":"fcm_c_acti_celebrada","link":"https:\/\/fcmanrique.org\/de\/fcm-c-acti-celebrada\/libro-pepin\/","title":{"rendered":"&#8220;Es dif\u00edcil imaginar que C\u00e9sar Manrique hubiera hecho lo que hizo en Lanzarote si no hubiera estado Pep\u00edn Ram\u00edrez en el Cabildo&#8220;"},"content":{"rendered":"<p class=\"qtranxs-available-languages-message qtranxs-available-languages-message-de\">Leider ist der Eintrag nur auf <a href=\"https:\/\/fcmanrique.org\/es\/wp-json\/wp\/v2\/fcm_c_acti_celebrada\/20471\" class=\"qtranxs-available-language-link qtranxs-available-language-link-es\" title=\"ES\">ES<\/a> verf\u00fcgbar.<\/p><p>El director de la Fundaci\u00f3n C\u00e9sar Manrique, Fernando G\u00f3mez Aguilera, abri\u00f3 el acto de presentaci\u00f3n del libro <i>Pep\u00edn Ram\u00edrez: el hombre que convirti\u00f3 a Manrique en C\u00e9sar<\/i>, el d\u00eda 19 de septiembre, se\u00f1alando que Jos\u00e9 Ram\u00edrez Cerd\u00e1 \u201crompi\u00f3 con el pasado estancado de Lanzarote\u201d. El periodista Gregorio Cabrera, que ha escrito el pr\u00f3logo del sexto libro de la colecci\u00f3n Islas de memoria, titulado <i>\u201c\u00bfQu\u00e9 mal hicieron las piedras?\u201d<\/i>, dijo en su presentaci\u00f3n que la labor de Pep\u00edn Ram\u00edrez y C\u00e9sar Manrique consisti\u00f3 en primer lugar en elevar la autoestima de los lanzarote\u00f1os poniendo la Isla en valor y lo compar\u00f3 con el fen\u00f3meno que est\u00e1 ocurriendo ahora en Gran Canaria con el nombramiento de Risco Ca\u00eddo como Patrimonio de la Humanidad \u201cporque hace que la gente lo valore m\u00e1s\u201d. Habl\u00f3 de \u201corgullo volc\u00e1nico\u201d y de la peculiaridad del paisaje de Lanzarote. \u201cUstedes cuiden sus \u00e1rboles que nosotros cuidaremos nuestras piedras\u201d, se\u00f1al\u00f3, en palabras de un campesino.<\/p>\n<p><a href=\"https:\/\/fcmanrique.org\/wp-content\/uploads\/fc-manrique-presentacion-libro-pepin-ramirez5.jpg\"><img loading=\"lazy\" decoding=\"async\" class=\"alignnone size-full wp-image-20477\" src=\"https:\/\/fcmanrique.org\/wp-content\/uploads\/fc-manrique-presentacion-libro-pepin-ramirez5.jpg\" alt=\"\" width=\"920\" height=\"594\" srcset=\"https:\/\/fcmanrique.org\/wp-content\/uploads\/fc-manrique-presentacion-libro-pepin-ramirez5.jpg 920w, https:\/\/fcmanrique.org\/wp-content\/uploads\/fc-manrique-presentacion-libro-pepin-ramirez5-300x194.jpg 300w, https:\/\/fcmanrique.org\/wp-content\/uploads\/fc-manrique-presentacion-libro-pepin-ramirez5-768x496.jpg 768w, https:\/\/fcmanrique.org\/wp-content\/uploads\/fc-manrique-presentacion-libro-pepin-ramirez5-289x187.jpg 289w\" sizes=\"auto, (max-width: 920px) 100vw, 920px\" \/><\/a><em>Gregorio Cabrera<\/em><\/p>\n<p>El autor del libro, el periodista Sa\u00fal Garc\u00eda, explic\u00f3 primero el proceso de documentaci\u00f3n y escritura del libro, explicando que no se trataba de un trabajo acad\u00e9mico, sino de una biograf\u00eda que alterna episodios de la vida y del trabajo del pol\u00edtico lanzarote\u00f1o. \u201cEs un libro para que sea le\u00eddo como una historia, como una novela\u201d. \u201cNo me quer\u00eda quedar solo en el trabajo p\u00fablico porque, si queremos saber c\u00f3mo se pudo transformar una isla, es relevante conocer las facilidades o dificultades que tuvieron\u201d. Y C\u00e9sar y Pep\u00edn tuvieron que superar varias barreras. \u201cCon la creaci\u00f3n de los Centros y la elecci\u00f3n de su amigo C\u00e9sar hubo muchas cr\u00edticas iniciales. Le dec\u00edan que se pod\u00eda gastar el dinero en otras cosas, con la de necesidades que hab\u00eda\u201d, asegur\u00f3.<\/p>\n<p>\u201cMe encontr\u00e9, en l\u00edneas generales, a la persona que me hab\u00edan dibujado \u2013afirm\u00f3- pero mucho m\u00e1s interesante. Jos\u00e9 Ram\u00edrez fue, o es, todo un personaje\u201d. Tambi\u00e9n afirm\u00f3 que Jos\u00e9 Ram\u00edrez fue un pol\u00edtico durante el franquismo aunque no fue un pol\u00edtico franquista. \u201cSi sus motivaciones para ocupar un cargo p\u00fablico estaban relacionadas con el poder, era por la capacidad de transformar la Isla en que naci\u00f3\u201d.<\/p>\n<p><a href=\"https:\/\/fcmanrique.org\/wp-content\/uploads\/fc-manrique-presentacion-libro-pepin-ramirez1.jpg\"><img loading=\"lazy\" decoding=\"async\" class=\"alignnone size-full wp-image-20473\" src=\"https:\/\/fcmanrique.org\/wp-content\/uploads\/fc-manrique-presentacion-libro-pepin-ramirez1.jpg\" alt=\"\" width=\"920\" height=\"602\" srcset=\"https:\/\/fcmanrique.org\/wp-content\/uploads\/fc-manrique-presentacion-libro-pepin-ramirez1.jpg 920w, https:\/\/fcmanrique.org\/wp-content\/uploads\/fc-manrique-presentacion-libro-pepin-ramirez1-300x196.jpg 300w, https:\/\/fcmanrique.org\/wp-content\/uploads\/fc-manrique-presentacion-libro-pepin-ramirez1-768x503.jpg 768w, https:\/\/fcmanrique.org\/wp-content\/uploads\/fc-manrique-presentacion-libro-pepin-ramirez1-289x189.jpg 289w\" sizes=\"auto, (max-width: 920px) 100vw, 920px\" \/><\/a><em>Sa\u00fal Garc\u00eda<\/em><\/p>\n<p>Desgran\u00f3 la biograf\u00eda de Jos\u00e9 Ram\u00edrez Cerd\u00e1, sus virtudes, sus aficiones -como el ajedrez y la pesca-, y sus preocupaciones, fundamentalmente la de mejorar la educaci\u00f3n en la Isla, duplicando el n\u00famero de escuelas cuando fue alcalde de la capital ente 1955 y 1960. De esa etapa tambi\u00e9n destac\u00f3 el saneamiento econ\u00f3mico de la instituci\u00f3n y la creaci\u00f3n del parque que hoy lleva su nombre y que fue la primera colaboraci\u00f3n con C\u00e9sar Manrique. Se\u00f1al\u00f3 que tuvo dotes de mando, liderazgo natural y capacidad de organizaci\u00f3n. \u201cSab\u00eda c\u00f3mo motivar a la gente y c\u00f3mo elegir a la persona id\u00f3nea para el puesto adecuado. Esa era su mejor virtud\u201d.<\/p>\n<p>Para Garc\u00eda, si Lanzarote fuera una pel\u00edcula, el director ser\u00eda C\u00e9sar Manrique, pero el productor ser\u00eda Pep\u00edn Ram\u00edrez. Su objetivo en el Cabildo fue el de modernizar la isla, hacerlo a trav\u00e9s de la industria tur\u00edstica y hacerlo con la colaboraci\u00f3n de Manrique y con una planificaci\u00f3n. Para ello tuvo que sanear el Cabildo, por lo que destituy\u00f3 al interventor y al depositario, que se vieron envueltos en un proceso penal que acab\u00f3 en una condena de c\u00e1rcel para ambos porque faltaba dinero de las cuentas de la instituci\u00f3n. Este episodio fue vital para que los cargos p\u00fablicos de Gran Canaria y Madrid pusieran su confianza en \u00e9l. Tambi\u00e9n fue clave la creaci\u00f3n de una empresa p\u00fablica, V\u00edas y Obras, que pas\u00f3 de tener doce trabajadores, a m\u00e1s de 300, y realiz\u00f3 las obras que licitaba el Gobierno para poder destinar el ahorro, gracias a una buena gesti\u00f3n, a las obras de car\u00e1cter tur\u00edstico. \u201cY adem\u00e1s hab\u00eda un intangible, la motivaci\u00f3n de los trabajadores, ya que les hacen ver que son part\u00edcipes de algo grande, con el est\u00edmulo de C\u00e9sar\u201d. En 1968 el Cabildo hizo balance del dinero que hab\u00eda aportado de sus propios fondos para obras de car\u00e1cter tur\u00edstico y el resultado fue que en cinco a\u00f1os hab\u00eda conseguido liberar catorce millones cuatrocientas mil pesetas, que era tanto como el presupuesto de todo el Cabildo en 1964.<\/p>\n<p><a href=\"https:\/\/fcmanrique.org\/wp-content\/uploads\/fc-manrique-presentacion-libro-pepin-ramirez3.jpg\"><img loading=\"lazy\" decoding=\"async\" class=\"alignnone size-full wp-image-20475\" src=\"https:\/\/fcmanrique.org\/wp-content\/uploads\/fc-manrique-presentacion-libro-pepin-ramirez3.jpg\" alt=\"\" width=\"920\" height=\"597\" srcset=\"https:\/\/fcmanrique.org\/wp-content\/uploads\/fc-manrique-presentacion-libro-pepin-ramirez3.jpg 920w, https:\/\/fcmanrique.org\/wp-content\/uploads\/fc-manrique-presentacion-libro-pepin-ramirez3-300x195.jpg 300w, https:\/\/fcmanrique.org\/wp-content\/uploads\/fc-manrique-presentacion-libro-pepin-ramirez3-768x498.jpg 768w, https:\/\/fcmanrique.org\/wp-content\/uploads\/fc-manrique-presentacion-libro-pepin-ramirez3-289x188.jpg 289w\" sizes=\"auto, (max-width: 920px) 100vw, 920px\" \/><\/a><em>Sa\u00fal Garc\u00eda y Jos\u00e9 Juan Ram\u00edrez<\/em><\/p>\n<p>La planificaci\u00f3n y el orden fue una caracter\u00edstica. En marzo de 1963, cuando a\u00fan no se hab\u00eda levantado el primer hotel, Pep\u00edn propuso crear una oficina de turismo desde donde se impulsara y orientara la corriente tur\u00edstica, en 1967 se aprob\u00f3 el Reglamento de Defensa del Paisaje y de la Arquitectura Popular Lanzarote\u00f1a, las normas subsidiarias en 1970 y el Plan Insular en 1973 que no fue vinculante porque no exist\u00eda esa figura.<\/p>\n<p>Garc\u00eda dijo que la historia de Pep\u00edn tambi\u00e9n es una historia de amistad con C\u00e9sar y que conservarla fue uno de sus grandes m\u00e9ritos. \u201cFueron juntos al colegio, al instituto, a la guerra, su amistad se fue reforzando\u201d. Dijo que la historia de Pep\u00edn habla de constancia, de amistad, determinaci\u00f3n, valent\u00eda, de trabajo en equipo, de perseguir una idea para que cristalice, de b\u00fasqueda del bien com\u00fan y la importancia de la iniciativa p\u00fablica, adem\u00e1s de hablar de originalidad (\u201cLanzarote est\u00e1 para ser copiada\u201d) y de honradez. \u201cA Jos\u00e9 Ram\u00edrez Cerd\u00e1 no hac\u00eda falta que nadie le dijera lo que estaba mal porque era una persona honrada, lo que nos dice es que la \u00e9tica tiene premio\u201d.<\/p>\n<p><a href=\"https:\/\/fcmanrique.org\/wp-content\/uploads\/fc-manrique-presentacion-libro-pepin-ramirez4.jpg\"><img loading=\"lazy\" decoding=\"async\" class=\"alignnone size-full wp-image-20476\" src=\"https:\/\/fcmanrique.org\/wp-content\/uploads\/fc-manrique-presentacion-libro-pepin-ramirez4.jpg\" alt=\"\" width=\"920\" height=\"618\" srcset=\"https:\/\/fcmanrique.org\/wp-content\/uploads\/fc-manrique-presentacion-libro-pepin-ramirez4.jpg 920w, https:\/\/fcmanrique.org\/wp-content\/uploads\/fc-manrique-presentacion-libro-pepin-ramirez4-300x202.jpg 300w, https:\/\/fcmanrique.org\/wp-content\/uploads\/fc-manrique-presentacion-libro-pepin-ramirez4-768x516.jpg 768w, https:\/\/fcmanrique.org\/wp-content\/uploads\/fc-manrique-presentacion-libro-pepin-ramirez4-289x194.jpg 289w\" sizes=\"auto, (max-width: 920px) 100vw, 920px\" \/><\/a><em>Gregorio Cabrera y Sa\u00fal Garc\u00eda<\/em><\/p>\n<p>Termin\u00f3 explicando el t\u00edtulo del libro. Seg\u00fan Sa\u00fal Garc\u00eda, para el pueblo de Lanzarote, C\u00e9sar es C\u00e9sar, sin apellido. Lo perdi\u00f3 porque empez\u00f3 a intervenir en la naturaleza y a transformar no solo la Isla, desde el punto de vista del desarrollo, sino el propio concepto de isla que ten\u00edan sus habitantes\u201d y se convirti\u00f3 en un mito gracias a las obras que hizo con el Cabildo mientras estuvo en la presidencia Pep\u00edn Ram\u00edrez. \u201cEs dif\u00edcil imaginar que hubiera hecho lo mismo con otra persona o que hubiera vuelto de Nueva York si no hubiera estado su amigo en el Cabildo. C\u00e9sar hubiera sido un artista de todas formas, un genio, pero quiz\u00e1 no se habr\u00eda conocido como &#8218;C\u00e9sar&#8216;, sino que habr\u00eda conservado el apellido\u201d, concluy\u00f3.<\/p>\n<p><a href=\"https:\/\/fcmanrique.org\/wp-content\/uploads\/fc-manrique-presentacion-libro-pepin-ramirez2.jpg\"><img loading=\"lazy\" decoding=\"async\" class=\"alignnone size-full wp-image-20474\" src=\"https:\/\/fcmanrique.org\/wp-content\/uploads\/fc-manrique-presentacion-libro-pepin-ramirez2.jpg\" alt=\"\" width=\"920\" height=\"581\" srcset=\"https:\/\/fcmanrique.org\/wp-content\/uploads\/fc-manrique-presentacion-libro-pepin-ramirez2.jpg 920w, https:\/\/fcmanrique.org\/wp-content\/uploads\/fc-manrique-presentacion-libro-pepin-ramirez2-300x189.jpg 300w, https:\/\/fcmanrique.org\/wp-content\/uploads\/fc-manrique-presentacion-libro-pepin-ramirez2-768x485.jpg 768w, https:\/\/fcmanrique.org\/wp-content\/uploads\/fc-manrique-presentacion-libro-pepin-ramirez2-289x183.jpg 289w\" sizes=\"auto, (max-width: 920px) 100vw, 920px\" \/><\/a><\/p>\n<p><a href=\"https:\/\/fcmanrique.org\/wp-content\/uploads\/fc-manrique-presentacion-libro-jose-ramirez-cerda.pdf\">M\u00e1s informaci\u00f3n sobre la presentaci\u00f3n del libro sobre Jos\u00e9 Ram\u00edrez Cerd\u00e1<\/a><\/p>\n<p><a href=\"https:\/\/fcmanrique.org\/fcm-video\/presentacion-libropepin-ramirez-el-hombre-que-convirtio-a-manrique-en-cesar-19-septiembre\/?lang=es\">Acceder al v\u00eddeo de la presentaci\u00f3n del libro<\/a><\/p>\n<p><a href=\"https:\/\/fcmanrique.org\/wp-content\/uploads\/fc-manrique-invitacion-libro-pepin-cesar.jpg\"><img loading=\"lazy\" decoding=\"async\" class=\"alignnone size-full wp-image-20394\" src=\"https:\/\/fcmanrique.org\/wp-content\/uploads\/fc-manrique-invitacion-libro-pepin-cesar.jpg\" alt=\"\" width=\"1200\" height=\"1200\" srcset=\"https:\/\/fcmanrique.org\/wp-content\/uploads\/fc-manrique-invitacion-libro-pepin-cesar.jpg 1200w, https:\/\/fcmanrique.org\/wp-content\/uploads\/fc-manrique-invitacion-libro-pepin-cesar-150x150.jpg 150w, https:\/\/fcmanrique.org\/wp-content\/uploads\/fc-manrique-invitacion-libro-pepin-cesar-300x300.jpg 300w, https:\/\/fcmanrique.org\/wp-content\/uploads\/fc-manrique-invitacion-libro-pepin-cesar-768x768.jpg 768w, https:\/\/fcmanrique.org\/wp-content\/uploads\/fc-manrique-invitacion-libro-pepin-cesar-1024x1024.jpg 1024w, https:\/\/fcmanrique.org\/wp-content\/uploads\/fc-manrique-invitacion-libro-pepin-cesar-246x246.jpg 246w\" sizes=\"auto, (max-width: 1200px) 100vw, 1200px\" \/><\/a><\/p>","protected":false},"excerpt":{"rendered":"<p>Leider ist der Eintrag nur auf ES verf\u00fcgbar.El director de la Fundaci\u00f3n C\u00e9sar Manrique, Fernando G\u00f3mez Aguilera, abri\u00f3 el acto de presentaci\u00f3n del libro Pep\u00edn Ram\u00edrez: el hombre que convirti\u00f3 a Manrique en C\u00e9sar, el d\u00eda 19 de septiembre, se\u00f1alando que Jos\u00e9 Ram\u00edrez Cerd\u00e1 \u201crompi\u00f3 con el pasado estancado de Lanzarote\u201d. El periodista Gregorio Cabrera,&#8230; <a href=\"https:\/\/fcmanrique.org\/de\/fcm-c-acti-celebrada\/libro-pepin\/\" class=\"readmore\">Contin\u00faa leyendo \u2192<\/a><\/p>\n","protected":false},"featured_media":20472,"parent":0,"template":"","meta":{"_acf_changed":false,"ngg_post_thumbnail":0,"footnotes":""},"class_list":["post-20471","fcm_c_acti_celebrada","type-fcm_c_acti_celebrada","status-publish","has-post-thumbnail","hentry","c_acti_celebrada_categoria-presentacion-libro"],"acf":[],"_links":{"self":[{"href":"https:\/\/fcmanrique.org\/de\/wp-json\/wp\/v2\/fcm_c_acti_celebrada\/20471","targetHints":{"allow":["GET"]}}],"collection":[{"href":"https:\/\/fcmanrique.org\/de\/wp-json\/wp\/v2\/fcm_c_acti_celebrada"}],"about":[{"href":"https:\/\/fcmanrique.org\/de\/wp-json\/wp\/v2\/types\/fcm_c_acti_celebrada"}],"version-history":[{"count":6,"href":"https:\/\/fcmanrique.org\/de\/wp-json\/wp\/v2\/fcm_c_acti_celebrada\/20471\/revisions"}],"predecessor-version":[{"id":20683,"href":"https:\/\/fcmanrique.org\/de\/wp-json\/wp\/v2\/fcm_c_acti_celebrada\/20471\/revisions\/20683"}],"wp:featuredmedia":[{"embeddable":true,"href":"https:\/\/fcmanrique.org\/de\/wp-json\/wp\/v2\/media\/20472"}],"wp:attachment":[{"href":"https:\/\/fcmanrique.org\/de\/wp-json\/wp\/v2\/media?parent=20471"}],"curies":[{"name":"wp","href":"https:\/\/api.w.org\/{rel}","templated":true}]}}