{"id":20893,"date":"2019-11-12T09:19:23","date_gmt":"2019-11-12T09:19:23","guid":{"rendered":"https:\/\/fcmanrique.org\/?post_type=fcm_c_acti_celebrada&#038;p=20893"},"modified":"2019-11-26T10:54:08","modified_gmt":"2019-11-26T10:54:08","slug":"gabilondo-y-cirac","status":"publish","type":"fcm_c_acti_celebrada","link":"https:\/\/fcmanrique.org\/de\/fcm-c-acti-celebrada\/gabilondo-y-cirac\/","title":{"rendered":"Juan Ignacio Cirac: &#8222;Las aplicaciones m\u00e1s importantes de la f\u00edsica cu\u00e1ntica a\u00fan no las conocemos&#8220;"},"content":{"rendered":"<p class=\"qtranxs-available-languages-message qtranxs-available-languages-message-de\">Leider ist der Eintrag nur auf <a href=\"https:\/\/fcmanrique.org\/es\/wp-json\/wp\/v2\/fcm_c_acti_celebrada\/20893\" class=\"qtranxs-available-language-link qtranxs-available-language-link-es\" title=\"ES\">ES<\/a> verf\u00fcgbar.<\/p><p>La conversaci\u00f3n entre I\u00f1aki Gabilondo y Juan Ignacio Cirac, el d\u00eda 11 de noviembre, fue la \u00faltima de las cuatro conversaciones de futuro dirigidas por el periodista durante los actos del centenario. El director de la Fundaci\u00f3n C\u00e9sar Manrique, Fernando G\u00f3mez Aguilera, agradeci\u00f3 a Gabilondo su participaci\u00f3n por estas \u201ccuatro jornadas que permanecer\u00e1n en nuestra memoria\u201d y dio paso a la conversaci\u00f3n afirmando que se producen en un contexto de cambio de ciclo hist\u00f3rico, donde \u201chasta la noci\u00f3n de ser humano est\u00e1 en proceso de cuesti\u00f3n\u201d y se est\u00e1n \u201crepensando los par\u00e1metros de nuestra humanidad\u201d.<\/p>\n<p><a href=\"https:\/\/fcmanrique.org\/wp-content\/uploads\/fc-manrique-i\u00f1aki-gabilondo-ignacio-cirac1.jpg\"><img loading=\"lazy\" decoding=\"async\" class=\"alignnone size-full wp-image-20897\" src=\"https:\/\/fcmanrique.org\/wp-content\/uploads\/fc-manrique-i\u00f1aki-gabilondo-ignacio-cirac1.jpg\" alt=\"\" width=\"920\" height=\"592\" srcset=\"https:\/\/fcmanrique.org\/wp-content\/uploads\/fc-manrique-i\u00f1aki-gabilondo-ignacio-cirac1.jpg 920w, https:\/\/fcmanrique.org\/wp-content\/uploads\/fc-manrique-i\u00f1aki-gabilondo-ignacio-cirac1-300x193.jpg 300w, https:\/\/fcmanrique.org\/wp-content\/uploads\/fc-manrique-i\u00f1aki-gabilondo-ignacio-cirac1-768x494.jpg 768w, https:\/\/fcmanrique.org\/wp-content\/uploads\/fc-manrique-i\u00f1aki-gabilondo-ignacio-cirac1-289x186.jpg 289w\" sizes=\"auto, (max-width: 920px) 100vw, 920px\" \/><\/a><\/p>\n<p>Gabilondo present\u00f3 a Cirac, director del Instituto Max Planck e investigador en f\u00edsica cu\u00e1ntica, como una persona de la que el p\u00fablico va a estar muy contento de haber conocido, una tarde en la Fundaci\u00f3n C\u00e9sar Manrique, y que trabaja en el territorio -el de lo cu\u00e1ntico-, donde reside hoy la mayor capacidad de sorpresa. Lo cu\u00e1ntico es lo peque\u00f1o de lo peque\u00f1o. No se puede ver ni con microscopio. Cirac dijo que es un mundo extra\u00f1o pero no es complicado. Para imaginar su tama\u00f1o puso un ejemplo: \u201cSi inflo un \u00e1tomo, y me inflo yo mismo a la vez, cuando el \u00e1tomo sea visible yo tendr\u00eda el tama\u00f1o de todo el sistema solar\u201d. Cada uno de nosotros estamos formados, aproximadamente, por una cantidad de \u00e1tomos que se representa con una cifra con un uno seguido de treinta ceros.<\/p>\n<p>Pero no solo son peque\u00f1os sino que se comportan de otra forma. \u201cAunque parece magia, las leyes de la cu\u00e1ntica no se parecen a las del mundo f\u00edsico\u201d. Cada part\u00edcula puede estar en dos lugares simult\u00e1neamente, o moverse en direcciones opuestas. Sus propiedades est\u00e1n difusas y pueden estar tambi\u00e9n en todos los estados a la vez. Eso si no son observados, porque al observarlos cambian. Cirac explic\u00f3 la paradoja del gato de Schr\u00f6dinger, que puede estar al mismo tiempo vivo y muerto dentro de una caja, pero si se abre la caja estar\u00e1 vivo o muerto, y, que est\u00e9 en un estado u otro es una cuesti\u00f3n totalmente aleatoria. \u201cEsto Einstein no se lo cre\u00eda\u201d, dijo Cirac. \u201c\u00bfY les pasa a todos los \u00e1tomos?\u201d, pregunt\u00f3 Gabilondo. \u201cS\u00f3lo les pasa a los \u00e1tomos aislados\u201d.<\/p>\n<p><a href=\"https:\/\/fcmanrique.org\/wp-content\/uploads\/fc-manrique-i\u00f1aki-gabilondo-ignacio-cirac2.jpg\"><img loading=\"lazy\" decoding=\"async\" class=\"alignnone size-full wp-image-20898\" src=\"https:\/\/fcmanrique.org\/wp-content\/uploads\/fc-manrique-i\u00f1aki-gabilondo-ignacio-cirac2.jpg\" alt=\"\" width=\"920\" height=\"591\" srcset=\"https:\/\/fcmanrique.org\/wp-content\/uploads\/fc-manrique-i\u00f1aki-gabilondo-ignacio-cirac2.jpg 920w, https:\/\/fcmanrique.org\/wp-content\/uploads\/fc-manrique-i\u00f1aki-gabilondo-ignacio-cirac2-300x193.jpg 300w, https:\/\/fcmanrique.org\/wp-content\/uploads\/fc-manrique-i\u00f1aki-gabilondo-ignacio-cirac2-768x493.jpg 768w, https:\/\/fcmanrique.org\/wp-content\/uploads\/fc-manrique-i\u00f1aki-gabilondo-ignacio-cirac2-289x186.jpg 289w\" sizes=\"auto, (max-width: 920px) 100vw, 920px\" \/><\/a><em>I\u00f1aki Gabilondo en la sede de la Fundaci\u00f3n C\u00e9sar Manrique<\/em><\/p>\n<p>\u00bfQu\u00e9 es el ordenador cu\u00e1ntico? Ser\u00eda un ordenador que utilice este tipo de \u00e1tomos aislados. Como hacen dos cosas al mismo tiempo, si tiene 300 \u00e1tomos podr\u00e1 hacer c\u00e1lculos con una cifra que es dos elevado a trescientos, \u201cm\u00e1s que el n\u00famero de part\u00edculas que tiene el universo\u201d. Esto se lo contaba Cirac a su abuela, que le dec\u00eda: \u201cEst\u00e1 muy bien pero no se lo cuentes a nadie\u201d. \u00bfY d\u00f3nde est\u00e1 la frontera entre un mundo y otro? Pues la frontera no depende tanto del tama\u00f1o, sino de la capacidad de aislar los \u00e1tomos. Hasta ahora se pueden aislar unos cien y ya hay ordenadores con 53 \u00e1tomos que ya han hecho operaciones, aunque de momento no resuelvan nada. \u201cEst\u00e1n lejos de conseguir lo que creemos que pueden hacer porque no est\u00e1n completamente aislados\u201d. En cualquier caso, la diferencia es de tiempo. Har\u00e1n lo mismo que un ordenador pero en mucho menos tiempo. Tanto como la comparaci\u00f3n entre una hora y la edad del universo. Sobre \u00e9l ya est\u00e1n trabajando empresas como google, IBM y otras. Su desarrollo lo compar\u00f3 con el del avi\u00f3n, que tuvo un periodo de entre 30 y 40 a\u00f1os entre el primer vuelo y el primer vuelto comercial. \u201cQuiz\u00e1 pase lo mismo\u201d. Su utilidad no ser\u00e1 como la de un ordenador personal sino que har\u00e1 c\u00e1lculos complicados de meteorolog\u00eda, farmacia, infraestructuras o materiales, entre otras cosas. \u201cPodr\u00e1 desarrollar tecnolog\u00edas que hoy no son posibles\u201d. Podr\u00e1 descifrar cualquier mensaje encriptado y por tanto, de esta forma, las comunicaciones dejar\u00edan de ser seguras, pero tambi\u00e9n podr\u00eda pasar lo contrario, porque la informaci\u00f3n podr\u00e1 desaparecer de un lugar para aparecer en otro sin pasar por el medio, y esto, el teletransporte cu\u00e1ntico, har\u00e1 que esa informaci\u00f3n sea indetectable. China ya invierte diez veces m\u00e1s que Estados Unidos y cincuenta veces m\u00e1s que Europa.<\/p>\n<p><a href=\"https:\/\/fcmanrique.org\/wp-content\/uploads\/fc-manrique-i\u00f1aki-gabilondo-ignacio-cirac3.jpg\"><img loading=\"lazy\" decoding=\"async\" class=\"alignnone size-full wp-image-20899\" src=\"https:\/\/fcmanrique.org\/wp-content\/uploads\/fc-manrique-i\u00f1aki-gabilondo-ignacio-cirac3.jpg\" alt=\"\" width=\"920\" height=\"611\" srcset=\"https:\/\/fcmanrique.org\/wp-content\/uploads\/fc-manrique-i\u00f1aki-gabilondo-ignacio-cirac3.jpg 920w, https:\/\/fcmanrique.org\/wp-content\/uploads\/fc-manrique-i\u00f1aki-gabilondo-ignacio-cirac3-300x199.jpg 300w, https:\/\/fcmanrique.org\/wp-content\/uploads\/fc-manrique-i\u00f1aki-gabilondo-ignacio-cirac3-768x510.jpg 768w, https:\/\/fcmanrique.org\/wp-content\/uploads\/fc-manrique-i\u00f1aki-gabilondo-ignacio-cirac3-289x192.jpg 289w\" sizes=\"auto, (max-width: 920px) 100vw, 920px\" \/><\/a><em>Juan Ignacio Cirac en la sede de la Fundaci\u00f3n C\u00e9sar Manrique<\/em><\/p>\n<p>Cirac dirige el Instituto Max Planck en Alemania, donde trabajan personas de unas treinta nacionalidades diferentes. Ahora trata de dise\u00f1ar c\u00f3mo debe ser el software de estos ordenadores. Busca algoritmos para saber c\u00f3mo programarlos. Cirac es hijo de un profesor de lat\u00edn y griego, y una profesora de matem\u00e1ticas y Gabilondo le pregunt\u00f3 por esa confluencia entre la ciencia y las humanidades, que \u00e9l extiende a sus compa\u00f1eros. \u201cLo veo en mis colegas. Todo tiene que tener por objetivo que la humanidad mejore\u201d, dijo. Revel\u00f3 que se hace muchas preguntas filos\u00f3ficas, como qu\u00e9 quiere decir que los objetos no tengan sus propiedades definidas, \u201cque es como decir que el libro de nuestra vida no est\u00e1 escrito y seg\u00fan lo miramos se va escribiendo\u201d, o qu\u00e9 hay m\u00e1s all\u00e1, de qu\u00e9 estamos hechos, qu\u00e9 hab\u00eda antes&#8230; Le sigue sorprendiendo como cient\u00edfico \u201cque la realidad no est\u00e9 tan clara\u201d.<\/p>\n<p><a href=\"https:\/\/fcmanrique.org\/wp-content\/uploads\/fc-manrique-i\u00f1aki-gabilondo-ignacio-cirac4.jpg\"><img loading=\"lazy\" decoding=\"async\" class=\"alignnone size-full wp-image-20900\" src=\"https:\/\/fcmanrique.org\/wp-content\/uploads\/fc-manrique-i\u00f1aki-gabilondo-ignacio-cirac4.jpg\" alt=\"\" width=\"920\" height=\"622\" srcset=\"https:\/\/fcmanrique.org\/wp-content\/uploads\/fc-manrique-i\u00f1aki-gabilondo-ignacio-cirac4.jpg 920w, https:\/\/fcmanrique.org\/wp-content\/uploads\/fc-manrique-i\u00f1aki-gabilondo-ignacio-cirac4-300x203.jpg 300w, https:\/\/fcmanrique.org\/wp-content\/uploads\/fc-manrique-i\u00f1aki-gabilondo-ignacio-cirac4-768x519.jpg 768w, https:\/\/fcmanrique.org\/wp-content\/uploads\/fc-manrique-i\u00f1aki-gabilondo-ignacio-cirac4-289x195.jpg 289w\" sizes=\"auto, (max-width: 920px) 100vw, 920px\" \/><\/a><\/p>\n<p>La conversaci\u00f3n acab\u00f3 con el repaso por la situaci\u00f3n de la ciencia en Espa\u00f1a. Cirac pudo salir a estudiar al extranjero. Dice que tuvo suerte. Primero estuvo en Austria y despu\u00e9s en la Universidad de Colorado, coincidi\u00f3 con dos equipos a los que les fue concedido sendos Premios Nobel. Lleg\u00f3 a Alemania en 2001 y un a\u00f1o despu\u00e9s hubo una crisis. Los alemanes, en lugar de recortar la inversi\u00f3n, como se hizo en Espa\u00f1a en 2008, decidieron aumentarla a m\u00e1s del tres por ciento en ciencia, educaci\u00f3n y tecnolog\u00eda. Cuando lleg\u00f3 la crisis de 2008 volvieron a aumentar, en esta ocasi\u00f3n al cinco por ciento. \u201cEllos confiaban en el potencial alem\u00e1n en estos \u00e1mbitos. Es responsabilidad de toda la sociedad, que acept\u00f3 bien este aumento de presupuesto para estas \u00e1reas\u201d.<\/p>\n<p><a href=\"https:\/\/fcmanrique.org\/wp-content\/uploads\/fc-manrique-i\u00f1aki-gabilondo-ignacio-cirac5.jpg\"><img loading=\"lazy\" decoding=\"async\" class=\"alignnone size-full wp-image-20901\" src=\"https:\/\/fcmanrique.org\/wp-content\/uploads\/fc-manrique-i\u00f1aki-gabilondo-ignacio-cirac5.jpg\" alt=\"\" width=\"920\" height=\"658\" srcset=\"https:\/\/fcmanrique.org\/wp-content\/uploads\/fc-manrique-i\u00f1aki-gabilondo-ignacio-cirac5.jpg 920w, https:\/\/fcmanrique.org\/wp-content\/uploads\/fc-manrique-i\u00f1aki-gabilondo-ignacio-cirac5-300x215.jpg 300w, https:\/\/fcmanrique.org\/wp-content\/uploads\/fc-manrique-i\u00f1aki-gabilondo-ignacio-cirac5-768x549.jpg 768w, https:\/\/fcmanrique.org\/wp-content\/uploads\/fc-manrique-i\u00f1aki-gabilondo-ignacio-cirac5-289x207.jpg 289w\" sizes=\"auto, (max-width: 920px) 100vw, 920px\" \/><\/a><em>Juan Ignacio Cirac e I\u00f1aki Gabilondo en la sede de la Fundaci\u00f3n C\u00e9sar Manrique<\/em><\/p>\n<p>Lo \u00faltimo fue la utilidad de la investigaci\u00f3n. \u201cApostar\u00eda lo que fuera a que las aplicaciones m\u00e1s importantes de la f\u00edsica cu\u00e1ntica a\u00fan no las conocemos\u201d, se\u00f1al\u00f3. Lo mismo ocurri\u00f3 con los beneficioes del rayo l\u00e1ser, que sus descubridores contaron: \u201cTenemos soluci\u00f3n para un problema pero no sabemos qu\u00e9 problema es\u201d. Ahora tiene aplicaciones en medicina, defensa, comunicaciones, ingenier\u00eda civil, etc. Gabilondo cerr\u00f3 la conversaci\u00f3n recordando la definici\u00f3n personal que hac\u00eda C\u00e9sar Manrique &#8218;como contempor\u00e1neo del futuro&#8216;, como lo es o lo ser\u00e1 Cirac: \u201cNo olviden su nombre porque va a aparecer muchas veces en letra g\u00f3tica y en recuadro\u201d.<\/p>\n<p><a href=\"https:\/\/fcmanrique.org\/wp-content\/uploads\/fc-manrique-conversacion-i-gabilondo-i-cirac.pdf\">M\u00e1s informaci\u00f3n sobre la conversaci\u00f3n entre Gabilondo y Cirac<\/a><\/p>\n<p><a href=\"https:\/\/fcmanrique.org\/fcm-video\/conversacion-inaki-gabilondo-y-juan-ignacio-cirac-revolucion-tecnologica-y-computacion-cuantica-hacia-donde-vamos-11-noviembre\/?lang=es\">Acceder al v\u00eddeo de la conversaci\u00f3n<\/a><\/p>\n<p><a href=\"https:\/\/fcmanrique.org\/wp-content\/uploads\/fc-manrique-invitacion-gabilondo-cirac.jpg\"><img loading=\"lazy\" decoding=\"async\" class=\"alignnone size-full wp-image-20895\" src=\"https:\/\/fcmanrique.org\/wp-content\/uploads\/fc-manrique-invitacion-gabilondo-cirac.jpg\" alt=\"\" width=\"1200\" height=\"1200\" srcset=\"https:\/\/fcmanrique.org\/wp-content\/uploads\/fc-manrique-invitacion-gabilondo-cirac.jpg 1200w, https:\/\/fcmanrique.org\/wp-content\/uploads\/fc-manrique-invitacion-gabilondo-cirac-150x150.jpg 150w, https:\/\/fcmanrique.org\/wp-content\/uploads\/fc-manrique-invitacion-gabilondo-cirac-300x300.jpg 300w, https:\/\/fcmanrique.org\/wp-content\/uploads\/fc-manrique-invitacion-gabilondo-cirac-768x768.jpg 768w, https:\/\/fcmanrique.org\/wp-content\/uploads\/fc-manrique-invitacion-gabilondo-cirac-1024x1024.jpg 1024w, https:\/\/fcmanrique.org\/wp-content\/uploads\/fc-manrique-invitacion-gabilondo-cirac-246x246.jpg 246w\" sizes=\"auto, (max-width: 1200px) 100vw, 1200px\" \/><\/a><\/p>","protected":false},"excerpt":{"rendered":"<p>Leider ist der Eintrag nur auf ES verf\u00fcgbar.La conversaci\u00f3n entre I\u00f1aki Gabilondo y Juan Ignacio Cirac, el d\u00eda 11 de noviembre, fue la \u00faltima de las cuatro conversaciones de futuro dirigidas por el periodista durante los actos del centenario. El director de la Fundaci\u00f3n C\u00e9sar Manrique, Fernando G\u00f3mez Aguilera, agradeci\u00f3 a Gabilondo su participaci\u00f3n por&#8230; <a href=\"https:\/\/fcmanrique.org\/de\/fcm-c-acti-celebrada\/gabilondo-y-cirac\/\" class=\"readmore\">Contin\u00faa leyendo \u2192<\/a><\/p>\n","protected":false},"featured_media":20896,"parent":0,"template":"","meta":{"_acf_changed":false,"ngg_post_thumbnail":0,"footnotes":""},"class_list":["post-20893","fcm_c_acti_celebrada","type-fcm_c_acti_celebrada","status-publish","has-post-thumbnail","hentry","c_acti_celebrada_categoria-dialogo"],"acf":[],"_links":{"self":[{"href":"https:\/\/fcmanrique.org\/de\/wp-json\/wp\/v2\/fcm_c_acti_celebrada\/20893","targetHints":{"allow":["GET"]}}],"collection":[{"href":"https:\/\/fcmanrique.org\/de\/wp-json\/wp\/v2\/fcm_c_acti_celebrada"}],"about":[{"href":"https:\/\/fcmanrique.org\/de\/wp-json\/wp\/v2\/types\/fcm_c_acti_celebrada"}],"version-history":[{"count":5,"href":"https:\/\/fcmanrique.org\/de\/wp-json\/wp\/v2\/fcm_c_acti_celebrada\/20893\/revisions"}],"predecessor-version":[{"id":21230,"href":"https:\/\/fcmanrique.org\/de\/wp-json\/wp\/v2\/fcm_c_acti_celebrada\/20893\/revisions\/21230"}],"wp:featuredmedia":[{"embeddable":true,"href":"https:\/\/fcmanrique.org\/de\/wp-json\/wp\/v2\/media\/20896"}],"wp:attachment":[{"href":"https:\/\/fcmanrique.org\/de\/wp-json\/wp\/v2\/media?parent=20893"}],"curies":[{"name":"wp","href":"https:\/\/api.w.org\/{rel}","templated":true}]}}