{"id":21382,"date":"2019-12-02T08:58:15","date_gmt":"2019-12-02T08:58:15","guid":{"rendered":"https:\/\/fcmanrique.org\/?post_type=fcm_c_acti_celebrada&#038;p=21382"},"modified":"2019-12-02T09:18:29","modified_gmt":"2019-12-02T09:18:29","slug":"bosco-diaz-band-presento-su-primer-disco-conversion-en-taro-de-tahiche","status":"publish","type":"fcm_c_acti_celebrada","link":"https:\/\/fcmanrique.org\/de\/fcm-c-acti-celebrada\/bosco-diaz-band-presento-su-primer-disco-conversion-en-taro-de-tahiche\/","title":{"rendered":"Bosco D\u00edaz Band present\u00f3 su primer disco \u00abConversion\u00bb en Taro de Tah\u00edche"},"content":{"rendered":"<p class=\"qtranxs-available-languages-message qtranxs-available-languages-message-de\">Leider ist der Eintrag nur auf <a href=\"https:\/\/fcmanrique.org\/es\/wp-json\/wp\/v2\/fcm_c_acti_celebrada\/21382\" class=\"qtranxs-available-language-link qtranxs-available-language-link-es\" title=\"ES\">ES<\/a> verf\u00fcgbar.<\/p><p>La Fundaci\u00f3n C\u00e9sar Manrique (FCM) acogi\u00f3 el pasado viernes 29 de noviembre en su sede de Taro de Tah\u00edche el concierto presentaci\u00f3n del disco de Bosco D\u00edaz Band titulado \u201cCONVERSION\u201d, que contiene dos canciones dedicadas a C\u00e9sar Manrique a modo de homenaje con motivo del centenario de su nacimiento. La FCM ha participado en la producci\u00f3n del disco.<\/p>\n<p><a href=\"https:\/\/fcmanrique.org\/wp-content\/uploads\/fc-manrique-bosco-diaz-band4.jpg\"><img loading=\"lazy\" decoding=\"async\" class=\"alignnone size-full wp-image-21387\" src=\"https:\/\/fcmanrique.org\/wp-content\/uploads\/fc-manrique-bosco-diaz-band4.jpg\" alt=\"\" width=\"920\" height=\"549\" srcset=\"https:\/\/fcmanrique.org\/wp-content\/uploads\/fc-manrique-bosco-diaz-band4.jpg 920w, https:\/\/fcmanrique.org\/wp-content\/uploads\/fc-manrique-bosco-diaz-band4-300x179.jpg 300w, https:\/\/fcmanrique.org\/wp-content\/uploads\/fc-manrique-bosco-diaz-band4-768x458.jpg 768w, https:\/\/fcmanrique.org\/wp-content\/uploads\/fc-manrique-bosco-diaz-band4-289x172.jpg 289w\" sizes=\"auto, (max-width: 920px) 100vw, 920px\" \/><\/a><\/p>\n<p>\u201cCONVERSION\u201d es el t\u00edtulo del primer disco de Bosco D\u00edaz Band, compuesto por diez temas de jazz instrumental, presentado por primera vez al p\u00fablico en Taro de Tah\u00edche. Todas las canciones que conforman el CD son originales y han sido creadas por el m\u00fasico Bosco D\u00edaz. Entre ellas destacan \u201cJuguetes del viento\u201d y \u201cTaro\u201d, dos obras dedicadas a C\u00e9sar Manrique como homenaje por su centenario.<\/p>\n<p><a href=\"https:\/\/fcmanrique.org\/wp-content\/uploads\/fc-manrique-bosco-diaz-band3.jpg\"><img loading=\"lazy\" decoding=\"async\" class=\"alignnone size-full wp-image-21386\" src=\"https:\/\/fcmanrique.org\/wp-content\/uploads\/fc-manrique-bosco-diaz-band3.jpg\" alt=\"\" width=\"920\" height=\"621\" srcset=\"https:\/\/fcmanrique.org\/wp-content\/uploads\/fc-manrique-bosco-diaz-band3.jpg 920w, https:\/\/fcmanrique.org\/wp-content\/uploads\/fc-manrique-bosco-diaz-band3-300x203.jpg 300w, https:\/\/fcmanrique.org\/wp-content\/uploads\/fc-manrique-bosco-diaz-band3-768x518.jpg 768w, https:\/\/fcmanrique.org\/wp-content\/uploads\/fc-manrique-bosco-diaz-band3-289x195.jpg 289w\" sizes=\"auto, (max-width: 920px) 100vw, 920px\" \/><\/a><em>Bosco D\u00edaz <\/em><\/p>\n<p>La banda nace en 2017 para materializar las inquietudes musicales y compositivas de Bosco D\u00edaz, profesor de m\u00fasica, instrumentista y compositor, que ha explorado desde sus inicios diversos \u00e1mbitos de la m\u00fasica. As\u00ed, D\u00edaz ha pasado por orquestas cl\u00e1sicas, grupos de pop-rock, conjuntos de c\u00e1mara y otro tipo de agrupaciones hasta llegar a este \u00faltimo proyecto en el que, seg\u00fan \u00e9l mismo explica, ha querido poner de relieve no s\u00f3lo su faceta de instrumentista sino, sobre todo, la de creador.<\/p>\n<p><a href=\"https:\/\/fcmanrique.org\/wp-content\/uploads\/fc-manrique-bosco-diaz-band5.jpg\"><img loading=\"lazy\" decoding=\"async\" class=\"alignnone size-full wp-image-21388\" src=\"https:\/\/fcmanrique.org\/wp-content\/uploads\/fc-manrique-bosco-diaz-band5.jpg\" alt=\"\" width=\"920\" height=\"580\" srcset=\"https:\/\/fcmanrique.org\/wp-content\/uploads\/fc-manrique-bosco-diaz-band5.jpg 920w, https:\/\/fcmanrique.org\/wp-content\/uploads\/fc-manrique-bosco-diaz-band5-300x189.jpg 300w, https:\/\/fcmanrique.org\/wp-content\/uploads\/fc-manrique-bosco-diaz-band5-768x484.jpg 768w, https:\/\/fcmanrique.org\/wp-content\/uploads\/fc-manrique-bosco-diaz-band5-289x182.jpg 289w\" sizes=\"auto, (max-width: 920px) 100vw, 920px\" \/><\/a><\/p>\n<p>La banda del pianista y compositor lanzarote\u00f1o Bosco D\u00edaz se completa con otros cuatro m\u00fasicos: Neftal\u00ed Robaina, saxo tenor; Lucas de Mulder, guitarra el\u00e9ctrica; Acor\u00e1n Ramos, bajo el\u00e9ctrico y Luis Mateo a la bater\u00eda.<\/p>\n<p><a href=\"https:\/\/fcmanrique.org\/wp-content\/uploads\/fc-manrique-bosco-diaz-band6.jpg\"><img loading=\"lazy\" decoding=\"async\" class=\"alignnone size-full wp-image-21389\" src=\"https:\/\/fcmanrique.org\/wp-content\/uploads\/fc-manrique-bosco-diaz-band6.jpg\" alt=\"\" width=\"920\" height=\"618\" srcset=\"https:\/\/fcmanrique.org\/wp-content\/uploads\/fc-manrique-bosco-diaz-band6.jpg 920w, https:\/\/fcmanrique.org\/wp-content\/uploads\/fc-manrique-bosco-diaz-band6-300x202.jpg 300w, https:\/\/fcmanrique.org\/wp-content\/uploads\/fc-manrique-bosco-diaz-band6-768x516.jpg 768w, https:\/\/fcmanrique.org\/wp-content\/uploads\/fc-manrique-bosco-diaz-band6-289x194.jpg 289w\" sizes=\"auto, (max-width: 920px) 100vw, 920px\" \/><\/a><\/p>\n<p>La FCM, que ha colaborado en la producci\u00f3n del CD, ha programado su presentaci\u00f3n dentro del amplio calendario de actividades que viene desarrollando desde el pasado 24 de abril con motivo del centenario del nacimiento de su fundador<\/p>\n<p><a href=\"https:\/\/fcmanrique.org\/wp-content\/uploads\/fc-manrique-bosco-diaz-band2.jpg\"><img loading=\"lazy\" decoding=\"async\" class=\"alignnone size-full wp-image-21385\" src=\"https:\/\/fcmanrique.org\/wp-content\/uploads\/fc-manrique-bosco-diaz-band2.jpg\" alt=\"\" width=\"920\" height=\"607\" srcset=\"https:\/\/fcmanrique.org\/wp-content\/uploads\/fc-manrique-bosco-diaz-band2.jpg 920w, https:\/\/fcmanrique.org\/wp-content\/uploads\/fc-manrique-bosco-diaz-band2-300x198.jpg 300w, https:\/\/fcmanrique.org\/wp-content\/uploads\/fc-manrique-bosco-diaz-band2-768x507.jpg 768w, https:\/\/fcmanrique.org\/wp-content\/uploads\/fc-manrique-bosco-diaz-band2-289x191.jpg 289w\" sizes=\"auto, (max-width: 920px) 100vw, 920px\" \/><\/a><\/p>\n<p><a href=\"https:\/\/fcmanrique.org\/wp-content\/uploads\/fc-manrique-bosco-diaz-band1.jpg\"><img loading=\"lazy\" decoding=\"async\" class=\"alignnone size-full wp-image-21384\" src=\"https:\/\/fcmanrique.org\/wp-content\/uploads\/fc-manrique-bosco-diaz-band1.jpg\" alt=\"\" width=\"920\" height=\"591\" srcset=\"https:\/\/fcmanrique.org\/wp-content\/uploads\/fc-manrique-bosco-diaz-band1.jpg 920w, https:\/\/fcmanrique.org\/wp-content\/uploads\/fc-manrique-bosco-diaz-band1-300x193.jpg 300w, https:\/\/fcmanrique.org\/wp-content\/uploads\/fc-manrique-bosco-diaz-band1-768x493.jpg 768w, https:\/\/fcmanrique.org\/wp-content\/uploads\/fc-manrique-bosco-diaz-band1-289x186.jpg 289w\" sizes=\"auto, (max-width: 920px) 100vw, 920px\" \/><\/a><\/p>\n<p><a href=\"https:\/\/fcmanrique.org\/wp-content\/uploads\/fc-manrique-invitacion-bosco-diaz-band.jpg\"><img loading=\"lazy\" decoding=\"async\" class=\"alignnone size-full wp-image-21392\" src=\"https:\/\/fcmanrique.org\/wp-content\/uploads\/fc-manrique-invitacion-bosco-diaz-band.jpg\" alt=\"\" width=\"1200\" height=\"1200\" srcset=\"https:\/\/fcmanrique.org\/wp-content\/uploads\/fc-manrique-invitacion-bosco-diaz-band.jpg 1200w, https:\/\/fcmanrique.org\/wp-content\/uploads\/fc-manrique-invitacion-bosco-diaz-band-150x150.jpg 150w, https:\/\/fcmanrique.org\/wp-content\/uploads\/fc-manrique-invitacion-bosco-diaz-band-300x300.jpg 300w, https:\/\/fcmanrique.org\/wp-content\/uploads\/fc-manrique-invitacion-bosco-diaz-band-768x768.jpg 768w, https:\/\/fcmanrique.org\/wp-content\/uploads\/fc-manrique-invitacion-bosco-diaz-band-1024x1024.jpg 1024w, https:\/\/fcmanrique.org\/wp-content\/uploads\/fc-manrique-invitacion-bosco-diaz-band-246x246.jpg 246w\" sizes=\"auto, (max-width: 1200px) 100vw, 1200px\" \/><\/a><\/p>","protected":false},"excerpt":{"rendered":"<p>Leider ist der Eintrag nur auf ES verf\u00fcgbar.La Fundaci\u00f3n C\u00e9sar Manrique (FCM) acogi\u00f3 el pasado viernes 29 de noviembre en su sede de Taro de Tah\u00edche el concierto presentaci\u00f3n del disco de Bosco D\u00edaz Band titulado \u201cCONVERSION\u201d, que contiene dos canciones dedicadas a C\u00e9sar Manrique a modo de homenaje con motivo del centenario de su&#8230; <a href=\"https:\/\/fcmanrique.org\/de\/fcm-c-acti-celebrada\/bosco-diaz-band-presento-su-primer-disco-conversion-en-taro-de-tahiche\/\" class=\"readmore\">Contin\u00faa leyendo \u2192<\/a><\/p>\n","protected":false},"featured_media":21383,"parent":0,"template":"","meta":{"_acf_changed":false,"ngg_post_thumbnail":0,"footnotes":""},"class_list":["post-21382","fcm_c_acti_celebrada","type-fcm_c_acti_celebrada","status-publish","has-post-thumbnail","hentry","c_acti_celebrada_categoria-musica"],"acf":[],"_links":{"self":[{"href":"https:\/\/fcmanrique.org\/de\/wp-json\/wp\/v2\/fcm_c_acti_celebrada\/21382","targetHints":{"allow":["GET"]}}],"collection":[{"href":"https:\/\/fcmanrique.org\/de\/wp-json\/wp\/v2\/fcm_c_acti_celebrada"}],"about":[{"href":"https:\/\/fcmanrique.org\/de\/wp-json\/wp\/v2\/types\/fcm_c_acti_celebrada"}],"version-history":[{"count":5,"href":"https:\/\/fcmanrique.org\/de\/wp-json\/wp\/v2\/fcm_c_acti_celebrada\/21382\/revisions"}],"predecessor-version":[{"id":21396,"href":"https:\/\/fcmanrique.org\/de\/wp-json\/wp\/v2\/fcm_c_acti_celebrada\/21382\/revisions\/21396"}],"wp:featuredmedia":[{"embeddable":true,"href":"https:\/\/fcmanrique.org\/de\/wp-json\/wp\/v2\/media\/21383"}],"wp:attachment":[{"href":"https:\/\/fcmanrique.org\/de\/wp-json\/wp\/v2\/media?parent=21382"}],"curies":[{"name":"wp","href":"https:\/\/api.w.org\/{rel}","templated":true}]}}