{"id":21404,"date":"2019-12-09T14:56:51","date_gmt":"2019-12-09T14:56:51","guid":{"rendered":"https:\/\/fcmanrique.org\/?post_type=fcm_c_acti_celebrada&#038;p=21404"},"modified":"2019-12-10T09:11:10","modified_gmt":"2019-12-10T09:11:10","slug":"arkano-vs-yeray-rodriguez-espectaculo-de-improvisacion","status":"publish","type":"fcm_c_acti_celebrada","link":"https:\/\/fcmanrique.org\/de\/fcm-c-acti-celebrada\/arkano-vs-yeray-rodriguez-espectaculo-de-improvisacion\/","title":{"rendered":"Arkano vs. Yeray Rodr\u00edguez. Espect\u00e1culo de improvisaci\u00f3n"},"content":{"rendered":"<p class=\"qtranxs-available-languages-message qtranxs-available-languages-message-de\">Leider ist der Eintrag nur auf <a href=\"https:\/\/fcmanrique.org\/es\/wp-json\/wp\/v2\/fcm_c_acti_celebrada\/21404\" class=\"qtranxs-available-language-link qtranxs-available-language-link-es\" title=\"ES\">ES<\/a> verf\u00fcgbar.<\/p><p>Gran \u00e9xito de asistencia y de conexi\u00f3n con el p\u00fablico. La agilidad mental, la rima y el ingenio sorprendieron y entusiasmaron. El 5 de diciembre, en la sala de teatro del Cine Atl\u00e1ntida, el espect\u00e1culo de improvisaci\u00f3n &#8222;Arkano <em>vs<\/em>. Yeray Rodr\u00edguez. <em>Repentismo tradiciona<\/em>l vs. <em>Freestyle rap<\/em>\u201d, tuvo como tel\u00f3n de fondo algunas de las tem\u00e1ticas medioambientales y sociales que preocuparon a C\u00e9sar Manrique.<\/p>\n<p><a href=\"https:\/\/fcmanrique.org\/wp-content\/uploads\/fc-manrique-arkano-yeray-1.jpg\"><img loading=\"lazy\" decoding=\"async\" class=\"alignnone size-full wp-image-21406\" src=\"https:\/\/fcmanrique.org\/wp-content\/uploads\/fc-manrique-arkano-yeray-1.jpg\" alt=\"\" width=\"920\" height=\"645\" srcset=\"https:\/\/fcmanrique.org\/wp-content\/uploads\/fc-manrique-arkano-yeray-1.jpg 920w, https:\/\/fcmanrique.org\/wp-content\/uploads\/fc-manrique-arkano-yeray-1-300x210.jpg 300w, https:\/\/fcmanrique.org\/wp-content\/uploads\/fc-manrique-arkano-yeray-1-768x538.jpg 768w, https:\/\/fcmanrique.org\/wp-content\/uploads\/fc-manrique-arkano-yeray-1-289x203.jpg 289w\" sizes=\"auto, (max-width: 920px) 100vw, 920px\" \/><\/a><\/p>\n<p>Esta actividad estuvo conducida por el humorista Dar\u00edo L\u00f3pez de P\u2019alante Producciones, a quien le correspondi\u00f3 la tarea de mediar, estimular y retar a dos maestros de la improvisaci\u00f3n con diferentes estilos, unidos por la maestr\u00eda en el uso de la palabra verseada.<\/p>\n<p><a href=\"https:\/\/fcmanrique.org\/wp-content\/uploads\/fc-manrique-arkano-yeray-2.jpg\"><img loading=\"lazy\" decoding=\"async\" class=\"alignnone size-full wp-image-21409\" src=\"https:\/\/fcmanrique.org\/wp-content\/uploads\/fc-manrique-arkano-yeray-2.jpg\" alt=\"\" width=\"920\" height=\"645\" srcset=\"https:\/\/fcmanrique.org\/wp-content\/uploads\/fc-manrique-arkano-yeray-2.jpg 920w, https:\/\/fcmanrique.org\/wp-content\/uploads\/fc-manrique-arkano-yeray-2-300x210.jpg 300w, https:\/\/fcmanrique.org\/wp-content\/uploads\/fc-manrique-arkano-yeray-2-768x538.jpg 768w, https:\/\/fcmanrique.org\/wp-content\/uploads\/fc-manrique-arkano-yeray-2-289x203.jpg 289w\" sizes=\"auto, (max-width: 920px) 100vw, 920px\" \/><\/a><\/p>\n<p>La improvisaci\u00f3n de versos y los duelos entre verseadores existen pr\u00e1cticamente desde los or\u00edgenes de nuestra lengua y, a\u00fan hoy en d\u00eda, perviven multitud de tradiciones de improvisaci\u00f3n a lo largo del mundo hispanohablante. En las \u00faltimas d\u00e9cadas, el rap, en su vertiente <em>freestyle<\/em>, ha cambiado los ritmos, los acentos y las estructuras, pero el fondo sigue siendo el mismo: el ingenio, la agilidad mental y la rima.<\/p>\n<p><a href=\"https:\/\/fcmanrique.org\/wp-content\/uploads\/fc-manrique-arkano-yeray-3.jpg\"><img loading=\"lazy\" decoding=\"async\" class=\"alignnone size-full wp-image-21410\" src=\"https:\/\/fcmanrique.org\/wp-content\/uploads\/fc-manrique-arkano-yeray-3.jpg\" alt=\"\" width=\"920\" height=\"645\" srcset=\"https:\/\/fcmanrique.org\/wp-content\/uploads\/fc-manrique-arkano-yeray-3.jpg 920w, https:\/\/fcmanrique.org\/wp-content\/uploads\/fc-manrique-arkano-yeray-3-300x210.jpg 300w, https:\/\/fcmanrique.org\/wp-content\/uploads\/fc-manrique-arkano-yeray-3-768x538.jpg 768w, https:\/\/fcmanrique.org\/wp-content\/uploads\/fc-manrique-arkano-yeray-3-289x203.jpg 289w\" sizes=\"auto, (max-width: 920px) 100vw, 920px\" \/><\/a><\/p>\n<p>Yeray Rodr\u00edguez es el repentista y verseador m\u00e1s representativo de Canarias. Ha participado en los festivales y encuentros m\u00e1s importantes a nivel internacional dentro de este \u00e1mbito, compartiendo escenario con grandes artistas y m\u00fasicos. Adem\u00e1s de su actividad m\u00e1s esc\u00e9nica, es licenciado y doctor en Filolog\u00eda Hisp\u00e1nica por la Universidad de Las Palmas de Gran Canaria, en la que imparte docencia en literatura espa\u00f1ola, especializado en temas relacionados con la tradici\u00f3n oral y la literatura improvisada.<\/p>\n<p><a href=\"https:\/\/fcmanrique.org\/wp-content\/uploads\/fc-manrique-arkano-yeray-4.jpg\"><img loading=\"lazy\" decoding=\"async\" class=\"alignnone size-full wp-image-21411\" src=\"https:\/\/fcmanrique.org\/wp-content\/uploads\/fc-manrique-arkano-yeray-4.jpg\" alt=\"\" width=\"920\" height=\"1345\" srcset=\"https:\/\/fcmanrique.org\/wp-content\/uploads\/fc-manrique-arkano-yeray-4.jpg 920w, https:\/\/fcmanrique.org\/wp-content\/uploads\/fc-manrique-arkano-yeray-4-205x300.jpg 205w, https:\/\/fcmanrique.org\/wp-content\/uploads\/fc-manrique-arkano-yeray-4-768x1123.jpg 768w, https:\/\/fcmanrique.org\/wp-content\/uploads\/fc-manrique-arkano-yeray-4-700x1024.jpg 700w, https:\/\/fcmanrique.org\/wp-content\/uploads\/fc-manrique-arkano-yeray-4-168x246.jpg 168w\" sizes=\"auto, (max-width: 920px) 100vw, 920px\" \/><\/a><\/p>\n<p>Guillermo Rodr\u00edguez, m\u00e1s conocido en el mundo del rap como Arkano, es un rapero espa\u00f1ol, reconocido por ser uno de los mejores de Espa\u00f1a en la categor\u00eda de <em>freestyle<\/em> y por ser la persona con menor edad que ha ganado una final nacional de la batalla de los gallos, en 2009, con tan solo 15 a\u00f1os. Desde octubre de 2018 es, adem\u00e1s, presentador del programa \u201cRitmos urbanos\u201d en La 2 de TVE.<\/p>\n<p><a href=\"https:\/\/fcmanrique.org\/wp-content\/uploads\/fc-manrique-arkano-yeray-5.jpg\"><img loading=\"lazy\" decoding=\"async\" class=\"alignnone size-full wp-image-21412\" src=\"https:\/\/fcmanrique.org\/wp-content\/uploads\/fc-manrique-arkano-yeray-5.jpg\" alt=\"\" width=\"920\" height=\"645\" srcset=\"https:\/\/fcmanrique.org\/wp-content\/uploads\/fc-manrique-arkano-yeray-5.jpg 920w, https:\/\/fcmanrique.org\/wp-content\/uploads\/fc-manrique-arkano-yeray-5-300x210.jpg 300w, https:\/\/fcmanrique.org\/wp-content\/uploads\/fc-manrique-arkano-yeray-5-768x538.jpg 768w, https:\/\/fcmanrique.org\/wp-content\/uploads\/fc-manrique-arkano-yeray-5-289x203.jpg 289w\" sizes=\"auto, (max-width: 920px) 100vw, 920px\" \/><\/a><em>Yeray Rodr\u00edguez, Dar\u00edo L\u00f3pez, Arkano y m\u00fasicos acompa\u00f1antes<\/em><\/p>\n<p><a href=\"https:\/\/fcmanrique.org\/wp-content\/uploads\/fc-manrique-arkano-yeray-6.jpg\"><img loading=\"lazy\" decoding=\"async\" class=\"alignnone size-full wp-image-21413\" src=\"https:\/\/fcmanrique.org\/wp-content\/uploads\/fc-manrique-arkano-yeray-6.jpg\" alt=\"\" width=\"920\" height=\"645\" srcset=\"https:\/\/fcmanrique.org\/wp-content\/uploads\/fc-manrique-arkano-yeray-6.jpg 920w, https:\/\/fcmanrique.org\/wp-content\/uploads\/fc-manrique-arkano-yeray-6-300x210.jpg 300w, https:\/\/fcmanrique.org\/wp-content\/uploads\/fc-manrique-arkano-yeray-6-768x538.jpg 768w, https:\/\/fcmanrique.org\/wp-content\/uploads\/fc-manrique-arkano-yeray-6-289x203.jpg 289w\" sizes=\"auto, (max-width: 920px) 100vw, 920px\" \/><\/a><\/p>\n<p><a href=\"https:\/\/fcmanrique.org\/wp-content\/uploads\/fc-manrique-invitacion-concirto-arkano-yeray-rodriguez.jpg\"><img loading=\"lazy\" decoding=\"async\" class=\"alignnone size-full wp-image-21416\" src=\"https:\/\/fcmanrique.org\/wp-content\/uploads\/fc-manrique-invitacion-concirto-arkano-yeray-rodriguez.jpg\" alt=\"\" width=\"1200\" height=\"1200\" srcset=\"https:\/\/fcmanrique.org\/wp-content\/uploads\/fc-manrique-invitacion-concirto-arkano-yeray-rodriguez.jpg 1200w, https:\/\/fcmanrique.org\/wp-content\/uploads\/fc-manrique-invitacion-concirto-arkano-yeray-rodriguez-150x150.jpg 150w, https:\/\/fcmanrique.org\/wp-content\/uploads\/fc-manrique-invitacion-concirto-arkano-yeray-rodriguez-300x300.jpg 300w, https:\/\/fcmanrique.org\/wp-content\/uploads\/fc-manrique-invitacion-concirto-arkano-yeray-rodriguez-768x768.jpg 768w, https:\/\/fcmanrique.org\/wp-content\/uploads\/fc-manrique-invitacion-concirto-arkano-yeray-rodriguez-1024x1024.jpg 1024w, https:\/\/fcmanrique.org\/wp-content\/uploads\/fc-manrique-invitacion-concirto-arkano-yeray-rodriguez-246x246.jpg 246w\" sizes=\"auto, (max-width: 1200px) 100vw, 1200px\" \/><\/a><\/p>","protected":false},"excerpt":{"rendered":"<p>Leider ist der Eintrag nur auf ES verf\u00fcgbar.Gran \u00e9xito de asistencia y de conexi\u00f3n con el p\u00fablico. La agilidad mental, la rima y el ingenio sorprendieron y entusiasmaron. El 5 de diciembre, en la sala de teatro del Cine Atl\u00e1ntida, el espect\u00e1culo de improvisaci\u00f3n &#8222;Arkano vs. Yeray Rodr\u00edguez. Repentismo tradicional vs. Freestyle rap\u201d, tuvo como&#8230; <a href=\"https:\/\/fcmanrique.org\/de\/fcm-c-acti-celebrada\/arkano-vs-yeray-rodriguez-espectaculo-de-improvisacion\/\" class=\"readmore\">Contin\u00faa leyendo \u2192<\/a><\/p>\n","protected":false},"featured_media":21405,"parent":0,"template":"","meta":{"_acf_changed":false,"ngg_post_thumbnail":0,"footnotes":""},"class_list":["post-21404","fcm_c_acti_celebrada","type-fcm_c_acti_celebrada","status-publish","has-post-thumbnail","hentry","c_acti_celebrada_categoria-musica"],"acf":[],"_links":{"self":[{"href":"https:\/\/fcmanrique.org\/de\/wp-json\/wp\/v2\/fcm_c_acti_celebrada\/21404","targetHints":{"allow":["GET"]}}],"collection":[{"href":"https:\/\/fcmanrique.org\/de\/wp-json\/wp\/v2\/fcm_c_acti_celebrada"}],"about":[{"href":"https:\/\/fcmanrique.org\/de\/wp-json\/wp\/v2\/types\/fcm_c_acti_celebrada"}],"version-history":[{"count":5,"href":"https:\/\/fcmanrique.org\/de\/wp-json\/wp\/v2\/fcm_c_acti_celebrada\/21404\/revisions"}],"predecessor-version":[{"id":21419,"href":"https:\/\/fcmanrique.org\/de\/wp-json\/wp\/v2\/fcm_c_acti_celebrada\/21404\/revisions\/21419"}],"wp:featuredmedia":[{"embeddable":true,"href":"https:\/\/fcmanrique.org\/de\/wp-json\/wp\/v2\/media\/21405"}],"wp:attachment":[{"href":"https:\/\/fcmanrique.org\/de\/wp-json\/wp\/v2\/media?parent=21404"}],"curies":[{"name":"wp","href":"https:\/\/api.w.org\/{rel}","templated":true}]}}