{"id":22041,"date":"2020-02-22T09:05:00","date_gmt":"2020-02-22T09:05:00","guid":{"rendered":"https:\/\/fcmanrique.org\/?post_type=fcm_c_acti_celebrada&#038;p=22041"},"modified":"2020-11-23T15:16:11","modified_gmt":"2020-11-23T15:16:11","slug":"creadores-en-emergencia-primer-dia","status":"publish","type":"fcm_c_acti_celebrada","link":"https:\/\/fcmanrique.org\/de\/fcm-c-acti-celebrada\/creadores-en-emergencia-primer-dia\/","title":{"rendered":"Creadores en emergencia: autores canarios no sujetos a la inercia de su obra"},"content":{"rendered":"<p class=\"qtranxs-available-languages-message qtranxs-available-languages-message-de\">Leider ist der Eintrag nur auf <a href=\"https:\/\/fcmanrique.org\/es\/wp-json\/wp\/v2\/fcm_c_acti_celebrada\/22041\" class=\"qtranxs-available-language-link qtranxs-available-language-link-es\" title=\"ES\">ES<\/a> verf\u00fcgbar.<\/p><p>Actividad desarrollada con una subvenci\u00f3n del Gobierno de Canarias.<br \/>\n<img loading=\"lazy\" decoding=\"async\" class=\"size-full wp-image-22274 alignnone\" src=\"https:\/\/fcmanrique.org\/wp-content\/uploads\/logo-gobierno-canarias.png\" alt=\"\" width=\"181\" height=\"91\"><\/p>\n<p><strong>Creadores en emergencia: autores canarios no sujetos a la inercia de su obra<\/strong><\/p>\n<p>El director de la Fundaci\u00f3n C\u00e9sar Manrique, <strong>Fernando G\u00f3mez Aguilera<\/strong>, abri\u00f3 el curso <em>Creadores en emergencia. Las generaciones recientes de Canarias ante la incertidumbre<\/em>, que pretende aportar una&nbsp; mirada transdisciplinar en creadores en construcci\u00f3n, \u201ca\u00fan no sujetos a la inercia de su obra\u201d. Habl\u00f3 del contexto en el que se desenvuelven los creadores hoy dentro de un cambio de ciclo hist\u00f3rico, una crisis civilizatoria y procesos globales desestabilizadores \u201cy esto obliga a pensar en t\u00e9rminos de transici\u00f3n hacia nuevos paradigmas\u201d. En esta \u00e9poca aparece de forma permanente la idea de paradoja, que somete a crisis cualquier posici\u00f3n ontol\u00f3gica sobre la realidad, en donde existe un conflicto permanente con la verdad, espacios inestables. En este contexto de desplome de jerarqu\u00edas, donde domina lo instant\u00e1neo y obsolescente, es m\u00e1s dif\u00edcil leer el mundo. \u201cHablamos mucho y escuchamos poco\u201d. Invit\u00f3, por tanto, a escuchar&nbsp; la experiencia de los artistas participantes. <strong>Mariano de Santa Ana<\/strong>, director del seminario, explic\u00f3 brevemente los criterios seguidos para plantear el curso y destac\u00f3 la dificultad de no caer en el paternalismo as\u00ed como el componente ut\u00f3pico de la juventud para llevar a cabo proyectos o la incertidumbre de este tiempo.<\/p>\n<p><a href=\"https:\/\/fcmanrique.org\/wp-content\/uploads\/fc-manrique-creadores-en-emergencia-primer-dia5.jpg\"><img loading=\"lazy\" decoding=\"async\" class=\"size-full wp-image-22047 alignnone\" src=\"https:\/\/fcmanrique.org\/wp-content\/uploads\/fc-manrique-creadores-en-emergencia-primer-dia5.jpg\" alt=\"\" width=\"920\" height=\"656\" srcset=\"https:\/\/fcmanrique.org\/wp-content\/uploads\/fc-manrique-creadores-en-emergencia-primer-dia5.jpg 920w, https:\/\/fcmanrique.org\/wp-content\/uploads\/fc-manrique-creadores-en-emergencia-primer-dia5-300x214.jpg 300w, https:\/\/fcmanrique.org\/wp-content\/uploads\/fc-manrique-creadores-en-emergencia-primer-dia5-768x548.jpg 768w, https:\/\/fcmanrique.org\/wp-content\/uploads\/fc-manrique-creadores-en-emergencia-primer-dia5-289x206.jpg 289w\" sizes=\"auto, (max-width: 920px) 100vw, 920px\" \/><\/a><em>Mariano de Santa Ana y Fernando G\u00f3mez Aguilera<\/em><\/p>\n<p class=\"Textbody\"><strong>Daniel Jord\u00e1n<\/strong> fue el primero en exponer su experiencia como artista partiendo de lo particular para llegar a lo universal. Puso de manifiesto sus influencias y su trayectoria. Comenz\u00f3 reflejando a su entorno m\u00e1s cercano, pintando del natural, con la influencia de pintores como Bacon, Giacometti o Lucian Freud. Posteriormente, durante un tiempo su obra se centr\u00f3 en el mundo del arte, enmarcada en <i>The fool show<\/i>, viendo el arte como una gran fiesta. \u201cEl mundo del arte me estimula pero me sobrepasa\u201d, se\u00f1al\u00f3. Se identific\u00f3 con la figura del resentido de Nietzsche y en su obra se dedic\u00f3 a intentar alejar la sombra de ese resentimiento. Jord\u00e1n considera que \u201csiempre tenemos margen para completar la realidad con nuestro punto de vista\u201d. Mostr\u00f3 sus influencias del cine, de pel\u00edculas como <i>Paterson, La gran belleza <\/i>o<i> Birdman<\/i> y expuso una cr\u00edtica de Alba Gonz\u00e1lez sobre su exposici\u00f3n <i>Fazer horas<\/i>, que le fue muy \u00fatil. \u201cA\u00fan sigo buscando mi voz \u2013coment\u00f3\u2013, probar sin puedo ser m\u00e1s sutil a la hora de reflejar la realidad\u201d.<\/p>\n<p><a href=\"https:\/\/fcmanrique.org\/wp-content\/uploads\/fc-manrique-creadores-en-emergencia-primer-dia3.jpg\"><img loading=\"lazy\" decoding=\"async\" class=\"size-full wp-image-22045 alignnone\" src=\"https:\/\/fcmanrique.org\/wp-content\/uploads\/fc-manrique-creadores-en-emergencia-primer-dia3.jpg\" alt=\"\" width=\"920\" height=\"598\" srcset=\"https:\/\/fcmanrique.org\/wp-content\/uploads\/fc-manrique-creadores-en-emergencia-primer-dia3.jpg 920w, https:\/\/fcmanrique.org\/wp-content\/uploads\/fc-manrique-creadores-en-emergencia-primer-dia3-300x195.jpg 300w, https:\/\/fcmanrique.org\/wp-content\/uploads\/fc-manrique-creadores-en-emergencia-primer-dia3-768x499.jpg 768w, https:\/\/fcmanrique.org\/wp-content\/uploads\/fc-manrique-creadores-en-emergencia-primer-dia3-289x188.jpg 289w\" sizes=\"auto, (max-width: 920px) 100vw, 920px\" \/><\/a><em>Daniel Jord\u00e1n<\/em><\/p>\n<p class=\"Textbody\"><strong>Lena Pe\u00f1ate Spicer<\/strong>, artista visual, dijo que los cuerpos en emergencia son los cuerpos de imagen. Se pregunt\u00f3 c\u00f3mo escribimos nuestro presente desde las im\u00e1genes y c\u00f3mo abordar la imagen en nuestro tiempo. \u201cNo estamos ante las im\u00e1genes, sino entre las im\u00e1genes\u201d, asegur\u00f3. Tambi\u00e9n cuestion\u00f3 las caracter\u00edsticas de una buena imagen, el papel del espectador o cu\u00e1l es la imagen de potencia que corresponde a nuestro tiempo. Tambi\u00e9n plante\u00f3 cu\u00e1l es la cuesti\u00f3n cr\u00edtica de las im\u00e1genes dentro del espacio muse\u00edstico y que, a pesar del exceso de im\u00e1genes, \u201cnos faltan im\u00e1genes\u201d.<\/p>\n<p><a href=\"https:\/\/fcmanrique.org\/wp-content\/uploads\/fc-manrique-creadores-en-emergencia-primer-dia2.jpg\"><img loading=\"lazy\" decoding=\"async\" class=\"size-full wp-image-22044 alignnone\" src=\"https:\/\/fcmanrique.org\/wp-content\/uploads\/fc-manrique-creadores-en-emergencia-primer-dia2.jpg\" alt=\"\" width=\"920\" height=\"627\" srcset=\"https:\/\/fcmanrique.org\/wp-content\/uploads\/fc-manrique-creadores-en-emergencia-primer-dia2.jpg 920w, https:\/\/fcmanrique.org\/wp-content\/uploads\/fc-manrique-creadores-en-emergencia-primer-dia2-300x204.jpg 300w, https:\/\/fcmanrique.org\/wp-content\/uploads\/fc-manrique-creadores-en-emergencia-primer-dia2-768x523.jpg 768w, https:\/\/fcmanrique.org\/wp-content\/uploads\/fc-manrique-creadores-en-emergencia-primer-dia2-289x197.jpg 289w\" sizes=\"auto, (max-width: 920px) 100vw, 920px\" \/><\/a><em>Lena Pe\u00f1ate Spicer<\/em><\/p>\n<p class=\"Textbody\"><strong>Cristina Maya<\/strong> intervino en v\u00eddeo, desde su casa, convaleciente de una operaci\u00f3n quir\u00fargica. Hizo una reflexi\u00f3n en torno a su participaci\u00f3n en el seminario. Habl\u00f3 del exceso de conferencias en Canarias, que es una de las comunidades con m\u00e1s eventos culturales y consider\u00f3 que quiz\u00e1s son un nicho rentable para el arte contempor\u00e1neo. \u201cYa he dado doce conferencias que engordan mi ego y mi cuenta corriente\u201d. Se pregunt\u00f3 si no ser\u00eda una alternativa \u201cempezar a callar\u201d. Cit\u00f3 varias realidades que confirmar\u00edan la situaci\u00f3n de emergencia. Afirm\u00f3 que en Lanzarote est\u00e1n entrenados en la acumulaci\u00f3n y que \u201ccomo Jerusal\u00e9n ha capitalizado la religi\u00f3n, Lanzarote lo ha hecho con la naturaleza\u201d, despu\u00e9s de que C\u00e9sar ofreciera un producto empresarial al que aplic\u00f3 una p\u00e1tina de arte. Se\u00f1al\u00f3 que C\u00e9sar Manrique, \u201cel mes\u00edas conejero\u201d, \u201cvivi\u00f3 en y de la emergencia\u201d y lo puso como modelo de creador en emergencia, para despu\u00e9s citar a varios j\u00f3venes creadores de Canarias. \u201cEn tiempos modernos, cuando se trata de escucharse a una misma, nunca es suficiente\u201d, finaliz\u00f3.<\/p>\n<p><a href=\"https:\/\/fcmanrique.org\/wp-content\/uploads\/fc-manrique-creadores-en-emergencia-primer-dia1.jpg\"><img loading=\"lazy\" decoding=\"async\" class=\"size-full wp-image-22043 alignnone\" src=\"https:\/\/fcmanrique.org\/wp-content\/uploads\/fc-manrique-creadores-en-emergencia-primer-dia1.jpg\" alt=\"\" width=\"920\" height=\"596\" srcset=\"https:\/\/fcmanrique.org\/wp-content\/uploads\/fc-manrique-creadores-en-emergencia-primer-dia1.jpg 920w, https:\/\/fcmanrique.org\/wp-content\/uploads\/fc-manrique-creadores-en-emergencia-primer-dia1-300x194.jpg 300w, https:\/\/fcmanrique.org\/wp-content\/uploads\/fc-manrique-creadores-en-emergencia-primer-dia1-768x498.jpg 768w, https:\/\/fcmanrique.org\/wp-content\/uploads\/fc-manrique-creadores-en-emergencia-primer-dia1-289x187.jpg 289w\" sizes=\"auto, (max-width: 920px) 100vw, 920px\" \/><\/a><em>Cristina Maya Le\u00f3n<\/em><\/p>\n<p class=\"Textbody\"><strong>Alba Gonz\u00e1lez<\/strong>, cr\u00edtica de arte, convirti\u00f3 su intervenci\u00f3n en una performance box\u00edstica. Se coloc\u00f3 un protector bucal para comparar la cr\u00edtica como la pr\u00e1ctica del sparring, un intercambio de golpes que puede tener factores negativos pero tambi\u00e9n positivos si se hace con el objetivo de la mejora. La mala cr\u00edtica, como la pornograf\u00eda, no es una simulaci\u00f3n, realmente ocurre, pero lo hace dentro de un marco de control y por ello tiene esa sensaci\u00f3n de falsedad. Para Gonz\u00e1lez, \u201cun buen sparring es inc\u00f3modo y una buena cr\u00edtica tambi\u00e9n\u201d. La actitud de sparring debe ser tan ligera como para permitir que el artista produzca sin pudor, \u201cpero suficientemente en serio como para ser conscientes de que nuestros errores son peligros reales\u201d. \u201cSi todos estamos c\u00f3modos con la situaci\u00f3n, no nos estamos poniendo en crisis\u201d. Afirm\u00f3 que todo cr\u00edtico debe ser inc\u00f3modo pero se pregunt\u00f3 si todo lo inc\u00f3modo es cr\u00edtico\u201d.<\/p>\n<p><a href=\"https:\/\/fcmanrique.org\/wp-content\/uploads\/fc-manrique-creadores-en-emergencia-primer-dia4.jpg\"><img loading=\"lazy\" decoding=\"async\" class=\"size-full wp-image-22046 alignnone\" src=\"https:\/\/fcmanrique.org\/wp-content\/uploads\/fc-manrique-creadores-en-emergencia-primer-dia4.jpg\" alt=\"\" width=\"920\" height=\"594\" srcset=\"https:\/\/fcmanrique.org\/wp-content\/uploads\/fc-manrique-creadores-en-emergencia-primer-dia4.jpg 920w, https:\/\/fcmanrique.org\/wp-content\/uploads\/fc-manrique-creadores-en-emergencia-primer-dia4-300x194.jpg 300w, https:\/\/fcmanrique.org\/wp-content\/uploads\/fc-manrique-creadores-en-emergencia-primer-dia4-768x496.jpg 768w, https:\/\/fcmanrique.org\/wp-content\/uploads\/fc-manrique-creadores-en-emergencia-primer-dia4-289x187.jpg 289w\" sizes=\"auto, (max-width: 920px) 100vw, 920px\" \/><\/a><em>Alba Gonz\u00e1lez<\/em><\/p>\n<p><a href=\"https:\/\/fcmanrique.org\/wp-content\/uploads\/fc-manrique-creadores-en-emergencia-primer-dia6.jpg\"><img loading=\"lazy\" decoding=\"async\" class=\"size-full wp-image-22048 alignnone\" src=\"https:\/\/fcmanrique.org\/wp-content\/uploads\/fc-manrique-creadores-en-emergencia-primer-dia6.jpg\" alt=\"\" width=\"920\" height=\"642\" srcset=\"https:\/\/fcmanrique.org\/wp-content\/uploads\/fc-manrique-creadores-en-emergencia-primer-dia6.jpg 920w, https:\/\/fcmanrique.org\/wp-content\/uploads\/fc-manrique-creadores-en-emergencia-primer-dia6-300x209.jpg 300w, https:\/\/fcmanrique.org\/wp-content\/uploads\/fc-manrique-creadores-en-emergencia-primer-dia6-768x536.jpg 768w, https:\/\/fcmanrique.org\/wp-content\/uploads\/fc-manrique-creadores-en-emergencia-primer-dia6-289x202.jpg 289w\" sizes=\"auto, (max-width: 920px) 100vw, 920px\" \/><\/a><\/p>\n<p><a href=\"https:\/\/fcmanrique.org\/wp-content\/uploads\/fc-manrique-diptico-jornadas-creadores-en-emergencia1.jpg\"><img loading=\"lazy\" decoding=\"async\" class=\"size-large wp-image-21966 alignnone\" src=\"https:\/\/fcmanrique.org\/wp-content\/uploads\/fc-manrique-diptico-jornadas-creadores-en-emergencia1-1024x1024.jpg\" alt=\"\" width=\"1024\" height=\"1024\" srcset=\"https:\/\/fcmanrique.org\/wp-content\/uploads\/fc-manrique-diptico-jornadas-creadores-en-emergencia1-1024x1024.jpg 1024w, https:\/\/fcmanrique.org\/wp-content\/uploads\/fc-manrique-diptico-jornadas-creadores-en-emergencia1-300x300.jpg 300w, https:\/\/fcmanrique.org\/wp-content\/uploads\/fc-manrique-diptico-jornadas-creadores-en-emergencia1-150x150.jpg 150w, https:\/\/fcmanrique.org\/wp-content\/uploads\/fc-manrique-diptico-jornadas-creadores-en-emergencia1-768x768.jpg 768w, https:\/\/fcmanrique.org\/wp-content\/uploads\/fc-manrique-diptico-jornadas-creadores-en-emergencia1-246x246.jpg 246w, https:\/\/fcmanrique.org\/wp-content\/uploads\/fc-manrique-diptico-jornadas-creadores-en-emergencia1-1536x1536.jpg 1536w, https:\/\/fcmanrique.org\/wp-content\/uploads\/fc-manrique-diptico-jornadas-creadores-en-emergencia1-2048x2048.jpg 2048w\" sizes=\"auto, (max-width: 1024px) 100vw, 1024px\" \/><\/a><\/p>\n<p><a href=\"https:\/\/fcmanrique.org\/wp-content\/uploads\/fc-manrique-diptico-jornadas-creadores-en-emergencia.pdf\">M\u00e1s informaci\u00f3n sobre las Jornadas \u2013 Horarios y ponentes<\/a><\/p>\n<p><a href=\"https:\/\/fcmanrique.org\/wp-content\/uploads\/fc-manrique-jornadas-creadores-emergencia-canarias.pdf\">M\u00e1s informaci\u00f3n Jornadas Creadores en emergencia<\/a><\/p>","protected":false},"excerpt":{"rendered":"<p>Leider ist der Eintrag nur auf ES verf\u00fcgbar.Actividad desarrollada con una subvenci\u00f3n del Gobierno de Canarias. Creadores en emergencia: autores canarios no sujetos a la inercia de su obra El director de la Fundaci\u00f3n C\u00e9sar Manrique, Fernando G\u00f3mez Aguilera, abri\u00f3 el curso Creadores en emergencia. Las generaciones recientes de Canarias ante la incertidumbre, que pretende&#8230; <a href=\"https:\/\/fcmanrique.org\/de\/fcm-c-acti-celebrada\/creadores-en-emergencia-primer-dia\/\" class=\"readmore\">Contin\u00faa leyendo \u2192<\/a><\/p>\n","protected":false},"featured_media":22042,"parent":0,"template":"","meta":{"_acf_changed":false,"ngg_post_thumbnail":0,"footnotes":""},"class_list":["post-22041","fcm_c_acti_celebrada","type-fcm_c_acti_celebrada","status-publish","has-post-thumbnail","hentry","c_acti_celebrada_categoria-jornadas"],"acf":[],"_links":{"self":[{"href":"https:\/\/fcmanrique.org\/de\/wp-json\/wp\/v2\/fcm_c_acti_celebrada\/22041","targetHints":{"allow":["GET"]}}],"collection":[{"href":"https:\/\/fcmanrique.org\/de\/wp-json\/wp\/v2\/fcm_c_acti_celebrada"}],"about":[{"href":"https:\/\/fcmanrique.org\/de\/wp-json\/wp\/v2\/types\/fcm_c_acti_celebrada"}],"version-history":[{"count":7,"href":"https:\/\/fcmanrique.org\/de\/wp-json\/wp\/v2\/fcm_c_acti_celebrada\/22041\/revisions"}],"predecessor-version":[{"id":22312,"href":"https:\/\/fcmanrique.org\/de\/wp-json\/wp\/v2\/fcm_c_acti_celebrada\/22041\/revisions\/22312"}],"wp:featuredmedia":[{"embeddable":true,"href":"https:\/\/fcmanrique.org\/de\/wp-json\/wp\/v2\/media\/22042"}],"wp:attachment":[{"href":"https:\/\/fcmanrique.org\/de\/wp-json\/wp\/v2\/media?parent=22041"}],"curies":[{"name":"wp","href":"https:\/\/api.w.org\/{rel}","templated":true}]}}