{"id":18573,"date":"2019-04-17T09:07:33","date_gmt":"2019-04-17T09:07:33","guid":{"rendered":"https:\/\/fcmanrique.org\/?post_type=fcm_c_ev_relac&#038;p=18573"},"modified":"2019-04-30T14:10:34","modified_gmt":"2019-04-30T14:10:34","slug":"premio-a-cesar-manrique-de-la-asociacion-canaria-de-derecho-urbanistico","status":"publish","type":"fcm_c_ev_relac","link":"https:\/\/fcmanrique.org\/de\/fcm-c-ev-relac\/premio-a-cesar-manrique-de-la-asociacion-canaria-de-derecho-urbanistico\/","title":{"rendered":"Premio a C\u00e9sar Manrique de la Asociaci\u00f3n Canaria de Derecho Urban\u00edstico"},"content":{"rendered":"<p class=\"qtranxs-available-languages-message qtranxs-available-languages-message-de\">Leider ist der Eintrag nur auf <a href=\"https:\/\/fcmanrique.org\/es\/wp-json\/wp\/v2\/fcm_c_ev_relac\/18573\" class=\"qtranxs-available-language-link qtranxs-available-language-link-es\" title=\"ES\">ES<\/a> verf\u00fcgbar.<\/p><p>Arrecife fue este a\u00f1o la sede del 11\u00ba Congreso de la Asociaci\u00f3n Canaria de Derecho Urban\u00edstico (ACADUR), durante el presente mes de abril, bajo el ep\u00edgrafe \u201cPaisaje: perspectiva, recurso, conflicto\u201d.<\/p>\n<p>Los d\u00edas 24, 25 y 26 de abril, expertos en el ordenamiento y la planificaci\u00f3n territorial y urban\u00edstica de toda Canarias, a los que se sumar\u00e1n relevantes ponentes de otras partes del Estado, analizar\u00e1n las \u00faltimas novedades normativas, jurisprudenciales y de la pr\u00e1ctica administrativa en materia de urbanismo y ordenaci\u00f3n del territorio y su incidencia en el paisaje, su dimensi\u00f3n territorial y econ\u00f3mica y los conflictos que se generan.<\/p>\n<p>El \u201cPremio Acadur 2019 a la Trayectoria\u201d se concedi\u00f3, a t\u00edtulo p\u00f3stumo, a C\u00e9sar Manrique Cabrera. Se hizo entrega de este Premio en el Sal\u00f3n de Actos del Cabildo Insular de Lanzarote, el jueves, 25 de abril a las 11:00 horas.<\/p>\n<p>El presidente y el director de la FCM, Jos\u00e9 Juan Ram\u00edrez y Fernando G\u00f3mez Aguilera, recogieron el Premio con palabras de agradecimiento y recordando la defensa que C\u00e9sar Manrique reivindicaba por una cultura del territorio asentada en l\u00edmites, compatible con la calidad de vida de los seres humanos y con el valor y la belleza de los paisajes.<\/p>\n<p><a href=\"https:\/\/fcmanrique.org\/wp-content\/uploads\/fc-manrique-presidente-premio-ACADUR.pdf\">Palabras de Jos\u00e9 Juan Ram\u00edrez, presidente de la FCM al recoger el Premio de ACADUR<\/a><\/p>\n<p><a href=\"https:\/\/fcmanrique.org\/wp-content\/uploads\/fc-manrique-director-premio-ACADUR.pdf\">Palabras de Fernando G\u00f3mez Aguilera, director de la FCM, al recoger el Premio de ACADUR<\/a><\/p>","protected":false},"excerpt":{"rendered":"<p>Leider ist der Eintrag nur auf ES verf\u00fcgbar.Arrecife fue este a\u00f1o la sede del 11\u00ba Congreso de la Asociaci\u00f3n Canaria de Derecho Urban\u00edstico (ACADUR), durante el presente mes de abril, bajo el ep\u00edgrafe \u201cPaisaje: perspectiva, recurso, conflicto\u201d. Los d\u00edas 24, 25 y 26 de abril, expertos en el ordenamiento y la planificaci\u00f3n territorial y urban\u00edstica&#8230; <a href=\"https:\/\/fcmanrique.org\/de\/fcm-c-ev-relac\/premio-a-cesar-manrique-de-la-asociacion-canaria-de-derecho-urbanistico\/\" class=\"readmore\">Contin\u00faa leyendo \u2192<\/a><\/p>\n","protected":false},"featured_media":18576,"parent":0,"template":"","meta":{"_acf_changed":false,"ngg_post_thumbnail":0,"footnotes":""},"class_list":["post-18573","fcm_c_ev_relac","type-fcm_c_ev_relac","status-publish","has-post-thumbnail","hentry","c_ev_relac_categoria-reconocimiento"],"acf":[],"_links":{"self":[{"href":"https:\/\/fcmanrique.org\/de\/wp-json\/wp\/v2\/fcm_c_ev_relac\/18573","targetHints":{"allow":["GET"]}}],"collection":[{"href":"https:\/\/fcmanrique.org\/de\/wp-json\/wp\/v2\/fcm_c_ev_relac"}],"about":[{"href":"https:\/\/fcmanrique.org\/de\/wp-json\/wp\/v2\/types\/fcm_c_ev_relac"}],"version-history":[{"count":4,"href":"https:\/\/fcmanrique.org\/de\/wp-json\/wp\/v2\/fcm_c_ev_relac\/18573\/revisions"}],"predecessor-version":[{"id":18802,"href":"https:\/\/fcmanrique.org\/de\/wp-json\/wp\/v2\/fcm_c_ev_relac\/18573\/revisions\/18802"}],"wp:featuredmedia":[{"embeddable":true,"href":"https:\/\/fcmanrique.org\/de\/wp-json\/wp\/v2\/media\/18576"}],"wp:attachment":[{"href":"https:\/\/fcmanrique.org\/de\/wp-json\/wp\/v2\/media?parent=18573"}],"curies":[{"name":"wp","href":"https:\/\/api.w.org\/{rel}","templated":true}]}}