{"id":19499,"date":"2019-06-06T08:03:29","date_gmt":"2019-06-06T08:03:29","guid":{"rendered":"https:\/\/fcmanrique.org\/?post_type=fcm_c_ev_relac&#038;p=19499"},"modified":"2019-06-07T08:55:22","modified_gmt":"2019-06-07T08:55:22","slug":"el-aeropuerto-cesar-manrique-lanzarote-celebra-el-dia-del-medio-ambiente","status":"publish","type":"fcm_c_ev_relac","link":"https:\/\/fcmanrique.org\/de\/fcm-c-ev-relac\/el-aeropuerto-cesar-manrique-lanzarote-celebra-el-dia-del-medio-ambiente\/","title":{"rendered":"El Aeropuerto C\u00e9sar Manrique-Lanzarote celebra el D\u00eda del Medio Ambiente"},"content":{"rendered":"<p class=\"qtranxs-available-languages-message qtranxs-available-languages-message-de\">Leider ist der Eintrag nur auf <a href=\"https:\/\/fcmanrique.org\/es\/wp-json\/wp\/v2\/fcm_c_ev_relac\/19499\" class=\"qtranxs-available-language-link qtranxs-available-language-link-es\" title=\"ES\">ES<\/a> verf\u00fcgbar.<\/p><p><b>El aeropuerto C\u00e9sar Manrique-Lanzarote se une al Centenario <i>Manrique. 100 a\u00f1os de vida<\/i><\/b><\/p>\n<p>El aeropuerto C\u00e9sar Manrique-Lanzarote, en la terminal interinsular destaca un homenaje al artista lanzarote\u00f1o en el centenario de su nacimiento, en colaboraci\u00f3n con la Fundaci\u00f3n C\u00e9sar Manrique, como precursor de la sostenibilidad y la conservaci\u00f3n de la naturaleza.<\/p>\n<p>El objetivo del homenaje a C\u00e9sar Manrique \u201ces dar a conocer el profundo compromiso que ten\u00eda el artista lanzarote\u00f1o con la defensa del medioambiente y la naturaleza, que fue la referencia fundamental de su arte y de su existencia hasta el final de sus d\u00edas\u201d, apuntan desde AENA.<\/p>\n<p>El aeropuerto se suma, con diversas iniciativas, a la propuesta de la ONU para conmemorar el D\u00eda Internacional del Medio Ambiente, que este a\u00f1o tiene como lema \u201cNo podemos dejar de respirar, pero si podemos tomar acciones para mejorar la calidad del aire\u201d.<\/p>\n<p><a href=\"https:\/\/fcmanrique.org\/wp-content\/uploads\/fc-manrique-exposicion-dia-medio-ambiente2.jpg\"><img loading=\"lazy\" decoding=\"async\" class=\"alignnone size-full wp-image-19501\" src=\"https:\/\/fcmanrique.org\/wp-content\/uploads\/fc-manrique-exposicion-dia-medio-ambiente2.jpg\" alt=\"\" width=\"920\" height=\"613\" srcset=\"https:\/\/fcmanrique.org\/wp-content\/uploads\/fc-manrique-exposicion-dia-medio-ambiente2.jpg 920w, https:\/\/fcmanrique.org\/wp-content\/uploads\/fc-manrique-exposicion-dia-medio-ambiente2-300x200.jpg 300w, https:\/\/fcmanrique.org\/wp-content\/uploads\/fc-manrique-exposicion-dia-medio-ambiente2-768x512.jpg 768w, https:\/\/fcmanrique.org\/wp-content\/uploads\/fc-manrique-exposicion-dia-medio-ambiente2-289x193.jpg 289w\" sizes=\"auto, (max-width: 920px) 100vw, 920px\" \/><\/a><\/p>\n<p>Cr\u00f3nica en el diario Biosferadigital: : <a href=\"https:\/\/www.biosferadigital.com\/noticia\/el-aeropuerto-c%C3%A9sar-manrique-lanzarote-celebra-el-d%C3%ADa-del-medio-ambiente\">https:\/\/www.biosferadigital.com\/noticia\/el-aeropuerto-c%C3%A9sar-manrique-lanzarote-celebra-el-d%C3%ADa-del-medio-ambiente<\/a><\/p>","protected":false},"excerpt":{"rendered":"<p>Leider ist der Eintrag nur auf ES verf\u00fcgbar.El aeropuerto C\u00e9sar Manrique-Lanzarote se une al Centenario Manrique. 100 a\u00f1os de vida El aeropuerto C\u00e9sar Manrique-Lanzarote, en la terminal interinsular destaca un homenaje al artista lanzarote\u00f1o en el centenario de su nacimiento, en colaboraci\u00f3n con la Fundaci\u00f3n C\u00e9sar Manrique, como precursor de la sostenibilidad y la conservaci\u00f3n&#8230; <a href=\"https:\/\/fcmanrique.org\/de\/fcm-c-ev-relac\/el-aeropuerto-cesar-manrique-lanzarote-celebra-el-dia-del-medio-ambiente\/\" class=\"readmore\">Contin\u00faa leyendo \u2192<\/a><\/p>\n","protected":false},"featured_media":19504,"parent":0,"template":"","meta":{"_acf_changed":false,"ngg_post_thumbnail":0,"footnotes":""},"class_list":["post-19499","fcm_c_ev_relac","type-fcm_c_ev_relac","status-publish","has-post-thumbnail","hentry","c_ev_relac_categoria-colaboracion"],"acf":[],"_links":{"self":[{"href":"https:\/\/fcmanrique.org\/de\/wp-json\/wp\/v2\/fcm_c_ev_relac\/19499","targetHints":{"allow":["GET"]}}],"collection":[{"href":"https:\/\/fcmanrique.org\/de\/wp-json\/wp\/v2\/fcm_c_ev_relac"}],"about":[{"href":"https:\/\/fcmanrique.org\/de\/wp-json\/wp\/v2\/types\/fcm_c_ev_relac"}],"version-history":[{"count":3,"href":"https:\/\/fcmanrique.org\/de\/wp-json\/wp\/v2\/fcm_c_ev_relac\/19499\/revisions"}],"predecessor-version":[{"id":19509,"href":"https:\/\/fcmanrique.org\/de\/wp-json\/wp\/v2\/fcm_c_ev_relac\/19499\/revisions\/19509"}],"wp:featuredmedia":[{"embeddable":true,"href":"https:\/\/fcmanrique.org\/de\/wp-json\/wp\/v2\/media\/19504"}],"wp:attachment":[{"href":"https:\/\/fcmanrique.org\/de\/wp-json\/wp\/v2\/media?parent=19499"}],"curies":[{"name":"wp","href":"https:\/\/api.w.org\/{rel}","templated":true}]}}