{"id":20688,"date":"2019-10-23T13:23:30","date_gmt":"2019-10-23T13:23:30","guid":{"rendered":"https:\/\/fcmanrique.org\/?post_type=fcm_c_ev_relac&#038;p=20688"},"modified":"2019-10-24T15:41:15","modified_gmt":"2019-10-24T15:41:15","slug":"entrega-de-premios-del-ix-concurso-de-microrrelatos-en-homenaje-a-cesar-manrique","status":"publish","type":"fcm_c_ev_relac","link":"https:\/\/fcmanrique.org\/de\/fcm-c-ev-relac\/entrega-de-premios-del-ix-concurso-de-microrrelatos-en-homenaje-a-cesar-manrique\/","title":{"rendered":"Entrega de premios del IX concurso de microrrelatos, en homenaje a C\u00e9sar Manrique"},"content":{"rendered":"<p class=\"qtranxs-available-languages-message qtranxs-available-languages-message-de\">Leider ist der Eintrag nur auf <a href=\"https:\/\/fcmanrique.org\/es\/wp-json\/wp\/v2\/fcm_c_ev_relac\/20688\" class=\"qtranxs-available-language-link qtranxs-available-language-link-es\" title=\"ES\">ES<\/a> verf\u00fcgbar.<\/p><p>La sede de la Fundaci\u00f3n C\u00e9sar Manrique en el Taro de Tah\u00edche acogi\u00f3 el 22 de octubre el acto de entrega de premios del IX Concurso de Microrrelatos de Radio Lanzarote-Onda Cero. Al acto asistieron los tres ganadores del concurso, Josefina Garc\u00eda Laynez, Sonia Vega y Fernando Marcet, as\u00ed como la mayor\u00eda de\u00a0los\u00a0finalistas.<\/p>\n<p>Esta IX convocatoria estuvo dedicada este a\u00f1o a la figura de C\u00e9sar Manrique, fruto del convenio de colaboraci\u00f3n establecido entre el medio de comunicaci\u00f3n y la Fundaci\u00f3n C\u00e9sar Manrique (FCM) en el a\u00f1o del centenario del nacimiento del artista.<\/p>\n<p>El plazo para participar en el certamen se abri\u00f3 el 1 de julio y finaliz\u00f3 el 31 de agosto. Cada autor pudo enviar un m\u00e1ximo de cinco relatos, firmados con pseud\u00f3nimo. Los relatos se fueron publicando por orden de recepci\u00f3n en La Voz de Lanzarote y se han le\u00eddo en el espacio \u2018Lectura en la Radio\u2019 de Radio Lanzarote-Onda Cero.<\/p>\n<p><a href=\"https:\/\/fcmanrique.org\/wp-content\/uploads\/fc-manrique-entrega-premios-concurso-microrrelatos3.jpg\"><img loading=\"lazy\" decoding=\"async\" class=\"alignnone size-full wp-image-20691\" src=\"https:\/\/fcmanrique.org\/wp-content\/uploads\/fc-manrique-entrega-premios-concurso-microrrelatos3.jpg\" alt=\"\" width=\"920\" height=\"627\" srcset=\"https:\/\/fcmanrique.org\/wp-content\/uploads\/fc-manrique-entrega-premios-concurso-microrrelatos3.jpg 920w, https:\/\/fcmanrique.org\/wp-content\/uploads\/fc-manrique-entrega-premios-concurso-microrrelatos3-300x204.jpg 300w, https:\/\/fcmanrique.org\/wp-content\/uploads\/fc-manrique-entrega-premios-concurso-microrrelatos3-768x523.jpg 768w, https:\/\/fcmanrique.org\/wp-content\/uploads\/fc-manrique-entrega-premios-concurso-microrrelatos3-289x197.jpg 289w\" sizes=\"auto, (max-width: 920px) 100vw, 920px\" \/><\/a><em>Manuel Mart\u00edn Arroyo, Josefina Garc\u00eda Laynez, Fernando G\u00f3mez Aguilera, Fernando Marcet, Sonia Vega y Techy Acosta<\/em><\/p>\n<p>En el acto de entrega, adem\u00e1s de los ganadores del concurso y muchos finalistas, estuvieron presentes, por parte de la FCM, su director, Fernando G\u00f3mez Aguilera, as\u00ed como otros representantes de la instituci\u00f3n, mientras que por Radio Lanzarote-Onda Cero acudieron el coordinador del espacio radiof\u00f3nico &#8218;Lectura en Voz Alta&#8216; y promotor del concurso, Manuel Mart\u00edn Arroyo, su directora, Techy Acosta y el director gerente de Lanzarote Media, Pablo Muz\u00e1s.<\/p>\n<p>Durante el acto, organizado este a\u00f1o en colaboraci\u00f3n con la FCM, se hizo entrega de los diferentes premios y obsequios a los ganadores del concurso. As\u00ed,\u00a0Josefina Garc\u00eda Laynez, que se alz\u00f3 con el primer premio\u00a0por un relato inspirado en los juguetes de viento de C\u00e9sar Manrique, recibi\u00f3 una televisi\u00f3n , un pack de productos del centenario de Manrique y un pack de libros editados por la Fundaci\u00f3n.<\/p>\n<p>Por su parte,\u00a0Sonia Vega, ganadora del segundo premio\u00a0por su relato &#8218;La isla y el diablillo&#8216;, se llev\u00f3 una tablet, un pack de productos del centenario y un pack de libros editados por la FCM.<\/p>\n<p>En cuanto a\u00a0Fernando Marcet, al ser el\u00a0ganador del tercer premio\u00a0con su relato &#8218;Cien palabras&#8216;, recibi\u00f3 unos auriculares inal\u00e1mbricos, as\u00ed como un pack de productos del centenario y un pack de libros.<\/p>\n<p>A los restantes finalistas se les hizo entrega igualmente de un pack de productos del centenario de C\u00e9sar Manrique.<\/p>\n<p><a href=\"https:\/\/fcmanrique.org\/wp-content\/uploads\/fc-manrique-entrega-premios-concurso-microrrelatos2.jpg\"><img loading=\"lazy\" decoding=\"async\" class=\"alignnone size-full wp-image-20690\" src=\"https:\/\/fcmanrique.org\/wp-content\/uploads\/fc-manrique-entrega-premios-concurso-microrrelatos2.jpg\" alt=\"\" width=\"920\" height=\"603\" srcset=\"https:\/\/fcmanrique.org\/wp-content\/uploads\/fc-manrique-entrega-premios-concurso-microrrelatos2.jpg 920w, https:\/\/fcmanrique.org\/wp-content\/uploads\/fc-manrique-entrega-premios-concurso-microrrelatos2-300x197.jpg 300w, https:\/\/fcmanrique.org\/wp-content\/uploads\/fc-manrique-entrega-premios-concurso-microrrelatos2-768x503.jpg 768w, https:\/\/fcmanrique.org\/wp-content\/uploads\/fc-manrique-entrega-premios-concurso-microrrelatos2-289x189.jpg 289w\" sizes=\"auto, (max-width: 920px) 100vw, 920px\" \/><\/a> <em>Ganadores y finalistas del Concurso de Microrrelatos dedicado a C\u00e9sar Manrique, junto a organizadores y patrocinadores<\/em><\/p>","protected":false},"excerpt":{"rendered":"<p>Leider ist der Eintrag nur auf ES verf\u00fcgbar.La sede de la Fundaci\u00f3n C\u00e9sar Manrique en el Taro de Tah\u00edche acogi\u00f3 el 22 de octubre el acto de entrega de premios del IX Concurso de Microrrelatos de Radio Lanzarote-Onda Cero. Al acto asistieron los tres ganadores del concurso, Josefina Garc\u00eda Laynez, Sonia Vega y Fernando Marcet,&#8230; <a href=\"https:\/\/fcmanrique.org\/de\/fcm-c-ev-relac\/entrega-de-premios-del-ix-concurso-de-microrrelatos-en-homenaje-a-cesar-manrique\/\" class=\"readmore\">Contin\u00faa leyendo \u2192<\/a><\/p>\n","protected":false},"featured_media":20692,"parent":0,"template":"","meta":{"_acf_changed":false,"ngg_post_thumbnail":0,"footnotes":""},"class_list":["post-20688","fcm_c_ev_relac","type-fcm_c_ev_relac","status-publish","has-post-thumbnail","hentry","c_ev_relac_categoria-reconocimiento"],"acf":[],"_links":{"self":[{"href":"https:\/\/fcmanrique.org\/de\/wp-json\/wp\/v2\/fcm_c_ev_relac\/20688","targetHints":{"allow":["GET"]}}],"collection":[{"href":"https:\/\/fcmanrique.org\/de\/wp-json\/wp\/v2\/fcm_c_ev_relac"}],"about":[{"href":"https:\/\/fcmanrique.org\/de\/wp-json\/wp\/v2\/types\/fcm_c_ev_relac"}],"version-history":[{"count":7,"href":"https:\/\/fcmanrique.org\/de\/wp-json\/wp\/v2\/fcm_c_ev_relac\/20688\/revisions"}],"predecessor-version":[{"id":20700,"href":"https:\/\/fcmanrique.org\/de\/wp-json\/wp\/v2\/fcm_c_ev_relac\/20688\/revisions\/20700"}],"wp:featuredmedia":[{"embeddable":true,"href":"https:\/\/fcmanrique.org\/de\/wp-json\/wp\/v2\/media\/20692"}],"wp:attachment":[{"href":"https:\/\/fcmanrique.org\/de\/wp-json\/wp\/v2\/media?parent=20688"}],"curies":[{"name":"wp","href":"https:\/\/api.w.org\/{rel}","templated":true}]}}