{"id":20973,"date":"2019-11-15T14:10:43","date_gmt":"2019-11-15T14:10:43","guid":{"rendered":"https:\/\/fcmanrique.org\/?post_type=fcm_c_ev_relac&#038;p=20973"},"modified":"2019-11-15T15:40:47","modified_gmt":"2019-11-15T15:40:47","slug":"cesar-manrique-a-titulo-postumo-premio-nacional-de-edificacion","status":"publish","type":"fcm_c_ev_relac","link":"https:\/\/fcmanrique.org\/de\/fcm-c-ev-relac\/cesar-manrique-a-titulo-postumo-premio-nacional-de-edificacion\/","title":{"rendered":"C\u00e9sar Manrique, a t\u00edtulo p\u00f3stumo, Premio Nacional de Edificaci\u00f3n"},"content":{"rendered":"<p class=\"qtranxs-available-languages-message qtranxs-available-languages-message-de\">Leider ist der Eintrag nur auf <a href=\"https:\/\/fcmanrique.org\/es\/wp-json\/wp\/v2\/fcm_c_ev_relac\/20973\" class=\"qtranxs-available-language-link qtranxs-available-language-link-es\" title=\"ES\">ES<\/a> verf\u00fcgbar.<\/p><p>La Fundaci\u00f3n C\u00e9sar Manrique recoge el Premio.<\/p>\n<p>C\u00e9sar Manrique ha sido galardonado, el 14 de noviembre, a t\u00edtulo p\u00f3stumo, coincidiendo con el a\u00f1o del centenario de su nacimiento, con el Premio Nacional de Edificaci\u00f3n que otorga por primera vez el Consejo General de la Arquitectura T\u00e9cnica de Espa\u00f1a (CGATE), o\u0301rgano coordinador de todos los Colegios de Aparejadores y Arquitectos Te\u0301cnicos nacionales, con ma\u0301s de 50.000 colegiados.<\/p>\n<p>El premio fue recogido en Madrid por el director de la Fundaci\u00f3n C\u00e9sar Manrique (FCM), Fernando G\u00f3mez Aguilera, de manos del consejero de Transici\u00f3n Ecol\u00f3gica, Lucha contra el Cambio Clim\u00e1tico y Planificaci\u00f3n Territorial del Gobierno de Canarias, Jos\u00e9 Antonio Valbuena.<\/p>\n<p>G\u00f3mez Aguilera subray\u00f3 durante su intervenci\u00f3n la necesidad actual de \u201ccapacidades visionarias de anticipaci\u00f3n como la de C\u00e9sar Manrique, su defensa de las peculiaridades arquitect\u00f3nicas de cada lugar del planeta, su alianza con las ra\u00edces de lo creado, y su confianza en el arte y la cultura como energ\u00edas sociales transformadoras al servicio de la vida, de un proyecto de bienestar y felicidad colectiva\u201d.<\/p>\n<p><a href=\"https:\/\/fcmanrique.org\/wp-content\/uploads\/fc-manrique-premio-edificacion-f-gomez-aguilera.jpg\"><img loading=\"lazy\" decoding=\"async\" class=\"alignnone size-full wp-image-20981\" src=\"https:\/\/fcmanrique.org\/wp-content\/uploads\/fc-manrique-premio-edificacion-f-gomez-aguilera.jpg\" alt=\"\" width=\"2880\" height=\"1920\" srcset=\"https:\/\/fcmanrique.org\/wp-content\/uploads\/fc-manrique-premio-edificacion-f-gomez-aguilera.jpg 2880w, https:\/\/fcmanrique.org\/wp-content\/uploads\/fc-manrique-premio-edificacion-f-gomez-aguilera-300x200.jpg 300w, https:\/\/fcmanrique.org\/wp-content\/uploads\/fc-manrique-premio-edificacion-f-gomez-aguilera-768x512.jpg 768w, https:\/\/fcmanrique.org\/wp-content\/uploads\/fc-manrique-premio-edificacion-f-gomez-aguilera-1024x683.jpg 1024w, https:\/\/fcmanrique.org\/wp-content\/uploads\/fc-manrique-premio-edificacion-f-gomez-aguilera-289x193.jpg 289w\" sizes=\"auto, (max-width: 2880px) 100vw, 2880px\" \/><\/a><em>Fernando G\u00f3mez Aguilera, director de la Fundaci\u00f3n C\u00e9sar Manrique, durante del discurso de agradecimiento por la concesi\u00f3n del Premio Nacional de Edificaci\u00f3n a C\u00e9sar Manrique, a t\u00edtulo p\u00f3stumo<\/em><\/p>\n<p>Asimismo, el director de la FCM afirm\u00f3: \u201cEn la concepci\u00f3n de C\u00e9sar Manrique no cab\u00eda est\u00e9tica sin \u00e9tica, una \u00e9tica que coloca el respeto a la naturaleza en su centro, como la situ\u00f3 en sus intervenciones paisaj\u00edsticas, en las construcciones integradas en el entorno que promovi\u00f3 al servicio de la felicidad compartida y en la reivindicaci\u00f3n de crecimientos urban\u00edsticos sostenibles, equilibrados y humanizados, acordes con un planeta y unos recursos limitados\u201d.<\/p>\n<p>A la hora de concederle este galard\u00f3n a Manrique, el jurado valor\u00f3 la trayectoria vital y creativa del artista \u201cque compagin\u00f3 con la defensa de los valores ambientales de Canarias, especialmente la isla de Lanzarote\u201d. Asimismo tuvo en cuenta \u201csu actitud p\u00fablica de compromiso con el patrimonio natural y cultural insular, muy en particular la arquitectura tradicional \u201c, y el hecho de que plantea \u201cuna importante obra de arte p\u00fablico y paisajismo que combina tradici\u00f3n y modernidad\u201d. Por \u00faltimo, el jurado quiso reconocer \u201cla defensa del patrimonio natural y cultural de Lanzarote, su integraci\u00f3n de los edificios en el paisaje, el respeto a la naturaleza y la b\u00fasqueda de armon\u00eda entre interiorismo y los espacios creativos exteriores, adem\u00e1s&nbsp; su obra art\u00edstica como embajador de la cultura y la naturaleza\u201d.&nbsp;<\/p>\n<p>La propuesta de la candidatura del artista creador de grandes obras paisaj\u00edsticas en Lanzarote reconocidas internacionalmente parti\u00f3 del Colegio de Aparejadores y Arquitectos T\u00e9cnicos de Lanzarote, organismo al que la FCM agradece su generosa iniciativa y apoyo tanto al artista como a su obra, en el a\u00f1o en que se conmemora el centenario de su nacimiento.<\/p>\n<p><a href=\"https:\/\/fcmanrique.org\/wp-content\/uploads\/Fernando-Go\u0301mez-Aguilera-con-Jose\u0301-Antonio-Valbuena-consejero-de-Transicio\u0301n-Ecolo\u0301gica-del-Gobierno-de-Canarias-2.jpg\"><img loading=\"lazy\" decoding=\"async\" class=\"alignnone size-full wp-image-20975\" src=\"https:\/\/fcmanrique.org\/wp-content\/uploads\/Fernando-Go\u0301mez-Aguilera-con-Jose\u0301-Antonio-Valbuena-consejero-de-Transicio\u0301n-Ecolo\u0301gica-del-Gobierno-de-Canarias-2.jpg\" alt=\"\" width=\"920\" height=\"1380\" srcset=\"https:\/\/fcmanrique.org\/wp-content\/uploads\/Fernando-Go\u0301mez-Aguilera-con-Jose\u0301-Antonio-Valbuena-consejero-de-Transicio\u0301n-Ecolo\u0301gica-del-Gobierno-de-Canarias-2.jpg 920w, https:\/\/fcmanrique.org\/wp-content\/uploads\/Fernando-Go\u0301mez-Aguilera-con-Jose\u0301-Antonio-Valbuena-consejero-de-Transicio\u0301n-Ecolo\u0301gica-del-Gobierno-de-Canarias-2-200x300.jpg 200w, https:\/\/fcmanrique.org\/wp-content\/uploads\/Fernando-Go\u0301mez-Aguilera-con-Jose\u0301-Antonio-Valbuena-consejero-de-Transicio\u0301n-Ecolo\u0301gica-del-Gobierno-de-Canarias-2-768x1152.jpg 768w, https:\/\/fcmanrique.org\/wp-content\/uploads\/Fernando-Go\u0301mez-Aguilera-con-Jose\u0301-Antonio-Valbuena-consejero-de-Transicio\u0301n-Ecolo\u0301gica-del-Gobierno-de-Canarias-2-683x1024.jpg 683w, https:\/\/fcmanrique.org\/wp-content\/uploads\/Fernando-Go\u0301mez-Aguilera-con-Jose\u0301-Antonio-Valbuena-consejero-de-Transicio\u0301n-Ecolo\u0301gica-del-Gobierno-de-Canarias-2-164x246.jpg 164w\" sizes=\"auto, (max-width: 920px) 100vw, 920px\" \/><\/a><em>Fernando G\u00f3mez Aguilera y Jos\u00e9 Antonio Balbuena, consejero de Transici\u00f3n Ecol\u00f3gica del Gobierno de Canarias, Lucha contra el Cambio Clim\u00e1tico y Planificaci\u00f3n Territorial<\/em><\/p>\n<p>En esta I Edici\u00f3n de los Premios Nacionales de Edificaci\u00f3n, C\u00e9sar Manrique comparti\u00f3 galard\u00f3n con la Fundacio\u0301n Santa Mari\u0301a Albarraci\u0301n y el arquitecto t\u00e9cnico murciano y profesor de la Universidad Polit\u00e9cnica de Cartagena, Antonio Garrido.<\/p>\n<p><a href=\"https:\/\/fcmanrique.org\/wp-content\/uploads\/Premiados-autoridades-y-representantes-del-Consejo-General-de-la-Arquitectura-Te\u0301cnica-de-Espan\u0303a-.jpg\"><img loading=\"lazy\" decoding=\"async\" class=\"alignnone size-full wp-image-20976\" src=\"https:\/\/fcmanrique.org\/wp-content\/uploads\/Premiados-autoridades-y-representantes-del-Consejo-General-de-la-Arquitectura-Te\u0301cnica-de-Espan\u0303a-.jpg\" alt=\"\" width=\"2097\" height=\"1400\" srcset=\"https:\/\/fcmanrique.org\/wp-content\/uploads\/Premiados-autoridades-y-representantes-del-Consejo-General-de-la-Arquitectura-Te\u0301cnica-de-Espan\u0303a-.jpg 2097w, https:\/\/fcmanrique.org\/wp-content\/uploads\/Premiados-autoridades-y-representantes-del-Consejo-General-de-la-Arquitectura-Te\u0301cnica-de-Espan\u0303a--300x200.jpg 300w, https:\/\/fcmanrique.org\/wp-content\/uploads\/Premiados-autoridades-y-representantes-del-Consejo-General-de-la-Arquitectura-Te\u0301cnica-de-Espan\u0303a--768x513.jpg 768w, https:\/\/fcmanrique.org\/wp-content\/uploads\/Premiados-autoridades-y-representantes-del-Consejo-General-de-la-Arquitectura-Te\u0301cnica-de-Espan\u0303a--1024x684.jpg 1024w, https:\/\/fcmanrique.org\/wp-content\/uploads\/Premiados-autoridades-y-representantes-del-Consejo-General-de-la-Arquitectura-Te\u0301cnica-de-Espan\u0303a--289x193.jpg 289w\" sizes=\"auto, (max-width: 2097px) 100vw, 2097px\" \/><\/a><em>Premiados, autoridades y representantes del Consejo General de la Arquitectura T\u00e9cnica de Espa\u00f1a<\/em><\/p>\n<p>La gala estuvo conducida por la presentadora Silvia Jato y cont\u00f3 con la intervenci\u00f3n de Alfredo Sanz Corma, presidente del CGATE, as\u00ed como con una conferencia del economista Jos\u00e9 Mar\u00eda Gay de Li\u00e9bana sobre su visi\u00f3n del impacto que tiene para la econom\u00eda el sector inmobiliario.<\/p>\n<p>La celebraci\u00f3n de la primera edici\u00f3n de los Premios Nacionales de Edificaci\u00f3n a la que acudieron distintas personalidades vinculadas al \u00e1mbito econ\u00f3mico, pol\u00edtico y acad\u00e9mico tuvo lugar en el Auditorio Rafael del Pino de Madrid, con el patrocinio de PREMAAT, MUSAAT y el grupo empresarial Sorigue\u0301.<\/p>","protected":false},"excerpt":{"rendered":"<p>Leider ist der Eintrag nur auf ES verf\u00fcgbar.La Fundaci\u00f3n C\u00e9sar Manrique recoge el Premio. C\u00e9sar Manrique ha sido galardonado, el 14 de noviembre, a t\u00edtulo p\u00f3stumo, coincidiendo con el a\u00f1o del centenario de su nacimiento, con el Premio Nacional de Edificaci\u00f3n que otorga por primera vez el Consejo General de la Arquitectura T\u00e9cnica de Espa\u00f1a&#8230; <a href=\"https:\/\/fcmanrique.org\/de\/fcm-c-ev-relac\/cesar-manrique-a-titulo-postumo-premio-nacional-de-edificacion\/\" class=\"readmore\">Contin\u00faa leyendo \u2192<\/a><\/p>\n","protected":false},"featured_media":20978,"parent":0,"template":"","meta":{"_acf_changed":false,"ngg_post_thumbnail":0,"footnotes":""},"class_list":["post-20973","fcm_c_ev_relac","type-fcm_c_ev_relac","status-publish","has-post-thumbnail","hentry","c_ev_relac_categoria-reconocimiento"],"acf":[],"_links":{"self":[{"href":"https:\/\/fcmanrique.org\/de\/wp-json\/wp\/v2\/fcm_c_ev_relac\/20973","targetHints":{"allow":["GET"]}}],"collection":[{"href":"https:\/\/fcmanrique.org\/de\/wp-json\/wp\/v2\/fcm_c_ev_relac"}],"about":[{"href":"https:\/\/fcmanrique.org\/de\/wp-json\/wp\/v2\/types\/fcm_c_ev_relac"}],"version-history":[{"count":5,"href":"https:\/\/fcmanrique.org\/de\/wp-json\/wp\/v2\/fcm_c_ev_relac\/20973\/revisions"}],"predecessor-version":[{"id":20983,"href":"https:\/\/fcmanrique.org\/de\/wp-json\/wp\/v2\/fcm_c_ev_relac\/20973\/revisions\/20983"}],"wp:featuredmedia":[{"embeddable":true,"href":"https:\/\/fcmanrique.org\/de\/wp-json\/wp\/v2\/media\/20978"}],"wp:attachment":[{"href":"https:\/\/fcmanrique.org\/de\/wp-json\/wp\/v2\/media?parent=20973"}],"curies":[{"name":"wp","href":"https:\/\/api.w.org\/{rel}","templated":true}]}}