{"id":16355,"date":"2009-12-16T00:00:00","date_gmt":"2009-12-16T00:00:00","guid":{"rendered":"https:\/\/fcmanrique.org\/fcm-publicacion\/jose-molina-orosa-luz-en-tiniebla\/"},"modified":"2023-11-29T13:40:23","modified_gmt":"2023-11-29T13:40:23","slug":"jose-molina-orosa-luz-en-tiniebla","status":"publish","type":"fcm_publicacion","link":"https:\/\/fcmanrique.org\/de\/fcm-publicacion\/jose-molina-orosa-luz-en-tiniebla\/","title":{"rendered":"Jos\u00e9 Molina Orosa. Luz en tiniebla"},"content":{"rendered":"<p class=\"qtranxs-available-languages-message qtranxs-available-languages-message-de\">Leider ist der Eintrag nur auf <a href=\"https:\/\/fcmanrique.org\/es\/wp-json\/wp\/v2\/fcm_publicacion\/16355\" class=\"qtranxs-available-language-link qtranxs-available-language-link-es\" title=\"ES\">ES<\/a> verf\u00fcgbar.<\/p><p><strong><em><span style=\"ofont-size: 10pt;\">Jos\u00e9 Molina Orosa. Luz en tiniebla<\/span><\/em><\/strong><span style=\"ofont-size: 10pt;\">, trata la figura del m\u00e9dico Jos\u00e9 Molina Orosa (Arrecife, 1883-1966), que se distingui\u00f3 por su labor de atenci\u00f3n a los enfermos m\u00e1s necesitados y su af\u00e1n por mejorar las condiciones de las infraestructuras sanitarias insulares. Un m\u00e9dico pr\u00f3ximo, querido y humanista en el que se encontraba entrega y generosidad. Con el tiempo, cambi\u00f3 la historia de la sanidad en Lanzarote, culminando con la inauguraci\u00f3n del Hospital Insular en 1951.<\/span><\/p>\n<p><span style=\"ofont-size: 10pt;\"><strong>Gregorio Cabrera<\/strong> (Arrecife, 1973), es licenciado en Periodismo por la Universidad Complutense de Madrid, experto en informaci\u00f3n sobre turismo y energ\u00eda. En 1997, comienza a trabajar en el diario La Provincia, donde desempe\u00f1a su labor profesional en la actualidad. Se ha implicado especialmente en aspectos relacionados con el territorio, el medio ambiente, la inmigraci\u00f3n o la exclusi\u00f3n social. Ha sido galardonado con el Premio Berta Pardal por su labor period\u00edstica sobre la inmigraci\u00f3n. Asimismo, ha publicado art\u00edculos en medios nacionales como ABC, El Mundo o La Vanguardia.<\/span><\/p>\n<p><strong>Presentaci\u00f3n del libro, el 8 de abril de 2010, en la Sala Saramago:&nbsp;<\/strong><a href=\"https:\/\/fcmanrique.org\/fcm-actividad\/jose-molina-y-gabriel-fernandez-se\/?cpg=4\" target=\"_blank\" rel=\"noopener\">Acto de presentaci\u00f3n<\/a><\/p>","protected":false},"featured_media":16356,"parent":0,"template":"","meta":{"_acf_changed":false,"ngg_post_thumbnail":0,"footnotes":""},"publicacion_coleccion":[61],"class_list":["post-16355","fcm_publicacion","type-fcm_publicacion","status-publish","has-post-thumbnail","hentry","publicacion_coleccion-islas-de-memoria"],"acf":[],"_links":{"self":[{"href":"https:\/\/fcmanrique.org\/de\/wp-json\/wp\/v2\/fcm_publicacion\/16355","targetHints":{"allow":["GET"]}}],"collection":[{"href":"https:\/\/fcmanrique.org\/de\/wp-json\/wp\/v2\/fcm_publicacion"}],"about":[{"href":"https:\/\/fcmanrique.org\/de\/wp-json\/wp\/v2\/types\/fcm_publicacion"}],"version-history":[{"count":2,"href":"https:\/\/fcmanrique.org\/de\/wp-json\/wp\/v2\/fcm_publicacion\/16355\/revisions"}],"predecessor-version":[{"id":24739,"href":"https:\/\/fcmanrique.org\/de\/wp-json\/wp\/v2\/fcm_publicacion\/16355\/revisions\/24739"}],"wp:featuredmedia":[{"embeddable":true,"href":"https:\/\/fcmanrique.org\/de\/wp-json\/wp\/v2\/media\/16356"}],"wp:attachment":[{"href":"https:\/\/fcmanrique.org\/de\/wp-json\/wp\/v2\/media?parent=16355"}],"wp:term":[{"taxonomy":"publicacion_coleccion","embeddable":true,"href":"https:\/\/fcmanrique.org\/de\/wp-json\/wp\/v2\/publicacion_coleccion?post=16355"}],"curies":[{"name":"wp","href":"https:\/\/api.w.org\/{rel}","templated":true}]}}