{"id":24524,"date":"2023-11-23T11:16:20","date_gmt":"2023-11-23T11:16:20","guid":{"rendered":"https:\/\/fcmanrique.org\/?post_type=fcm_publicacion&#038;p=24524"},"modified":"2025-09-26T15:04:48","modified_gmt":"2025-09-26T15:04:48","slug":"paisaje-en-celuloide","status":"publish","type":"fcm_publicacion","link":"https:\/\/fcmanrique.org\/de\/fcm-publicacion\/paisaje-en-celuloide\/","title":{"rendered":"Paisaje en celuloide"},"content":{"rendered":"<p class=\"qtranxs-available-languages-message qtranxs-available-languages-message-de\">Leider ist der Eintrag nur auf <a href=\"https:\/\/fcmanrique.org\/es\/wp-json\/wp\/v2\/fcm_publicacion\/24524\" class=\"qtranxs-available-language-link qtranxs-available-language-link-es\" title=\"ES\">ES<\/a> verf\u00fcgbar.<\/p><p><em><strong>Paisaje en celuloide<\/strong><\/em>&nbsp;estudia c\u00f3mo las singulares cualidades paisaj\u00edsticas y clim\u00e1ticas del archipi\u00e9lago canario han hecho de \u00e9l un lugar atractivo para el rodaje de numerosas producciones cinematogr\u00e1ficas. A finales del siglo XIX se exhibieron en Canarias las primeras im\u00e1genes animadas y se realizaron las primeras filmaciones: lo importante no era lo representado, sino el hecho de contemplar cualquier fen\u00f3meno isle\u00f1o en una sala oscura y que quedase constancia de ello. As\u00ed, los motivos de representaci\u00f3n eran de lo m\u00e1s dispares desde actividades rurales o urbanas, agr\u00edcolas o industriales, hasta deportes aut\u00f3ctonos o visitas de personajes ilustres.<\/p>\n<p>Seg\u00fan explica D\u00edaz Bethencourt, en su libro se analizan las posibilidades cinematogr\u00e1ficas de Canarias, el porqu\u00e9 de los desplazamientos para rodar determinadas pel\u00edculas, las repercusiones que los rodajes produjeron en la sociedad canaria o los comentarios aparecidos en prensa a ra\u00edz del estreno en las Islas. Y para ello, el estudio se ha centrado b\u00e1sicamente en el largometraje de ficci\u00f3n, aunque tambi\u00e9n se hacen referencias a series de televisi\u00f3n, cortometrajes o documentales cuando la l\u00ednea de investigaci\u00f3n trazada as\u00ed lo requer\u00eda.<\/p>\n<p><strong>Jos\u00e9 D\u00edaz Bethencourt<\/strong> es licenciado en Geograf\u00eda e Historia por la Universidad de La Laguna. Su memoria de licenciatura se titul\u00f3 \u201cCanarias y el cine: aproximaci\u00f3n a la producci\u00f3n cinematogr\u00e1fica en las Islas\u201d. Ha participado en las Jornadas de Estudios de Lanzarote y Fuerteventura, en los Coloquios de Historia Canario-Americana, en el coloquio Internacional de las Islas del Atl\u00e1ntico y en los congresos de la Asociaci\u00f3n Espa\u00f1ola de Historiadores del Cines, entre otros. La mayor\u00eda de sus estudios versan sobre la utilizaci\u00f3n del paisaje isle\u00f1o como decorado cinematogr\u00e1fico.<\/p>\n<p><strong>M\u00e1s informaci\u00f3n:<\/strong> <a href=\"https:\/\/fcmanrique.org\/wp-content\/uploads\/np-10.23.-Presentacion-libro-Jose-Fernando.pdf\">Nota de prensa<\/a><\/p>\n<p><strong>Presentaci\u00f3n del libro, el 13 de junio de 2023, en la Sala Jos\u00e9 Saramago:<\/strong>&nbsp;<a href=\"https:\/\/fcmanrique.org\/fcm-actividad\/jose-diaz\/?cpg=1\">Acto de presentaci\u00f3n<\/a><\/p>\n<p><strong>Materiales:<\/strong><\/p>\n<p><a href=\"https:\/\/fcmanrique.org\/wp-content\/uploads\/PAISAJE-CELULOIDE_Excepto-imagenes.pdf\">PAISAJE CELULOIDE_Excepto imagenes<\/a><\/p>\n<p><a href=\"https:\/\/fcmanrique.org\/wp-content\/uploads\/PAISAJE-EN-CELULOIDE_Imagenes.pdf\">PAISAJE EN CELULOIDE_Im\u00e1genes<\/a><\/p>","protected":false},"featured_media":24569,"parent":0,"template":"","meta":{"_acf_changed":false,"ngg_post_thumbnail":0,"footnotes":""},"publicacion_coleccion":[67],"class_list":["post-24524","fcm_publicacion","type-fcm_publicacion","status-publish","has-post-thumbnail","hentry","publicacion_coleccion-torcusa"],"acf":[],"_links":{"self":[{"href":"https:\/\/fcmanrique.org\/de\/wp-json\/wp\/v2\/fcm_publicacion\/24524","targetHints":{"allow":["GET"]}}],"collection":[{"href":"https:\/\/fcmanrique.org\/de\/wp-json\/wp\/v2\/fcm_publicacion"}],"about":[{"href":"https:\/\/fcmanrique.org\/de\/wp-json\/wp\/v2\/types\/fcm_publicacion"}],"version-history":[{"count":8,"href":"https:\/\/fcmanrique.org\/de\/wp-json\/wp\/v2\/fcm_publicacion\/24524\/revisions"}],"predecessor-version":[{"id":25814,"href":"https:\/\/fcmanrique.org\/de\/wp-json\/wp\/v2\/fcm_publicacion\/24524\/revisions\/25814"}],"wp:featuredmedia":[{"embeddable":true,"href":"https:\/\/fcmanrique.org\/de\/wp-json\/wp\/v2\/media\/24569"}],"wp:attachment":[{"href":"https:\/\/fcmanrique.org\/de\/wp-json\/wp\/v2\/media?parent=24524"}],"wp:term":[{"taxonomy":"publicacion_coleccion","embeddable":true,"href":"https:\/\/fcmanrique.org\/de\/wp-json\/wp\/v2\/publicacion_coleccion?post=24524"}],"curies":[{"name":"wp","href":"https:\/\/api.w.org\/{rel}","templated":true}]}}