{"id":26854,"date":"2025-06-02T09:03:19","date_gmt":"2025-06-02T09:03:19","guid":{"rendered":"https:\/\/fcmanrique.org\/?post_type=fcm_publicacion&#038;p=26854"},"modified":"2025-06-02T12:12:34","modified_gmt":"2025-06-02T12:12:34","slug":"lanzarote-arquitectura-inedita","status":"publish","type":"fcm_publicacion","link":"https:\/\/fcmanrique.org\/de\/fcm-publicacion\/lanzarote-arquitectura-inedita\/","title":{"rendered":"Lanzarote. Arquitectura in\u00e9dita"},"content":{"rendered":"<p class=\"qtranxs-available-languages-message qtranxs-available-languages-message-de\">Leider ist der Eintrag nur auf <a href=\"https:\/\/fcmanrique.org\/es\/wp-json\/wp\/v2\/fcm_publicacion\/26854\" class=\"qtranxs-available-language-link qtranxs-available-language-link-es\" title=\"ES\">ES<\/a> verf\u00fcgbar.<\/p><p><strong><i>Lanzarote. Arquitectura in\u00e9dita <\/i><\/strong>es una reimpresi\u00f3n de la primera edici\u00f3n \u2014publicada en 1974 por C\u00e9sar Manrique\u2014 con motivo de la celebraci\u00f3n de su cincuentenario. Se subraya su car\u00e1cter conmemorativo con la incorporaci\u00f3n de una caja especial y una faja con un dibujo del artista. <i>Lanzarote. Arquitectura in\u00e9dita<\/i> representa una de las aportaciones m\u00e1s relevantes de Manrique ya que supuso un hito extraordinario en el proceso de conformaci\u00f3n de los nuevos paisajes de Lanzarote surgidos en el contexto de la industria tur\u00edstica.<\/p>\n<p>Con motivo de la conmemoraci\u00f3n del 50 aniversario de la publicaci\u00f3n, la Fundaci\u00f3n C\u00e9sar Manrique acoge, en su sede de Taro de Tah\u00edche,&nbsp; la exposici\u00f3n <a href=\"https:\/\/fcmanrique.org\/fcm-exposicion\/lanzarote-arquitectura-inedita\/?cpg=1\"><strong>\u00abLanzarote. Arquitectura [in]\u00e9dita\u00bb<\/strong><\/a>&nbsp;que se puede visitar hasta el d\u00eda 11 de enero de 2026. Se trata de un homenaje al libro hom\u00f3nimo, realizado por C\u00e9sar Manrique en 1974.<\/p>\n<p><strong>M\u00e1s informaci\u00f3n:&nbsp;<\/strong><a href=\"https:\/\/fcmanrique.org\/wp-content\/uploads\/np-16.24.-Inauguracion-exposicion-Lanzarote.-Arquitectura-inedita.pdf\" target=\"_blank\" rel=\"noopener\">Nota de prensa de la inauguraci\u00f3n<\/a>&nbsp;<\/p>","protected":false},"featured_media":26857,"parent":0,"template":"","meta":{"_acf_changed":false,"ngg_post_thumbnail":0,"footnotes":""},"publicacion_coleccion":[56],"class_list":["post-26854","fcm_publicacion","type-fcm_publicacion","status-publish","has-post-thumbnail","hentry","publicacion_coleccion-coediciones"],"acf":[],"_links":{"self":[{"href":"https:\/\/fcmanrique.org\/de\/wp-json\/wp\/v2\/fcm_publicacion\/26854","targetHints":{"allow":["GET"]}}],"collection":[{"href":"https:\/\/fcmanrique.org\/de\/wp-json\/wp\/v2\/fcm_publicacion"}],"about":[{"href":"https:\/\/fcmanrique.org\/de\/wp-json\/wp\/v2\/types\/fcm_publicacion"}],"version-history":[{"count":6,"href":"https:\/\/fcmanrique.org\/de\/wp-json\/wp\/v2\/fcm_publicacion\/26854\/revisions"}],"predecessor-version":[{"id":26874,"href":"https:\/\/fcmanrique.org\/de\/wp-json\/wp\/v2\/fcm_publicacion\/26854\/revisions\/26874"}],"wp:featuredmedia":[{"embeddable":true,"href":"https:\/\/fcmanrique.org\/de\/wp-json\/wp\/v2\/media\/26857"}],"wp:attachment":[{"href":"https:\/\/fcmanrique.org\/de\/wp-json\/wp\/v2\/media?parent=26854"}],"wp:term":[{"taxonomy":"publicacion_coleccion","embeddable":true,"href":"https:\/\/fcmanrique.org\/de\/wp-json\/wp\/v2\/publicacion_coleccion?post=26854"}],"curies":[{"name":"wp","href":"https:\/\/api.w.org\/{rel}","templated":true}]}}