{"id":26865,"date":"2025-06-02T11:55:55","date_gmt":"2025-06-02T11:55:55","guid":{"rendered":"https:\/\/fcmanrique.org\/?post_type=fcm_publicacion&#038;p=26865"},"modified":"2025-06-02T11:58:35","modified_gmt":"2025-06-02T11:58:35","slug":"palabra-y-compromiso-al-poder-se-le-incomoda-cesar-manrique-activismo","status":"publish","type":"fcm_publicacion","link":"https:\/\/fcmanrique.org\/de\/fcm-publicacion\/palabra-y-compromiso-al-poder-se-le-incomoda-cesar-manrique-activismo\/","title":{"rendered":"Palabra y compromiso: Al poder se le incomoda. C\u00e9sar Manrique. ACTIVISMO"},"content":{"rendered":"<p class=\"qtranxs-available-languages-message qtranxs-available-languages-message-de\">Leider ist der Eintrag nur auf <a href=\"https:\/\/fcmanrique.org\/es\/wp-json\/wp\/v2\/fcm_publicacion\/26865\" class=\"qtranxs-available-language-link qtranxs-available-language-link-es\" title=\"ES\">ES<\/a> verf\u00fcgbar.<\/p><p>El libro explora \u2014por primera vez de forma monogr\u00e1fica y exhaustiva\u2014 la vertiente activista de C\u00e9sar Manrique, vinculada a la protecci\u00f3n del territorio y el medio ambiente. El estudio atiende temas centrales en el discurso p\u00fablico de Manrique: &nbsp;la promoci\u00f3n, por parte del artista, de un turismo limitado y de calidad; la defensa de los l\u00edmites y de la singularidad en cuanto a una oferta tur\u00edstica basada en la cultura y los valores patrimoniales del lugar; su cr\u00edtica abierta a la especulaci\u00f3n, la corrupci\u00f3n, el desarrollismo y los atropellos medioambientales\u2026 Se toman como referencia central sus declaraciones p\u00fablicas, realizadas a lo largo de m\u00e1s de cuarenta a\u00f1os, as\u00ed como documentos escritos del artista. El cat\u00e1logo est\u00e1 conectado con la posterior mesa redonda en la que se hablar\u00e1 sobre la situaci\u00f3n actual de masificaci\u00f3n y desbordamiento tur\u00edstico, con la consiguiente afecci\u00f3n al patrimonio natural y a la calidad de vida de los ciudadanos, que sufren Lanzarote y Canarias.<\/p>\n<p><strong>M\u00e1s informaci\u00f3n:<\/strong>&nbsp;<a href=\"https:\/\/fcmanrique.org\/wp-content\/uploads\/fcmanrique-np-presentacion-activismo.pdf\" target=\"_blank\" rel=\"noopener\">Nota de prensa<\/a><\/p>\n<p><strong>Presentaci\u00f3n del libro, el 8 de mayo de 2025, en la Sala Saramago:<\/strong>&nbsp;<a href=\"https:\/\/fcmanrique.org\/fcm-actividad\/gomez-aguilera-las-islas-necesitan-refundar-un-modelo-de-futuro-anclado-en-la-cultura-de-los-limites\/?cpg=0\" target=\"_blank\" rel=\"noopener\">Acto de presentaci\u00f3n<\/a><\/p>","protected":false},"featured_media":26866,"parent":0,"template":"","meta":{"_acf_changed":false,"ngg_post_thumbnail":0,"footnotes":""},"publicacion_coleccion":[76],"class_list":["post-26865","fcm_publicacion","type-fcm_publicacion","status-publish","has-post-thumbnail","hentry","publicacion_coleccion-catalogos-exposiciones-temporales"],"acf":[],"_links":{"self":[{"href":"https:\/\/fcmanrique.org\/de\/wp-json\/wp\/v2\/fcm_publicacion\/26865","targetHints":{"allow":["GET"]}}],"collection":[{"href":"https:\/\/fcmanrique.org\/de\/wp-json\/wp\/v2\/fcm_publicacion"}],"about":[{"href":"https:\/\/fcmanrique.org\/de\/wp-json\/wp\/v2\/types\/fcm_publicacion"}],"version-history":[{"count":2,"href":"https:\/\/fcmanrique.org\/de\/wp-json\/wp\/v2\/fcm_publicacion\/26865\/revisions"}],"predecessor-version":[{"id":26869,"href":"https:\/\/fcmanrique.org\/de\/wp-json\/wp\/v2\/fcm_publicacion\/26865\/revisions\/26869"}],"wp:featuredmedia":[{"embeddable":true,"href":"https:\/\/fcmanrique.org\/de\/wp-json\/wp\/v2\/media\/26866"}],"wp:attachment":[{"href":"https:\/\/fcmanrique.org\/de\/wp-json\/wp\/v2\/media?parent=26865"}],"wp:term":[{"taxonomy":"publicacion_coleccion","embeddable":true,"href":"https:\/\/fcmanrique.org\/de\/wp-json\/wp\/v2\/publicacion_coleccion?post=26865"}],"curies":[{"name":"wp","href":"https:\/\/api.w.org\/{rel}","templated":true}]}}