{"id":27541,"date":"2025-04-03T13:32:29","date_gmt":"2025-04-03T13:32:29","guid":{"rendered":"https:\/\/fcmanrique.org\/?post_type=fcm_publicacion&#038;p=27541"},"modified":"2026-02-03T14:15:03","modified_gmt":"2026-02-03T14:15:03","slug":"en-la-hondura-del-tiempo","status":"publish","type":"fcm_publicacion","link":"https:\/\/fcmanrique.org\/de\/fcm-publicacion\/en-la-hondura-del-tiempo\/","title":{"rendered":"En la hondura del tiempo"},"content":{"rendered":"<p class=\"qtranxs-available-languages-message qtranxs-available-languages-message-de\">Leider ist der Eintrag nur auf <a href=\"https:\/\/fcmanrique.org\/es\/wp-json\/wp\/v2\/fcm_publicacion\/27541\" class=\"qtranxs-available-language-link qtranxs-available-language-link-es\" title=\"ES\">ES<\/a> verf\u00fcgbar.<\/p><p><strong>Coral Bracho<\/strong> (Ciudad de M\u00e9xico, 1951) ha publicado la mayor parte de sus libros de poemas en Ediciones Era. Ha creado una dilatada obra po\u00e9tica que se considera una de las trayectorias m\u00e1s brillantes de la poes\u00eda contempor\u00e1nea en M\u00e9xico. Su poes\u00eda se caracteriza por la sensorialidad pl\u00e1stica, el compromiso con la vida y el rigor del pensamiento disuelto en la respiraci\u00f3n cotidiana.<\/p>\n<p>Fue becaria de la Fundaci\u00f3n John Simon Guggenheim de Nueva York y del Sistema Nacional de Creadores de Arte en M\u00e9xico. Ha sido reconocida con relevantes premios internacionales: Premio Nacional de Poes\u00eda de Aguascalientes (1981), Premio Xavier Villaurrutia (2003), Premio Internacional de Poes\u00eda Jaime Sabines-Gatien Lapointe (2011), Premio Poetas del Mundo Latino V\u00edctor Sandoval (2016) y el mencionado Premio FIL de Literatura en Lenguas Romances 2023. Recientemente, en nuestro pa\u00eds, recibi\u00f3 el XXI Premio Internacional de Poes\u00eda Ciudad de Granada-Federico Garc\u00eda Lorca, 2024.<\/p>\n<p>Entre sus numerosos libros, destacan t\u00edtulos como \u201cEl ser que va a morir\u201d (1981), \u201cHuellas de luz\u201d (1994), \u201cLa voluntad del \u00e1mbar\u201d (1998), \u201cEse espacio, ese jard\u00edn\u201d (2003), \u201cCuarto de hotel\u201d (2007) y \u201cDebe ser un malentendido\u201d (2018). Traducciones y antolog\u00edas suyas han visto la luz en distintos pa\u00edses. La editorial Pre-Textos, Valencia, public\u00f3 en 2025 su \u201cPoes\u00eda reunida. 1977-2023\u201d.<\/p>\n<p>Esta publicaci\u00f3n, <em>En la hondura del tiempo<\/em>, re\u00fane 37 poemas. Hace el n\u00famero 16 de la colecci\u00f3n P\u00e9\u00f1ola Blanca y fue publicado en marzo de 2025.<\/p>\n<p>Materiales:<strong> <a href=\"https:\/\/fcmanrique.org\/wp-content\/uploads\/fcmanrique-nuevo-libro-coral-bracho.pdf\" target=\"_blank\" rel=\"noopener\">Nota de prensa<\/a><\/strong><\/p>","protected":false},"featured_media":27550,"parent":0,"template":"","meta":{"_acf_changed":false,"ngg_post_thumbnail":0,"footnotes":""},"publicacion_coleccion":[66],"class_list":["post-27541","fcm_publicacion","type-fcm_publicacion","status-publish","has-post-thumbnail","hentry","publicacion_coleccion-penola-blanca"],"acf":[],"_links":{"self":[{"href":"https:\/\/fcmanrique.org\/de\/wp-json\/wp\/v2\/fcm_publicacion\/27541","targetHints":{"allow":["GET"]}}],"collection":[{"href":"https:\/\/fcmanrique.org\/de\/wp-json\/wp\/v2\/fcm_publicacion"}],"about":[{"href":"https:\/\/fcmanrique.org\/de\/wp-json\/wp\/v2\/types\/fcm_publicacion"}],"version-history":[{"count":2,"href":"https:\/\/fcmanrique.org\/de\/wp-json\/wp\/v2\/fcm_publicacion\/27541\/revisions"}],"predecessor-version":[{"id":27551,"href":"https:\/\/fcmanrique.org\/de\/wp-json\/wp\/v2\/fcm_publicacion\/27541\/revisions\/27551"}],"wp:featuredmedia":[{"embeddable":true,"href":"https:\/\/fcmanrique.org\/de\/wp-json\/wp\/v2\/media\/27550"}],"wp:attachment":[{"href":"https:\/\/fcmanrique.org\/de\/wp-json\/wp\/v2\/media?parent=27541"}],"wp:term":[{"taxonomy":"publicacion_coleccion","embeddable":true,"href":"https:\/\/fcmanrique.org\/de\/wp-json\/wp\/v2\/publicacion_coleccion?post=27541"}],"curies":[{"name":"wp","href":"https:\/\/api.w.org\/{rel}","templated":true}]}}