{"id":20012,"date":"2019-06-25T18:40:30","date_gmt":"2019-06-25T18:40:30","guid":{"rendered":"https:\/\/fcmanrique.org\/?post_type=fcm_video&#038;p=20012"},"modified":"2023-06-15T18:09:19","modified_gmt":"2023-06-15T18:09:19","slug":"curso-ante-el-antropoceno-cuando-la-humanidad-desborda-los-limites-biofisicos-del-planeta-25-de-junio-parte-2","status":"publish","type":"fcm_video","link":"https:\/\/fcmanrique.org\/de\/fcm-video\/curso-ante-el-antropoceno-cuando-la-humanidad-desborda-los-limites-biofisicos-del-planeta-25-de-junio-parte-2\/","title":{"rendered":"Ante el Antropoceno. \u00ab\u00bfHacia una crisis ecosocial de alcance civilizatorio?\u00bb (Parte 2)"},"content":{"rendered":"<p class=\"qtranxs-available-languages-message qtranxs-available-languages-message-de\">Leider ist der Eintrag nur auf <a href=\"https:\/\/fcmanrique.org\/es\/wp-json\/wp\/v2\/fcm_video\/20012\" class=\"qtranxs-available-language-link qtranxs-available-language-link-es\" title=\"ES\">ES<\/a> verf\u00fcgbar.<\/p><p><strong><em>Ante el Antropoceno. Cuando la humanidad desborda los l\u00edmites biof\u00edsicos del planeta<\/em><\/strong><\/p>\n<p><strong>Martes, 25: <em>\u00bfHacia una crisis ecosocial de alcance civilizatorio?<\/em> <\/strong>Ponentes: Carlos Montes, Manola Brunet, Susana Borr\u00e1s. Mesa redonda moderada por Cristina Monge.<\/p>\n<p><em>\u201cEclosi\u00f3n de las migraciones clim\u00e1ticas\u201d.<\/em><\/p>\n<p><strong>Susana Borr\u00e0s<\/strong> es especialista en Derecho Ambiental y profesora de Derecho Internacional P\u00fablico y Relaciones Internacionales en la Universidad Rovira i Virgili de Tarragona y de la Universitat Oberta de Catalunya.<\/p>\n<p>Es profesora visitante y experta jur\u00eddica de varias redes internacionales, como la Red Sudamericana para las Migraciones Ambientales (RESAMA), el Centro de Derecho de la Tierra o el Instituto Brasile\u00f1o de Derechos Humanos. Sus \u00e1mbitos de investigaci\u00f3n y publicaciones tratan de justicia clim\u00e1tica, refugio clim\u00e1tico, derechos de la Naturaleza, derechos humanos y medio ambiente, y personas defensoras de los derechos humanos ambientales, entre otros temas.<\/p>\n<p><em>MESA REDONDA moderada por Cristina Monge.<\/em><\/p>\n<p><strong>Cristina Monge<\/strong> es polit\u00f3loga y Doctora por la Universidad de Zaragoza. M\u00e1ster en Uni\u00f3n Europea por la UNED. Postgrado en participaci\u00f3n ciudadana por la Universidad de Zaragoza. M\u00e1ster en comunicaci\u00f3n pol\u00edtica por la Universidad Aut\u00f3noma de Barcelona, y experta en funci\u00f3n gerencial de ONGs por ESADE.<\/p>\n<p>Asesora Ejecutiva de ECODES (Fundaci\u00f3n Ecolog\u00eda y Desarrollo) y profesora asociada de Sociolog\u00eda en la Universidad de Zaragoza. Coordina la secci\u00f3n de Transici\u00f3n Energ\u00e9tica de Agenda P\u00fablica &#8211; El Pa\u00eds y forma parte del patronato de Fundaci\u00f3n Renovables. Analista pol\u00edtica para El pa\u00eds, Cadena SER e Infolibre.<\/p>\n<p><strong>Leer la cr\u00f3nica del primer d\u00eda del curso:<\/strong>&nbsp;<a href=\"https:\/\/fcmanrique.org\/fcm-c-acti-celebrada\/si-no-cambiamos-la-forma-de-ver-la-naturaleza-la-naturaleza-no-cambiara-de-forma\/?lang=es\">https:\/\/fcmanrique.org\/fcm-c-acti-celebrada\/si-no-cambiamos-la-forma-de-ver-la-naturaleza-la-naturaleza-no-cambiara-de-forma\/?lang=es<\/a><\/p>\n<p><strong>M\u00e1s informaci\u00f3n:&nbsp;<\/strong><a href=\"https:\/\/fcmanrique.org\/wp-content\/uploads\/fc-manrique-programa-antropoceno.pdf\">Nota de prensa<\/a><\/p>","protected":false},"featured_media":23633,"parent":0,"template":"","meta":{"_acf_changed":false,"ngg_post_thumbnail":0,"footnotes":""},"video_coleccion":[136],"class_list":["post-20012","fcm_video","type-fcm_video","status-publish","has-post-thumbnail","hentry","video_coleccion-curso"],"acf":[],"_links":{"self":[{"href":"https:\/\/fcmanrique.org\/de\/wp-json\/wp\/v2\/fcm_video\/20012","targetHints":{"allow":["GET"]}}],"collection":[{"href":"https:\/\/fcmanrique.org\/de\/wp-json\/wp\/v2\/fcm_video"}],"about":[{"href":"https:\/\/fcmanrique.org\/de\/wp-json\/wp\/v2\/types\/fcm_video"}],"version-history":[{"count":11,"href":"https:\/\/fcmanrique.org\/de\/wp-json\/wp\/v2\/fcm_video\/20012\/revisions"}],"predecessor-version":[{"id":23636,"href":"https:\/\/fcmanrique.org\/de\/wp-json\/wp\/v2\/fcm_video\/20012\/revisions\/23636"}],"wp:featuredmedia":[{"embeddable":true,"href":"https:\/\/fcmanrique.org\/de\/wp-json\/wp\/v2\/media\/23633"}],"wp:attachment":[{"href":"https:\/\/fcmanrique.org\/de\/wp-json\/wp\/v2\/media?parent=20012"}],"wp:term":[{"taxonomy":"video_coleccion","embeddable":true,"href":"https:\/\/fcmanrique.org\/de\/wp-json\/wp\/v2\/video_coleccion?post=20012"}],"curies":[{"name":"wp","href":"https:\/\/api.w.org\/{rel}","templated":true}]}}