{"id":20267,"date":"2019-09-05T19:00:07","date_gmt":"2019-09-05T19:00:07","guid":{"rendered":"https:\/\/fcmanrique.org\/?post_type=fcm_video&#038;p=20267"},"modified":"2023-06-15T18:09:18","modified_gmt":"2023-06-15T18:09:18","slug":"conversacion-leila-guerriero-y-jesus-marana-moderan-teresa-cardenes-y-alberto-acosta-5-septiembre","status":"publish","type":"fcm_video","link":"https:\/\/fcmanrique.org\/de\/fcm-video\/conversacion-leila-guerriero-y-jesus-marana-moderan-teresa-cardenes-y-alberto-acosta-5-septiembre\/","title":{"rendered":"Leila Guerriero y Jes\u00fas Mara\u00f1a con Teresa C\u00e1rdenes y Alberto Acosta. \u00abPresente y futuro del periodismo\u00bb"},"content":{"rendered":"<p class=\"qtranxs-available-languages-message qtranxs-available-languages-message-de\">Leider ist der Eintrag nur auf <a href=\"https:\/\/fcmanrique.org\/es\/wp-json\/wp\/v2\/fcm_video\/20267\" class=\"qtranxs-available-language-link qtranxs-available-language-link-es\" title=\"ES\">ES<\/a> verf\u00fcgbar.<\/p><p><strong>Di\u00e1logos con periodistas. Democracia y periodismo en su laberinto<\/strong><\/p>\n<p>El di\u00e1logo entre Guerriero y Mara\u00f1a es la \u00faltima conversaci\u00f3n programada dentro del ciclo de di\u00e1logos con periodistas <em>Democracia y periodismo en su laberinto<\/em>, que comenz\u00f3 con un encuentro entre Ignacio Escolar y Olga Rodr\u00edguez, conducido por Jazael Ascanio y Javier Dur\u00e1n bajo el t\u00edtulo \u201cInformaci\u00f3n y desinformaci\u00f3n. Posverdad\u201d; y continu\u00f3 con otra conversaci\u00f3n entre Fernando Vallesp\u00edn, Luisa del Rosario y Francisco Pomares en torno a \u201cPopulismos y democracia\u201d<\/p>\n<p><strong>Leila Guerriero<\/strong> es periodista. Ha trabajado para diversos medios de latinoam\u00e9rica y Europa: \u201cLa Naci\u00f3n\u201d y \u201cRolling Stone\u201d, de Argentina; \u201cEl Pa\u00eds\u201d, de Espa\u00f1a; \u201cGatopardo\u201d, de M\u00e9xico; y \u201cEl Mercurio\u201d, de Chile, entre otros. Realiza tareas de edici\u00f3n para \u201cEdiciones Universidad Diego Portales\u201d, de Chile. Es editora para Am\u00e9rica latina de la revista \u201cGatopardo\u201d y dirige la colecci\u00f3n \u201cMirada cr\u00f3nica\u201d, de editorial \u201cTusquets\u201d Argentina. Adem\u00e1s, es maestra de la Fundaci\u00f3n de Nuevo Periodismo Iberoamericano, fundada por Gabriel Garc\u00eda M\u00e1rquez, y forma parte de su consejo rector.<\/p>\n<p><strong>Jes\u00fas Mara\u00f1a<\/strong> es periodista. Desde 2013 es responsable editorial del nuevo diario digital \u201cinfoLibre.es\u201d y del mensual en papel \u201ctintaLibre\u201d, un proyecto de periodismo independiente impulsado por periodistas procedentes de distintos medios y asociado al digital franc\u00e9s \u201cMediapart\u201d.<br \/>\nHa trabajado para diversos medios de comunicaci\u00f3n: \u201cTelevisi\u00f3n Espa\u00f1ola\u201d, \u201cAntena 3 Radio\u201d, \u201cdiario Ya\u201d, la revista \u201cTiempo\u201d, el peri\u00f3dico \u201cEl Mundo\u201d. Ha sido Director Editorial de Revistas de Grupo Zeta, cargo desde el que coordin\u00f3 m\u00e1s de cuarenta publicaciones semanales y mensuales, entre ellas \u201cIntervi\u00fa\u201d, \u201cTiempo\u201d, \u201cMan\u201d, \u201cWoman\u201d, \u201cViajar\u201d, \u201cYou\u201d o \u201cPC Plus\u201d. Entre 2010 y 2012 desempe\u00f1\u00f3 la direcci\u00f3n del peri\u00f3dico \u201cP\u00fablico\u201d.<\/p>\n<p><strong>Leer la cr\u00f3nica de la conversaci\u00f3n:&nbsp;<\/strong><a href=\"https:\/\/fcmanrique.org\/fcm-c-acti-celebrada\/guerriero-y-marana\/?lang=es\">https:\/\/fcmanrique.org\/fcm-c-acti-celebrada\/guerriero-y-marana\/?lang=es<\/a><\/p>\n<p><strong>M\u00e1s informaci\u00f3n:&nbsp;<\/strong><a href=\"https:\/\/fcmanrique.org\/wp-content\/uploads\/fc-manrique-dialogo-guerriero-jesus-marana.pdf\">Nota de prensa<\/a><\/p>","protected":false},"featured_media":23647,"parent":0,"template":"","meta":{"_acf_changed":false,"ngg_post_thumbnail":0,"footnotes":""},"video_coleccion":[127],"class_list":["post-20267","fcm_video","type-fcm_video","status-publish","has-post-thumbnail","hentry","video_coleccion-conversacion"],"acf":[],"_links":{"self":[{"href":"https:\/\/fcmanrique.org\/de\/wp-json\/wp\/v2\/fcm_video\/20267","targetHints":{"allow":["GET"]}}],"collection":[{"href":"https:\/\/fcmanrique.org\/de\/wp-json\/wp\/v2\/fcm_video"}],"about":[{"href":"https:\/\/fcmanrique.org\/de\/wp-json\/wp\/v2\/types\/fcm_video"}],"version-history":[{"count":13,"href":"https:\/\/fcmanrique.org\/de\/wp-json\/wp\/v2\/fcm_video\/20267\/revisions"}],"predecessor-version":[{"id":23553,"href":"https:\/\/fcmanrique.org\/de\/wp-json\/wp\/v2\/fcm_video\/20267\/revisions\/23553"}],"wp:featuredmedia":[{"embeddable":true,"href":"https:\/\/fcmanrique.org\/de\/wp-json\/wp\/v2\/media\/23647"}],"wp:attachment":[{"href":"https:\/\/fcmanrique.org\/de\/wp-json\/wp\/v2\/media?parent=20267"}],"wp:term":[{"taxonomy":"video_coleccion","embeddable":true,"href":"https:\/\/fcmanrique.org\/de\/wp-json\/wp\/v2\/video_coleccion?post=20267"}],"curies":[{"name":"wp","href":"https:\/\/api.w.org\/{rel}","templated":true}]}}