{"id":21004,"date":"2019-11-28T19:00:17","date_gmt":"2019-11-28T19:00:17","guid":{"rendered":"https:\/\/fcmanrique.org\/?post_type=fcm_video&#038;p=21004"},"modified":"2023-06-15T18:08:36","modified_gmt":"2023-06-15T18:08:36","slug":"conferencia-marina-garces-28-de-noviembre","status":"publish","type":"fcm_video","link":"https:\/\/fcmanrique.org\/de\/fcm-video\/conferencia-marina-garces-28-de-noviembre\/","title":{"rendered":"Marina Garc\u00e9s.  \u00abLa experiencia del l\u00edmite. Una mirada sobre los desaf\u00edos del mundo contempor\u00e1neo\u00bb"},"content":{"rendered":"<p class=\"qtranxs-available-languages-message qtranxs-available-languages-message-de\">Leider ist der Eintrag nur auf <a href=\"https:\/\/fcmanrique.org\/es\/wp-json\/wp\/v2\/fcm_video\/21004\" class=\"qtranxs-available-language-link qtranxs-available-language-link-es\" title=\"ES\">ES<\/a> verf\u00fcgbar.<\/p><p><strong>Ciclo de conferencias magistrales. Pensar los l\u00edmites de nuestro tiempo<\/strong><\/p>\n<p>La Fundaci\u00f3n C\u00e9sar Manrique (FCM) acogi\u00f3 el pasado jueves, 28 de noviembre, en la sala Jos\u00e9 Saramago de La Plazuela (Arrecife), la conferencia <em>La experiencia del l\u00edmite. Una mirada sobre los desaf\u00edos del mundo contempor\u00e1neo<\/em>, impartida por Marina Garc\u00e9s. Esta actividad se enmarca dentro de la programaci\u00f3n del centenario del nacimiento del artista que la instituci\u00f3n que lleva su nombre celebrar\u00e1 hasta el 24 de abril de 2020.<\/p>\n<p>La intervenci\u00f3n de Marina Garc\u00e9s fue la \u00faltima dentro del ciclo de conferencias magistrales<em> Pensar los l\u00edmites de nuestro tiempo<\/em>, en el que ya han intervenido Fernando Savater, Eudald Carbonell (Premio Pr\u00edncipe de Asturias), Sonia Fern\u00e1ndez-Vidal, Eduardo Mart\u00ednez de Pis\u00f3n y Cristina Almeida.<\/p>\n<p><strong>Marina Garc\u00e9s<\/strong> es fil\u00f3sofa y profesora de la Universitat Oberta de Catalunya, donde actualmente dirige el M\u00e1ster de Filosof\u00eda para los retos contempor\u00e1neos. Es autora de diversos libros, entre ellos &#8222;Un mundo com\u00fan&#8220; (2012), &#8222;Filosof\u00eda inacabada&#8220; (2015), &#8222;Fuera de clase&#8220; (2016), &#8222;Nueva ilustraci\u00f3n radical&#8220; (2017) y &#8222;Ciudad princesa&#8220; (2018). Desde 2002 impulsa tambi\u00e9n la actividad del colectivo para el pensamiento cr\u00edtico y experimental Espai en Blanc.<\/p>\n<p><strong>Leer la cr\u00f3nica de la conferencia<\/strong>:&nbsp;<a href=\"https:\/\/fcmanrique.org\/fcm-c-acti-celebrada\/marina-garces\/?lang=es\">https:\/\/fcmanrique.org\/fcm-c-acti-celebrada\/marina-garces\/?lang=es<\/a><\/p>\n<p><strong>M\u00e1s informaci\u00f3n:<\/strong> <a href=\"https:\/\/fcmanrique.org\/wp-content\/uploads\/fc-manrique-conferencia-marina-garces.pdf\">Nota de prensa<\/a><\/p>","protected":false},"featured_media":23658,"parent":0,"template":"","meta":{"_acf_changed":false,"ngg_post_thumbnail":0,"footnotes":""},"video_coleccion":[97],"class_list":["post-21004","fcm_video","type-fcm_video","status-publish","has-post-thumbnail","hentry","video_coleccion-conferencia"],"acf":[],"_links":{"self":[{"href":"https:\/\/fcmanrique.org\/de\/wp-json\/wp\/v2\/fcm_video\/21004","targetHints":{"allow":["GET"]}}],"collection":[{"href":"https:\/\/fcmanrique.org\/de\/wp-json\/wp\/v2\/fcm_video"}],"about":[{"href":"https:\/\/fcmanrique.org\/de\/wp-json\/wp\/v2\/types\/fcm_video"}],"version-history":[{"count":13,"href":"https:\/\/fcmanrique.org\/de\/wp-json\/wp\/v2\/fcm_video\/21004\/revisions"}],"predecessor-version":[{"id":23530,"href":"https:\/\/fcmanrique.org\/de\/wp-json\/wp\/v2\/fcm_video\/21004\/revisions\/23530"}],"wp:featuredmedia":[{"embeddable":true,"href":"https:\/\/fcmanrique.org\/de\/wp-json\/wp\/v2\/media\/23658"}],"wp:attachment":[{"href":"https:\/\/fcmanrique.org\/de\/wp-json\/wp\/v2\/media?parent=21004"}],"wp:term":[{"taxonomy":"video_coleccion","embeddable":true,"href":"https:\/\/fcmanrique.org\/de\/wp-json\/wp\/v2\/video_coleccion?post=21004"}],"curies":[{"name":"wp","href":"https:\/\/api.w.org\/{rel}","templated":true}]}}