{"id":16,"date":"2015-05-27T09:53:19","date_gmt":"2015-05-27T09:53:19","guid":{"rendered":"https:\/\/fcmanrique.org\/w2015\/?page_id=16"},"modified":"2025-01-16T11:39:28","modified_gmt":"2025-01-16T11:39:28","slug":"casa-museo-cesar-manrique-haria","status":"publish","type":"page","link":"https:\/\/fcmanrique.org\/de\/casas-museo-visitas\/casa-museo-cesar-manrique-haria\/","title":{"rendered":"Haus-Museum C\u00e9sar Manrique Har\u00eda"},"content":{"rendered":"<p><\/p>\n<h1>Das Haus im Palmenwald.<\/h1>\n<h2><em>Haus-Museum C\u00e9sar Manrique.<\/em> Har\u00eda<\/h2>\n<p>Das Haus-Museum C\u00e9sar Manrique liegt mitten in einem <strong>gro\u00dfartigen Palmenhof<\/strong> in dem malerischen Ort von Har\u00eda, n\u00f6rdlich von Lanzarote, wo auch heute noch die traditionelle Lebensweise der Insel bewahrt bleibt. In Har\u00eda fand der K\u00fcnstler die <strong>Ruhe und den Kontakt zur Natur<\/strong>, die er so sehr liebte.<\/p>\n<p>Zu Beginn des Jahres 1986 begann Manrique mit den Bauarbeiten f\u00fcr sein neues Haus, indem er die Ruinen eines altes Bauernhauses verwendete und anpasste, das auf einem l\u00e4ndlichen Anwesen lag, das er in den siebziger Jahren erworben hatte. Er nahm den Ausdruck der traditionellen Architektur aus moderner Sicht in Angriff, in der <strong>\u00c4sthetik und Komfort<\/strong> \u00fcberwiegen. Hier lebte er bis zu seinem Tod im Jahr 1992. 2013 wurde dieses Geb\u00e4ude als Haus \/ Museum er\u00f6ffnet. Bei einem Rundgang k\u00f6nnen die Besucher die R\u00e4ume des Hauses sowie die Werkstatt betrachten, in denen der K\u00fcnstler arbeitete und seine letzten Lebensjahre verbrachte.<\/p>\n<p>Durschreitet man zwei Innenh\u00f6fe, gelangt man in eine \u00fcberraschende Welt <strong>pers\u00f6nlicher Besitzt\u00fcmer<\/strong>, Ger\u00e4te, Fundst\u00fccke und handgefertigte Teile, denen Manrique eine \u00e4sthetische Funktion zuwies. All dies in einem Raum, der sich durch edle Materialien und Anzeichen guten Geschmacks auszeichnet. Die \u00fcppige Vegetation sowohl im Inneren als auch au\u00dferhalb des Hauses tr\u00e4gt dazu bei, <strong>eine ruhige und gem\u00fctliche Atmosph\u00e4re<\/strong> zu vermitteln. In der Werkstatt, die von dem Wohnhaus getrennt ist, ist das urspr\u00fcngliche Szenarium zu sehen, wo der K\u00fcnstler t\u00e4glich malte, umgeben von Pigmenten, Tischen mit Zeichnungen, Staffeleien und unvollst\u00e4ndigen Gem\u00e4lden die ganz so aufbewahrt wurden, wie der K\u00fcnstler sie bei seinem Tod hinterlie\u00df.<\/p>\n<p>Der Besucher kann sich hier in einer friedlichen nat\u00fcrlichen Umgebung eines einzigartigen Erlebnisses erfreuen. Eine wahrlich einmalige Welt die es uns erm\u00f6glicht, uns der menschlichsten Seite dieses gro\u00dfartigen, in Lanzarote geborenen, K\u00fcnstlers zu n\u00e4hern.<\/p>","protected":false},"excerpt":{"rendered":"<p>Das Haus im Palmenwald. Haus-Museum C\u00e9sar Manrique. Har\u00eda Das Haus-Museum C\u00e9sar Manrique liegt mitten in einem gro\u00dfartigen Palmenhof in dem malerischen Ort von Har\u00eda, n\u00f6rdlich von Lanzarote, wo auch heute noch die traditionelle Lebensweise der Insel bewahrt bleibt. In Har\u00eda fand der K\u00fcnstler die Ruhe und den Kontakt zur Natur, die er so sehr liebte&#8230;. <a href=\"https:\/\/fcmanrique.org\/de\/casas-museo-visitas\/casa-museo-cesar-manrique-haria\/\" class=\"readmore\">Contin\u00faa leyendo \u2192<\/a><\/p>\n","protected":false},"author":1,"featured_media":0,"parent":12,"menu_order":0,"comment_status":"closed","ping_status":"closed","template":"","meta":{"_acf_changed":false,"ngg_post_thumbnail":0,"footnotes":""},"class_list":["post-16","page","type-page","status-publish","hentry"],"acf":[],"_links":{"self":[{"href":"https:\/\/fcmanrique.org\/de\/wp-json\/wp\/v2\/pages\/16","targetHints":{"allow":["GET"]}}],"collection":[{"href":"https:\/\/fcmanrique.org\/de\/wp-json\/wp\/v2\/pages"}],"about":[{"href":"https:\/\/fcmanrique.org\/de\/wp-json\/wp\/v2\/types\/page"}],"author":[{"embeddable":true,"href":"https:\/\/fcmanrique.org\/de\/wp-json\/wp\/v2\/users\/1"}],"replies":[{"embeddable":true,"href":"https:\/\/fcmanrique.org\/de\/wp-json\/wp\/v2\/comments?post=16"}],"version-history":[{"count":91,"href":"https:\/\/fcmanrique.org\/de\/wp-json\/wp\/v2\/pages\/16\/revisions"}],"predecessor-version":[{"id":26343,"href":"https:\/\/fcmanrique.org\/de\/wp-json\/wp\/v2\/pages\/16\/revisions\/26343"}],"up":[{"embeddable":true,"href":"https:\/\/fcmanrique.org\/de\/wp-json\/wp\/v2\/pages\/12"}],"wp:attachment":[{"href":"https:\/\/fcmanrique.org\/de\/wp-json\/wp\/v2\/media?parent=16"}],"curies":[{"name":"wp","href":"https:\/\/api.w.org\/{rel}","templated":true}]}}