{"id":14259,"date":"2010-02-04T00:00:00","date_gmt":"2010-02-04T00:00:00","guid":{"rendered":"https:\/\/fcmanrique.org\/fcm-actividad\/la-fcm-presenta-los-dos-primeros-ti\/"},"modified":"2023-11-29T13:29:10","modified_gmt":"2023-11-29T13:29:10","slug":"la-fcm-presenta-los-dos-primeros-ti","status":"publish","type":"fcm_actividad","link":"https:\/\/fcmanrique.org\/en\/fcm-actividad\/la-fcm-presenta-los-dos-primeros-ti\/","title":{"rendered":"La FCM presenta los dos primeros t\u00edtulos de su nueva colecci\u00f3n Islas de memoria dedicados a Guillermo Topham y Miguel Pereyra"},"content":{"rendered":"<p class=\"qtranxs-available-languages-message qtranxs-available-languages-message-en\">Sorry, this entry is only available in <a href=\"https:\/\/fcmanrique.org\/es\/wp-json\/wp\/v2\/fcm_actividad\/14259\" class=\"qtranxs-available-language-link qtranxs-available-language-link-es\" title=\"ES\">ES<\/a>.<\/p><p><strong><em><span style=\"ofont-size: 10pt;\">Guillermo Topham. Cronista oficial de Lanzarote<\/span><\/em><\/strong><span style=\"ofont-size: 10pt;\">, de Mario Ferrer y <em>Miguel Pereyra de Armas<\/em>, de Jos\u00e9 Betancort, son los dos primeros t\u00edtulos de la nueva colecci\u00f3n <strong>\u201cIslas de memoria\u201d<\/strong> que estren\u00f3 la FCM, present\u00e1ndolos el 4 de marzo. Seg\u00fan destac\u00f3 su presidente durante la presentaci\u00f3n, Jos\u00e9 Juan Ram\u00edrez, \u201ca pesar de estar en unos momentos complicados, la FCM va a seguir desarrollando sus actividades culturales\u201d. Por su parte, el director de actividades, Fernando G\u00f3mez Aguilera, se\u00f1al\u00f3 que la d\u00e9cima l\u00ednea editorial de la FCM pretende \u201cdifundir el conocimiento de la cultura local abordando sus personajes relevantes\u201d. \u201cA trav\u00e9s de esos perfiles se pretende construir una peque\u00f1a historia de las mentalidades de la Isla\u201d. Remarc\u00f3, adem\u00e1s, que el t\u00edtulo de la colecci\u00f3n implica una reivindicaci\u00f3n, que es que la Isla tiene memoria \u201ca pesar de que la realidad se obstine en no tenerla\u201d y una cr\u00edtica, ya que los personajes de los que se ocupa se encuentran \u201cen un oc\u00e9ano de olvido\u201d y se constituyen, por tanto, en islas de memoria. La colecci\u00f3n quiere alcanzar dos objetivos: completar una biblioteca b\u00e1sica de Lanzarote, as\u00ed como promover la investigaci\u00f3n de j\u00f3venes de la Isla d\u00e1ndoles la oportunidad de publicar un libro. G\u00f3mez Aguilera se\u00f1al\u00f3 que la colecci\u00f3n alcanzar\u00e1 unos cincuenta t\u00edtulos en doce a\u00f1os. <\/span><\/p>\n<p><strong><span style=\"ofont-size: 10pt;\">Ferrer y Topham<\/span><\/strong><\/p>\n<p><span style=\"ofont-size: 10pt;\"><strong>Mario Ferrer<\/strong> (Arrecife, 1979) es periodista e historiador y se embarc\u00f3 en el estudio sobre el periodista Guillermo Topham. Advirti\u00f3 al principio de su intervenci\u00f3n que no ha escrito una biograf\u00eda, sino que se ha centrado en el estudio de la carrera period\u00edstica de Guito (sobrenombre con el que Topham firmaba sus art\u00edculos) y de su faceta \u201ccomo promotor de opini\u00f3n p\u00fablica en la Isla\u201d. Topham trabaj\u00f3 en medios locales, como <em>Pron\u00f3sticos<\/em>, <em>Antena<\/em> o <em>La Voz de Lanzarote,<\/em> y tambi\u00e9n en medios regionales y nacionales, como <em>Falange<\/em>, <em>La Provincia<\/em> o la Agencia <em>Efe,<\/em> y en ellos volc\u00f3, seg\u00fan Ferrer, sus dos pasiones: el periodismo y Lanzarote. Utiliz\u00f3 las cr\u00f3nicas para ponerlas al servicio de las reivindicaciones de los habitantes de su isla. La parte m\u00e1s valiosa de su trabajo, seg\u00fan el autor del libro, es su faceta como editorialista entre los a\u00f1os cuarenta y sesenta, cuando se centra en la grave situaci\u00f3n de Lanzarote (problemas de abastecimiento, carencia de agua, nefastas comunicaciones\u2026). \u201cEsa reivindicaci\u00f3n es poco usual en Espa\u00f1a en ese momento\u201d, se\u00f1al\u00f3 Ferrer, ya que el periodismo era b\u00e1sicamente propaganda pol\u00edtica y Topham, apoyado por la \u201cmarginalidad\u201d que daba vivir en una isla alejada, \u201cda brochazos de realidad y en sus cr\u00f3nicas se aprecia que la gente pasa hambre\u201d. <\/span><\/p>\n<p><span style=\"ofont-size: 10pt;\">La principal publicaci\u00f3n de Guillermo Topham fue <em>Antena<\/em>, que sobrevivi\u00f3 sin apenas recursos econ\u00f3micos. En ella tambi\u00e9n busc\u00f3 las noticias llamativas y aport\u00f3 una vertiente cultural, educativa y de car\u00e1cter social. Desde ella apoy\u00f3 todas las iniciativas que consideraba que pudieran desarrollar econ\u00f3micamente la isla. Tuvo una guerra abierta contra la compa\u00f1\u00eda <em>Trasmediterranea<\/em>, que aportaba dos barcos-correo muy antiguos para unir la isla con el resto del mundo, y defendi\u00f3, cuando nadie cre\u00eda en ello, la entrada del turismo en la Isla. Adem\u00e1s, trat\u00f3 habitualmente en sus editoriales de la escasez de agua, la agon\u00eda del campo, la pobreza, la especulaci\u00f3n o la transici\u00f3n pol\u00edtica. \u201cEl que quiera saber lo que pas\u00f3 en la etapa previa a la revoluci\u00f3n del turismo tiene las claves en la obra de Topham\u201d, se\u00f1al\u00f3 Ferrer, que termin\u00f3 su intervenci\u00f3n leyendo el art\u00edculo de Leandro Perdomo \u2018Inmortal en tu isla\u2019, dedicado a Guillermo Topham.<\/span><\/p>\n<p><strong><span style=\"ofont-size: 10pt;\">Betancort y Pereyra<\/span><\/strong><\/p>\n<p><span style=\"ofont-size: 10pt;\"><strong>Jos\u00e9 Betancort<\/strong> (Arrecife, 1966) es jefe de la unidad de educaci\u00f3n del Cabildo de Lanzarote. Comenz\u00f3 su intervenci\u00f3n alabando la necesidad y la urgencia de la colecci\u00f3n emprendida por la FCM, ya que la sociedad insular \u201cha silenciado un caudal de informaci\u00f3n sobre un enorme patrimonio humano\u201d. Betancort expuso brevemente a la sala, llena para la ocasi\u00f3n, la vida de Miguel Pereyra de Armas, escritor que naci\u00f3 en Arrecife en 1841 y que \u201cno aparece en los manuales y estudios de la historia de Canarias\u201d. Pereyra naci\u00f3 en un entorno burgu\u00e9s. Su padre era un comerciante de Tenerife y su madre pertenec\u00eda a una de las familias que ejerc\u00edan el poder olig\u00e1rquico. Pereyra, pues, estaba destinado a ser una figura destacada en la sociedad lanzarote\u00f1a. Con diez a\u00f1os se traslada a la Pen\u00ednsula para formarse como militar aunque despu\u00e9s de su formaci\u00f3n y a causa de sus inquietudes deja el ej\u00e9rcito y se marcha a Francia, principalmente a Par\u00eds, a disfrutar de su vida social y cultural. Esta elecci\u00f3n disgusta a su familia y a su vuelta a la Isla no se hace cargo de los negocios de los Pereyra. Se casa con una uruguaya y se va a vivir a Santa Cruz de Tenerife. <\/span><\/p>\n<p><span style=\"ofont-size: 10pt;\">En la capital tinerfe\u00f1a desarrolla su vida y su obra hasta que muere en 1908. Ejerce como docente, escritor y mentor de eventos culturales, adem\u00e1s de ser un gran conferenciante. Fue director de la Escuela N\u00e1utica y tesorero del ayuntamiento santacrucero, pero nunca se desvincul\u00f3 de Lanzarote y de su grupo de destacados intelectuales como Blas Cabrera, \u00c1ngel Guerra, Benito P\u00e9rez Armas o Leandro Fajardo. Su gran obra es <em>Tipos de mi tierra<\/em>, publicada en 1897 y reeditada por el Cabido de Lanzarote en 2002, que supone un gran homenaje al Arrecife de mediados del siglo XIX y sus peculiares personajes. \u201cEs una obra naturalista que se aleja del regionalismo costumbrista de la \u00e9poca y cuyo estilo no logra seguidores en las islas y es olvidado en los manuales de las letras canarias\u201d se\u00f1al\u00f3 Betancort. <\/span><\/p>\n<p><span style=\"ofont-size: 10pt;\">Fernando G\u00f3mez Aguilera cerr\u00f3 el acto se\u00f1alando la consolidaci\u00f3n de dos descubrimientos: el de los personajes investigados y el de los autores, que los han rescatado del olvido con dos relevantes obras de investigaci\u00f3n.<\/span><\/p>\n<p><strong>M\u00e1s informaci\u00f3n:<\/strong>&nbsp;<a href=\"https:\/\/fcmanrique.org\/fcm-publicacion\/guillermo-topham-cronista-oficial-de-lanzarote\/?cpg=2\" target=\"_blank\" rel=\"noopener\">Guillermo Topham. Cronista oficial de Lanzarote<\/a>&nbsp;y <a href=\"https:\/\/fcmanrique.org\/fcm-publicacion\/miguel-pereyra-de-armas\/?cpg=2\" target=\"_blank\" rel=\"noopener\">Miguel Pereyra de Armas<\/a><\/p>","protected":false},"featured_media":14260,"parent":0,"template":"","meta":{"_acf_changed":false,"ngg_post_thumbnail":0,"footnotes":""},"actividad_tipo":[36],"actividad_lugar":[],"actividad_departamento":[31],"actividad_ciclo":[],"class_list":["post-14259","fcm_actividad","type-fcm_actividad","status-publish","has-post-thumbnail","hentry","actividad_tipo-presentacion-libros","actividad_departamento-departamento-de-programas-culturales"],"acf":[],"_links":{"self":[{"href":"https:\/\/fcmanrique.org\/en\/wp-json\/wp\/v2\/fcm_actividad\/14259","targetHints":{"allow":["GET"]}}],"collection":[{"href":"https:\/\/fcmanrique.org\/en\/wp-json\/wp\/v2\/fcm_actividad"}],"about":[{"href":"https:\/\/fcmanrique.org\/en\/wp-json\/wp\/v2\/types\/fcm_actividad"}],"version-history":[{"count":5,"href":"https:\/\/fcmanrique.org\/en\/wp-json\/wp\/v2\/fcm_actividad\/14259\/revisions"}],"predecessor-version":[{"id":24736,"href":"https:\/\/fcmanrique.org\/en\/wp-json\/wp\/v2\/fcm_actividad\/14259\/revisions\/24736"}],"wp:featuredmedia":[{"embeddable":true,"href":"https:\/\/fcmanrique.org\/en\/wp-json\/wp\/v2\/media\/14260"}],"wp:attachment":[{"href":"https:\/\/fcmanrique.org\/en\/wp-json\/wp\/v2\/media?parent=14259"}],"wp:term":[{"taxonomy":"actividad_tipo","embeddable":true,"href":"https:\/\/fcmanrique.org\/en\/wp-json\/wp\/v2\/actividad_tipo?post=14259"},{"taxonomy":"actividad_lugar","embeddable":true,"href":"https:\/\/fcmanrique.org\/en\/wp-json\/wp\/v2\/actividad_lugar?post=14259"},{"taxonomy":"actividad_departamento","embeddable":true,"href":"https:\/\/fcmanrique.org\/en\/wp-json\/wp\/v2\/actividad_departamento?post=14259"},{"taxonomy":"actividad_ciclo","embeddable":true,"href":"https:\/\/fcmanrique.org\/en\/wp-json\/wp\/v2\/actividad_ciclo?post=14259"}],"curies":[{"name":"wp","href":"https:\/\/api.w.org\/{rel}","templated":true}]}}