{"id":26745,"date":"2025-05-14T13:08:07","date_gmt":"2025-05-14T13:08:07","guid":{"rendered":"https:\/\/fcmanrique.org\/?post_type=fcm_actividad&#038;p=26745"},"modified":"2025-10-23T12:20:01","modified_gmt":"2025-10-23T12:20:01","slug":"gomez-aguilera-las-islas-necesitan-refundar-un-modelo-de-futuro-anclado-en-la-cultura-de-los-limites","status":"publish","type":"fcm_actividad","link":"https:\/\/fcmanrique.org\/en\/fcm-actividad\/gomez-aguilera-las-islas-necesitan-refundar-un-modelo-de-futuro-anclado-en-la-cultura-de-los-limites\/","title":{"rendered":"G\u00f3mez Aguilera: \u00abLas islas necesitan refundar un modelo de futuro anclado en la cultura de los l\u00edmites\u00bb"},"content":{"rendered":"<p class=\"qtranxs-available-languages-message qtranxs-available-languages-message-en\">Sorry, this entry is only available in <a href=\"https:\/\/fcmanrique.org\/es\/wp-json\/wp\/v2\/fcm_actividad\/26745\" class=\"qtranxs-available-language-link qtranxs-available-language-link-es\" title=\"ES\">ES<\/a>.<\/p><p>La Fundaci\u00f3n C\u00e9sar Manrique (FCM) present\u00f3 el 8 de mayo de 2025 el libro-cat\u00e1logo <em>Palabra y compromiso: Al poder se le incomoda. C\u00e9sar Manrique. ACTIVISMO en la sala Jos\u00e9 Saramago.<\/em> Se trata de una publicaci\u00f3n que explora la vertiente activista de C\u00e9sar Manrique, vinculada a la protecci\u00f3n del territorio y el medio ambiente. Lo hace mediante fragmentos y recortes de prensa, anotaciones manuscritas y manifiestos del artista, adem\u00e1s, incluye trece textos cr\u00edticos que ahondan en esta faceta de Manrique y la situaci\u00f3n de Lanzarote.<\/p>\n<p>El director de la FCM, <strong>Fernando G\u00f3mez Aguilera<\/strong>, intervino en primer lugar para explicar el nacimiento de la publicaci\u00f3n. Record\u00f3 que surge de la exposici\u00f3n hom\u00f3nima, inaugurada en 2019, durante el centenario de C\u00e9sar Manrique, y que \u201cforma parte de un proyecto de investigaci\u00f3n m\u00e1s amplio que consiste en proponer un reseteo cr\u00edtico de la obra y de la personalidad de C\u00e9sar Manrique\u201d. Una revisi\u00f3n \u201cpara entender al artista desde otras perspectivas no convencionales\u201d, situada en \u201caquello que tiene dificultades de encaje en el campo cl\u00e1sico del arte, pero que despliega unas enormes energ\u00edas sociales\u201d, a\u00f1adi\u00f3.<\/p>\n<div id=\"attachment_26752\" class=\"wp-caption alignnone\" style=\"max-width: 1450px;\"><a href=\"https:\/\/fcmanrique.org\/wp-content\/uploads\/fcmanrique-presentacion-activismo.jpg\"><img loading=\"lazy\" decoding=\"async\" class=\"wp-image-26752 size-full\" src=\"https:\/\/fcmanrique.org\/wp-content\/uploads\/fcmanrique-presentacion-activismo.jpg\" alt=\"\" width=\"1440\" height=\"960\" srcset=\"https:\/\/fcmanrique.org\/wp-content\/uploads\/fcmanrique-presentacion-activismo.jpg 1440w, https:\/\/fcmanrique.org\/wp-content\/uploads\/fcmanrique-presentacion-activismo-300x200.jpg 300w, https:\/\/fcmanrique.org\/wp-content\/uploads\/fcmanrique-presentacion-activismo-1024x683.jpg 1024w, https:\/\/fcmanrique.org\/wp-content\/uploads\/fcmanrique-presentacion-activismo-768x512.jpg 768w, https:\/\/fcmanrique.org\/wp-content\/uploads\/fcmanrique-presentacion-activismo-289x193.jpg 289w\" sizes=\"auto, (max-width: 1440px) 100vw, 1440px\" \/><\/a><p class=\"wp-caption-text\">Fernando G\u00f3mez Aguilera<\/p><\/div>\n<p><em>C\u00e9sar Manrique. ACTIVISMO <\/em>refleja la dimensi\u00f3n ecosocial y ecopol\u00edtica del artista que, seg\u00fan el director de la FCM, \u201chay que reivindicar por el extraordinario valor anticipatorio y contextual que tienen en nuestro tiempo\u201d. A trav\u00e9s de las declaraciones del artista, todas relacionadas con su proyecto para Lanzarote y siempre en una doble direcci\u00f3n \u2014por un lado, la utop\u00eda o topofilia, el amor a su tierra, y, por otro, la distop\u00eda, el dolor por su degradaci\u00f3n\u2014 C\u00e9sar aparece como \u201cun educador y moldeador de las mentalidades\u201d. \u201cEs un artista de intervenci\u00f3n propositiva, a trav\u00e9s de sus grandes obras, pero al mismo tiempo un artista cr\u00edtico, que eleva la voz contra las deviaciones y los errores del desarrollismo e influye en la transformaci\u00f3n de la sociedad\u201d, primero con \u00e9xito y despu\u00e9s con fracaso.<\/p>\n<p>El libro recupera el testimonio pionero (a\u00f1os 70-80) de C\u00e9sar Manrique sobre la crisis territorial y ambiental de Lanzarote y de Canarias, poniendo en valor la actualidad precursora de su ecolog\u00eda social, adem\u00e1s de servir como ant\u00eddoto contra los intentos o las pretensiones de mistificar sus ideas inc\u00f3modas que no se ajustan bien a la promoci\u00f3n tur\u00edstica, se\u00f1al\u00f3 G\u00f3mez Aguilera. En este sentido, afirm\u00f3 que Manrique defend\u00eda un turismo limitado, de \u201ccalidad cultural\u201d, compatible con la vida de los ciudadanos y con el patrimonio natural y cultural. Rechazaba el desarrollismo, la especulaci\u00f3n inmobiliaria, la masificaci\u00f3n, la p\u00e9rdida de calidad de vida o el deterioro patrimonial. Defend\u00eda el territorio como un patrimonio social y no como una mercanc\u00eda, y entend\u00eda que el progreso es lo que mejora y socializa el bienestar. \u201cSi fracasamos ecol\u00f3gicamente \u2014planteaba\u2014 no hay posibilidad de progreso, tampoco sin equidad\u201d.<\/p>\n<p><a href=\"https:\/\/fcmanrique.org\/wp-content\/uploads\/fcmanrique-presentacion-activismo-mesa-redonda.jpg\"><img loading=\"lazy\" decoding=\"async\" class=\"alignnone size-full wp-image-26753\" src=\"https:\/\/fcmanrique.org\/wp-content\/uploads\/fcmanrique-presentacion-activismo-mesa-redonda.jpg\" alt=\"\" width=\"1440\" height=\"960\" srcset=\"https:\/\/fcmanrique.org\/wp-content\/uploads\/fcmanrique-presentacion-activismo-mesa-redonda.jpg 1440w, https:\/\/fcmanrique.org\/wp-content\/uploads\/fcmanrique-presentacion-activismo-mesa-redonda-300x200.jpg 300w, https:\/\/fcmanrique.org\/wp-content\/uploads\/fcmanrique-presentacion-activismo-mesa-redonda-1024x683.jpg 1024w, https:\/\/fcmanrique.org\/wp-content\/uploads\/fcmanrique-presentacion-activismo-mesa-redonda-768x512.jpg 768w, https:\/\/fcmanrique.org\/wp-content\/uploads\/fcmanrique-presentacion-activismo-mesa-redonda-289x193.jpg 289w\" sizes=\"auto, (max-width: 1440px) 100vw, 1440px\" \/><\/a><\/p>\n<p>El director de la FCM compar\u00f3 la tesis de Manrique con el paradigma del cuidado propuesto por el fil\u00f3sofo y pedagogo colombiano Bernardo Toro, que sugiere, como alternativa al paradigma del poder, el \u00e9xito y la acumulaci\u00f3n, el paradigma alternativo del cuidado: cuidar de uno mismo, de los otros y del planeta. En palabras de G\u00f3mez Aguilera, lo que plantea Toro es \u201ccambiar el chip de nuestra inteligencia, pasando de ser una inteligencia competitiva a una inteligencia altruista, cooperativa\u201d. \u201cLa inteligencia hoy consiste no en saber mucho, sino en saber acompa\u00f1ar y en saber pedir ayuda. La manifestaci\u00f3n del d\u00eda 18 de mayo consiste en eso: un acto en el que muchas personas se van a pedir ayuda entre s\u00ed para ayudar a las islas y para ayudarnos\u201d, matiz\u00f3.<\/p>\n<p>Para concluir, el director de la FCM y responsable de la publicaci\u00f3n que se presentaba, sentenci\u00f3 que \u201cel turbocapitalismo tur\u00edstico globalizado en el que vivimos produce efectos y distorsiones, nos trae riqueza, pero tambi\u00e9n genera mucha pobreza, exclusi\u00f3n y desigualdad\u201d y apost\u00f3 por el equilibrio, que era lo que ped\u00eda Manrique. Un modelo que, a pesar del fracaso colectivo, sigue mostrando hoy \u201cun extraordinario capital de conocimiento y una herencia valios\u00edsima para afrontar el futuro\u201d de las islas. Canarias \u201cnecesita refundar un modelo de futuro anclado en la cultura de los l\u00edmites y en una nueva gobernanza alejada de la corrupci\u00f3n, de las malas pr\u00e1cticas, de las malas decisiones y en una econom\u00eda centrada en el bienestar de las personas\u201d.<\/p>\n<div id=\"attachment_26755\" class=\"wp-caption alignnone\" style=\"max-width: 1450px;\"><a href=\"https:\/\/fcmanrique.org\/wp-content\/uploads\/fcmanrique-presentacion-activismo-saul-garcia.jpg\"><img loading=\"lazy\" decoding=\"async\" class=\"wp-image-26755 size-full\" src=\"https:\/\/fcmanrique.org\/wp-content\/uploads\/fcmanrique-presentacion-activismo-saul-garcia.jpg\" alt=\"\" width=\"1440\" height=\"960\" srcset=\"https:\/\/fcmanrique.org\/wp-content\/uploads\/fcmanrique-presentacion-activismo-saul-garcia.jpg 1440w, https:\/\/fcmanrique.org\/wp-content\/uploads\/fcmanrique-presentacion-activismo-saul-garcia-300x200.jpg 300w, https:\/\/fcmanrique.org\/wp-content\/uploads\/fcmanrique-presentacion-activismo-saul-garcia-1024x683.jpg 1024w, https:\/\/fcmanrique.org\/wp-content\/uploads\/fcmanrique-presentacion-activismo-saul-garcia-768x512.jpg 768w, https:\/\/fcmanrique.org\/wp-content\/uploads\/fcmanrique-presentacion-activismo-saul-garcia-289x193.jpg 289w\" sizes=\"auto, (max-width: 1440px) 100vw, 1440px\" \/><\/a><p class=\"wp-caption-text\">Sa\u00fal Garc\u00eda<\/p><\/div>\n<p><strong>Mesa redonda<\/strong><\/p>\n<p>Tras la intervenci\u00f3n de G\u00f3mez Aguilera se proyect\u00f3 un v\u00eddeo de Miguel G. Morales con im\u00e1genes y palabras de C\u00e9sar Manrique sobre la masificaci\u00f3n urban\u00edstica, y tras \u00e9l comenz\u00f3 la mesa redonda, coordinada por los periodistas <strong>Sa\u00fal Garc\u00eda<\/strong> y <strong>Andrea Dom\u00ednguez<\/strong>.<\/p>\n<div id=\"attachment_26761\" class=\"wp-caption alignnone\" style=\"max-width: 1450px;\"><a href=\"https:\/\/fcmanrique.org\/wp-content\/uploads\/fcmanrique-presentacion-activismo-andrea-dominguez.jpg\"><img loading=\"lazy\" decoding=\"async\" class=\"size-full wp-image-26761\" src=\"https:\/\/fcmanrique.org\/wp-content\/uploads\/fcmanrique-presentacion-activismo-andrea-dominguez.jpg\" alt=\"\" width=\"1440\" height=\"960\" srcset=\"https:\/\/fcmanrique.org\/wp-content\/uploads\/fcmanrique-presentacion-activismo-andrea-dominguez.jpg 1440w, https:\/\/fcmanrique.org\/wp-content\/uploads\/fcmanrique-presentacion-activismo-andrea-dominguez-300x200.jpg 300w, https:\/\/fcmanrique.org\/wp-content\/uploads\/fcmanrique-presentacion-activismo-andrea-dominguez-1024x683.jpg 1024w, https:\/\/fcmanrique.org\/wp-content\/uploads\/fcmanrique-presentacion-activismo-andrea-dominguez-768x512.jpg 768w, https:\/\/fcmanrique.org\/wp-content\/uploads\/fcmanrique-presentacion-activismo-andrea-dominguez-289x193.jpg 289w\" sizes=\"auto, (max-width: 1440px) 100vw, 1440px\" \/><\/a><p class=\"wp-caption-text\">Andrea Dom\u00ednguez<\/p><\/div>\n<p>En primer lugar, tom\u00f3 la palabra la periodista <strong>Natalia G. Vargas<\/strong> quien destac\u00f3 que \u201ces fundamental que los medios de comunicaci\u00f3n apuesten por dedicar recursos a denunciar aquellas cosas que se hacen de forma irregular, aportar contexto e intentar desmontar los bulos y las cortinas de humo que se generan en torno a la masificaci\u00f3n tur\u00edstica\u201d. En este sentido, record\u00f3 que \u201cse dice que vivimos del turismo\u201d pero un tercio de la poblaci\u00f3n vive en riesgo de exclusi\u00f3n social y reconoci\u00f3 que hay malos ejemplos de periodismo, no obstante \u201cmuchos est\u00e1n apostando por que la gente sepa lo importante que es cuidar el entorno y poner los derechos fundamentales y la naturaleza en el centro de las informaciones\u201d.<\/p>\n<div id=\"attachment_26756\" class=\"wp-caption alignnone\" style=\"max-width: 1450px;\"><a href=\"https:\/\/fcmanrique.org\/wp-content\/uploads\/fcmanrique-presentacion-activismo-natalia-g-vargas.jpg\"><img loading=\"lazy\" decoding=\"async\" class=\"wp-image-26756 size-full\" src=\"https:\/\/fcmanrique.org\/wp-content\/uploads\/fcmanrique-presentacion-activismo-natalia-g-vargas.jpg\" alt=\"\" width=\"1440\" height=\"960\" srcset=\"https:\/\/fcmanrique.org\/wp-content\/uploads\/fcmanrique-presentacion-activismo-natalia-g-vargas.jpg 1440w, https:\/\/fcmanrique.org\/wp-content\/uploads\/fcmanrique-presentacion-activismo-natalia-g-vargas-300x200.jpg 300w, https:\/\/fcmanrique.org\/wp-content\/uploads\/fcmanrique-presentacion-activismo-natalia-g-vargas-1024x683.jpg 1024w, https:\/\/fcmanrique.org\/wp-content\/uploads\/fcmanrique-presentacion-activismo-natalia-g-vargas-768x512.jpg 768w, https:\/\/fcmanrique.org\/wp-content\/uploads\/fcmanrique-presentacion-activismo-natalia-g-vargas-289x193.jpg 289w\" sizes=\"auto, (max-width: 1440px) 100vw, 1440px\" \/><\/a><p class=\"wp-caption-text\">Natalia G. Vargas<\/p><\/div>\n<p>El documentalista <strong>Felipe Ravina<\/strong> asegur\u00f3 que \u201cen cuanto a endemismos nos podemos comparar con Gal\u00e1pagos, lo que pasa es que en Gal\u00e1pagos se ha priorizado proteger las islas y aqu\u00ed se ha priorizado destruirlas\u201d. Habl\u00f3 sobre su isla, Tenerife, \u201ces el ejemplo de lo que no hay que hacer\u201d. Expuso como a pesar de que la isla est\u00e1 colapsada, hay varios proyectos en pie que degradan el territorio, como la ampliaci\u00f3n del puerto de Los Cristianos o la urbanizaci\u00f3n Cuna del Alma, \u201ccon indicios muy claros de corrupci\u00f3n\u201d. Tambi\u00e9n aport\u00f3 \u201cun dato bastante preocupante\u201d, como que \u201cest\u00e1n muriendo m\u00e1s cachalotes por colisiones con grandes embarcaciones de las cr\u00edas que est\u00e1n naciendo\u201d.<\/p>\n<div id=\"attachment_26760\" class=\"wp-caption alignnone\" style=\"max-width: 1450px;\"><a href=\"https:\/\/fcmanrique.org\/wp-content\/uploads\/fcmanrique-presentacion-activismo-felipe-ravina.jpg\"><img loading=\"lazy\" decoding=\"async\" class=\"size-full wp-image-26760\" src=\"https:\/\/fcmanrique.org\/wp-content\/uploads\/fcmanrique-presentacion-activismo-felipe-ravina.jpg\" alt=\"\" width=\"1440\" height=\"960\" srcset=\"https:\/\/fcmanrique.org\/wp-content\/uploads\/fcmanrique-presentacion-activismo-felipe-ravina.jpg 1440w, https:\/\/fcmanrique.org\/wp-content\/uploads\/fcmanrique-presentacion-activismo-felipe-ravina-300x200.jpg 300w, https:\/\/fcmanrique.org\/wp-content\/uploads\/fcmanrique-presentacion-activismo-felipe-ravina-1024x683.jpg 1024w, https:\/\/fcmanrique.org\/wp-content\/uploads\/fcmanrique-presentacion-activismo-felipe-ravina-768x512.jpg 768w, https:\/\/fcmanrique.org\/wp-content\/uploads\/fcmanrique-presentacion-activismo-felipe-ravina-289x193.jpg 289w\" sizes=\"auto, (max-width: 1440px) 100vw, 1440px\" \/><\/a><p class=\"wp-caption-text\">Felipe Ravina<\/p><\/div>\n<p>Otro de los participantes en la mesa redonda fue <strong>Jaime Coello<\/strong>, presidente de la Fundaci\u00f3n Telesforo Bravo-Juan Coello, que comenz\u00f3 citando unos versos de Pedro Garc\u00eda Cabrera: <em>Unas huertas de labor han malparido \/ unos metros cuadrados de cemento<\/em>. Critic\u00f3 que se les ponga \u201calfombra roja\u201d a empresarios extranjeros para realizar proyectos en Tenerife que degradan el territorio y lo defini\u00f3 como \u201cuna verdadera colonizaci\u00f3n de capitales\u201d. En otro orden de cosas, denunci\u00f3 los problemas que est\u00e1 habiendo en La Gomera para que una persona lea un manifiesto el 18M \u201cporque quien dirige la isla, que se llama Casimiro Curbelo, est\u00e1 diciendo que si alguien habla, que viva las consecuencias\u201d.<\/p>\n<div id=\"attachment_26759\" class=\"wp-caption alignnone\" style=\"max-width: 1450px;\"><a href=\"https:\/\/fcmanrique.org\/wp-content\/uploads\/fcmanrique-presentacion-activismo-jaime-coello.jpg\"><img loading=\"lazy\" decoding=\"async\" class=\"size-full wp-image-26759\" src=\"https:\/\/fcmanrique.org\/wp-content\/uploads\/fcmanrique-presentacion-activismo-jaime-coello.jpg\" alt=\"\" width=\"1440\" height=\"960\" srcset=\"https:\/\/fcmanrique.org\/wp-content\/uploads\/fcmanrique-presentacion-activismo-jaime-coello.jpg 1440w, https:\/\/fcmanrique.org\/wp-content\/uploads\/fcmanrique-presentacion-activismo-jaime-coello-300x200.jpg 300w, https:\/\/fcmanrique.org\/wp-content\/uploads\/fcmanrique-presentacion-activismo-jaime-coello-1024x683.jpg 1024w, https:\/\/fcmanrique.org\/wp-content\/uploads\/fcmanrique-presentacion-activismo-jaime-coello-768x512.jpg 768w, https:\/\/fcmanrique.org\/wp-content\/uploads\/fcmanrique-presentacion-activismo-jaime-coello-289x193.jpg 289w\" sizes=\"auto, (max-width: 1440px) 100vw, 1440px\" \/><\/a><p class=\"wp-caption-text\">Jaime Coello<\/p><\/div>\n<p><strong>Alfredo D\u00edaz<\/strong>, responsable del departamento pedag\u00f3gico de la FCM, subray\u00f3 el \u201cmagisterio social espectacular de C\u00e9sar\u201d, entendi\u00f3 la singularidad de Lanzarote y la visibiliz\u00f3. \u201c\u00c9l pensaba que un paisaje \u00e1rido no tiene por qu\u00e9 ser feo, que un paisaje quemado y calcinado por los volcanes no tiene por qu\u00e9 ser denostado\u201d. Y sobre esa singularidad y su protecci\u00f3n cre\u00f3 algo nuevo. \u201cLo que estamos perdiendo son esos valores singulares\u201d, afirm\u00f3, e indic\u00f3 que el gran reto es conservar el valor de esa singularidad.<\/p>\n<div id=\"attachment_26757\" class=\"wp-caption alignnone\" style=\"max-width: 1450px;\"><a href=\"https:\/\/fcmanrique.org\/wp-content\/uploads\/fcmanrique-presentacion-activismo-alfredo-diaz.jpg\"><img loading=\"lazy\" decoding=\"async\" class=\"size-full wp-image-26757\" src=\"https:\/\/fcmanrique.org\/wp-content\/uploads\/fcmanrique-presentacion-activismo-alfredo-diaz.jpg\" alt=\"\" width=\"1440\" height=\"960\" srcset=\"https:\/\/fcmanrique.org\/wp-content\/uploads\/fcmanrique-presentacion-activismo-alfredo-diaz.jpg 1440w, https:\/\/fcmanrique.org\/wp-content\/uploads\/fcmanrique-presentacion-activismo-alfredo-diaz-300x200.jpg 300w, https:\/\/fcmanrique.org\/wp-content\/uploads\/fcmanrique-presentacion-activismo-alfredo-diaz-1024x683.jpg 1024w, https:\/\/fcmanrique.org\/wp-content\/uploads\/fcmanrique-presentacion-activismo-alfredo-diaz-768x512.jpg 768w, https:\/\/fcmanrique.org\/wp-content\/uploads\/fcmanrique-presentacion-activismo-alfredo-diaz-289x193.jpg 289w\" sizes=\"auto, (max-width: 1440px) 100vw, 1440px\" \/><\/a><p class=\"wp-caption-text\">Alfredo D\u00edaz<\/p><\/div>\n<p>Por su parte, <strong>Irma Ferrer<\/strong>, abogada de Transparencia Urban\u00edstica, asegur\u00f3, respecto a la evoluci\u00f3n de la corrupci\u00f3n que son \u201cincluso los mismos personajes\u201d. Cont\u00f3 como \u201cPlaya Blanca se dividi\u00f3 entre cuatro empresarios\u201d. Y a\u00f1adi\u00f3 \u201csomos nosotros los que hemos vendido nuestra isla con nuestro silencio c\u00f3mplice\u201d. Eso, \u201cen un estado mafioso como el que vivimos se llama omert\u00e0\u201d, afirm\u00f3. A esto hay que sumar \u201cla desidia y el desinter\u00e9s propios de sociedades caciquiles poco formadas, que pasamos del camello al Mercedes\u201d. Compar\u00f3 esta situaci\u00f3n con la actual en relaci\u00f3n a las viviendas vacacionales, que \u201clo llaman de forma muy graciosa la democratizaci\u00f3n del turismo\u201d.<\/p>\n<div id=\"attachment_26758\" class=\"wp-caption alignnone\" style=\"max-width: 1450px;\"><a href=\"https:\/\/fcmanrique.org\/wp-content\/uploads\/fcmanrique-presentacion-activismo-irma-ferrer.jpg\"><img loading=\"lazy\" decoding=\"async\" class=\"size-full wp-image-26758\" src=\"https:\/\/fcmanrique.org\/wp-content\/uploads\/fcmanrique-presentacion-activismo-irma-ferrer.jpg\" alt=\"\" width=\"1440\" height=\"960\" srcset=\"https:\/\/fcmanrique.org\/wp-content\/uploads\/fcmanrique-presentacion-activismo-irma-ferrer.jpg 1440w, https:\/\/fcmanrique.org\/wp-content\/uploads\/fcmanrique-presentacion-activismo-irma-ferrer-300x200.jpg 300w, https:\/\/fcmanrique.org\/wp-content\/uploads\/fcmanrique-presentacion-activismo-irma-ferrer-1024x683.jpg 1024w, https:\/\/fcmanrique.org\/wp-content\/uploads\/fcmanrique-presentacion-activismo-irma-ferrer-768x512.jpg 768w, https:\/\/fcmanrique.org\/wp-content\/uploads\/fcmanrique-presentacion-activismo-irma-ferrer-289x193.jpg 289w\" sizes=\"auto, (max-width: 1440px) 100vw, 1440px\" \/><\/a><p class=\"wp-caption-text\">Irma Ferrer<\/p><\/div>\n<p>Coello apunt\u00f3 que \u201cnos falta cultura del territorio, precisamente lo que C\u00e9sar intent\u00f3 transmitir\u201d y que la base est\u00e1 en la educaci\u00f3n. \u201cTenemos el deber de formar a toda la poblaci\u00f3n de Canarias sobre esos valores\u201d, asegur\u00f3, y reivindic\u00f3 la Moratoria y la adquisici\u00f3n de suelo para su desclasificaci\u00f3n. \u201cSi hay dinero para pagar conciertos, \u00bfcu\u00e1nto dinero puede haber para pagar la recuperaci\u00f3n de determinados espacios? No es malgastar dinero p\u00fablico, es reconquistar algo que es p\u00fablico y devolv\u00e9rselo a la sociedad\u201d.<\/p>\n<p>D\u00edaz record\u00f3 que C\u00e9sar siempre dec\u00eda que un pueblo sin educaci\u00f3n est\u00e1 condenado a la ruina \u201cy la ruina est\u00e1 ya, es tiempo de parar, no queda otra\u201d. Apost\u00f3 por la educaci\u00f3n y por la acci\u00f3n \u201ccon ciudadanos que sean capaces de salir a la calle\u201d.<\/p>\n<p>Ferrer concluy\u00f3 se\u00f1alando que \u201chemos llegado hasta aqu\u00ed porque estamos gobernados por una panda de indigentes intelectuales\u201d y sentenci\u00f3 que no se puede seguir promocionando el turismo. \u201cEn Canarias, el turismo ya no es la industria que nos va a dar de comer, es la que nos va a matar\u201d, apunt\u00f3.<\/p>\n<p>Tanto la Fundaci\u00f3n C\u00e9sar Manrique como los ponentes de la mesa redonda invitaron a los asistentes a asistir a la manifestaci\u00f3n contra la masificaci\u00f3n tur\u00edstica que tendr\u00e1 lugar el 18 de mayo en Arrecife bajo el lema \u201cCanarias tiene un l\u00edmite\u201d.<\/p>\n<p><a href=\"https:\/\/fcmanrique.org\/wp-content\/uploads\/fcmanrique-presentacion-libro-activismo-invitacion-fcmanrique-presentacion-libro-activismo-invitacion-PDTE-REVISION.jpg\"><img loading=\"lazy\" decoding=\"async\" class=\"alignnone size-full wp-image-26691\" src=\"https:\/\/fcmanrique.org\/wp-content\/uploads\/fcmanrique-presentacion-libro-activismo-invitacion-fcmanrique-presentacion-libro-activismo-invitacion-PDTE-REVISION.jpg\" alt=\"\" width=\"1200\" height=\"1200\" srcset=\"https:\/\/fcmanrique.org\/wp-content\/uploads\/fcmanrique-presentacion-libro-activismo-invitacion-fcmanrique-presentacion-libro-activismo-invitacion-PDTE-REVISION.jpg 1200w, https:\/\/fcmanrique.org\/wp-content\/uploads\/fcmanrique-presentacion-libro-activismo-invitacion-fcmanrique-presentacion-libro-activismo-invitacion-PDTE-REVISION-300x300.jpg 300w, https:\/\/fcmanrique.org\/wp-content\/uploads\/fcmanrique-presentacion-libro-activismo-invitacion-fcmanrique-presentacion-libro-activismo-invitacion-PDTE-REVISION-1024x1024.jpg 1024w, https:\/\/fcmanrique.org\/wp-content\/uploads\/fcmanrique-presentacion-libro-activismo-invitacion-fcmanrique-presentacion-libro-activismo-invitacion-PDTE-REVISION-150x150.jpg 150w, https:\/\/fcmanrique.org\/wp-content\/uploads\/fcmanrique-presentacion-libro-activismo-invitacion-fcmanrique-presentacion-libro-activismo-invitacion-PDTE-REVISION-768x768.jpg 768w, https:\/\/fcmanrique.org\/wp-content\/uploads\/fcmanrique-presentacion-libro-activismo-invitacion-fcmanrique-presentacion-libro-activismo-invitacion-PDTE-REVISION-246x246.jpg 246w\" sizes=\"auto, (max-width: 1200px) 100vw, 1200px\" \/><\/a><\/p>\n<p><strong>M\u00e1s informaci\u00f3n:<\/strong> <a href=\"https:\/\/fcmanrique.org\/wp-content\/uploads\/fcmanrique-np-presentacion-activismo.pdf\" target=\"_blank\" rel=\"noopener\">Nota de prensa<\/a><\/p>\n<p><strong>Grabaci\u00f3n de la conferencia<\/strong>: <a href=\"https:\/\/fcmanrique.org\/fcm-video\/activismo\/\" target=\"_blank\" rel=\"noopener\">Acceso a la grabaci\u00f3n<\/a>&nbsp; &nbsp;<\/p>","protected":false},"featured_media":26751,"parent":0,"template":"","meta":{"_acf_changed":false,"ngg_post_thumbnail":0,"footnotes":""},"actividad_tipo":[36],"actividad_lugar":[],"actividad_departamento":[],"actividad_ciclo":[],"class_list":["post-26745","fcm_actividad","type-fcm_actividad","status-publish","has-post-thumbnail","hentry","actividad_tipo-presentacion-libros"],"acf":[],"_links":{"self":[{"href":"https:\/\/fcmanrique.org\/en\/wp-json\/wp\/v2\/fcm_actividad\/26745","targetHints":{"allow":["GET"]}}],"collection":[{"href":"https:\/\/fcmanrique.org\/en\/wp-json\/wp\/v2\/fcm_actividad"}],"about":[{"href":"https:\/\/fcmanrique.org\/en\/wp-json\/wp\/v2\/types\/fcm_actividad"}],"version-history":[{"count":6,"href":"https:\/\/fcmanrique.org\/en\/wp-json\/wp\/v2\/fcm_actividad\/26745\/revisions"}],"predecessor-version":[{"id":27316,"href":"https:\/\/fcmanrique.org\/en\/wp-json\/wp\/v2\/fcm_actividad\/26745\/revisions\/27316"}],"wp:featuredmedia":[{"embeddable":true,"href":"https:\/\/fcmanrique.org\/en\/wp-json\/wp\/v2\/media\/26751"}],"wp:attachment":[{"href":"https:\/\/fcmanrique.org\/en\/wp-json\/wp\/v2\/media?parent=26745"}],"wp:term":[{"taxonomy":"actividad_tipo","embeddable":true,"href":"https:\/\/fcmanrique.org\/en\/wp-json\/wp\/v2\/actividad_tipo?post=26745"},{"taxonomy":"actividad_lugar","embeddable":true,"href":"https:\/\/fcmanrique.org\/en\/wp-json\/wp\/v2\/actividad_lugar?post=26745"},{"taxonomy":"actividad_departamento","embeddable":true,"href":"https:\/\/fcmanrique.org\/en\/wp-json\/wp\/v2\/actividad_departamento?post=26745"},{"taxonomy":"actividad_ciclo","embeddable":true,"href":"https:\/\/fcmanrique.org\/en\/wp-json\/wp\/v2\/actividad_ciclo?post=26745"}],"curies":[{"name":"wp","href":"https:\/\/api.w.org\/{rel}","templated":true}]}}