{"id":18656,"date":"2019-04-25T09:12:40","date_gmt":"2019-04-25T09:12:40","guid":{"rendered":"https:\/\/fcmanrique.org\/?post_type=fcm_c_acti_celebrada&#038;p=18656"},"modified":"2019-05-22T10:01:44","modified_gmt":"2019-05-22T10:01:44","slug":"fiesta-conmemorativa","status":"publish","type":"fcm_c_acti_celebrada","link":"https:\/\/fcmanrique.org\/en\/fcm-c-acti-celebrada\/fiesta-conmemorativa\/","title":{"rendered":"Fiesta inaugural centenario C\u00e9sar Manrique"},"content":{"rendered":"<p class=\"qtranxs-available-languages-message qtranxs-available-languages-message-en\">Sorry, this entry is only available in <a href=\"https:\/\/fcmanrique.org\/es\/wp-json\/wp\/v2\/fcm_c_acti_celebrada\/18656\" class=\"qtranxs-available-language-link qtranxs-available-language-link-es\" title=\"ES\">ES<\/a>.<\/p><p>Los actos del d\u00eda 24 de abril concluyeron con la celebraci\u00f3n de una gran fiesta en Taro de Tah\u00edche, en la que los invitados pudieron disfrutar \u00edntegramente de la que, en su momento, se describi\u00f3 como \u201cuna de las viviendas m\u00e1s inconcebibles del mundo\u201d. La fiesta comenz\u00f3 a las 19:00 horas con las intervenciones institucionales del presidente y el director de la FCM, Jos\u00e9 Juan Ram\u00edrez y Fernando G\u00f3mez Aguilera, respectivamente. Se proyectaron fotograf\u00edas de C\u00e9sar Manrique procedentes del Archivo de la Fundaci\u00f3n que lleva su nombre y estuvo amenizada por los Djs V\u00edctor Carballeira y D.WattsRiot. Los invitados fueron obsequiados con una l\u00e1mina que ilustra un detalle del colorido mural titulado <em>Lanzarote, <\/em>realizado por C\u00e9sar Manrique en 1953.<\/p>\n<p><a href=\"https:\/\/fcmanrique.org\/wp-content\/uploads\/fc-manrique-fiesta-inauguracion-centenario1.jpg\"><img loading=\"lazy\" decoding=\"async\" class=\"alignnone size-full wp-image-18705\" src=\"https:\/\/fcmanrique.org\/wp-content\/uploads\/fc-manrique-fiesta-inauguracion-centenario1.jpg\" alt=\"\" width=\"920\" height=\"613\" srcset=\"https:\/\/fcmanrique.org\/wp-content\/uploads\/fc-manrique-fiesta-inauguracion-centenario1.jpg 920w, https:\/\/fcmanrique.org\/wp-content\/uploads\/fc-manrique-fiesta-inauguracion-centenario1-300x200.jpg 300w, https:\/\/fcmanrique.org\/wp-content\/uploads\/fc-manrique-fiesta-inauguracion-centenario1-768x512.jpg 768w, https:\/\/fcmanrique.org\/wp-content\/uploads\/fc-manrique-fiesta-inauguracion-centenario1-289x193.jpg 289w\" sizes=\"auto, (max-width: 920px) 100vw, 920px\" \/><\/a><\/p>\n<p>La FCM inici\u00f3 el d\u00eda 24 de abril de 2019, un centenario que concluir\u00e1 el pr\u00f3ximo 24 de abril de 2020 y que se desarrollar\u00e1 bajo el lema <em>El desaf\u00edo inmediato del presente: una humanidad contempor\u00e1nea del futuro<\/em>, inspirado en la frase que pronunci\u00f3 el propio artista en 1970: \u201cYo soy un contempor\u00e1neo del futuro\u201d.<\/p>\n<p>A lo largo de un a\u00f1o se gestionar\u00e1 un extenso programa de actividades culturales y l\u00fadicas de primer nivel con el objetivo de recordar y rendir homenaje a su fundador, un artista pionero en el campo de las relaciones entre arte y naturaleza materializadas en grandes espacios naturales y en la sostenibilidad ambiental y territorial; una gran conciencia cr\u00edtica y propositiva que convirti\u00f3 una isla, Lanzarote, en una obra de arte.<\/p>\n<p><a href=\"https:\/\/fcmanrique.org\/wp-content\/uploads\/fc-manrique-24-abril-2019-presidente-fcm.pdf\">Palabras del Presidente de la FCM<\/a><\/p>\n<p><a href=\"https:\/\/fcmanrique.org\/wp-content\/uploads\/fc-manrique-24-abril-2019-director-fcm.pdf\">Palabras del Director de la FCM<\/a><\/p>\n<p><a href=\"https:\/\/fcmanrique.org\/wp-content\/uploads\/fc-manrique-fiesta-inauguracion-centenario3.jpg\"><img loading=\"lazy\" decoding=\"async\" class=\"alignnone size-full wp-image-18707\" src=\"https:\/\/fcmanrique.org\/wp-content\/uploads\/fc-manrique-fiesta-inauguracion-centenario3.jpg\" alt=\"\" width=\"920\" height=\"613\" srcset=\"https:\/\/fcmanrique.org\/wp-content\/uploads\/fc-manrique-fiesta-inauguracion-centenario3.jpg 920w, https:\/\/fcmanrique.org\/wp-content\/uploads\/fc-manrique-fiesta-inauguracion-centenario3-300x200.jpg 300w, https:\/\/fcmanrique.org\/wp-content\/uploads\/fc-manrique-fiesta-inauguracion-centenario3-768x512.jpg 768w, https:\/\/fcmanrique.org\/wp-content\/uploads\/fc-manrique-fiesta-inauguracion-centenario3-289x193.jpg 289w\" sizes=\"auto, (max-width: 920px) 100vw, 920px\" \/><\/a><\/p>\n<p><a href=\"https:\/\/fcmanrique.org\/wp-content\/uploads\/fc-manrique-fiesta-inauguracion-centenario5.jpg\"><img loading=\"lazy\" decoding=\"async\" class=\"alignnone size-full wp-image-18770\" src=\"https:\/\/fcmanrique.org\/wp-content\/uploads\/fc-manrique-fiesta-inauguracion-centenario5.jpg\" alt=\"\" width=\"920\" height=\"613\" srcset=\"https:\/\/fcmanrique.org\/wp-content\/uploads\/fc-manrique-fiesta-inauguracion-centenario5.jpg 920w, https:\/\/fcmanrique.org\/wp-content\/uploads\/fc-manrique-fiesta-inauguracion-centenario5-300x200.jpg 300w, https:\/\/fcmanrique.org\/wp-content\/uploads\/fc-manrique-fiesta-inauguracion-centenario5-768x512.jpg 768w, https:\/\/fcmanrique.org\/wp-content\/uploads\/fc-manrique-fiesta-inauguracion-centenario5-289x193.jpg 289w\" sizes=\"auto, (max-width: 920px) 100vw, 920px\" \/><\/a><\/p>\n<p><a href=\"https:\/\/fcmanrique.org\/wp-content\/uploads\/fc-manrique-fiesta-inauguracion-centenario7.jpg\"><img loading=\"lazy\" decoding=\"async\" class=\"alignnone size-full wp-image-18771\" src=\"https:\/\/fcmanrique.org\/wp-content\/uploads\/fc-manrique-fiesta-inauguracion-centenario7.jpg\" alt=\"\" width=\"920\" height=\"613\" srcset=\"https:\/\/fcmanrique.org\/wp-content\/uploads\/fc-manrique-fiesta-inauguracion-centenario7.jpg 920w, https:\/\/fcmanrique.org\/wp-content\/uploads\/fc-manrique-fiesta-inauguracion-centenario7-300x200.jpg 300w, https:\/\/fcmanrique.org\/wp-content\/uploads\/fc-manrique-fiesta-inauguracion-centenario7-768x512.jpg 768w, https:\/\/fcmanrique.org\/wp-content\/uploads\/fc-manrique-fiesta-inauguracion-centenario7-289x193.jpg 289w\" sizes=\"auto, (max-width: 920px) 100vw, 920px\" \/><\/a><\/p>\n<p><a href=\"https:\/\/fcmanrique.org\/wp-content\/uploads\/fc-manrique-fiesta-inauguracion-centenario4-1.jpg\"><img loading=\"lazy\" decoding=\"async\" class=\"alignnone size-full wp-image-18787\" src=\"https:\/\/fcmanrique.org\/wp-content\/uploads\/fc-manrique-fiesta-inauguracion-centenario4-1.jpg\" alt=\"\" width=\"920\" height=\"613\" srcset=\"https:\/\/fcmanrique.org\/wp-content\/uploads\/fc-manrique-fiesta-inauguracion-centenario4-1.jpg 920w, https:\/\/fcmanrique.org\/wp-content\/uploads\/fc-manrique-fiesta-inauguracion-centenario4-1-300x200.jpg 300w, https:\/\/fcmanrique.org\/wp-content\/uploads\/fc-manrique-fiesta-inauguracion-centenario4-1-768x512.jpg 768w, https:\/\/fcmanrique.org\/wp-content\/uploads\/fc-manrique-fiesta-inauguracion-centenario4-1-289x193.jpg 289w\" sizes=\"auto, (max-width: 920px) 100vw, 920px\" \/><\/a><\/p>\n<p><a href=\"https:\/\/fcmanrique.org\/wp-content\/uploads\/fc-manrique-fiesta-inauguracion-centenario8.jpg\"><img loading=\"lazy\" decoding=\"async\" class=\"alignnone size-full wp-image-18772\" src=\"https:\/\/fcmanrique.org\/wp-content\/uploads\/fc-manrique-fiesta-inauguracion-centenario8.jpg\" alt=\"\" width=\"920\" height=\"613\" srcset=\"https:\/\/fcmanrique.org\/wp-content\/uploads\/fc-manrique-fiesta-inauguracion-centenario8.jpg 920w, https:\/\/fcmanrique.org\/wp-content\/uploads\/fc-manrique-fiesta-inauguracion-centenario8-300x200.jpg 300w, https:\/\/fcmanrique.org\/wp-content\/uploads\/fc-manrique-fiesta-inauguracion-centenario8-768x512.jpg 768w, https:\/\/fcmanrique.org\/wp-content\/uploads\/fc-manrique-fiesta-inauguracion-centenario8-289x193.jpg 289w\" sizes=\"auto, (max-width: 920px) 100vw, 920px\" \/><\/a><\/p>\n<p><a href=\"https:\/\/fcmanrique.org\/wp-content\/uploads\/fc-manrique-invitacion-fiesta-inauguracion.jpg\"><img loading=\"lazy\" decoding=\"async\" class=\"alignnone size-full wp-image-19127\" src=\"https:\/\/fcmanrique.org\/wp-content\/uploads\/fc-manrique-invitacion-fiesta-inauguracion.jpg\" alt=\"\" width=\"1200\" height=\"1200\" srcset=\"https:\/\/fcmanrique.org\/wp-content\/uploads\/fc-manrique-invitacion-fiesta-inauguracion.jpg 1200w, https:\/\/fcmanrique.org\/wp-content\/uploads\/fc-manrique-invitacion-fiesta-inauguracion-150x150.jpg 150w, https:\/\/fcmanrique.org\/wp-content\/uploads\/fc-manrique-invitacion-fiesta-inauguracion-300x300.jpg 300w, https:\/\/fcmanrique.org\/wp-content\/uploads\/fc-manrique-invitacion-fiesta-inauguracion-768x768.jpg 768w, https:\/\/fcmanrique.org\/wp-content\/uploads\/fc-manrique-invitacion-fiesta-inauguracion-1024x1024.jpg 1024w, https:\/\/fcmanrique.org\/wp-content\/uploads\/fc-manrique-invitacion-fiesta-inauguracion-246x246.jpg 246w\" sizes=\"auto, (max-width: 1200px) 100vw, 1200px\" \/><\/a><\/p>","protected":false},"excerpt":{"rendered":"<p>Sorry, this entry is only available in ES.Los actos del d\u00eda 24 de abril concluyeron con la celebraci\u00f3n de una gran fiesta en Taro de Tah\u00edche, en la que los invitados pudieron disfrutar \u00edntegramente de la que, en su momento, se describi\u00f3 como \u201cuna de las viviendas m\u00e1s inconcebibles del mundo\u201d. La fiesta comenz\u00f3 a&#8230; <a href=\"https:\/\/fcmanrique.org\/en\/fcm-c-acti-celebrada\/fiesta-conmemorativa\/\" class=\"readmore\">Contin\u00faa leyendo \u2192<\/a><\/p>\n","protected":false},"featured_media":18680,"parent":0,"template":"","meta":{"_acf_changed":false,"ngg_post_thumbnail":0,"footnotes":""},"class_list":["post-18656","fcm_c_acti_celebrada","type-fcm_c_acti_celebrada","status-publish","has-post-thumbnail","hentry","c_acti_celebrada_categoria-celebracion"],"acf":[],"_links":{"self":[{"href":"https:\/\/fcmanrique.org\/en\/wp-json\/wp\/v2\/fcm_c_acti_celebrada\/18656","targetHints":{"allow":["GET"]}}],"collection":[{"href":"https:\/\/fcmanrique.org\/en\/wp-json\/wp\/v2\/fcm_c_acti_celebrada"}],"about":[{"href":"https:\/\/fcmanrique.org\/en\/wp-json\/wp\/v2\/types\/fcm_c_acti_celebrada"}],"version-history":[{"count":17,"href":"https:\/\/fcmanrique.org\/en\/wp-json\/wp\/v2\/fcm_c_acti_celebrada\/18656\/revisions"}],"predecessor-version":[{"id":19128,"href":"https:\/\/fcmanrique.org\/en\/wp-json\/wp\/v2\/fcm_c_acti_celebrada\/18656\/revisions\/19128"}],"wp:featuredmedia":[{"embeddable":true,"href":"https:\/\/fcmanrique.org\/en\/wp-json\/wp\/v2\/media\/18680"}],"wp:attachment":[{"href":"https:\/\/fcmanrique.org\/en\/wp-json\/wp\/v2\/media?parent=18656"}],"curies":[{"name":"wp","href":"https:\/\/api.w.org\/{rel}","templated":true}]}}