{"id":19491,"date":"2019-06-06T11:46:47","date_gmt":"2019-06-06T11:46:47","guid":{"rendered":"https:\/\/fcmanrique.org\/?post_type=fcm_c_acti_celebrada&#038;p=19491"},"modified":"2019-06-10T12:30:00","modified_gmt":"2019-06-10T12:30:00","slug":"dia-mundial-del-medio-ambiente-con-cesar-en-madrid","status":"publish","type":"fcm_c_acti_celebrada","link":"https:\/\/fcmanrique.org\/en\/fcm-c-acti-celebrada\/dia-mundial-del-medio-ambiente-con-cesar-en-madrid\/","title":{"rendered":"El Instituto Cervantes en Madrid homenaje\u00f3 a Manrique en el D\u00eda Mundial del Medio Ambiente"},"content":{"rendered":"<p class=\"qtranxs-available-languages-message qtranxs-available-languages-message-en\">Sorry, this entry is only available in <a href=\"https:\/\/fcmanrique.org\/es\/wp-json\/wp\/v2\/fcm_c_acti_celebrada\/19491\" class=\"qtranxs-available-language-link qtranxs-available-language-link-es\" title=\"ES\">ES<\/a>.<\/p><p>Joaqu\u00edn Ara\u00fajo: \u201cC\u00e9sar Manrique puede ser el gran ant\u00eddoto del diagn\u00f3stico de salud del planeta y est\u00e1 llamado a desempe\u00f1ar un papel a\u00fan m\u00e1s importante que el que jug\u00f3 en vida\u201d<\/p>\n<p>El 5 de junio, D\u00eda Mundial del Medio Ambiente, el Instituto Cervantes llev\u00f3 a cabo en su sede central, en Madrid, un acto de homenaje a C\u00e9sar Manrique, en el marco del centenario de su nacimiento, destacando su vertiente activista y ambientalista, de artista comprometido con la defensa del territorio, el paisaje y la naturaleza.<\/p>\n<p>El acto, que fue organizado conjuntamente por el Instituto Cervantes y la Fundaci\u00f3n C\u00e9sar Manrique, comenz\u00f3 con la proyecci\u00f3n de la pel\u00edcula \u201cTaro: El eco de Manrique\u201d, del cineasta Miguel G. Morales, ante un auditorio de m\u00e1s de un centenar de personas. Continu\u00f3 con una mesa redonda en la que particip\u00f3 el propio Morales, el director de la Fundaci\u00f3n C\u00e9sar Manrique (FCM), Fernando G\u00f3mez Aguilera, el naturalista Joaqu\u00edn Ara\u00fajo y el urbanista Fernando Prats. Mart\u00edn L\u00f3pez-Vega, director de cultura del Instituto Cervantes, abri\u00f3 el acto: \u201c\u201cPocos como C\u00e9sar Manrique nos ense\u00f1an que la convivencia con la naturaleza es un valor supremo\u201d, se\u00f1al\u00f3.<\/p>\n<p><a href=\"https:\/\/fcmanrique.org\/wp-content\/uploads\/fc-manrique-instituto-cervantes-medio-ambiente4.jpg\"><img loading=\"lazy\" decoding=\"async\" class=\"alignnone size-full wp-image-19536\" src=\"https:\/\/fcmanrique.org\/wp-content\/uploads\/fc-manrique-instituto-cervantes-medio-ambiente4.jpg\" alt=\"\" width=\"920\" height=\"613\" srcset=\"https:\/\/fcmanrique.org\/wp-content\/uploads\/fc-manrique-instituto-cervantes-medio-ambiente4.jpg 920w, https:\/\/fcmanrique.org\/wp-content\/uploads\/fc-manrique-instituto-cervantes-medio-ambiente4-300x200.jpg 300w, https:\/\/fcmanrique.org\/wp-content\/uploads\/fc-manrique-instituto-cervantes-medio-ambiente4-768x512.jpg 768w, https:\/\/fcmanrique.org\/wp-content\/uploads\/fc-manrique-instituto-cervantes-medio-ambiente4-289x193.jpg 289w\" sizes=\"auto, (max-width: 920px) 100vw, 920px\" \/><\/a><em>Sa\u00fal Garc\u00eda,<\/em><em> Joaqu\u00edn Ara\u00fajo, Miguel G. Morales, Fernando G\u00f3mez Aguilera y Fernando Prats<\/em><\/p>\n<p>El periodista Sa\u00fal Garc\u00eda, que moder\u00f3 la mesa, plante\u00f3 la pertinencia de mirar hacia el arte para buscar respuestas ante el reto del cambio clim\u00e1tico y la ausencia de liderazgo mundial. Miguel G. Morales se\u00f1al\u00f3 que C\u00e9sar \u201cmostr\u00f3 un atisbo de utop\u00eda\u201d y que su mensaje llega porque conecta \u201ccon nuestras pulsiones m\u00e1s primarias\u201d. \u201cSu mensaje es ense\u00f1ar a ver, hacernos part\u00edcipes de la b\u00fasqueda de la belleza y nos alista como combatientes por un futuro mejor\u201d, asegur\u00f3.<\/p>\n<p>Ara\u00fajo expuso que \u201cel pensamiento ecol\u00f3gico es el m\u00e1s arriesgado\u201d porque supone enfrentarse a los intereses que pretenden \u201cdevorar el paisaje\u201d, y se\u00f1al\u00f3 que C\u00e9sar \u201cera una voz solitaria que pretend\u00eda algo que empieza a vislumbrarse como posible: aterrar a los poderes de este mundo\u201d. Asegur\u00f3 que Manrique ofreci\u00f3 el ejemplo de que para el ecologismo \u201cpoco hay m\u00e1s hermoso que dedicar la vida a defender la vida\u201d.<\/p>\n<p><a href=\"https:\/\/fcmanrique.org\/wp-content\/uploads\/fc-manrique-instituto-cervantes-medio-ambiente3.jpg\"><img loading=\"lazy\" decoding=\"async\" class=\"alignnone size-full wp-image-19535\" src=\"https:\/\/fcmanrique.org\/wp-content\/uploads\/fc-manrique-instituto-cervantes-medio-ambiente3.jpg\" alt=\"\" width=\"920\" height=\"613\" srcset=\"https:\/\/fcmanrique.org\/wp-content\/uploads\/fc-manrique-instituto-cervantes-medio-ambiente3.jpg 920w, https:\/\/fcmanrique.org\/wp-content\/uploads\/fc-manrique-instituto-cervantes-medio-ambiente3-300x200.jpg 300w, https:\/\/fcmanrique.org\/wp-content\/uploads\/fc-manrique-instituto-cervantes-medio-ambiente3-768x512.jpg 768w, https:\/\/fcmanrique.org\/wp-content\/uploads\/fc-manrique-instituto-cervantes-medio-ambiente3-289x193.jpg 289w\" sizes=\"auto, (max-width: 920px) 100vw, 920px\" \/><\/a><em>Fernando Prats, Joaqu\u00edn Ara\u00fajo, Jos\u00e9 Juan Ram\u00edrez, Fernando G\u00f3mez Aguilera, Mart\u00edn L\u00f3pez-Vega y Sa\u00fal Garc\u00eda<\/em><\/p>\n<p>Por su parte, Fernando Prats, redactor del Plan Insular de Ordenaci\u00f3n de Lanzarote de 1991, que desclasific\u00f3 cerca de 300.000 plazas, se\u00f1al\u00f3 que \u201cC\u00e9sar Manrique a\u00fan est\u00e1 por descubrir\u201d y que hay textos suyos que tienen hoy vigencia absoluta. Cont\u00f3 su experiencia con el PIO de Lanzarote y asegur\u00f3 que fue un trabajo \u201cosado\u201d, que intent\u00f3 llevar a la pr\u00e1ctica el discurso de C\u00e9sar y que fue posible porque hab\u00eda un relato \u201cde C\u00e9sar que denunciaba y creaba\u201d y porque \u201cla inmensa mayor\u00eda de la sociedad lo entend\u00eda, lo comprend\u00eda y lo apoyaba\u201d. \u201cNosotros solo pusimos nuestro conocimiento t\u00e9cnico para intentar desarrollar ese proyecto\u201d, afirm\u00f3. \u201cC\u00e9sar \u2013 dijo &#8211; cre\u00f3 durante un tiempo no solo un territorio sino una sociedad en la que mandaba la poblaci\u00f3n por encima de los intereses econ\u00f3micos\u201d. Indic\u00f3 que el PIO dio valor a la relaci\u00f3n entre la \u00e9tica y la est\u00e9tica y a \u201ccu\u00e1n hermoso es lo sencillo\u201d y asegur\u00f3 que despu\u00e9s, con el paso de los a\u00f1os, casi todos los colaboradores de su equipo en la Isla fueron represaliados. Prats afirm\u00f3 tambi\u00e9n que el arte y la cultura son imprescindibles como motor del cambio, para \u201cver futuros incre\u00edbles\u201d.<\/p>\n<p>Por su parte, G\u00f3mez Aguilera agradeci\u00f3 al instituto Cervantes que incorpore al patrimonio de la lengua una parcela de conocimiento tan decisiva en la actualidad como la naturaleza. Dijo que \u201cuno de su nuestros grandes desaf\u00edos contempor\u00e1neos es la realidad\u201d ya que estamos dominados por la visualidad pero no por la realidad, cada vez m\u00e1s oculta y deformada, y se\u00f1al\u00f3 que C\u00e9sar Manrique, que se empe\u00f1\u00f3 en descubrir y dar forma a la realidad esencial de Lanzarote, practic\u00f3 disciplinas que no se comprendieron en su momento, por lo que es un artista \u201cdesencajado, fuera de las categor\u00edas comunes de la historia del arte\u201d. A su juicio, reclama un abordaje cr\u00edtico desde una perspectiva de libertad y no acad\u00e9mica, desde una mirada transversal y desprejuiciada, como est\u00e1n practicando las nuevas generaciones. Fue m\u00e1s que un artista, \u201cdesbord\u00f3 lo que se entiende convencionalmente por artista porque reclam\u00f3 una funci\u00f3n social para el arte, aplicada de forma muy singular a transformar el territorio y forjar un modelo de econom\u00eda que, formateando el territorio desde el arte y la cultura, cambiar\u00eda radicalmente la vida de toda una comunidad\u201d, un proyecto que comparti\u00f3 con la Administraci\u00f3n p\u00fablica, formando \u201cuna c\u00e9lula prodigiosa\u201d con Jos\u00e9 Ram\u00edrez Cerd\u00e1, creadores de un patrimonio cultural moderno para Lanzarote tan relevante y original como el preexistente natural.<\/p>\n<p><a href=\"https:\/\/fcmanrique.org\/wp-content\/uploads\/fc-manrique-instituto-cervantes-medio-ambiente1.jpg\"><img loading=\"lazy\" decoding=\"async\" class=\"alignnone size-full wp-image-19507\" src=\"https:\/\/fcmanrique.org\/wp-content\/uploads\/fc-manrique-instituto-cervantes-medio-ambiente1.jpg\" alt=\"\" width=\"920\" height=\"690\" srcset=\"https:\/\/fcmanrique.org\/wp-content\/uploads\/fc-manrique-instituto-cervantes-medio-ambiente1.jpg 920w, https:\/\/fcmanrique.org\/wp-content\/uploads\/fc-manrique-instituto-cervantes-medio-ambiente1-300x225.jpg 300w, https:\/\/fcmanrique.org\/wp-content\/uploads\/fc-manrique-instituto-cervantes-medio-ambiente1-768x576.jpg 768w, https:\/\/fcmanrique.org\/wp-content\/uploads\/fc-manrique-instituto-cervantes-medio-ambiente1-289x217.jpg 289w\" sizes=\"auto, (max-width: 920px) 100vw, 920px\" \/><\/a><\/p>\n<p>El moderador plante\u00f3 si estamos asistiendo, como afirm\u00f3 Saramago, a la segunda muerte de C\u00e9sar Manrique o a una resurrecci\u00f3n, por su legado. Para Ara\u00fajo, \u201cest\u00e1n amaneciendo nuevos panoramas\u201d y el momento actual \u201ces excelente para conocer la figura de C\u00e9sar\u201d porque su trayectoria puede ser \u201cel gran ant\u00eddoto del diagn\u00f3stico de salud del planeta, que es p\u00e9simo\u201d y est\u00e1 llamada a desempe\u00f1ar un papel a\u00fan m\u00e1s importante que el que desempe\u00f1\u00f3 en el pasado. \u201cNo hay posibilidad de cambio sin apelar a ejemplos concretos, la cultura ecol\u00f3gica es la \u00fanica que nos puede sacar de este atolladero y necesita espejos, referencias\u201d, asegur\u00f3, y apunt\u00f3 el \u201cpapel fundamental de la FCM\u201d. Prats coincidi\u00f3 en la importancia del trabajo de la Fundaci\u00f3n, \u201ca la que le debemos much\u00edsimo\u201d, dijo, e insisti\u00f3 en el rol del arte como agente movilizador para el cambio: \u201cEn las luchas democr\u00e1ticas en Espa\u00f1a pod\u00edamos tener las ideas muy claras, pero los que nos sacaban a la calle y conmov\u00edan eran los cantautores o los poetas\u201d. \u201cC\u00e9sar no ha muerto, tiene herederos, y si no vamos hacia la cat\u00e1strofe, ese renacimiento lo elevar\u00e1 al mundo que le corresponde como una persona capaz de dar salidas positivas\u201d, se\u00f1al\u00f3.<\/p>\n<p>G\u00f3mez Aguilera, finalmente, apunt\u00f3 que hay que volver los ojos hacia los referentes culturales y que \u201clas personalidades de la cultura no valen tanto por lo que son, aun siendo y valiendo mucho, sino por su capacidad para estimular la construcci\u00f3n individual y comunitaria del presente\u201d. Destac\u00f3 que ahora se manejan m\u00e1s claves para entender a C\u00e9sar Manrique y que los procesos de cambio han de ser compartidos porque coexisten direcciones muy distintas, pero que no han perdido vigencia los faros culturales y sociales, a los que necesitamos. Desde esa perspectiva, concluy\u00f3, \u201cC\u00e9sar tiene mucho que ofrecernos, hacen falta referencias y liderazgos fuertes, cr\u00edticos y pasionales como el suyo\u201d. \u201cAcumulamos cada vez m\u00e1s conocimiento, pero perdemos pasi\u00f3n y sin pasi\u00f3n el conocimiento es menos pujante\u201d, indic\u00f3 el director de la FCM.<\/p>\n<p>Cr\u00f3nica en el diario El Pa\u00eds: <a href=\"https:\/\/elpais.com\/cultura\/2019\/06\/05\/actualidad\/1559766417_518888.html\">https:\/\/elpais.com\/cultura\/2019\/06\/05\/actualidad\/1559766417_518888.html<\/a><\/p>\n<p>Enlace al v\u00eddeo del evento:&nbsp;<a href=\"https:\/\/www.youtube.com\/watch?v=e-bAgyyeYIg\">https:\/\/www.youtube.com\/watch?v=e-bAgyyeYIg<\/a><\/p>\n<p><a href=\"https:\/\/fcmanrique.org\/wp-content\/uploads\/fc-manrique-instituto-cervantes-homenaje-cesar-manrique.pdf\">M\u00e1s informaci\u00f3n del acto<\/a><\/p>","protected":false},"excerpt":{"rendered":"<p>Sorry, this entry is only available in ES.Joaqu\u00edn Ara\u00fajo: \u201cC\u00e9sar Manrique puede ser el gran ant\u00eddoto del diagn\u00f3stico de salud del planeta y est\u00e1 llamado a desempe\u00f1ar un papel a\u00fan m\u00e1s importante que el que jug\u00f3 en vida\u201d El 5 de junio, D\u00eda Mundial del Medio Ambiente, el Instituto Cervantes llev\u00f3 a cabo en su&#8230; <a href=\"https:\/\/fcmanrique.org\/en\/fcm-c-acti-celebrada\/dia-mundial-del-medio-ambiente-con-cesar-en-madrid\/\" class=\"readmore\">Contin\u00faa leyendo \u2192<\/a><\/p>\n","protected":false},"featured_media":19505,"parent":0,"template":"","meta":{"_acf_changed":false,"ngg_post_thumbnail":0,"footnotes":""},"class_list":["post-19491","fcm_c_acti_celebrada","type-fcm_c_acti_celebrada","status-publish","has-post-thumbnail","hentry","c_acti_celebrada_categoria-celebracion"],"acf":[],"_links":{"self":[{"href":"https:\/\/fcmanrique.org\/en\/wp-json\/wp\/v2\/fcm_c_acti_celebrada\/19491","targetHints":{"allow":["GET"]}}],"collection":[{"href":"https:\/\/fcmanrique.org\/en\/wp-json\/wp\/v2\/fcm_c_acti_celebrada"}],"about":[{"href":"https:\/\/fcmanrique.org\/en\/wp-json\/wp\/v2\/types\/fcm_c_acti_celebrada"}],"version-history":[{"count":10,"href":"https:\/\/fcmanrique.org\/en\/wp-json\/wp\/v2\/fcm_c_acti_celebrada\/19491\/revisions"}],"predecessor-version":[{"id":19544,"href":"https:\/\/fcmanrique.org\/en\/wp-json\/wp\/v2\/fcm_c_acti_celebrada\/19491\/revisions\/19544"}],"wp:featuredmedia":[{"embeddable":true,"href":"https:\/\/fcmanrique.org\/en\/wp-json\/wp\/v2\/media\/19505"}],"wp:attachment":[{"href":"https:\/\/fcmanrique.org\/en\/wp-json\/wp\/v2\/media?parent=19491"}],"curies":[{"name":"wp","href":"https:\/\/api.w.org\/{rel}","templated":true}]}}