{"id":19828,"date":"2019-06-23T23:46:41","date_gmt":"2019-06-23T23:46:41","guid":{"rendered":"https:\/\/fcmanrique.org\/?post_type=fcm_c_acti_celebrada&#038;p=19828"},"modified":"2019-11-26T10:42:44","modified_gmt":"2019-11-26T10:42:44","slug":"si-no-cambiamos-la-forma-de-ver-la-naturaleza-la-naturaleza-no-cambiara-de-forma","status":"publish","type":"fcm_c_acti_celebrada","link":"https:\/\/fcmanrique.org\/en\/fcm-c-acti-celebrada\/si-no-cambiamos-la-forma-de-ver-la-naturaleza-la-naturaleza-no-cambiara-de-forma\/","title":{"rendered":"\u201cNecesitamos reconectar naturaleza y sociedad\u201d"},"content":{"rendered":"<p class=\"qtranxs-available-languages-message qtranxs-available-languages-message-en\">Sorry, this entry is only available in <a href=\"https:\/\/fcmanrique.org\/es\/wp-json\/wp\/v2\/fcm_c_acti_celebrada\/19828\" class=\"qtranxs-available-language-link qtranxs-available-language-link-es\" title=\"ES\">ES<\/a>.<\/p><p><em>Primera jornada del curso <i>Ante el Antropoceno. Cuando la humanidad desborda los l\u00edmites biof\u00edsicos del Planeta.<\/i><\/em><\/p>\n<p style=\"margin-bottom: 5.95pt;\">El director de la Fundaci\u00f3n C\u00e9sar Manrique, Fernando G\u00f3mez Aguilera, abri\u00f3 el curso <i>Ante el Antropoceno. Cuando la humanidad desborda los l\u00edmites biof\u00edsicos del Planeta<\/i> y lo calific\u00f3 como uno de los contenidos centrales de los actos del centenario, porque es un asunto estrat\u00e9gico y por la calidad de los ponentes.<\/p>\n<p style=\"margin-bottom: 5.95pt;\">Reconoci\u00f3 la labor del director del curso, el urbanista Fernando Prats, al frente del Plan Insular de Ordenaci\u00f3n de Lanzarote de 1991, por su excepcional contribuci\u00f3n al modelo esbozado por C\u00e9sar Manrique. \u201cLanzarote no ser\u00eda la misma ni el legado de C\u00e9sar Manrique se hubiera proyectado internacionalmente como se ha hecho\u201d, se\u00f1al\u00f3. Tambi\u00e9n agradeci\u00f3 la contribuci\u00f3n del expresidente del Cabildo, Enrique P\u00e9rez Parrilla.<\/p>\n<p style=\"margin-bottom: 5.95pt;\">G\u00f3mez Aguilera destac\u00f3 que el cambio clim\u00e1tico es \u201cun asunto que deber\u00eda exceder las ideolog\u00edas\u201d. \u201cNos concierne que no se agote la vida y hay que sacudir el sopor de los gobiernos del mundo\u201d, asegur\u00f3, y advirti\u00f3 de que har\u00e1n falta movimientos sociales vigorosos para que haya cambios profundos. Apost\u00f3 por que Canarias est\u00e1 en disposici\u00f3n de dialogar para convertir el clima en una pol\u00edtica real.<\/p>\n<p><a href=\"https:\/\/fcmanrique.org\/wp-content\/uploads\/fc-manrique-curso-ante-el-antropoceno-dia1-1.jpg\"><img loading=\"lazy\" decoding=\"async\" class=\"alignnone size-full wp-image-19830\" src=\"https:\/\/fcmanrique.org\/wp-content\/uploads\/fc-manrique-curso-ante-el-antropoceno-dia1-1.jpg\" alt=\"\" width=\"920\" height=\"613\" srcset=\"https:\/\/fcmanrique.org\/wp-content\/uploads\/fc-manrique-curso-ante-el-antropoceno-dia1-1.jpg 920w, https:\/\/fcmanrique.org\/wp-content\/uploads\/fc-manrique-curso-ante-el-antropoceno-dia1-1-300x200.jpg 300w, https:\/\/fcmanrique.org\/wp-content\/uploads\/fc-manrique-curso-ante-el-antropoceno-dia1-1-768x512.jpg 768w, https:\/\/fcmanrique.org\/wp-content\/uploads\/fc-manrique-curso-ante-el-antropoceno-dia1-1-289x193.jpg 289w\" sizes=\"auto, (max-width: 920px) 100vw, 920px\" \/><\/a><\/p>\n<p>Fernando Prats destac\u00f3 su emoci\u00f3n por poder cruzar dos aspectos: la importancia de la lucha contra el cambio y el rescate de la figura de C\u00e9sar Manrique como precursor. \u201cLos tiempos en los que estamos exigen saber qu\u00e9 hacer -dijo- y centrarse en establecer propuestas para evitar los peores escenarios del colapso\u201d. En ese sentido, considera que el movimiento ecologista es el \u00fanico que puede dar respuesta a todos los retos.<\/p>\n<p style=\"margin-bottom: 5.95pt;\"><a href=\"https:\/\/fcmanrique.org\/wp-content\/uploads\/fc-manrique-curso-ante-el-antropoceno-dia1-4.jpg\"><img loading=\"lazy\" decoding=\"async\" class=\"alignnone size-full wp-image-19833\" src=\"https:\/\/fcmanrique.org\/wp-content\/uploads\/fc-manrique-curso-ante-el-antropoceno-dia1-4.jpg\" alt=\"\" width=\"920\" height=\"626\" srcset=\"https:\/\/fcmanrique.org\/wp-content\/uploads\/fc-manrique-curso-ante-el-antropoceno-dia1-4.jpg 920w, https:\/\/fcmanrique.org\/wp-content\/uploads\/fc-manrique-curso-ante-el-antropoceno-dia1-4-300x204.jpg 300w, https:\/\/fcmanrique.org\/wp-content\/uploads\/fc-manrique-curso-ante-el-antropoceno-dia1-4-768x523.jpg 768w, https:\/\/fcmanrique.org\/wp-content\/uploads\/fc-manrique-curso-ante-el-antropoceno-dia1-4-289x197.jpg 289w\" sizes=\"auto, (max-width: 920px) 100vw, 920px\" \/><\/a><em>Carlos Montes<\/em><\/p>\n<p>El primer ponente fue Carlos Montes, catedr\u00e1tico de Ecolog\u00eda, que habl\u00f3 de los grandes desaf\u00edos, como los de los cambios de uso de suelo, los fertilizantes, el agua, las especies invasoras y otros muchos, pero \u201cla estrella es el cambio clim\u00e1tico\u201d, el eje de la crisis actual. Asegur\u00f3 que hay m\u00e1s conciencia social pero que los resultados no se corresponden con esa conciencia quiz\u00e1 porque no tratamos los problemas en toda su complejidad, sino de forma aislada. Por ejemplo, se habla de una crisis de biodiversidad porque uno de los ocho millones de especies est\u00e1 amenazado de extinci\u00f3n, pero lo importante no son las especies por separado, ya que somos \u201cradicalmente ecodependientes\u201d, sino las consecuencias. No se trata solo de una crisis ecol\u00f3gica, sino social y, como el planeta cambia, tenemos que hacer cosas diferentes para cambiar, abordar estos desaf\u00edos con otra mentalidad. \u201cSi no cambiamos la forma de ver la naturaleza, la naturaleza no cambiar\u00e1 de forma\u201d.<\/p>\n<p>Montes habl\u00f3 de un \u201cdesacoplamiento\u201d entre la naturaleza y la sociedad porque vivimos ya en un planeta urbano. \u201cSomos una aldea global y el colapso ser\u00e1 global\u201d. Asegur\u00f3 que \u201csomos la primera generaci\u00f3n que tenemos diagn\u00f3sticos tan buenos; lo sabemos todo\u201d pero no sabemos si se debe hacer una transici\u00f3n suave o un colapso traum\u00e1tico y, en todo caso, \u201cnecesitamos reconectar naturaleza y sociedad\u201d. Hay que minimizar el impacto pero principalmente hay que gestionar las causas. Para eso hay que ver las cosas de otra manera: el motor del cambio no es el cambio clim\u00e1tico, que es un efecto, sino el saqueo del territorio, la sobreexplotaci\u00f3n de recursos. Por eso hay que pensar en un cambio global porque si se piensa solo en cambio clim\u00e1tico \u201cparece que viene de fuera\u201d. Si el cambio es la causa se hacen pol\u00edticas de minimizaci\u00f3n pero si es el efecto habr\u00eda que centrarse en la insostenibilidad del modelo consumista. Otro paradigma a cambiar es que hay que respetar los l\u00edmites biof\u00edsicos del planeta, no sirve crecer sin l\u00edmite, y otro m\u00e1s, abordar todos los objetivos de desarrollo sostenible de forma integral, no por separado. Acab\u00f3 con \u201cbuenas noticias\u201d: el Antropoceno como revulsivo, es decir, poder cambiar la vida cambiando de vida porque \u201cen tiempos de crisis la poblaci\u00f3n est\u00e1 dispuesta a cambiar\u201d.<\/p>\n<p><a href=\"https:\/\/fcmanrique.org\/wp-content\/uploads\/fc-manrique-curso-ante-el-antropoceno-dia1-5.jpg\"><img loading=\"lazy\" decoding=\"async\" class=\"alignnone size-full wp-image-19834\" src=\"https:\/\/fcmanrique.org\/wp-content\/uploads\/fc-manrique-curso-ante-el-antropoceno-dia1-5.jpg\" alt=\"\" width=\"920\" height=\"583\" srcset=\"https:\/\/fcmanrique.org\/wp-content\/uploads\/fc-manrique-curso-ante-el-antropoceno-dia1-5.jpg 920w, https:\/\/fcmanrique.org\/wp-content\/uploads\/fc-manrique-curso-ante-el-antropoceno-dia1-5-300x190.jpg 300w, https:\/\/fcmanrique.org\/wp-content\/uploads\/fc-manrique-curso-ante-el-antropoceno-dia1-5-768x487.jpg 768w, https:\/\/fcmanrique.org\/wp-content\/uploads\/fc-manrique-curso-ante-el-antropoceno-dia1-5-289x183.jpg 289w\" sizes=\"auto, (max-width: 920px) 100vw, 920px\" \/><\/a><em>Manola Brunet<\/em><\/p>\n<p>Manola Brunet preside la Comisi\u00f3n de Climatolog\u00eda de la Organizaci\u00f3n Meteorol\u00f3gica Mundial. Se\u00f1al\u00f3 que hay muchas evidencias cient\u00edficas de que el cambio clim\u00e1tico es inducido aunque siempre haya habido gran variabilidad en el clima. El 97 por ciento del la comunidad cient\u00edfica sabe, no cree, que el calentamiento est\u00e1 causado por la acci\u00f3n del hombre. La atm\u00f3sfera se calienta y eso tiene consecuencias; los oc\u00e9anos se caldean \u201cy se est\u00e1n convirtiendo en una bomba de relojer\u00eda\u201d. Hay cient\u00edficos que sostienen que \u201cya hay calor para saltarse dos glaciaciones\u201d. Tambi\u00e9n disminuyen la masa de hielo y los glaciares y, por tanto, es mayor la radiaci\u00f3n incidente. El nivel del mar se incrementa unos tres mil\u00edmetros al a\u00f1o y puede subir entre medio metro y dos metros \u201cen funci\u00f3n de lo que hagamos para evitarlo\u201d. Las lluvias tambi\u00e9n aumentan pero no uniformemente: llueve m\u00e1s donde m\u00e1s llov\u00eda y menos en los lugares secos. La mayor disponibilidad de calor lleva a intensificar los extremos y hay menos d\u00edas y noches fr\u00edos. Este clima \u201cperturbado\u201d es por la acci\u00f3n del ser humano porque hay par\u00e1metros que no se explican solo por la acci\u00f3n del sol, sino que adquieren coherencia si se incluyen los datos del efecto invernadero. Y despu\u00e9s est\u00e1 la velocidad del cambio: en el Holoceno hicieron falta mil a\u00f1os para que hubiera una variaci\u00f3n de un grado cent\u00edgrado, y ahora s\u00f3lo sesenta a\u00f1os. \u201cEsta velocidad no tiene parang\u00f3n\u201d y es un reto que desaf\u00eda la capacidad de adaptaci\u00f3n de todos los sistemas, los naturales y los humanos. El mayor reto, seg\u00fan Brunet, est\u00e1 en la disminuci\u00f3n de los carburantes f\u00f3siles.<\/p>\n<p><a href=\"https:\/\/fcmanrique.org\/wp-content\/uploads\/fc-manrique-curso-ante-el-antropoceno-dia1-6.jpg\"><img loading=\"lazy\" decoding=\"async\" class=\"alignnone size-full wp-image-19835\" src=\"https:\/\/fcmanrique.org\/wp-content\/uploads\/fc-manrique-curso-ante-el-antropoceno-dia1-6.jpg\" alt=\"\" width=\"920\" height=\"644\" srcset=\"https:\/\/fcmanrique.org\/wp-content\/uploads\/fc-manrique-curso-ante-el-antropoceno-dia1-6.jpg 920w, https:\/\/fcmanrique.org\/wp-content\/uploads\/fc-manrique-curso-ante-el-antropoceno-dia1-6-300x210.jpg 300w, https:\/\/fcmanrique.org\/wp-content\/uploads\/fc-manrique-curso-ante-el-antropoceno-dia1-6-768x538.jpg 768w, https:\/\/fcmanrique.org\/wp-content\/uploads\/fc-manrique-curso-ante-el-antropoceno-dia1-6-289x202.jpg 289w\" sizes=\"auto, (max-width: 920px) 100vw, 920px\" \/><\/a><em>Susana Borr\u00e0s<\/em><\/p>\n<p>La especialista en Derecho Ambiental, Susana Borr\u00e0s, habl\u00f3 de la eclosi\u00f3n de las migraciones clim\u00e1ticas. Seg\u00fan ACNUR, hay 70 millones de refugiados, de los que 25 son internacionales, pero ninguno de ellos es refugiado clim\u00e1tico porque es un estatus que no se contempla por lo que \u201cest\u00e1n invisibilizados y desprotegidos\u201d, como es el caso de Ioane Teitiota y su familia, de Kiribati, que pidi\u00f3 asilo en Nueva Zelanda alegando que su persecuci\u00f3n es el deterioro ambiental. En su pa\u00eds apenas hay agua potable. Nueva Zelanda le neg\u00f3 el asilo y Ioane perdi\u00f3 en los tribunales. En el caso de Siria, donde hay once millones de refugiados, es dif\u00edcil separar las causas ambientales de las pol\u00edticas, ya que unas profundizan en las otras. \u201cNo es f\u00e1cil aislar las causas por las cuales una persona decide abandonar su hogar\u201d, se\u00f1al\u00f3 Borr\u00e0s. De hecho muchas no saben la causa fundamental. La Declaraci\u00f3n de Derechos Humanos contempla el derecho a circular libremente pero no contempla el derecho de recepci\u00f3n. Y m\u00e1s que un derecho es una necesidad.<\/p>\n<p>El pueblo inuit, que es n\u00f3mada y vive en el \u00c1rtico, sufre los impactos del calentamiento y lleg\u00f3 a poner una demanda contra Estados Unidos como responsable de una cuarta parte de las emisiones del planeta. En el Sahel ya hay 19 millones de desplazados internos que se suman a los tres grandes focos: Etiop\u00eda, Bangladesh y M\u00e9xico. Seg\u00fan ACNUR, en el a\u00f1o 2050 en el mundo habr\u00e1 entre 250 y mil millones de personas \u201cque se van a mover, y eso va a generar conflictos importantes\u201d. Como dice Vandana Shiva, \u201cno luchamos contra el cambio clim\u00e1tico sino contra la estupidez humana\u201d porque el planeta seguir\u00e1 sin nosotros mientras nosotros establecemos l\u00edmites a nuestra propia existencia. En este abuso clim\u00e1tico tambi\u00e9n hay que visibilizar la injusticia porque los 23 pa\u00edses m\u00e1s industrializados han contribuido al 70 por ciento de las emisiones y porque las condiciones sociales y econ\u00f3micas hacen que algunos pa\u00edses est\u00e9n m\u00e1s expuestos a las consecuencias del cambio.<\/p>\n<p>Para que la situaci\u00f3n cambie, seg\u00fan Borr\u00e0s, primero hay que cambiar los marcos jur\u00eddicos, pol\u00edticos y sociales actuales, como el Estatuto del refugiado, adem\u00e1s de reformular el concepto de refugio y las pol\u00edticas migratorias: \u201cEl cambio debe ser multinivel y multisectorial\u201d.<\/p>\n<p><a href=\"https:\/\/fcmanrique.org\/wp-content\/uploads\/fc-manrique-curso-ante-el-antropoceno-dia1-3.jpg\"><img loading=\"lazy\" decoding=\"async\" class=\"alignnone size-full wp-image-19832\" src=\"https:\/\/fcmanrique.org\/wp-content\/uploads\/fc-manrique-curso-ante-el-antropoceno-dia1-3.jpg\" alt=\"\" width=\"920\" height=\"652\" srcset=\"https:\/\/fcmanrique.org\/wp-content\/uploads\/fc-manrique-curso-ante-el-antropoceno-dia1-3.jpg 920w, https:\/\/fcmanrique.org\/wp-content\/uploads\/fc-manrique-curso-ante-el-antropoceno-dia1-3-300x213.jpg 300w, https:\/\/fcmanrique.org\/wp-content\/uploads\/fc-manrique-curso-ante-el-antropoceno-dia1-3-768x544.jpg 768w, https:\/\/fcmanrique.org\/wp-content\/uploads\/fc-manrique-curso-ante-el-antropoceno-dia1-3-289x205.jpg 289w\" sizes=\"auto, (max-width: 920px) 100vw, 920px\" \/><\/a><em>Cristina Monge<\/em><\/p>\n<p>La jornada termin\u00f3 con un coloquio entre los tres ponentes coordinado por Cristina Monge, que habl\u00f3 de una \u201ccrisis de valores debajo de todo esto\u201d y reclam\u00f3 que faltan conceptos \u201cque nos expliquen la nueva realidad\u201d. \u201cEs un desaf\u00edo que nos obliga a repensarnos\u201d.<\/p>\n<p><a href=\"https:\/\/fcmanrique.org\/wp-content\/uploads\/fc-manrique-curso-ante-el-antropoceno-dia1-2.jpg\"><img loading=\"lazy\" decoding=\"async\" class=\"alignnone size-full wp-image-19831\" src=\"https:\/\/fcmanrique.org\/wp-content\/uploads\/fc-manrique-curso-ante-el-antropoceno-dia1-2.jpg\" alt=\"\" width=\"920\" height=\"647\" srcset=\"https:\/\/fcmanrique.org\/wp-content\/uploads\/fc-manrique-curso-ante-el-antropoceno-dia1-2.jpg 920w, https:\/\/fcmanrique.org\/wp-content\/uploads\/fc-manrique-curso-ante-el-antropoceno-dia1-2-300x211.jpg 300w, https:\/\/fcmanrique.org\/wp-content\/uploads\/fc-manrique-curso-ante-el-antropoceno-dia1-2-768x540.jpg 768w, https:\/\/fcmanrique.org\/wp-content\/uploads\/fc-manrique-curso-ante-el-antropoceno-dia1-2-289x203.jpg 289w\" sizes=\"auto, (max-width: 920px) 100vw, 920px\" \/><\/a><\/p>\n<p><a href=\"https:\/\/fcmanrique.org\/wp-content\/uploads\/fc-manrique-programa-antropoceno.pdf\">M\u00e1s informaci\u00f3n sobre el curso Ante el Antropoceno<\/a><\/p>\n<p><a href=\"https:\/\/fcmanrique.org\/fcm-video\/curso-ante-el-antropoceno-cuando-la-humanidad-desborda-los-limites-biofisicos-del-planeta-25-junio\/?lang=es\">Acceder al v\u00eddeo de las conferencias. Parte 1<\/a><\/p>\n<p><a href=\"https:\/\/fcmanrique.org\/fcm-video\/curso-ante-el-antropoceno-cuando-la-humanidad-desborda-los-limites-biofisicos-del-planeta-25-de-junio-parte-2\/?lang=es\">Acceder al v\u00eddeo de las conferencias. Parte 2<\/a><\/p>\n<p><a href=\"https:\/\/fcmanrique.org\/wp-content\/uploads\/fc-manrique-diptico-curso-antropoceno.jpg\"><img loading=\"lazy\" decoding=\"async\" class=\"alignnone size-full wp-image-19589\" src=\"https:\/\/fcmanrique.org\/wp-content\/uploads\/fc-manrique-diptico-curso-antropoceno.jpg\" alt=\"\" width=\"2480\" height=\"2480\" srcset=\"https:\/\/fcmanrique.org\/wp-content\/uploads\/fc-manrique-diptico-curso-antropoceno.jpg 2480w, https:\/\/fcmanrique.org\/wp-content\/uploads\/fc-manrique-diptico-curso-antropoceno-150x150.jpg 150w, https:\/\/fcmanrique.org\/wp-content\/uploads\/fc-manrique-diptico-curso-antropoceno-300x300.jpg 300w, https:\/\/fcmanrique.org\/wp-content\/uploads\/fc-manrique-diptico-curso-antropoceno-768x768.jpg 768w, https:\/\/fcmanrique.org\/wp-content\/uploads\/fc-manrique-diptico-curso-antropoceno-1024x1024.jpg 1024w, https:\/\/fcmanrique.org\/wp-content\/uploads\/fc-manrique-diptico-curso-antropoceno-246x246.jpg 246w\" sizes=\"auto, (max-width: 2480px) 100vw, 2480px\" \/><\/a><\/p>","protected":false},"excerpt":{"rendered":"<p>Sorry, this entry is only available in ES.Primera jornada del curso Ante el Antropoceno. Cuando la humanidad desborda los l\u00edmites biof\u00edsicos del Planeta. El director de la Fundaci\u00f3n C\u00e9sar Manrique, Fernando G\u00f3mez Aguilera, abri\u00f3 el curso Ante el Antropoceno. Cuando la humanidad desborda los l\u00edmites biof\u00edsicos del Planeta y lo calific\u00f3 como uno de los&#8230; <a href=\"https:\/\/fcmanrique.org\/en\/fcm-c-acti-celebrada\/si-no-cambiamos-la-forma-de-ver-la-naturaleza-la-naturaleza-no-cambiara-de-forma\/\" class=\"readmore\">Contin\u00faa leyendo \u2192<\/a><\/p>\n","protected":false},"featured_media":19829,"parent":0,"template":"","meta":{"_acf_changed":false,"ngg_post_thumbnail":0,"footnotes":""},"class_list":["post-19828","fcm_c_acti_celebrada","type-fcm_c_acti_celebrada","status-publish","has-post-thumbnail","hentry","c_acti_celebrada_categoria-curso"],"acf":[],"_links":{"self":[{"href":"https:\/\/fcmanrique.org\/en\/wp-json\/wp\/v2\/fcm_c_acti_celebrada\/19828","targetHints":{"allow":["GET"]}}],"collection":[{"href":"https:\/\/fcmanrique.org\/en\/wp-json\/wp\/v2\/fcm_c_acti_celebrada"}],"about":[{"href":"https:\/\/fcmanrique.org\/en\/wp-json\/wp\/v2\/types\/fcm_c_acti_celebrada"}],"version-history":[{"count":10,"href":"https:\/\/fcmanrique.org\/en\/wp-json\/wp\/v2\/fcm_c_acti_celebrada\/19828\/revisions"}],"predecessor-version":[{"id":21223,"href":"https:\/\/fcmanrique.org\/en\/wp-json\/wp\/v2\/fcm_c_acti_celebrada\/19828\/revisions\/21223"}],"wp:featuredmedia":[{"embeddable":true,"href":"https:\/\/fcmanrique.org\/en\/wp-json\/wp\/v2\/media\/19829"}],"wp:attachment":[{"href":"https:\/\/fcmanrique.org\/en\/wp-json\/wp\/v2\/media?parent=19828"}],"curies":[{"name":"wp","href":"https:\/\/api.w.org\/{rel}","templated":true}]}}