{"id":19875,"date":"2019-06-28T08:29:54","date_gmt":"2019-06-28T08:29:54","guid":{"rendered":"https:\/\/fcmanrique.org\/?post_type=fcm_c_acti_celebrada&#038;p=19875"},"modified":"2019-11-26T10:46:34","modified_gmt":"2019-11-26T10:46:34","slug":"antropoceno-03","status":"publish","type":"fcm_c_acti_celebrada","link":"https:\/\/fcmanrique.org\/en\/fcm-c-acti-celebrada\/antropoceno-03\/","title":{"rendered":"\u201cEl aumento del nivel del mar no hay quien lo pare y Canarias es la comunidad aut\u00f3noma con mayor riesgo en su costa\u201d"},"content":{"rendered":"<p class=\"qtranxs-available-languages-message qtranxs-available-languages-message-en\">Sorry, this entry is only available in <a href=\"https:\/\/fcmanrique.org\/es\/wp-json\/wp\/v2\/fcm_c_acti_celebrada\/19875\" class=\"qtranxs-available-language-link qtranxs-available-language-link-es\" title=\"ES\">ES<\/a>.<\/p><p><em>Tercera jornada del curso <i>Ante el Antropoceno. Cuando la humanidad desborda los l\u00edmites biof\u00edsicos del Planeta.<\/i><\/em><\/p>\n<p><em>Ciudades y territorios para la vida<\/em> fue el t\u00edtulo de la tercera jornada del curso <em>Ante el antropoceno<\/em>, que abri\u00f3 Claire Roumet, exdirectora de Energy Cities, la red europea de ciudades en transici\u00f3n energ\u00e9tica. Roumet parti\u00f3 de la idea de que las ciudades son interdependientes y est\u00e1n conectadas pero sus recursos energ\u00e9ticos llegan desde fuera y habl\u00f3 de la necesidad de descentralizar la generaci\u00f3n el\u00e9ctrica. Hay que basarse en tres herramientas para ser eficientes: la devoluci\u00f3n de poder, de competencias para los municipios en materia energ\u00e9tica; la democratizaci\u00f3n de las decisiones; y que se mida cada decisi\u00f3n p\u00fablica en los par\u00e1metros de coste de CO2. Dijo que en Europa se puede ser cien por cien renovable, pero reduciendo el consumo al cincuenta por ciento: la mitad en las ciudades y la otra mitad en grandes consumidores.<\/p>\n<p><a href=\"https:\/\/fcmanrique.org\/wp-content\/uploads\/fc-manrique-curso-ante-el-antropoceno-dia3-1.jpg\"><img loading=\"lazy\" decoding=\"async\" class=\"alignnone size-full wp-image-19877\" src=\"https:\/\/fcmanrique.org\/wp-content\/uploads\/fc-manrique-curso-ante-el-antropoceno-dia3-1.jpg\" alt=\"\" width=\"920\" height=\"593\" srcset=\"https:\/\/fcmanrique.org\/wp-content\/uploads\/fc-manrique-curso-ante-el-antropoceno-dia3-1.jpg 920w, https:\/\/fcmanrique.org\/wp-content\/uploads\/fc-manrique-curso-ante-el-antropoceno-dia3-1-300x193.jpg 300w, https:\/\/fcmanrique.org\/wp-content\/uploads\/fc-manrique-curso-ante-el-antropoceno-dia3-1-768x495.jpg 768w, https:\/\/fcmanrique.org\/wp-content\/uploads\/fc-manrique-curso-ante-el-antropoceno-dia3-1-289x186.jpg 289w\" sizes=\"auto, (max-width: 920px) 100vw, 920px\" \/><\/a><\/p>\n<p>Asegur\u00f3 que el cambio est\u00e1 yendo muy r\u00e1pido si se compara con hace cuatro o cinco a\u00f1os. \u201cAhora los alcaldes ya saben de energ\u00eda y hay demandas claras de la ciudadan\u00eda\u201d. En B\u00e9lgica los j\u00f3venes han cambiado la agenda de las elecciones exigiendo declaraciones de emergencia clim\u00e1tica en todos los municipios. Puso varios ejemplos de proyectos en ciudades y barrios y advirti\u00f3 que es muy importante tener estrategias claras en estas ciudades, saber hacia d\u00f3nde se quiere ir y en qu\u00e9 plazos.<\/p>\n<p><a href=\"https:\/\/fcmanrique.org\/wp-content\/uploads\/fc-manrique-curso-ante-el-antropoceno-dia3-5.jpg\"><img loading=\"lazy\" decoding=\"async\" class=\"alignnone size-full wp-image-19881\" src=\"https:\/\/fcmanrique.org\/wp-content\/uploads\/fc-manrique-curso-ante-el-antropoceno-dia3-5.jpg\" alt=\"\" width=\"920\" height=\"607\" srcset=\"https:\/\/fcmanrique.org\/wp-content\/uploads\/fc-manrique-curso-ante-el-antropoceno-dia3-5.jpg 920w, https:\/\/fcmanrique.org\/wp-content\/uploads\/fc-manrique-curso-ante-el-antropoceno-dia3-5-300x198.jpg 300w, https:\/\/fcmanrique.org\/wp-content\/uploads\/fc-manrique-curso-ante-el-antropoceno-dia3-5-768x507.jpg 768w, https:\/\/fcmanrique.org\/wp-content\/uploads\/fc-manrique-curso-ante-el-antropoceno-dia3-5-289x191.jpg 289w\" sizes=\"auto, (max-width: 920px) 100vw, 920px\" \/><\/a><em>Claire Roumet<\/em><\/p>\n<p>El ingeniero \u00cd\u00f1igo Losada abord\u00f3 primero los cambios producidos por el cambio clim\u00e1tico y dijo que ya hay zonas del planeta donde ha subido la temperatura media en casi dos grados, que los cambios en los extremos son preocupantes y que ese calor principalmente se va al oc\u00e9ano. El nivel del mar subi\u00f3 unos 18 mil\u00edmetros al a\u00f1o en el siglo XX y por cada cent\u00edmetro que sube se pierde un metro de playa. Asegur\u00f3 que los refugiados clim\u00e1ticos son ya una realidad y que no solo hay que mitigar el cambio sino que hay que adaptarse. El riesgo est\u00e1 formado por tres aspectos: peligrosidad, exposici\u00f3n y vulnerabilidad, y sobre los tres se puede actuar. El equipo con el que trabaja en el Instituto de Hidr\u00e1ulica de Cantabria construye modelos, escenarios posibles para saber lo que puede pasar e incluso calculan en millones de euros lo que que puede suponer, por ejemplo, en p\u00e9rdidas en el sector tur\u00edstico.<\/p>\n<p>En Canarias, el factor dominante es el cambio del oleaje. Las olas son m\u00e1s energ\u00e9ticas, las extremas ser\u00e1n m\u00e1s extremas y habr\u00e1 un cambio en su direcci\u00f3n que erosionar\u00e1 los diques y espigones. En Canarias hay una gran exposici\u00f3n y vulnerabilidad y se ha incrementado el riesgo por la ordenaci\u00f3n territorial, por lo construido en la costa. Habr\u00e1 m\u00e1s oleaje en el sur de las islas, mayor probabilidad de ciclones y efectos en las infraestructuras que se han dise\u00f1ado mal o no se han mantenido correctamente. \u201cCanarias es probablemente la comunidad aut\u00f3noma con mayor riesgo en su costa\u201d, dijo. Es de las m\u00e1s vulnerables, el aumento medio del nivel del mar \u201cno hay quien lo pare\u201d y la adaptaci\u00f3n va a ser necesaria hasta en el escenario m\u00e1s favorable \u201cy es m\u00e1s barato adaptarse que reparar los da\u00f1os\u201d.<\/p>\n<p><a href=\"https:\/\/fcmanrique.org\/wp-content\/uploads\/fc-manrique-curso-ante-el-antropoceno-dia3-4.jpg\"><img loading=\"lazy\" decoding=\"async\" class=\"alignnone size-full wp-image-19880\" src=\"https:\/\/fcmanrique.org\/wp-content\/uploads\/fc-manrique-curso-ante-el-antropoceno-dia3-4.jpg\" alt=\"\" width=\"920\" height=\"636\" srcset=\"https:\/\/fcmanrique.org\/wp-content\/uploads\/fc-manrique-curso-ante-el-antropoceno-dia3-4.jpg 920w, https:\/\/fcmanrique.org\/wp-content\/uploads\/fc-manrique-curso-ante-el-antropoceno-dia3-4-300x207.jpg 300w, https:\/\/fcmanrique.org\/wp-content\/uploads\/fc-manrique-curso-ante-el-antropoceno-dia3-4-768x531.jpg 768w, https:\/\/fcmanrique.org\/wp-content\/uploads\/fc-manrique-curso-ante-el-antropoceno-dia3-4-289x200.jpg 289w\" sizes=\"auto, (max-width: 920px) 100vw, 920px\" \/><\/a> <em>I\u00f1igo Losada<\/em><\/p>\n<p>Expuso que trabajan, cada vez m\u00e1s, con soluciones con la naturaleza que permiten conjugar mitigaci\u00f3n y adaptaci\u00f3n, como en restauraci\u00f3n de manglares o de barreras de coral demostrando su valor en lugar de construir diques y logrando que los hoteles paguen un seguro por ellos. Termin\u00f3 se\u00f1alando qui\u00e9nes tienen que hacer algo ante esta situaci\u00f3n: todas las administraciones, desde las estatales a las locales, pero tambi\u00e9n las empresas.<\/p>\n<p><a href=\"https:\/\/fcmanrique.org\/wp-content\/uploads\/fc-manrique-curso-ante-el-antropoceno-dia3-3.jpg\"><img loading=\"lazy\" decoding=\"async\" class=\"alignnone size-full wp-image-19879\" src=\"https:\/\/fcmanrique.org\/wp-content\/uploads\/fc-manrique-curso-ante-el-antropoceno-dia3-3.jpg\" alt=\"\" width=\"920\" height=\"611\" srcset=\"https:\/\/fcmanrique.org\/wp-content\/uploads\/fc-manrique-curso-ante-el-antropoceno-dia3-3.jpg 920w, https:\/\/fcmanrique.org\/wp-content\/uploads\/fc-manrique-curso-ante-el-antropoceno-dia3-3-300x199.jpg 300w, https:\/\/fcmanrique.org\/wp-content\/uploads\/fc-manrique-curso-ante-el-antropoceno-dia3-3-768x510.jpg 768w, https:\/\/fcmanrique.org\/wp-content\/uploads\/fc-manrique-curso-ante-el-antropoceno-dia3-3-289x192.jpg 289w\" sizes=\"auto, (max-width: 920px) 100vw, 920px\" \/><\/a><em>Fernando Prats<\/em><\/p>\n<p>Fernando Prats, arquitecto urbanista, cerr\u00f3 la jornada exponiendo el caso de \u00c1lava central, en el que est\u00e1 trabajando ahora. Su propuesta en \u00c1lava es trabajar sobre lo necesario, no sobre lo posible y advirti\u00f3 que era un viaje que no hab\u00edan hecho nunca. \u201cTenemos una br\u00fajula pero no certezas\u201d. Antes habl\u00f3 de que es necesaria una simbiosis entre el medio urbano, el rural y la naturaleza y asegur\u00f3 que hay que optimizar las capacidades end\u00f3genas de un territorio porque la log\u00edstica a larga distancia, de la forma que la conocemos, \u201cno va a ser posible\u201d. Del cambio de \u00e9poca se\u00f1al\u00f3 que lo m\u00e1s importante no es el aumento de poblaci\u00f3n sino que no sigan las l\u00f3gicas de un sistema basado en el crecimiento. Asegur\u00f3 que los nuevos paradigmas ya est\u00e1n en los movimientos sociales y que hay que buscar las condiciones de vida para todos pero sin desbordar los l\u00edmites. El Derecho tambi\u00e9n debe cambiar para dar prioridad a las condiciones de supervivencia y la ecotasa llega tarde y es insuficiente. \u201cNo adoptar\u00eda ni una sola operaci\u00f3n que aumentara las emisiones de CO2 a la atm\u00f3sfera\u201d, se\u00f1al\u00f3. Habl\u00f3 de poner la vida en el centro de la pol\u00edtica, hacer transformaciones profundas en los deseos, volver a los territorios y trabajar en proximidad excepci\u00f3n. Los pa\u00edses ricos han fracasado y ser\u00e1 necesario \u201creplantearse lo que significa bienestar\u201d.<\/p>\n<p>\u00c1lava es el \u201cpatito feo\u201d del Pa\u00eds Vasco sin embargo es su gran reserva de vida y forestal. Euskadi es una regi\u00f3n que, <em>a priori<\/em> tiene unos buenos \u00edndices de desarrollo y bienestar social, pero si se incluyen los valores de futuro, como la huella ecol\u00f3gica o las emisiones, que son su principal exportaci\u00f3n, ya no est\u00e1 tan bien: p\u00e9rdida de biodiversidad, mala calidad del agua, contaminaci\u00f3n&#8230; \u201cNo son conscientes de su vulnerabilidad\u201d. Prats present\u00f3 su proyecto de biorregi\u00f3n que asegura que \u201cno es un tema de expertos sino de debatir entre todos y ver si es posible capitalizar una vida saludable y los l\u00edmites biosf\u00e9ricos, no confiar todo a la tecnolog\u00eda y la energ\u00eda\u201d. El proyecto consiste en hacer un diagn\u00f3stico y marcar los problemas. Se han interesado por \u00e9l las matrices de las grandes empresas del lugar. \u201cSi el proyecto sigue vivo es porque algunos intuyen que tenemos raz\u00f3n\u201d.<\/p>\n<p><a href=\"https:\/\/fcmanrique.org\/wp-content\/uploads\/fc-manrique-curso-ante-el-antropoceno-dia3-6.jpg\"><img loading=\"lazy\" decoding=\"async\" class=\"alignnone size-full wp-image-19882\" src=\"https:\/\/fcmanrique.org\/wp-content\/uploads\/fc-manrique-curso-ante-el-antropoceno-dia3-6.jpg\" alt=\"\" width=\"920\" height=\"621\" srcset=\"https:\/\/fcmanrique.org\/wp-content\/uploads\/fc-manrique-curso-ante-el-antropoceno-dia3-6.jpg 920w, https:\/\/fcmanrique.org\/wp-content\/uploads\/fc-manrique-curso-ante-el-antropoceno-dia3-6-300x203.jpg 300w, https:\/\/fcmanrique.org\/wp-content\/uploads\/fc-manrique-curso-ante-el-antropoceno-dia3-6-768x518.jpg 768w, https:\/\/fcmanrique.org\/wp-content\/uploads\/fc-manrique-curso-ante-el-antropoceno-dia3-6-289x195.jpg 289w\" sizes=\"auto, (max-width: 920px) 100vw, 920px\" \/><\/a><em>Federico Aguilera Klink<\/em><\/p>\n<p>Federico Aguilera Klink moder\u00f3 el debate final. Dijo que la econom\u00eda es violenta, criminal, que nos lleva al desastre y que en los a\u00f1os que llevamos de siglo han muerto cuatro millones de personas por guerras provocadas por Occidente. \u201cDeber\u00eda ponerse ese coste en el precio del petr\u00f3leo\u201d. Para Aguilera, Europa es un fraude y el 75 por ciento de descuento al transporte en Canarias \u201ces un disparate en un contexto de cambio clim\u00e1tico\u201d que promueve un modelo de movilidad compulsiva.<\/p>\n<p><a href=\"https:\/\/fcmanrique.org\/wp-content\/uploads\/fc-manrique-curso-ante-el-antropoceno-dia3-2.jpg\"><img loading=\"lazy\" decoding=\"async\" class=\"alignnone size-full wp-image-19878\" src=\"https:\/\/fcmanrique.org\/wp-content\/uploads\/fc-manrique-curso-ante-el-antropoceno-dia3-2.jpg\" alt=\"\" width=\"920\" height=\"613\" srcset=\"https:\/\/fcmanrique.org\/wp-content\/uploads\/fc-manrique-curso-ante-el-antropoceno-dia3-2.jpg 920w, https:\/\/fcmanrique.org\/wp-content\/uploads\/fc-manrique-curso-ante-el-antropoceno-dia3-2-300x200.jpg 300w, https:\/\/fcmanrique.org\/wp-content\/uploads\/fc-manrique-curso-ante-el-antropoceno-dia3-2-768x512.jpg 768w, https:\/\/fcmanrique.org\/wp-content\/uploads\/fc-manrique-curso-ante-el-antropoceno-dia3-2-289x193.jpg 289w\" sizes=\"auto, (max-width: 920px) 100vw, 920px\" \/><\/a><\/p>\n<p><a href=\"https:\/\/fcmanrique.org\/wp-content\/uploads\/fc-manrique-programa-antropoceno.pdf\">M\u00e1s informaci\u00f3n sobre el curso Ante el Antropoceno<\/a><\/p>\n<p><a href=\"https:\/\/fcmanrique.org\/fcm-video\/curso-ante-el-antropoceno-cuando-la-humanidad-desborda-los-limites-biofisicos-del-planeta-27-de-junio\/?lang=es\">Acceder al v\u00eddeo de las conferencias. Parte 1<\/a><\/p>\n<p><a href=\"https:\/\/fcmanrique.org\/fcm-video\/curso-ante-el-antropoceno-cuando-la-humanidad-desborda-los-limites-biofisicos-del-planeta-27-de-junio-parte-2\/?lang=es\">Acceder al v\u00eddeo de las conferencias. Parte 2<\/a><\/p>\n<p><a href=\"https:\/\/fcmanrique.org\/wp-content\/uploads\/fc-manrique-diptico-curso-antropoceno.jpg\"><img loading=\"lazy\" decoding=\"async\" class=\"alignnone size-full wp-image-19589\" src=\"https:\/\/fcmanrique.org\/wp-content\/uploads\/fc-manrique-diptico-curso-antropoceno.jpg\" alt=\"\" width=\"2480\" height=\"2480\" srcset=\"https:\/\/fcmanrique.org\/wp-content\/uploads\/fc-manrique-diptico-curso-antropoceno.jpg 2480w, https:\/\/fcmanrique.org\/wp-content\/uploads\/fc-manrique-diptico-curso-antropoceno-150x150.jpg 150w, https:\/\/fcmanrique.org\/wp-content\/uploads\/fc-manrique-diptico-curso-antropoceno-300x300.jpg 300w, https:\/\/fcmanrique.org\/wp-content\/uploads\/fc-manrique-diptico-curso-antropoceno-768x768.jpg 768w, https:\/\/fcmanrique.org\/wp-content\/uploads\/fc-manrique-diptico-curso-antropoceno-1024x1024.jpg 1024w, https:\/\/fcmanrique.org\/wp-content\/uploads\/fc-manrique-diptico-curso-antropoceno-246x246.jpg 246w\" sizes=\"auto, (max-width: 2480px) 100vw, 2480px\" \/><\/a><\/p>","protected":false},"excerpt":{"rendered":"<p>Sorry, this entry is only available in ES.Tercera jornada del curso Ante el Antropoceno. Cuando la humanidad desborda los l\u00edmites biof\u00edsicos del Planeta. Ciudades y territorios para la vida fue el t\u00edtulo de la tercera jornada del curso Ante el antropoceno, que abri\u00f3 Claire Roumet, exdirectora de Energy Cities, la red europea de ciudades en&#8230; <a href=\"https:\/\/fcmanrique.org\/en\/fcm-c-acti-celebrada\/antropoceno-03\/\" class=\"readmore\">Contin\u00faa leyendo \u2192<\/a><\/p>\n","protected":false},"featured_media":19876,"parent":0,"template":"","meta":{"_acf_changed":false,"ngg_post_thumbnail":0,"footnotes":""},"class_list":["post-19875","fcm_c_acti_celebrada","type-fcm_c_acti_celebrada","status-publish","has-post-thumbnail","hentry","c_acti_celebrada_categoria-curso"],"acf":[],"_links":{"self":[{"href":"https:\/\/fcmanrique.org\/en\/wp-json\/wp\/v2\/fcm_c_acti_celebrada\/19875","targetHints":{"allow":["GET"]}}],"collection":[{"href":"https:\/\/fcmanrique.org\/en\/wp-json\/wp\/v2\/fcm_c_acti_celebrada"}],"about":[{"href":"https:\/\/fcmanrique.org\/en\/wp-json\/wp\/v2\/types\/fcm_c_acti_celebrada"}],"version-history":[{"count":5,"href":"https:\/\/fcmanrique.org\/en\/wp-json\/wp\/v2\/fcm_c_acti_celebrada\/19875\/revisions"}],"predecessor-version":[{"id":21225,"href":"https:\/\/fcmanrique.org\/en\/wp-json\/wp\/v2\/fcm_c_acti_celebrada\/19875\/revisions\/21225"}],"wp:featuredmedia":[{"embeddable":true,"href":"https:\/\/fcmanrique.org\/en\/wp-json\/wp\/v2\/media\/19876"}],"wp:attachment":[{"href":"https:\/\/fcmanrique.org\/en\/wp-json\/wp\/v2\/media?parent=19875"}],"curies":[{"name":"wp","href":"https:\/\/api.w.org\/{rel}","templated":true}]}}