{"id":20147,"date":"2019-07-18T08:19:27","date_gmt":"2019-07-18T08:19:27","guid":{"rendered":"https:\/\/fcmanrique.org\/?post_type=fcm_c_acti_celebrada&#038;p=20147"},"modified":"2019-08-28T13:26:39","modified_gmt":"2019-08-28T13:26:39","slug":"la-fabrica-de-ideas","status":"publish","type":"fcm_c_acti_celebrada","link":"https:\/\/fcmanrique.org\/en\/fcm-c-acti-celebrada\/la-fabrica-de-ideas\/","title":{"rendered":"\u201cEstamos llegando ya al momento en el que, si alguien es capaz de imaginar algo, ser\u00e1 capaz de que exista\u201d"},"content":{"rendered":"<p class=\"qtranxs-available-languages-message qtranxs-available-languages-message-en\">Sorry, this entry is only available in <a href=\"https:\/\/fcmanrique.org\/es\/wp-json\/wp\/v2\/fcm_c_acti_celebrada\/20147\" class=\"qtranxs-available-language-link qtranxs-available-language-link-es\" title=\"ES\">ES<\/a>.<\/p><p>Adam Jorquera es experto en dise\u00f1o y fabricaci\u00f3n digital tridimensional y fundador del proyecto educativo <em>Los Hacedores<\/em>. Imparti\u00f3 en la sala Jos\u00e9 Saramago el taller <em>La f\u00e1brica de ideas. Introducci\u00f3n al dise\u00f1o e impresi\u00f3n 3D<\/em>, que se desarroll\u00f3 durante dos jornadas: la primera te\u00f3rica y la segunda pr\u00e1ctica. Comenz\u00f3 explicando qu\u00e9 es la fabricaci\u00f3n digital, un proceso que convierte un archivo digital en un objeto tangible, que acerca la fabricaci\u00f3n industrial a cualquier casa y nos coloca \u201ca las puertas de la tercera revoluci\u00f3n industrial\u201d porque combina una tecnolog\u00eda de comunicaci\u00f3n con una tecnolog\u00eda de fabricaci\u00f3n, como pas\u00f3 con el morse y la m\u00e1quina de vapor. Su potencia revolucionaria es su capacidad para establecer puentes entre la imaginaci\u00f3n y la realidad: \u201cCualquier individuo puede fabricar cualquier cosa en cualquier lugar en cualquier momento\u201d. Seg\u00fan Jorquera, que considera que ahora es posible \u201cpoder tocar las ideas con la mano\u201d, se trata de una convocatoria abierta permanente para la experimentaci\u00f3n, innovaci\u00f3n y fabricaci\u00f3n y \u201csi hubiera que elegir una palabra para representar esta tecnolog\u00eda, ser\u00eda libertad\u201d.<\/p>\n<p><a href=\"https:\/\/fcmanrique.org\/wp-content\/uploads\/fc-manrique-taller-la-fabrica-de-ideas-impresion-3d01.jpg\"><img loading=\"lazy\" decoding=\"async\" class=\"alignnone size-full wp-image-20149\" src=\"https:\/\/fcmanrique.org\/wp-content\/uploads\/fc-manrique-taller-la-fabrica-de-ideas-impresion-3d01.jpg\" alt=\"\" width=\"920\" height=\"625\" srcset=\"https:\/\/fcmanrique.org\/wp-content\/uploads\/fc-manrique-taller-la-fabrica-de-ideas-impresion-3d01.jpg 920w, https:\/\/fcmanrique.org\/wp-content\/uploads\/fc-manrique-taller-la-fabrica-de-ideas-impresion-3d01-300x204.jpg 300w, https:\/\/fcmanrique.org\/wp-content\/uploads\/fc-manrique-taller-la-fabrica-de-ideas-impresion-3d01-768x522.jpg 768w, https:\/\/fcmanrique.org\/wp-content\/uploads\/fc-manrique-taller-la-fabrica-de-ideas-impresion-3d01-289x196.jpg 289w\" sizes=\"auto, (max-width: 920px) 100vw, 920px\" \/><\/a><\/p>\n<p>Jorquera se\u00f1al\u00f3 que es necesario cambiar el modelo de consumo, pero tambi\u00e9n el de fabricaci\u00f3n. \u201cNo es necesario que China siga siendo nuestra f\u00e1brica\u201d porque la fabricaci\u00f3n digital permite la deslocalizaci\u00f3n y dar m\u00e1s importancia a lo colaborativo. Hay, en todo caso, cuatro revoluciones futuras, aunque dos ya se han conseguido: Internet y las comunicaciones m\u00f3viles m\u00e1s la digitalizaci\u00f3n de la fabricaci\u00f3n (todos los procesos ser\u00e1n automatizados). Y otras dos por conseguir: el reciclaje eficiente de materiales que permitir\u00eda una relaci\u00f3n de los objetos m\u00e1s estrecha con un tiempo y un lugar y el desarrollo de las energ\u00edas renovables. Se trata, en definitiva, de romper la barrera entre la econom\u00eda de la fabricaci\u00f3n y la de la informaci\u00f3n, entre China y Silicon Valley.<\/p>\n<p>Esta revoluci\u00f3n implicar\u00e1 ciertas cosas: volver\u00e1 la fabricaci\u00f3n a los pa\u00edses de origen, se necesitar\u00e1 menos mano de obra, se responder\u00e1 con m\u00e1s velocidad a los cambios de mercado, habr\u00e1 un empoderamiento de los peque\u00f1os fabricantes y se abandonar\u00e1 la fabricaci\u00f3n en masa para pasar a una fabricaci\u00f3n personalizada: \u201cNecesitamos productos que se adapten a nosotros, y no adaptarnos nosotros a unos productos\u201d.<\/p>\n<p><a href=\"https:\/\/fcmanrique.org\/wp-content\/uploads\/fc-manrique-taller-la-fabrica-de-ideas-impresion-3d02.jpg\"><img loading=\"lazy\" decoding=\"async\" class=\"alignnone size-full wp-image-20150\" src=\"https:\/\/fcmanrique.org\/wp-content\/uploads\/fc-manrique-taller-la-fabrica-de-ideas-impresion-3d02.jpg\" alt=\"\" width=\"920\" height=\"594\" srcset=\"https:\/\/fcmanrique.org\/wp-content\/uploads\/fc-manrique-taller-la-fabrica-de-ideas-impresion-3d02.jpg 920w, https:\/\/fcmanrique.org\/wp-content\/uploads\/fc-manrique-taller-la-fabrica-de-ideas-impresion-3d02-300x194.jpg 300w, https:\/\/fcmanrique.org\/wp-content\/uploads\/fc-manrique-taller-la-fabrica-de-ideas-impresion-3d02-768x496.jpg 768w, https:\/\/fcmanrique.org\/wp-content\/uploads\/fc-manrique-taller-la-fabrica-de-ideas-impresion-3d02-289x187.jpg 289w\" sizes=\"auto, (max-width: 920px) 100vw, 920px\" \/><\/a><\/p>\n<p>Hay tres m\u00e9todos principales de fabricaci\u00f3n: sustractiva (fresado y mecanizado), conformativa (con moldes) y aditiva, que no parte ni depende de ninguna forma f\u00edsica previa y es la m\u00e1s adecuada. Re\u00fane un dec\u00e1logo de principios: la complejidad de la fabricaci\u00f3n es gratuita (no existen objetos dif\u00edciles), la variedad tambi\u00e9n lo es (se puede imprimir una serie de mil objetos diferentes), elimina la necesidad de ensamblaje, se fabrica bajo demanda, hay un espacio de dise\u00f1o ilimitado, no hace falta tener conocimientos de fabricaci\u00f3n, genera f\u00e1bricas port\u00e1tiles, se desperdicia menos material, los materiales compuestos son infinitos y se pueden hacer r\u00e9plicas precisas.<\/p>\n<p><a href=\"https:\/\/fcmanrique.org\/wp-content\/uploads\/fc-manrique-taller-la-fabrica-de-ideas-impresion-3d03.jpg\"><img loading=\"lazy\" decoding=\"async\" class=\"alignnone size-full wp-image-20151\" src=\"https:\/\/fcmanrique.org\/wp-content\/uploads\/fc-manrique-taller-la-fabrica-de-ideas-impresion-3d03.jpg\" alt=\"\" width=\"920\" height=\"584\" srcset=\"https:\/\/fcmanrique.org\/wp-content\/uploads\/fc-manrique-taller-la-fabrica-de-ideas-impresion-3d03.jpg 920w, https:\/\/fcmanrique.org\/wp-content\/uploads\/fc-manrique-taller-la-fabrica-de-ideas-impresion-3d03-300x190.jpg 300w, https:\/\/fcmanrique.org\/wp-content\/uploads\/fc-manrique-taller-la-fabrica-de-ideas-impresion-3d03-768x488.jpg 768w, https:\/\/fcmanrique.org\/wp-content\/uploads\/fc-manrique-taller-la-fabrica-de-ideas-impresion-3d03-289x183.jpg 289w\" sizes=\"auto, (max-width: 920px) 100vw, 920px\" \/><\/a><\/p>\n<p>Entre los objetivos de esta revoluci\u00f3n se encuentra la bioimpresi\u00f3n (ya es posible fabricar \u00f3rganos con c\u00e9lulas madre), la impresi\u00f3n de alimentos, la fabricaci\u00f3n bajo demanda y que se produzca una revoluci\u00f3n colaborativa. Y entre los efectos: la deslocalizaci\u00f3n, una customizaci\u00f3n masiva, una revoluci\u00f3n dr\u00e1stica en el transporte, el fin de la cadena de montaje y una libertad creativa sin precedentes. La fabricaci\u00f3n digital tambi\u00e9n cambia la forma de medir el valor de un objeto porque hay par\u00e1metros que ya no son relevantes, como el n\u00famero de m\u00e1quinas necesarias para fabricarlo, la escasez de materiales, la demanda o su utilidad. La forma y la complejidad tampoco condicionar\u00e1n su valor. No obstante, a\u00fan hay problemas por solucionar: la impresi\u00f3n es lenta, no se abarata a gran escala y algunos procesos producen gases y sustancias nocivas.<\/p>\n<p>Este tipo de fabricaci\u00f3n ya se est\u00e1 aplicando en campos tan diversos como la ingenier\u00eda (para hacer, por ejemplo, bisagras de aviones), la bioimpresi\u00f3n (\u00f3rganos humanos, ya se ha llegado a fabricar un ri\u00f1\u00f3n), la ortopedia, alimentaci\u00f3n, construcci\u00f3n, joyer\u00eda o moda. Jorquera puso sobre la mesa la pregunta de d\u00f3nde queremos ir, porque no se puede fabricar cualquier cosa y apunt\u00f3 hacia una \u00e9tica de la fabricaci\u00f3n. Explic\u00f3 la historia de la primera pistola fabricada en 3D, en c\u00f3digo abierto, por el norteamericano Cody Wilson, que podr\u00eda permitir poner una pistola al alcance de cualquiera.<\/p>\n<p><a href=\"https:\/\/fcmanrique.org\/wp-content\/uploads\/fc-manrique-taller-la-fabrica-de-ideas-impresion-3d05.jpg\"><img loading=\"lazy\" decoding=\"async\" class=\"alignnone size-full wp-image-20153\" src=\"https:\/\/fcmanrique.org\/wp-content\/uploads\/fc-manrique-taller-la-fabrica-de-ideas-impresion-3d05.jpg\" alt=\"\" width=\"920\" height=\"598\" srcset=\"https:\/\/fcmanrique.org\/wp-content\/uploads\/fc-manrique-taller-la-fabrica-de-ideas-impresion-3d05.jpg 920w, https:\/\/fcmanrique.org\/wp-content\/uploads\/fc-manrique-taller-la-fabrica-de-ideas-impresion-3d05-300x195.jpg 300w, https:\/\/fcmanrique.org\/wp-content\/uploads\/fc-manrique-taller-la-fabrica-de-ideas-impresion-3d05-768x499.jpg 768w, https:\/\/fcmanrique.org\/wp-content\/uploads\/fc-manrique-taller-la-fabrica-de-ideas-impresion-3d05-289x188.jpg 289w\" sizes=\"auto, (max-width: 920px) 100vw, 920px\" \/><\/a><\/p>\n<p>Hacia el final de su intervenci\u00f3n, el fundador de <em>Los Hacedores<\/em> se\u00f1al\u00f3 que, si mejora nuestra capacidad de describir la realidad, ser\u00e1 m\u00e1s f\u00e1cil la posibilidad de generarla. De hecho, asegura que \u201cestamos llegando ya al momento en el que, si alguien es capaz de imaginar algo, ser\u00e1 capaz de que exista\u201d. Hasta ahora, los bits se hab\u00edan transformado en muchas cosas, pero nunca en \u00e1tomos. Esto permite, seg\u00fan Jorquera, aplicar la m\u00e1xima de cobrar los \u00e1tomos y regalar los bits. Es decir, lo f\u00edsico se cobra y lo digital se regala.<\/p>\n<p>Sigue habiendo unos condicionantes. Hay que aprender nuevos lenguajes, \u201cabolir la fabricaci\u00f3n en masa\u201d, luchar contra las patentes \u201cque son un atraso\u201d y avanzar hacia el c\u00f3digo abierto como herramienta de educaci\u00f3n. Por \u00faltimo, pasar de ser un consumidor pasivo a uno activo, un \u201cprosumer\u201d.<\/p>\n<p><a href=\"https:\/\/fcmanrique.org\/wp-content\/uploads\/fc-manrique-taller-la-fabrica-de-ideas-impresion-3d04.jpg\"><img loading=\"lazy\" decoding=\"async\" class=\"alignnone size-full wp-image-20152\" src=\"https:\/\/fcmanrique.org\/wp-content\/uploads\/fc-manrique-taller-la-fabrica-de-ideas-impresion-3d04.jpg\" alt=\"\" width=\"920\" height=\"636\" srcset=\"https:\/\/fcmanrique.org\/wp-content\/uploads\/fc-manrique-taller-la-fabrica-de-ideas-impresion-3d04.jpg 920w, https:\/\/fcmanrique.org\/wp-content\/uploads\/fc-manrique-taller-la-fabrica-de-ideas-impresion-3d04-300x207.jpg 300w, https:\/\/fcmanrique.org\/wp-content\/uploads\/fc-manrique-taller-la-fabrica-de-ideas-impresion-3d04-768x531.jpg 768w, https:\/\/fcmanrique.org\/wp-content\/uploads\/fc-manrique-taller-la-fabrica-de-ideas-impresion-3d04-289x200.jpg 289w\" sizes=\"auto, (max-width: 920px) 100vw, 920px\" \/><\/a><\/p>\n<p><a href=\"https:\/\/fcmanrique.org\/wp-content\/uploads\/fc-manrique-taller-dise\u00f1o-impresion-3d.pdf\">M\u00e1s informaci\u00f3n sobre el taller Dise\u00f1o e Impresi\u00f3n 3D <\/a><\/p>\n<p><a href=\"https:\/\/fcmanrique.org\/wp-content\/uploads\/FOLLETO_LOS-HACEDORES_3D_AF_02_A.jpg\"><img loading=\"lazy\" decoding=\"async\" class=\"alignnone size-full wp-image-20056\" src=\"https:\/\/fcmanrique.org\/wp-content\/uploads\/FOLLETO_LOS-HACEDORES_3D_AF_02_A.jpg\" alt=\"\" width=\"2480\" height=\"2480\" srcset=\"https:\/\/fcmanrique.org\/wp-content\/uploads\/FOLLETO_LOS-HACEDORES_3D_AF_02_A.jpg 2480w, https:\/\/fcmanrique.org\/wp-content\/uploads\/FOLLETO_LOS-HACEDORES_3D_AF_02_A-150x150.jpg 150w, https:\/\/fcmanrique.org\/wp-content\/uploads\/FOLLETO_LOS-HACEDORES_3D_AF_02_A-300x300.jpg 300w, https:\/\/fcmanrique.org\/wp-content\/uploads\/FOLLETO_LOS-HACEDORES_3D_AF_02_A-768x768.jpg 768w, https:\/\/fcmanrique.org\/wp-content\/uploads\/FOLLETO_LOS-HACEDORES_3D_AF_02_A-1024x1024.jpg 1024w, https:\/\/fcmanrique.org\/wp-content\/uploads\/FOLLETO_LOS-HACEDORES_3D_AF_02_A-246x246.jpg 246w\" sizes=\"auto, (max-width: 2480px) 100vw, 2480px\" \/><\/a><\/p>","protected":false},"excerpt":{"rendered":"<p>Sorry, this entry is only available in ES.Adam Jorquera es experto en dise\u00f1o y fabricaci\u00f3n digital tridimensional y fundador del proyecto educativo Los Hacedores. Imparti\u00f3 en la sala Jos\u00e9 Saramago el taller La f\u00e1brica de ideas. Introducci\u00f3n al dise\u00f1o e impresi\u00f3n 3D, que se desarroll\u00f3 durante dos jornadas: la primera te\u00f3rica y la segunda pr\u00e1ctica&#8230;. <a href=\"https:\/\/fcmanrique.org\/en\/fcm-c-acti-celebrada\/la-fabrica-de-ideas\/\" class=\"readmore\">Contin\u00faa leyendo \u2192<\/a><\/p>\n","protected":false},"featured_media":20148,"parent":0,"template":"","meta":{"_acf_changed":false,"ngg_post_thumbnail":0,"footnotes":""},"class_list":["post-20147","fcm_c_acti_celebrada","type-fcm_c_acti_celebrada","status-publish","has-post-thumbnail","hentry","c_acti_celebrada_categoria-taller"],"acf":[],"_links":{"self":[{"href":"https:\/\/fcmanrique.org\/en\/wp-json\/wp\/v2\/fcm_c_acti_celebrada\/20147","targetHints":{"allow":["GET"]}}],"collection":[{"href":"https:\/\/fcmanrique.org\/en\/wp-json\/wp\/v2\/fcm_c_acti_celebrada"}],"about":[{"href":"https:\/\/fcmanrique.org\/en\/wp-json\/wp\/v2\/types\/fcm_c_acti_celebrada"}],"version-history":[{"count":6,"href":"https:\/\/fcmanrique.org\/en\/wp-json\/wp\/v2\/fcm_c_acti_celebrada\/20147\/revisions"}],"predecessor-version":[{"id":20207,"href":"https:\/\/fcmanrique.org\/en\/wp-json\/wp\/v2\/fcm_c_acti_celebrada\/20147\/revisions\/20207"}],"wp:featuredmedia":[{"embeddable":true,"href":"https:\/\/fcmanrique.org\/en\/wp-json\/wp\/v2\/media\/20148"}],"wp:attachment":[{"href":"https:\/\/fcmanrique.org\/en\/wp-json\/wp\/v2\/media?parent=20147"}],"curies":[{"name":"wp","href":"https:\/\/api.w.org\/{rel}","templated":true}]}}