{"id":20408,"date":"2019-09-12T10:03:00","date_gmt":"2019-09-12T10:03:00","guid":{"rendered":"https:\/\/fcmanrique.org\/?post_type=fcm_c_acti_celebrada&#038;p=20408"},"modified":"2020-11-24T11:50:04","modified_gmt":"2020-11-24T11:50:04","slug":"exposicion-cesar-manrique-100-anos-de-vida-inaugura-la-terminal-fred-olsen-express-en-los-marmoles","status":"publish","type":"fcm_c_acti_celebrada","link":"https:\/\/fcmanrique.org\/en\/fcm-c-acti-celebrada\/exposicion-cesar-manrique-100-anos-de-vida-inaugura-la-terminal-fred-olsen-express-en-los-marmoles\/","title":{"rendered":"Exposici\u00f3n &#8220;C\u00e9sar Manrique. 100 a\u00f1os de vida&#8221; inaugura la terminal Fred. Olsen Express en Los M\u00e1rmoles"},"content":{"rendered":"<p class=\"qtranxs-available-languages-message qtranxs-available-languages-message-en\">Sorry, this entry is only available in <a href=\"https:\/\/fcmanrique.org\/es\/wp-json\/wp\/v2\/fcm_c_acti_celebrada\/20408\" class=\"qtranxs-available-language-link qtranxs-available-language-link-es\" title=\"ES\">ES<\/a>.<\/p><p>La exposici\u00f3n itinerante \u201cC\u00e9sar Manrique. 100 a\u00f1os de vida\u201d, producida por la Fundaci\u00f3n C\u00e9sar Manrique (FCM) y comisariada por Adonay Berm\u00fadez, inaugur\u00f3 el 11 de septiembre, la nueva terminal de pasajeros de la compa\u00f1\u00eda Fred. Olsen Express, ubicada en el Puerto de Los M\u00e1rmoles de Arrecife.<\/p>\n<p>En la inauguraci\u00f3n de la muestra, que estar\u00e1 a disposici\u00f3n de pasajeros y visitantes, de forma gratuita, hasta finales de octubre intervinieron el director de flota de Fred. Olsen Express, Juan Ignacio Lia\u00f1o; as\u00ed como el presidente y el director de la FCM, Jos\u00e9 Juan Ram\u00edrez y Fernando G\u00f3mez Aguilera, respectivamente.<\/p>\n<p><a href=\"https:\/\/fcmanrique.org\/wp-content\/uploads\/fc-manrique-inauguracion-exposicion-fred-olsen1.jpg\"><img loading=\"lazy\" decoding=\"async\" class=\"alignnone size-full wp-image-20365\" src=\"https:\/\/fcmanrique.org\/wp-content\/uploads\/fc-manrique-inauguracion-exposicion-fred-olsen1.jpg\" alt=\"\" width=\"920\" height=\"595\" srcset=\"https:\/\/fcmanrique.org\/wp-content\/uploads\/fc-manrique-inauguracion-exposicion-fred-olsen1.jpg 920w, https:\/\/fcmanrique.org\/wp-content\/uploads\/fc-manrique-inauguracion-exposicion-fred-olsen1-300x194.jpg 300w, https:\/\/fcmanrique.org\/wp-content\/uploads\/fc-manrique-inauguracion-exposicion-fred-olsen1-768x497.jpg 768w, https:\/\/fcmanrique.org\/wp-content\/uploads\/fc-manrique-inauguracion-exposicion-fred-olsen1-289x187.jpg 289w\" sizes=\"auto, (max-width: 920px) 100vw, 920px\" \/><\/a><\/p>\n<p>Lia\u00f1o afirm\u00f3 durante la inauguraci\u00f3n que \u201ces un orgullo contar con obras de C\u00e9sar Manrique en la apertura de nuestra nueva terminal de pasajeros\u201d. As\u00ed mismo, el director de flota de la naviera oficial del centenario de C\u00e9sar Manrique agradeci\u00f3 a su Fundaci\u00f3n la confianza depositada y lo hizo extensible al resto de personas y entidades que \u201chan hecho posible que la ruta entre Lanzarote y Gran Canaria sea un \u00e9xito\u201d.<\/p>\n<p>\u201cC\u00e9sar Manrique. 100 a\u00f1os de vida\u201d est\u00e1 compuesta por una treintena de paneles con im\u00e1genes y textos que incluyen no solo la obra pict\u00f3rica del artista, sino tambi\u00e9n su obra p\u00fablica y escult\u00f3rica. Adem\u00e1s, la muestra resalta la labor de protecci\u00f3n medioambiental y el car\u00e1cter activista a trav\u00e9s de las propias palabras del artista.<\/p>\n<p><a href=\"https:\/\/fcmanrique.org\/wp-content\/uploads\/fc-manrique-inauguracion-exposicion-fred-olsen2.jpg\"><img loading=\"lazy\" decoding=\"async\" class=\"alignnone size-full wp-image-20366\" src=\"https:\/\/fcmanrique.org\/wp-content\/uploads\/fc-manrique-inauguracion-exposicion-fred-olsen2.jpg\" alt=\"\" width=\"920\" height=\"573\" srcset=\"https:\/\/fcmanrique.org\/wp-content\/uploads\/fc-manrique-inauguracion-exposicion-fred-olsen2.jpg 920w, https:\/\/fcmanrique.org\/wp-content\/uploads\/fc-manrique-inauguracion-exposicion-fred-olsen2-300x187.jpg 300w, https:\/\/fcmanrique.org\/wp-content\/uploads\/fc-manrique-inauguracion-exposicion-fred-olsen2-768x478.jpg 768w, https:\/\/fcmanrique.org\/wp-content\/uploads\/fc-manrique-inauguracion-exposicion-fred-olsen2-289x180.jpg 289w\" sizes=\"auto, (max-width: 920px) 100vw, 920px\" \/><\/a><\/p>\n<p>La terminal de pasajeros de Fred. Olsen Express es el cuarto espacio que acoge esta exposici\u00f3n, que ofrece una lectura cronol\u00f3gica y divulgativa, con el objetivo de acercar la vida y la obra del artista a todos los p\u00fablicos desde que comenzase su itinerancia el pasado 7 de junio.<\/p>\n<p>G\u00f3mez Aguilera explic\u00f3 a los asistentes que se trata de \u201cuna exposici\u00f3n sencilla y flexible, pensada para quienes quieran introducirse en la esencia de C\u00e9sar Manrique y conocer mejor al artista\u201d.<\/p>\n<p><a href=\"https:\/\/fcmanrique.org\/wp-content\/uploads\/fc-manrique-inauguracion-exposicion-fred-olsen33.jpg\"><img loading=\"lazy\" decoding=\"async\" class=\"alignnone size-full wp-image-20380\" src=\"https:\/\/fcmanrique.org\/wp-content\/uploads\/fc-manrique-inauguracion-exposicion-fred-olsen33.jpg\" alt=\"\" width=\"920\" height=\"563\" srcset=\"https:\/\/fcmanrique.org\/wp-content\/uploads\/fc-manrique-inauguracion-exposicion-fred-olsen33.jpg 920w, https:\/\/fcmanrique.org\/wp-content\/uploads\/fc-manrique-inauguracion-exposicion-fred-olsen33-300x184.jpg 300w, https:\/\/fcmanrique.org\/wp-content\/uploads\/fc-manrique-inauguracion-exposicion-fred-olsen33-768x470.jpg 768w, https:\/\/fcmanrique.org\/wp-content\/uploads\/fc-manrique-inauguracion-exposicion-fred-olsen33-289x177.jpg 289w\" sizes=\"auto, (max-width: 920px) 100vw, 920px\" \/><\/a><\/p>\n<p>A prop\u00f3sito del centenario del nacimiento de C\u00e9sar Manrique, que se conmemora entre el 24 de abril de 2019 y el 24 de abril de 2020, la FCM y Fred. Olsen Express firmaron un acuerdo de colaboraci\u00f3n con el objetivo de difundir la figura y la obra del artista. \u201cHemos firmado un amplio acuerdo con Fred. Olsen Express para difundir la obra del artista y es un honor que hoy se inaugure este espacio junto a obras del artista\u201d, indic\u00f3 Ram\u00edrez a este respecto.<\/p>\n<p>En base a este convenio, la FCM y Fred. Olsen Express acordaron la puesta en marcha de cerca de una decena de actuaciones conjuntas. Entre ellas destaca la aplicaci\u00f3n en la proa de sus buques que operan en Lanzarote, el <em>Bonanza Express<\/em> y el <em>Bocayna Express<\/em>, del logotipo institucional del centenario.<\/p>\n<p><a href=\"https:\/\/fcmanrique.org\/wp-content\/uploads\/fc-manrique-inauguracion-exposicion-fred-olsen3.jpg\"><img loading=\"lazy\" decoding=\"async\" class=\"alignnone size-full wp-image-20367\" src=\"https:\/\/fcmanrique.org\/wp-content\/uploads\/fc-manrique-inauguracion-exposicion-fred-olsen3.jpg\" alt=\"\" width=\"920\" height=\"563\" srcset=\"https:\/\/fcmanrique.org\/wp-content\/uploads\/fc-manrique-inauguracion-exposicion-fred-olsen3.jpg 920w, https:\/\/fcmanrique.org\/wp-content\/uploads\/fc-manrique-inauguracion-exposicion-fred-olsen3-300x184.jpg 300w, https:\/\/fcmanrique.org\/wp-content\/uploads\/fc-manrique-inauguracion-exposicion-fred-olsen3-768x470.jpg 768w, https:\/\/fcmanrique.org\/wp-content\/uploads\/fc-manrique-inauguracion-exposicion-fred-olsen3-289x177.jpg 289w\" sizes=\"auto, (max-width: 920px) 100vw, 920px\" \/><\/a><\/p>\n<p>Adem\u00e1s, en ambos barcos se han desarrollado diferentes acciones conmemorativas como el decorado de sus interiores con reproducciones de los pescados de la serie Fauna Atl\u00e1ntica que pint\u00f3 el artista entre 1984 y 1985, la venta de productos del centenario en las tiendas de a bordo o la proyecci\u00f3n de audiovisuales que difunden el pensamiento, la obra y, en definitiva, la figura de uno de los artistas canarios m\u00e1s influyentes del siglo XX.<\/p>\n<p><a href=\"https:\/\/fcmanrique.org\/wp-content\/uploads\/fc-manrique-inauguracion-exposicion-fred-olsen4.jpg\"><img loading=\"lazy\" decoding=\"async\" class=\"alignnone size-full wp-image-20368\" src=\"https:\/\/fcmanrique.org\/wp-content\/uploads\/fc-manrique-inauguracion-exposicion-fred-olsen4.jpg\" alt=\"\" width=\"920\" height=\"606\" srcset=\"https:\/\/fcmanrique.org\/wp-content\/uploads\/fc-manrique-inauguracion-exposicion-fred-olsen4.jpg 920w, https:\/\/fcmanrique.org\/wp-content\/uploads\/fc-manrique-inauguracion-exposicion-fred-olsen4-300x198.jpg 300w, https:\/\/fcmanrique.org\/wp-content\/uploads\/fc-manrique-inauguracion-exposicion-fred-olsen4-768x506.jpg 768w, https:\/\/fcmanrique.org\/wp-content\/uploads\/fc-manrique-inauguracion-exposicion-fred-olsen4-289x190.jpg 289w\" sizes=\"auto, (max-width: 920px) 100vw, 920px\" \/><\/a><\/p>","protected":false},"excerpt":{"rendered":"<p>Sorry, this entry is only available in ES.La exposici\u00f3n itinerante \u201cC\u00e9sar Manrique. 100 a\u00f1os de vida\u201d, producida por la Fundaci\u00f3n C\u00e9sar Manrique (FCM) y comisariada por Adonay Berm\u00fadez, inaugur\u00f3 el 11 de septiembre, la nueva terminal de pasajeros de la compa\u00f1\u00eda Fred. Olsen Express, ubicada en el Puerto de Los M\u00e1rmoles de Arrecife. En la&#8230; <a href=\"https:\/\/fcmanrique.org\/en\/fcm-c-acti-celebrada\/exposicion-cesar-manrique-100-anos-de-vida-inaugura-la-terminal-fred-olsen-express-en-los-marmoles\/\" class=\"readmore\">Contin\u00faa leyendo \u2192<\/a><\/p>\n","protected":false},"featured_media":20364,"parent":0,"template":"","meta":{"_acf_changed":false,"ngg_post_thumbnail":0,"footnotes":""},"class_list":["post-20408","fcm_c_acti_celebrada","type-fcm_c_acti_celebrada","status-publish","has-post-thumbnail","hentry","c_acti_celebrada_categoria-exposicion"],"acf":[],"_links":{"self":[{"href":"https:\/\/fcmanrique.org\/en\/wp-json\/wp\/v2\/fcm_c_acti_celebrada\/20408","targetHints":{"allow":["GET"]}}],"collection":[{"href":"https:\/\/fcmanrique.org\/en\/wp-json\/wp\/v2\/fcm_c_acti_celebrada"}],"about":[{"href":"https:\/\/fcmanrique.org\/en\/wp-json\/wp\/v2\/types\/fcm_c_acti_celebrada"}],"version-history":[{"count":4,"href":"https:\/\/fcmanrique.org\/en\/wp-json\/wp\/v2\/fcm_c_acti_celebrada\/20408\/revisions"}],"predecessor-version":[{"id":22314,"href":"https:\/\/fcmanrique.org\/en\/wp-json\/wp\/v2\/fcm_c_acti_celebrada\/20408\/revisions\/22314"}],"wp:featuredmedia":[{"embeddable":true,"href":"https:\/\/fcmanrique.org\/en\/wp-json\/wp\/v2\/media\/20364"}],"wp:attachment":[{"href":"https:\/\/fcmanrique.org\/en\/wp-json\/wp\/v2\/media?parent=20408"}],"curies":[{"name":"wp","href":"https:\/\/api.w.org\/{rel}","templated":true}]}}