{"id":20730,"date":"2019-11-05T13:51:59","date_gmt":"2019-11-05T13:51:59","guid":{"rendered":"https:\/\/fcmanrique.org\/?post_type=fcm_c_acti_celebrada&#038;p=20730"},"modified":"2020-11-23T15:11:18","modified_gmt":"2020-11-23T15:11:18","slug":"inauguracion-de-exposicion-cesar-manrique-es-un-placer-presidida-por-su-majestad-el-rey","status":"publish","type":"fcm_c_acti_celebrada","link":"https:\/\/fcmanrique.org\/en\/fcm-c-acti-celebrada\/inauguracion-de-exposicion-cesar-manrique-es-un-placer-presidida-por-su-majestad-el-rey\/","title":{"rendered":"Inauguraci\u00f3n de exposici\u00f3n &#8220;C\u00e9sar Manrique. Es un placer&#8221;, presidida por Su Majestad el Rey"},"content":{"rendered":"<p class=\"qtranxs-available-languages-message qtranxs-available-languages-message-en\">Sorry, this entry is only available in <a href=\"https:\/\/fcmanrique.org\/es\/wp-json\/wp\/v2\/fcm_c_acti_celebrada\/20730\" class=\"qtranxs-available-language-link qtranxs-available-language-link-es\" title=\"ES\">ES<\/a>.<\/p><p>Actividad desarrollada con una subvenci\u00f3n del Gobierno de Canarias.<br \/>\n<img loading=\"lazy\" decoding=\"async\" class=\"size-full wp-image-22274 alignnone\" src=\"https:\/\/fcmanrique.org\/wp-content\/uploads\/logo-gobierno-canarias.png\" alt=\"\" width=\"181\" height=\"91\"><\/p>\n<p>Al final de la visita, Don Felipe manifest\u00f3 a la prensa que la exposici\u00f3n le hab\u00eda parecido &#8220;una maravilla&#8221; y que era &#8220;muy recomendable&#8221;.<\/p>\n<p>La Fundaci\u00f3n C\u00e9sar Manrique (FCM) inaugur\u00f3 oficialmente el mi\u00e9rcoles, 30 de octubre, a las 12:00 horas, bajo la presidencia de Su Majestad el Rey, la exposici\u00f3n conmemorativa del centenario del nacimiento del artista \u201cC\u00e9sar Manrique. Es un placer. (Un icono popular del siglo XX)\u201d, comisariada por el director de la instituci\u00f3n, Fernando G\u00f3mez Aguilera, y producida por la FCM.<\/p>\n<p><a href=\"https:\/\/fcmanrique.org\/wp-content\/uploads\/fc-manrique-inauguracion-cesar-manrique-es-un-placer2.jpg\"><img loading=\"lazy\" decoding=\"async\" class=\"alignnone size-full wp-image-20733\" src=\"https:\/\/fcmanrique.org\/wp-content\/uploads\/fc-manrique-inauguracion-cesar-manrique-es-un-placer2.jpg\" alt=\"\" width=\"920\" height=\"615\" srcset=\"https:\/\/fcmanrique.org\/wp-content\/uploads\/fc-manrique-inauguracion-cesar-manrique-es-un-placer2.jpg 920w, https:\/\/fcmanrique.org\/wp-content\/uploads\/fc-manrique-inauguracion-cesar-manrique-es-un-placer2-300x201.jpg 300w, https:\/\/fcmanrique.org\/wp-content\/uploads\/fc-manrique-inauguracion-cesar-manrique-es-un-placer2-768x513.jpg 768w, https:\/\/fcmanrique.org\/wp-content\/uploads\/fc-manrique-inauguracion-cesar-manrique-es-un-placer2-289x193.jpg 289w\" sizes=\"auto, (max-width: 920px) 100vw, 920px\" \/><\/a><em>Felipe VI con los patronos de la FCM, con su presidente Jos\u00e9 Juan Ram\u00edrez y su director Fernando G\u00f3mez Aguilera y con los dos hermanos de C\u00e9sar, Carlos y Juana, y uno de sus sobrinos<\/em><\/p>\n<p>La muestra, que dialoga e interacciona con Taro de Tah\u00edche (cuya colecci\u00f3n permanente ha sido desmontada para dejar espacio a esta propuesta temporal) y presenta una lectura ic\u00f3nica del artista, se abri\u00f3 al p\u00fablico el mismo mi\u00e9rcoles d\u00eda 30, por la tarde, a partir de las 19:00 horas, con la celebraci\u00f3n de un c\u00f3ctel.<\/p>\n<p><a href=\"https:\/\/fcmanrique.org\/wp-content\/uploads\/fc-manrique-inauguracion-cesar-manrique-es-un-placer5.jpg\"><img loading=\"lazy\" decoding=\"async\" class=\"alignnone size-full wp-image-20734\" src=\"https:\/\/fcmanrique.org\/wp-content\/uploads\/fc-manrique-inauguracion-cesar-manrique-es-un-placer5.jpg\" alt=\"\" width=\"920\" height=\"565\" srcset=\"https:\/\/fcmanrique.org\/wp-content\/uploads\/fc-manrique-inauguracion-cesar-manrique-es-un-placer5.jpg 920w, https:\/\/fcmanrique.org\/wp-content\/uploads\/fc-manrique-inauguracion-cesar-manrique-es-un-placer5-300x184.jpg 300w, https:\/\/fcmanrique.org\/wp-content\/uploads\/fc-manrique-inauguracion-cesar-manrique-es-un-placer5-768x472.jpg 768w, https:\/\/fcmanrique.org\/wp-content\/uploads\/fc-manrique-inauguracion-cesar-manrique-es-un-placer5-289x177.jpg 289w\" sizes=\"auto, (max-width: 920px) 100vw, 920px\" \/><\/a><br \/>\n<em>Don Felipe, acompa\u00f1ado durante la visita por una comitiva de autoridades entre las que se encontraba la ministra de educaci\u00f3n y portavoz del Gobierno, Isabel Cela\u00e1, el presidente del Gobierno de Canarias, \u00c1ngel V\u00edctor Torres, el presidente del Parlamento de Canarias, Gustavo Matos, la presidenta del Cabildo de Lanzarote, Loli Corujo, y los siete alcaldes y alcaldesas de Lanzarote entre otros cargos p\u00fablicos<\/em><\/p>\n<p>M\u00e1s de 400 fotograf\u00edas, tanto de la esfera p\u00fablica como privada del artista C\u00e9sar Manrique, y un total de 17 audiovisuales, componen el grueso de esta exposici\u00f3n de gran formato, que ocupa una superficie total de 1.600 metros cuadrados.<\/p>\n<p>Los audiovisuales de nueva creaci\u00f3n son un encargo del comisario al cineasta Miguel G. Morales e incluyen 10 documentos testimoniales de nueva creaci\u00f3n con entrevistas a personalidades de diversos \u00e1mbitos de la cultura reflexionando sobre C\u00e9sar Manrique: Joaqu\u00edn Ara\u00fajo (naturalista), Alberto Coraz\u00f3n (dise\u00f1ador gr\u00e1fico y artista), Juan Cruz (escritor y periodista), Waldo D\u00edaz Balart (pintor), Elvireta Escobio (escritora), Elvira Gonz\u00e1lez (galerista), Fernando Menis (arquitecto), Frei Otto (arquitecto), Fernando Prats (urbanista y arquitecto) y Wolfredo Wildpret (Catedr\u00e1tico de Biolog\u00eda).<\/p>\n<p><a href=\"https:\/\/fcmanrique.org\/wp-content\/uploads\/fc-manrique-inauguracion-cesar-manrique-es-un-placer3.jpg\"><img loading=\"lazy\" decoding=\"async\" class=\"alignnone size-full wp-image-20740\" src=\"https:\/\/fcmanrique.org\/wp-content\/uploads\/fc-manrique-inauguracion-cesar-manrique-es-un-placer3.jpg\" alt=\"\" width=\"920\" height=\"582\" srcset=\"https:\/\/fcmanrique.org\/wp-content\/uploads\/fc-manrique-inauguracion-cesar-manrique-es-un-placer3.jpg 920w, https:\/\/fcmanrique.org\/wp-content\/uploads\/fc-manrique-inauguracion-cesar-manrique-es-un-placer3-300x190.jpg 300w, https:\/\/fcmanrique.org\/wp-content\/uploads\/fc-manrique-inauguracion-cesar-manrique-es-un-placer3-768x486.jpg 768w, https:\/\/fcmanrique.org\/wp-content\/uploads\/fc-manrique-inauguracion-cesar-manrique-es-un-placer3-289x183.jpg 289w\" sizes=\"auto, (max-width: 920px) 100vw, 920px\" \/><\/a><\/p>\n<p>Asimismo, se exhiben reproducciones de sus m\u00e1scaras del Carnaval, cer\u00e1micas que dise\u00f1\u00f3 en los a\u00f1os cincuenta, cuadros pintados por el artista; se ambientan distintas estancias de su casa Taro de Tah\u00edche; y se muestran numerosos objetos pertenecientes al creador de los Jameos del Agua (maniqu\u00edes, libros, prendas de vestir, esculturas africanas\u2026), diarios personales, carteles originales de sus exposiciones tanto nacionales como internacionales, reportajes de revistas, postales de sus viajes y \u00e1lbumes-<em>collage<\/em> de gran tama\u00f1o realizados por el artista.<\/p>\n<p>En palabras del comisario de la muestra, G\u00f3mez Aguilera, la exposici\u00f3n ofrece \u201cun relato visual\u201d mediante el empleo de im\u00e1genes gr\u00e1ficas, audiovisuales y el resto de elementos mencionados anteriormente, \u201cpara crear un argumento y encarnar una subjetividad compleja en torno a un estilo de vida, una forma de ser de un artista, C\u00e9sar Manrique, y un modo de relaci\u00f3n activa con un territorio, Lanzarote\u201d.<\/p>\n<p><a href=\"https:\/\/fcmanrique.org\/wp-content\/uploads\/fc-manrique-inauguracion-cesar-manrique-es-un-placer4.jpg\"><img loading=\"lazy\" decoding=\"async\" class=\"alignnone size-full wp-image-20741\" src=\"https:\/\/fcmanrique.org\/wp-content\/uploads\/fc-manrique-inauguracion-cesar-manrique-es-un-placer4.jpg\" alt=\"\" width=\"920\" height=\"655\" srcset=\"https:\/\/fcmanrique.org\/wp-content\/uploads\/fc-manrique-inauguracion-cesar-manrique-es-un-placer4.jpg 920w, https:\/\/fcmanrique.org\/wp-content\/uploads\/fc-manrique-inauguracion-cesar-manrique-es-un-placer4-300x214.jpg 300w, https:\/\/fcmanrique.org\/wp-content\/uploads\/fc-manrique-inauguracion-cesar-manrique-es-un-placer4-768x547.jpg 768w, https:\/\/fcmanrique.org\/wp-content\/uploads\/fc-manrique-inauguracion-cesar-manrique-es-un-placer4-289x206.jpg 289w\" sizes=\"auto, (max-width: 920px) 100vw, 920px\" \/><\/a><br \/>\n&nbsp;<br \/>\nEn este sentido, el comisario del proyecto explica que Manrique, convertido en \u201cfetiche de su isla\u201d, \u201cvivi\u00f3 en permanente idilio con la c\u00e1mara fotogr\u00e1fica\u201d y se present\u00f3 como \u201cun artista hipermoderno, intuitivo, cercano, diverso, con una presencia p\u00fablica vigorosa, contempor\u00e1neo de su \u00e9poca, aunque tambi\u00e9n anticipador de nuevos sentidos, sobre todo, en relaci\u00f3n con el paisaje y la apertura del arte hacia&nbsp;comportamientos novedosos\u201d. Y a\u00f1ade: \u201cManrique se reivindicaba como pintor, pero su deseo fue excedido por la realidad de un artista-personaje con tantos pliegues como inmersiones de una matrioska. Un verdadero desaf\u00edo para la consolidaci\u00f3n de la identidad en t\u00e9rminos convencionales\u201d.<\/p>\n<p><a href=\"https:\/\/fcmanrique.org\/wp-content\/uploads\/fc-manrique-inauguracion-cesar-manrique-es-un-placer6.jpg\"><img loading=\"lazy\" decoding=\"async\" class=\"alignnone size-full wp-image-20743\" src=\"https:\/\/fcmanrique.org\/wp-content\/uploads\/fc-manrique-inauguracion-cesar-manrique-es-un-placer6.jpg\" alt=\"\" width=\"920\" height=\"604\" srcset=\"https:\/\/fcmanrique.org\/wp-content\/uploads\/fc-manrique-inauguracion-cesar-manrique-es-un-placer6.jpg 920w, https:\/\/fcmanrique.org\/wp-content\/uploads\/fc-manrique-inauguracion-cesar-manrique-es-un-placer6-300x197.jpg 300w, https:\/\/fcmanrique.org\/wp-content\/uploads\/fc-manrique-inauguracion-cesar-manrique-es-un-placer6-768x504.jpg 768w, https:\/\/fcmanrique.org\/wp-content\/uploads\/fc-manrique-inauguracion-cesar-manrique-es-un-placer6-289x190.jpg 289w\" sizes=\"auto, (max-width: 920px) 100vw, 920px\" \/><\/a><\/p>\n<p>Esta muestra \u00fanica y singular, producida por la FCM como su exposici\u00f3n central del Centenario, explora \u201cel proceso de construcci\u00f3n de Manrique como personaje p\u00fablico\u201d, a trav\u00e9s de una intensa proyecci\u00f3n medi\u00e1tica, asociado a Lanzarote y a su casa Taro de Tah\u00edche, \u201cdonde desarroll\u00f3 una est\u00e9tica del placer que transform\u00f3 el arte en vida y la vida en arte de habitar\u201d. A juicio de G\u00f3mez Aguilera, \u201cC\u00e9sar se convierte en el logotipo de la isla, en la imagen ic\u00f3nica no s\u00f3lo de s\u00ed mismo sino de un proyecto de modernizaci\u00f3n, transformaci\u00f3n tur\u00edstica y puesta en valor de un paisaje que \u00e9l abandera y simboliza inmerso en un reino de im\u00e1genes fascinantes que el artista crea mientras, a su vez, lo crean a \u00e9l\u201d.<\/p>\n<p><a href=\"https:\/\/fcmanrique.org\/wp-content\/uploads\/fc-manrique-inauguracion-cesar-manrique-es-un-placer1.jpg\"><img loading=\"lazy\" decoding=\"async\" class=\"alignnone size-full wp-image-20742\" src=\"https:\/\/fcmanrique.org\/wp-content\/uploads\/fc-manrique-inauguracion-cesar-manrique-es-un-placer1.jpg\" alt=\"\" width=\"920\" height=\"644\" srcset=\"https:\/\/fcmanrique.org\/wp-content\/uploads\/fc-manrique-inauguracion-cesar-manrique-es-un-placer1.jpg 920w, https:\/\/fcmanrique.org\/wp-content\/uploads\/fc-manrique-inauguracion-cesar-manrique-es-un-placer1-300x210.jpg 300w, https:\/\/fcmanrique.org\/wp-content\/uploads\/fc-manrique-inauguracion-cesar-manrique-es-un-placer1-768x538.jpg 768w, https:\/\/fcmanrique.org\/wp-content\/uploads\/fc-manrique-inauguracion-cesar-manrique-es-un-placer1-289x202.jpg 289w\" sizes=\"auto, (max-width: 920px) 100vw, 920px\" \/><\/a><\/p>\n<p><strong>La muestra podr\u00e1 visitarse en la sede de la FCM, en Taro de Tah\u00edche, en horario de 10:00 a 18:00 horas de lunes a domingo hasta el 26 de abril de 2020<\/strong><\/p>\n<p><a href=\"https:\/\/fcmanrique.org\/wp-content\/uploads\/fc-manrique-inauguracion-exposicion-su-majestad-el-rey.pdf\">M\u00e1s informaci\u00f3n Exposici\u00f3n C\u00e9sar Manrique. Es un placer<\/a><\/p>\n<p><a href=\"https:\/\/fcmanrique.org\/wp-content\/uploads\/fc-manrique-exposicion-cm-placer.jpg\"><img loading=\"lazy\" decoding=\"async\" class=\"alignnone size-full wp-image-20705\" src=\"https:\/\/fcmanrique.org\/wp-content\/uploads\/fc-manrique-exposicion-cm-placer.jpg\" alt=\"\" width=\"1200\" height=\"1200\" srcset=\"https:\/\/fcmanrique.org\/wp-content\/uploads\/fc-manrique-exposicion-cm-placer.jpg 1200w, https:\/\/fcmanrique.org\/wp-content\/uploads\/fc-manrique-exposicion-cm-placer-150x150.jpg 150w, https:\/\/fcmanrique.org\/wp-content\/uploads\/fc-manrique-exposicion-cm-placer-300x300.jpg 300w, https:\/\/fcmanrique.org\/wp-content\/uploads\/fc-manrique-exposicion-cm-placer-768x768.jpg 768w, https:\/\/fcmanrique.org\/wp-content\/uploads\/fc-manrique-exposicion-cm-placer-1024x1024.jpg 1024w, https:\/\/fcmanrique.org\/wp-content\/uploads\/fc-manrique-exposicion-cm-placer-246x246.jpg 246w\" sizes=\"auto, (max-width: 1200px) 100vw, 1200px\" \/><\/a><\/p>\n<p>&nbsp;<\/p>\n<p>&nbsp;<\/p>","protected":false},"excerpt":{"rendered":"<p>Sorry, this entry is only available in ES.Actividad desarrollada con una subvenci\u00f3n del Gobierno de Canarias. Al final de la visita, Don Felipe manifest\u00f3 a la prensa que la exposici\u00f3n le hab\u00eda parecido &#8220;una maravilla&#8221; y que era &#8220;muy recomendable&#8221;. La Fundaci\u00f3n C\u00e9sar Manrique (FCM) inaugur\u00f3 oficialmente el mi\u00e9rcoles, 30 de octubre, a las 12:00&#8230; <a href=\"https:\/\/fcmanrique.org\/en\/fcm-c-acti-celebrada\/inauguracion-de-exposicion-cesar-manrique-es-un-placer-presidida-por-su-majestad-el-rey\/\" class=\"readmore\">Contin\u00faa leyendo \u2192<\/a><\/p>\n","protected":false},"featured_media":20731,"parent":0,"template":"","meta":{"_acf_changed":false,"ngg_post_thumbnail":0,"footnotes":""},"class_list":["post-20730","fcm_c_acti_celebrada","type-fcm_c_acti_celebrada","status-publish","has-post-thumbnail","hentry","c_acti_celebrada_categoria-exposicion"],"acf":[],"_links":{"self":[{"href":"https:\/\/fcmanrique.org\/en\/wp-json\/wp\/v2\/fcm_c_acti_celebrada\/20730","targetHints":{"allow":["GET"]}}],"collection":[{"href":"https:\/\/fcmanrique.org\/en\/wp-json\/wp\/v2\/fcm_c_acti_celebrada"}],"about":[{"href":"https:\/\/fcmanrique.org\/en\/wp-json\/wp\/v2\/types\/fcm_c_acti_celebrada"}],"version-history":[{"count":5,"href":"https:\/\/fcmanrique.org\/en\/wp-json\/wp\/v2\/fcm_c_acti_celebrada\/20730\/revisions"}],"predecessor-version":[{"id":22302,"href":"https:\/\/fcmanrique.org\/en\/wp-json\/wp\/v2\/fcm_c_acti_celebrada\/20730\/revisions\/22302"}],"wp:featuredmedia":[{"embeddable":true,"href":"https:\/\/fcmanrique.org\/en\/wp-json\/wp\/v2\/media\/20731"}],"wp:attachment":[{"href":"https:\/\/fcmanrique.org\/en\/wp-json\/wp\/v2\/media?parent=20730"}],"curies":[{"name":"wp","href":"https:\/\/api.w.org\/{rel}","templated":true}]}}