{"id":21600,"date":"2019-12-22T14:24:47","date_gmt":"2019-12-22T14:24:47","guid":{"rendered":"https:\/\/fcmanrique.org\/?post_type=fcm_c_acti_celebrada&#038;p=21600"},"modified":"2020-01-21T09:17:39","modified_gmt":"2020-01-21T09:17:39","slug":"musica-clasica-por-trio-de-ases","status":"publish","type":"fcm_c_acti_celebrada","link":"https:\/\/fcmanrique.org\/en\/fcm-c-acti-celebrada\/musica-clasica-por-trio-de-ases\/","title":{"rendered":"M\u00fasica cl\u00e1sica por &#8220;Tr\u00edo de Ases&#8221;"},"content":{"rendered":"<p class=\"qtranxs-available-languages-message qtranxs-available-languages-message-en\">Sorry, this entry is only available in <a href=\"https:\/\/fcmanrique.org\/es\/wp-json\/wp\/v2\/fcm_c_acti_celebrada\/21600\" class=\"qtranxs-available-language-link qtranxs-available-language-link-es\" title=\"ES\">ES<\/a>.<\/p><p>La Fundaci\u00f3n C\u00e9sar Manrique (FCM) y la Orquesta Cl\u00e1sica de Lanzarote (OCL) presentaron el d\u00eda 20 de diciembre \u201cTr\u00edo de Ases\u201d, un concierto de piano, viol\u00edn y violonchelo.<\/p>\n<p>\u201cTr\u00edo de Ases\u201d est\u00e1 compuesto por los m\u00fasicos: Josu Oki\u00f1ena al piano, David Ballesteros, al viol\u00edn y \u00c1ngel Luis Quintana, al violonchelo. Durante su concierto interpretaron un repertorio basado, principalmente, en obras de compositores espa\u00f1oles.<\/p>\n<p><a href=\"https:\/\/fcmanrique.org\/wp-content\/uploads\/fc-manrique-trio-de-ases-1.jpg\"><img loading=\"lazy\" decoding=\"async\" class=\"alignnone size-full wp-image-21601\" src=\"https:\/\/fcmanrique.org\/wp-content\/uploads\/fc-manrique-trio-de-ases-1.jpg\" alt=\"\" width=\"920\" height=\"645\" srcset=\"https:\/\/fcmanrique.org\/wp-content\/uploads\/fc-manrique-trio-de-ases-1.jpg 920w, https:\/\/fcmanrique.org\/wp-content\/uploads\/fc-manrique-trio-de-ases-1-300x210.jpg 300w, https:\/\/fcmanrique.org\/wp-content\/uploads\/fc-manrique-trio-de-ases-1-768x538.jpg 768w, https:\/\/fcmanrique.org\/wp-content\/uploads\/fc-manrique-trio-de-ases-1-289x203.jpg 289w\" sizes=\"auto, (max-width: 920px) 100vw, 920px\" \/><\/a><em>David Ballesteros, Josu Oki\u00f1ena y \u00c1ngel Luis Quintana<\/em><\/p>\n<p>Este concierto l\u00edrico, ofrecido por la FCM y la OCL a las puertas de la Navidad, fue la \u00faltima actividad del segundo cuatrimestre de la programaci\u00f3n que la instituci\u00f3n est\u00e1 llevando a cabo para conmemorar el centenario del nacimiento de su fundador.<\/p>\n<p><a href=\"https:\/\/fcmanrique.org\/wp-content\/uploads\/fc-manrique-trio-de-ases-2.jpg\"><img loading=\"lazy\" decoding=\"async\" class=\"alignnone size-full wp-image-21602\" src=\"https:\/\/fcmanrique.org\/wp-content\/uploads\/fc-manrique-trio-de-ases-2.jpg\" alt=\"\" width=\"920\" height=\"645\" srcset=\"https:\/\/fcmanrique.org\/wp-content\/uploads\/fc-manrique-trio-de-ases-2.jpg 920w, https:\/\/fcmanrique.org\/wp-content\/uploads\/fc-manrique-trio-de-ases-2-300x210.jpg 300w, https:\/\/fcmanrique.org\/wp-content\/uploads\/fc-manrique-trio-de-ases-2-768x538.jpg 768w, https:\/\/fcmanrique.org\/wp-content\/uploads\/fc-manrique-trio-de-ases-2-289x203.jpg 289w\" sizes=\"auto, (max-width: 920px) 100vw, 920px\" \/><\/a><\/p>\n<p>Los m\u00fasicos, que recordaron a C\u00e9sar Manrique varias veces, ofrecieron un emotivo y apasionado concierto que conect\u00f3 con el p\u00fablico asistente.<\/p>\n<p><a href=\"https:\/\/fcmanrique.org\/wp-content\/uploads\/fc-manrique-trio-de-ases-3.jpg\"><img loading=\"lazy\" decoding=\"async\" class=\"alignnone size-full wp-image-21603\" src=\"https:\/\/fcmanrique.org\/wp-content\/uploads\/fc-manrique-trio-de-ases-3.jpg\" alt=\"\" width=\"920\" height=\"645\" srcset=\"https:\/\/fcmanrique.org\/wp-content\/uploads\/fc-manrique-trio-de-ases-3.jpg 920w, https:\/\/fcmanrique.org\/wp-content\/uploads\/fc-manrique-trio-de-ases-3-300x210.jpg 300w, https:\/\/fcmanrique.org\/wp-content\/uploads\/fc-manrique-trio-de-ases-3-768x538.jpg 768w, https:\/\/fcmanrique.org\/wp-content\/uploads\/fc-manrique-trio-de-ases-3-289x203.jpg 289w\" sizes=\"auto, (max-width: 920px) 100vw, 920px\" \/><\/a><\/p>\n<p><a href=\"https:\/\/fcmanrique.org\/wp-content\/uploads\/fc-manrique-concierto-trio-de-ases.pdf\">M\u00e1s informaci\u00f3n sobre el concierto<\/a><\/p>\n<p><a href=\"https:\/\/fcmanrique.org\/wp-content\/uploads\/fc-manrique-invitacion-tr\u00edo-de-ases.jpg\"><img loading=\"lazy\" decoding=\"async\" class=\"alignnone size-full wp-image-21605\" src=\"https:\/\/fcmanrique.org\/wp-content\/uploads\/fc-manrique-invitacion-tr\u00edo-de-ases.jpg\" alt=\"\" width=\"1200\" height=\"1200\" srcset=\"https:\/\/fcmanrique.org\/wp-content\/uploads\/fc-manrique-invitacion-tr\u00edo-de-ases.jpg 1200w, https:\/\/fcmanrique.org\/wp-content\/uploads\/fc-manrique-invitacion-tr\u00edo-de-ases-150x150.jpg 150w, https:\/\/fcmanrique.org\/wp-content\/uploads\/fc-manrique-invitacion-tr\u00edo-de-ases-300x300.jpg 300w, https:\/\/fcmanrique.org\/wp-content\/uploads\/fc-manrique-invitacion-tr\u00edo-de-ases-768x768.jpg 768w, https:\/\/fcmanrique.org\/wp-content\/uploads\/fc-manrique-invitacion-tr\u00edo-de-ases-1024x1024.jpg 1024w, https:\/\/fcmanrique.org\/wp-content\/uploads\/fc-manrique-invitacion-tr\u00edo-de-ases-246x246.jpg 246w\" sizes=\"auto, (max-width: 1200px) 100vw, 1200px\" \/><\/a><\/p>","protected":false},"excerpt":{"rendered":"<p>Sorry, this entry is only available in ES.La Fundaci\u00f3n C\u00e9sar Manrique (FCM) y la Orquesta Cl\u00e1sica de Lanzarote (OCL) presentaron el d\u00eda 20 de diciembre \u201cTr\u00edo de Ases\u201d, un concierto de piano, viol\u00edn y violonchelo. \u201cTr\u00edo de Ases\u201d est\u00e1 compuesto por los m\u00fasicos: Josu Oki\u00f1ena al piano, David Ballesteros, al viol\u00edn y \u00c1ngel Luis Quintana,&#8230; <a href=\"https:\/\/fcmanrique.org\/en\/fcm-c-acti-celebrada\/musica-clasica-por-trio-de-ases\/\" class=\"readmore\">Contin\u00faa leyendo \u2192<\/a><\/p>\n","protected":false},"featured_media":21604,"parent":0,"template":"","meta":{"_acf_changed":false,"ngg_post_thumbnail":0,"footnotes":""},"class_list":["post-21600","fcm_c_acti_celebrada","type-fcm_c_acti_celebrada","status-publish","has-post-thumbnail","hentry","c_acti_celebrada_categoria-musica"],"acf":[],"_links":{"self":[{"href":"https:\/\/fcmanrique.org\/en\/wp-json\/wp\/v2\/fcm_c_acti_celebrada\/21600","targetHints":{"allow":["GET"]}}],"collection":[{"href":"https:\/\/fcmanrique.org\/en\/wp-json\/wp\/v2\/fcm_c_acti_celebrada"}],"about":[{"href":"https:\/\/fcmanrique.org\/en\/wp-json\/wp\/v2\/types\/fcm_c_acti_celebrada"}],"version-history":[{"count":6,"href":"https:\/\/fcmanrique.org\/en\/wp-json\/wp\/v2\/fcm_c_acti_celebrada\/21600\/revisions"}],"predecessor-version":[{"id":21820,"href":"https:\/\/fcmanrique.org\/en\/wp-json\/wp\/v2\/fcm_c_acti_celebrada\/21600\/revisions\/21820"}],"wp:featuredmedia":[{"embeddable":true,"href":"https:\/\/fcmanrique.org\/en\/wp-json\/wp\/v2\/media\/21604"}],"wp:attachment":[{"href":"https:\/\/fcmanrique.org\/en\/wp-json\/wp\/v2\/media?parent=21600"}],"curies":[{"name":"wp","href":"https:\/\/api.w.org\/{rel}","templated":true}]}}