{"id":21987,"date":"2020-02-10T09:09:14","date_gmt":"2020-02-10T09:09:14","guid":{"rendered":"https:\/\/fcmanrique.org\/?post_type=fcm_c_acti_celebrada&#038;p=21987"},"modified":"2020-11-23T15:04:29","modified_gmt":"2020-11-23T15:04:29","slug":"wyoming-que-facilidad-la-de-la-izquierda-para-crear-un-movimiento-a-partir-de-los-matices","status":"publish","type":"fcm_c_acti_celebrada","link":"https:\/\/fcmanrique.org\/en\/fcm-c-acti-celebrada\/wyoming-que-facilidad-la-de-la-izquierda-para-crear-un-movimiento-a-partir-de-los-matices\/","title":{"rendered":"Wyoming: \u201cQu\u00e9 facilidad, la de la izquierda, para crear movimientos a partir de los matices\u201d"},"content":{"rendered":"<p class=\"qtranxs-available-languages-message qtranxs-available-languages-message-en\">Sorry, this entry is only available in <a href=\"https:\/\/fcmanrique.org\/es\/wp-json\/wp\/v2\/fcm_c_acti_celebrada\/21987\" class=\"qtranxs-available-language-link qtranxs-available-language-link-es\" title=\"ES\">ES<\/a>.<\/p><p>Actividad desarrollada con una subvenci\u00f3n del Gobierno de Canarias.<br \/>\n<img loading=\"lazy\" decoding=\"async\" class=\"size-full wp-image-22274 alignnone\" src=\"https:\/\/fcmanrique.org\/wp-content\/uploads\/logo-gobierno-canarias.png\" alt=\"\" width=\"181\" height=\"91\"><\/p>\n<p>Luis Garc\u00eda Montero y Jos\u00e9 Miguel Monz\u00f3n, El Gran Wyoming, dialogaron el d\u00eda 8 de febrero en Taro de Tah\u00edche sobre <em>Narrativas, democracia y derechos civiles. <\/em>El showman televisivo acaba de publicar sus memorias, <em>La furia y los colores<\/em> y el poeta introdujo la conversaci\u00f3n desde los or\u00edgenes de Wyoming como joven en la Espa\u00f1a de Franco que miraba a Europa como una alternativa. Garc\u00eda Montero considera que estamos en un momento en el que hay que volver a plantearse ciertas cosas con profundidad, supuestamente consolidadas, \u201cporque hay brotes de intolerancia y autoritarismo\u201d. \u201cLos dem\u00f3cratas debemos ponernos a reflexionar para asegurar la defensa de unos derechos en peligro\u201d, afirm\u00f3. Pregunt\u00f3 a Wyoming c\u00f3mo le ha influido en su forma de ser la \u201cdictadura cruel\u201d de Franco.<\/p>\n<p><a href=\"https:\/\/fcmanrique.org\/wp-content\/uploads\/fc-manrique-gran-wyoming-luis-garcia-montero1.jpg\"><img loading=\"lazy\" decoding=\"async\" class=\"size-full wp-image-21989 alignnone\" src=\"https:\/\/fcmanrique.org\/wp-content\/uploads\/fc-manrique-gran-wyoming-luis-garcia-montero1.jpg\" alt=\"\" width=\"920\" height=\"615\" srcset=\"https:\/\/fcmanrique.org\/wp-content\/uploads\/fc-manrique-gran-wyoming-luis-garcia-montero1.jpg 920w, https:\/\/fcmanrique.org\/wp-content\/uploads\/fc-manrique-gran-wyoming-luis-garcia-montero1-300x201.jpg 300w, https:\/\/fcmanrique.org\/wp-content\/uploads\/fc-manrique-gran-wyoming-luis-garcia-montero1-768x513.jpg 768w, https:\/\/fcmanrique.org\/wp-content\/uploads\/fc-manrique-gran-wyoming-luis-garcia-montero1-289x193.jpg 289w\" sizes=\"auto, (max-width: 920px) 100vw, 920px\" \/><\/a><em>Luis Garc\u00eda Montero<\/em><\/p>\n<p>Wyoming coment\u00f3 que no vivi\u00f3 la crueldad f\u00edsica de forma directa, pero que esa crueldad se detectaba a trav\u00e9s de otras ventanas. \u201cUno no era consciente de lo que pasaba hasta que no ve\u00eda otras realidades\u201d. En el Madrid en que creci\u00f3 hab\u00eda un control y un tutelaje sobre la poblaci\u00f3n \u201cque se ve\u00eda como normal\u201d, con figuras como el sereno o el portero del edificio, que informaban de las costumbres de los vecinos. \u201cUno no pod\u00eda tener una vida propia sin que fuera p\u00fablica\u201d. Sin embargo, esa propaganda del r\u00e9gimen como reserva espiritual de occidente frente al resto de Europa se volv\u00eda contra el propagandista. \u201cNos llev\u00f3 a salir al extranjero donde hab\u00eda libertad en todos lados\u201d.<\/p>\n<p><a href=\"https:\/\/fcmanrique.org\/wp-content\/uploads\/fc-manrique-gran-wyoming-luis-garcia-montero2.jpg\"><img loading=\"lazy\" decoding=\"async\" class=\"size-full wp-image-21990 alignnone\" src=\"https:\/\/fcmanrique.org\/wp-content\/uploads\/fc-manrique-gran-wyoming-luis-garcia-montero2.jpg\" alt=\"\" width=\"920\" height=\"619\" srcset=\"https:\/\/fcmanrique.org\/wp-content\/uploads\/fc-manrique-gran-wyoming-luis-garcia-montero2.jpg 920w, https:\/\/fcmanrique.org\/wp-content\/uploads\/fc-manrique-gran-wyoming-luis-garcia-montero2-300x202.jpg 300w, https:\/\/fcmanrique.org\/wp-content\/uploads\/fc-manrique-gran-wyoming-luis-garcia-montero2-768x517.jpg 768w, https:\/\/fcmanrique.org\/wp-content\/uploads\/fc-manrique-gran-wyoming-luis-garcia-montero2-289x194.jpg 289w\" sizes=\"auto, (max-width: 920px) 100vw, 920px\" \/><\/a><em>Gran Wyoming<\/em><\/p>\n<p>Para ilustrar con qu\u00e9 facilidad \u201cel miedo y la represi\u00f3n se interiorizan\u201d, seg\u00fan Garc\u00eda Montero, Wyoming cont\u00f3 una an\u00e9cdota que nace del rodaje de una pel\u00edcula en la que hac\u00eda de polic\u00eda. Sali\u00f3 a la calle con el uniforme y se dio cuenta del miedo que ten\u00eda la gente hacia la autoridad. \u201cNadie te miraba a la cara\u201d. Garc\u00eda Montero le pregunt\u00f3 por el sentido de libertad que le dio la m\u00fasica \u201ccomo escuela de conciencia individual\u201d\u2026 \u201cy colectiva\u201d, a\u00f1adi\u00f3 Wyoming, que apunt\u00f3 que a finales de los a\u00f1os sesenta en Europa y Estados Unidos comenzaron a aparecer m\u00fasicos que pasaron a ser unos referentes diferentes a los que hab\u00eda hasta entonces, con otra formas de comportarse \u201cque ampliaban los m\u00e1rgenes de libertad\u201d. En Espa\u00f1a, ese ansia de apertura vino por parte de la pol\u00edtica. Record\u00f3 que entonces se insist\u00eda mucho en la idea de que los espa\u00f1oles no estaban preparados para la libertad porque la confund\u00edan con el libertinaje. Wyoming asegur\u00f3 que la Ley Fraga de 1966 complic\u00f3 a\u00fan m\u00e1s la situaci\u00f3n de la prensa porque se pas\u00f3 de una censura previa, en la que se sab\u00eda lo que no se pod\u00eda publicar, a una censura posterior. \u201cLo que hizo fue ampliar los m\u00e1rgenes de represi\u00f3n\u201d.<\/p>\n<p><a href=\"https:\/\/fcmanrique.org\/wp-content\/uploads\/fc-manrique-gran-wyoming-luis-garcia-montero4.jpg\"><img loading=\"lazy\" decoding=\"async\" class=\"size-large wp-image-21992 alignnone\" src=\"https:\/\/fcmanrique.org\/wp-content\/uploads\/fc-manrique-gran-wyoming-luis-garcia-montero4.jpg\" alt=\"\" width=\"920\" height=\"582\" srcset=\"https:\/\/fcmanrique.org\/wp-content\/uploads\/fc-manrique-gran-wyoming-luis-garcia-montero4.jpg 920w, https:\/\/fcmanrique.org\/wp-content\/uploads\/fc-manrique-gran-wyoming-luis-garcia-montero4-300x190.jpg 300w, https:\/\/fcmanrique.org\/wp-content\/uploads\/fc-manrique-gran-wyoming-luis-garcia-montero4-768x486.jpg 768w, https:\/\/fcmanrique.org\/wp-content\/uploads\/fc-manrique-gran-wyoming-luis-garcia-montero4-289x183.jpg 289w\" sizes=\"auto, (max-width: 920px) 100vw, 920px\" \/><\/a><\/p>\n<p>Sobre la movida madrile\u00f1a, Wyoming afirm\u00f3 que no es que tenga una sensaci\u00f3n agridulce, sino que \u201cfue lo que fue\u201d porque estuvo protagonizada por gente de clase media-alta que a\u00fan eran adolescentes cuando muri\u00f3 Franco y para quienes \u201cla pol\u00edtica era un co\u00f1azo\u201d. Cont\u00f3 que su contacto con la pol\u00edtica fue en la Universidad, en la Facultad de Medicina, donde hab\u00eda muchos partidos de izquierdas (\u201cla facilidad de la izquierda para crear un movimiento a partir de los matices\u201d), pero tambi\u00e9n estaban los guerrilleros de Cristo Rey, que fueron apoyados por el que fue ministro de cultura, \u00cd\u00f1igo M\u00e9ndez de Vigo. Seg\u00fan Wyoming, no hab\u00eda tantos adeptos \u201co adictos\u201d al R\u00e9gimen, al igual que hab\u00eda pocos focos de resistencia \u201cporque te jugabas la vida\u201d. La mayor parte de la poblaci\u00f3n se consideraba apol\u00edtica.<\/p>\n<p><a href=\"https:\/\/fcmanrique.org\/wp-content\/uploads\/fc-manrique-gran-wyoming-luis-garcia-montero5.jpg\"><img loading=\"lazy\" decoding=\"async\" class=\"size-large wp-image-21993 alignnone\" src=\"https:\/\/fcmanrique.org\/wp-content\/uploads\/fc-manrique-gran-wyoming-luis-garcia-montero5.jpg\" alt=\"\" width=\"920\" height=\"599\" srcset=\"https:\/\/fcmanrique.org\/wp-content\/uploads\/fc-manrique-gran-wyoming-luis-garcia-montero5.jpg 920w, https:\/\/fcmanrique.org\/wp-content\/uploads\/fc-manrique-gran-wyoming-luis-garcia-montero5-300x195.jpg 300w, https:\/\/fcmanrique.org\/wp-content\/uploads\/fc-manrique-gran-wyoming-luis-garcia-montero5-768x500.jpg 768w, https:\/\/fcmanrique.org\/wp-content\/uploads\/fc-manrique-gran-wyoming-luis-garcia-montero5-289x188.jpg 289w\" sizes=\"auto, (max-width: 920px) 100vw, 920px\" \/><\/a><\/p>\n<p>Respecto a la corrupci\u00f3n, el poeta plante\u00f3 si la justicia puede acabar con la sensaci\u00f3n de impunidad que tiene el poder. \u201cPodr\u00eda\u201d, puntualiz\u00f3 Wyoming, que record\u00f3 el gran n\u00famero de aforados en Espa\u00f1a y el caso de Carlos Fabra, por cuya instrucci\u00f3n pasaron nueve jueces y el noveno dio una rueda de prensa para denunciar presiones de sus superiores. Montero apunt\u00f3 que, sin embargo, ha entrado gente importante en la c\u00e1rcel y Wyoming, con sorna, se\u00f1al\u00f3 que \u201cUrdangar\u00edn a\u00fan no ha salido de su asombro\u201d. \u201cSi se emplearan contra la corrupci\u00f3n como se han empleado contra los independentistas, no habr\u00eda corrupci\u00f3n\u201d, afirm\u00f3.<\/p>\n<p><a href=\"https:\/\/fcmanrique.org\/wp-content\/uploads\/fc-manrique-gran-wyoming-luis-garcia-montero3.jpg\"><img loading=\"lazy\" decoding=\"async\" class=\"size-large wp-image-21991 alignnone\" src=\"https:\/\/fcmanrique.org\/wp-content\/uploads\/fc-manrique-gran-wyoming-luis-garcia-montero3.jpg\" alt=\"\" width=\"920\" height=\"609\" srcset=\"https:\/\/fcmanrique.org\/wp-content\/uploads\/fc-manrique-gran-wyoming-luis-garcia-montero3.jpg 920w, https:\/\/fcmanrique.org\/wp-content\/uploads\/fc-manrique-gran-wyoming-luis-garcia-montero3-300x199.jpg 300w, https:\/\/fcmanrique.org\/wp-content\/uploads\/fc-manrique-gran-wyoming-luis-garcia-montero3-768x508.jpg 768w, https:\/\/fcmanrique.org\/wp-content\/uploads\/fc-manrique-gran-wyoming-luis-garcia-montero3-289x191.jpg 289w\" sizes=\"auto, (max-width: 920px) 100vw, 920px\" \/><\/a><\/p>\n<p>Terminaron hablando sobre los medios de comunicaci\u00f3n porque \u201chace falta una prensa democr\u00e1tica\u201d. Antes ya hab\u00edan hablado sobre las<em> fake news<\/em> o noticias falsas porque Wyoming dijo que ahora, incluso, se niega que Franco diera un golpe de Estado, \u201ccon lo orgulloso que estaba Franco del golpe\u201d. Seg\u00fan Garc\u00eda Montero, \u201ca la gente se le est\u00e1 invitando al analfabetismo a trav\u00e9s de las <em>fake<\/em> <em>news<\/em>\u201d. Para Wyoming, el problema es que las <em>fake news<\/em> son rentables, y que hay gente dispuesta a pagar por la mentira sabiendo que es mentira.<\/p>\n<p>Garc\u00eda Montero sostiene que hay una estrategia bien calculada de la ultraderecha que incluye el lenguaje que se utiliza, y apunt\u00f3 que los bancos tienen una oficina espec\u00edfica para partidos pol\u00edticos, equipos de f\u00fatbol y medios de comunicaci\u00f3n. \u201cEl verdadero debate -se\u00f1al\u00f3- es el peligro de que la realidad virtual sustituya a la realidad hist\u00f3rica y por eso yo soy tan partidario de los libros de memorias, como vacuna contra esa realidad\u201d. Wyoming quiso terminar con una reflexi\u00f3n, porque Espa\u00f1a es el \u00fanico pa\u00eds de Europa donde a\u00fan no se puede hablar claramente del pasado, concretamente de la Guerra Civil. \u201c\u00bfCu\u00e1ndo se podr\u00e1?\u201d, se pregunt\u00f3: \u201cEs ins\u00f3lito\u201d.<\/p>\n<p><a href=\"https:\/\/fcmanrique.org\/wp-content\/uploads\/fc-manrique-invitacion-gran-wyoming-luis-garcia-montero.jpg\"><img loading=\"lazy\" decoding=\"async\" class=\"size-large wp-image-21924 alignnone\" src=\"https:\/\/fcmanrique.org\/wp-content\/uploads\/fc-manrique-invitacion-gran-wyoming-luis-garcia-montero-1024x1024.jpg\" alt=\"\" width=\"1024\" height=\"1024\" srcset=\"https:\/\/fcmanrique.org\/wp-content\/uploads\/fc-manrique-invitacion-gran-wyoming-luis-garcia-montero-1024x1024.jpg 1024w, https:\/\/fcmanrique.org\/wp-content\/uploads\/fc-manrique-invitacion-gran-wyoming-luis-garcia-montero-300x300.jpg 300w, https:\/\/fcmanrique.org\/wp-content\/uploads\/fc-manrique-invitacion-gran-wyoming-luis-garcia-montero-150x150.jpg 150w, https:\/\/fcmanrique.org\/wp-content\/uploads\/fc-manrique-invitacion-gran-wyoming-luis-garcia-montero-768x768.jpg 768w, https:\/\/fcmanrique.org\/wp-content\/uploads\/fc-manrique-invitacion-gran-wyoming-luis-garcia-montero-246x246.jpg 246w, https:\/\/fcmanrique.org\/wp-content\/uploads\/fc-manrique-invitacion-gran-wyoming-luis-garcia-montero.jpg 1200w\" sizes=\"auto, (max-width: 1024px) 100vw, 1024px\" \/><\/a><\/p>\n<p><a href=\"https:\/\/fcmanrique.org\/wp-content\/uploads\/fc-manrique-gran-wyoming-luis-garcia-montero.pdf\">M\u00e1s informaci\u00f3n sobre la conversaci\u00f3n entre Gran Wyoming y Luis Garc\u00eda Montero<\/a><\/p>","protected":false},"excerpt":{"rendered":"<p>Sorry, this entry is only available in ES.Actividad desarrollada con una subvenci\u00f3n del Gobierno de Canarias. Luis Garc\u00eda Montero y Jos\u00e9 Miguel Monz\u00f3n, El Gran Wyoming, dialogaron el d\u00eda 8 de febrero en Taro de Tah\u00edche sobre Narrativas, democracia y derechos civiles. El showman televisivo acaba de publicar sus memorias, La furia y los colores&#8230; <a href=\"https:\/\/fcmanrique.org\/en\/fcm-c-acti-celebrada\/wyoming-que-facilidad-la-de-la-izquierda-para-crear-un-movimiento-a-partir-de-los-matices\/\" class=\"readmore\">Contin\u00faa leyendo \u2192<\/a><\/p>\n","protected":false},"featured_media":22004,"parent":0,"template":"","meta":{"_acf_changed":false,"ngg_post_thumbnail":0,"footnotes":""},"class_list":["post-21987","fcm_c_acti_celebrada","type-fcm_c_acti_celebrada","status-publish","has-post-thumbnail","hentry","c_acti_celebrada_categoria-dialogo"],"acf":[],"_links":{"self":[{"href":"https:\/\/fcmanrique.org\/en\/wp-json\/wp\/v2\/fcm_c_acti_celebrada\/21987","targetHints":{"allow":["GET"]}}],"collection":[{"href":"https:\/\/fcmanrique.org\/en\/wp-json\/wp\/v2\/fcm_c_acti_celebrada"}],"about":[{"href":"https:\/\/fcmanrique.org\/en\/wp-json\/wp\/v2\/types\/fcm_c_acti_celebrada"}],"version-history":[{"count":5,"href":"https:\/\/fcmanrique.org\/en\/wp-json\/wp\/v2\/fcm_c_acti_celebrada\/21987\/revisions"}],"predecessor-version":[{"id":22279,"href":"https:\/\/fcmanrique.org\/en\/wp-json\/wp\/v2\/fcm_c_acti_celebrada\/21987\/revisions\/22279"}],"wp:featuredmedia":[{"embeddable":true,"href":"https:\/\/fcmanrique.org\/en\/wp-json\/wp\/v2\/media\/22004"}],"wp:attachment":[{"href":"https:\/\/fcmanrique.org\/en\/wp-json\/wp\/v2\/media?parent=21987"}],"curies":[{"name":"wp","href":"https:\/\/api.w.org\/{rel}","templated":true}]}}