{"id":18388,"date":"2019-04-15T11:54:11","date_gmt":"2019-04-15T11:54:11","guid":{"rendered":"https:\/\/fcmanrique.org\/?post_type=fcm_c_ev_relac&#038;p=18388"},"modified":"2019-04-17T09:10:27","modified_gmt":"2019-04-17T09:10:27","slug":"cesar-manrique-hijo-adoptivo-de-gran-canaria","status":"publish","type":"fcm_c_ev_relac","link":"https:\/\/fcmanrique.org\/en\/fcm-c-ev-relac\/cesar-manrique-hijo-adoptivo-de-gran-canaria\/","title":{"rendered":"C\u00e9sar Manrique, Hijo Adoptivo de Gran Canaria"},"content":{"rendered":"<p class=\"qtranxs-available-languages-message qtranxs-available-languages-message-en\">Sorry, this entry is only available in <a href=\"https:\/\/fcmanrique.org\/es\/wp-json\/wp\/v2\/fcm_c_ev_relac\/18388\" class=\"qtranxs-available-language-link qtranxs-available-language-link-es\" title=\"ES\">ES<\/a>.<\/p><p>El artista lanzarote\u00f1o es, desde el pasado viernes, 15 de marzo, Hijo Adoptivo de Gran Canaria, distinci\u00f3n que recogi\u00f3 el presidente de la Fundaci\u00f3n C\u00e9sar Manrique, Jos\u00e9 Juan Ram\u00edrez, en el acto oficial de Entrega de Honores y Distinciones del Cabildo insular.<\/p>\n<p>El Cabildo de Gran Canaria reconoce de este modo la huella y la inspiraci\u00f3n del creador lanzarote\u00f1o, a t\u00edtulo p\u00f3stumo, &#8220;por su compromiso con el arte y con la naturaleza, y por su defensa del paisaje y de los valores en los que poder reconocernos en cada momento&#8221;.<\/p>","protected":false},"excerpt":{"rendered":"<p>Sorry, this entry is only available in ES.El artista lanzarote\u00f1o es, desde el pasado viernes, 15 de marzo, Hijo Adoptivo de Gran Canaria, distinci\u00f3n que recogi\u00f3 el presidente de la Fundaci\u00f3n C\u00e9sar Manrique, Jos\u00e9 Juan Ram\u00edrez, en el acto oficial de Entrega de Honores y Distinciones del Cabildo insular. El Cabildo de Gran Canaria reconoce&#8230; <a href=\"https:\/\/fcmanrique.org\/en\/fcm-c-ev-relac\/cesar-manrique-hijo-adoptivo-de-gran-canaria\/\" class=\"readmore\">Contin\u00faa leyendo \u2192<\/a><\/p>\n","protected":false},"featured_media":18577,"parent":0,"template":"","meta":{"_acf_changed":false,"ngg_post_thumbnail":0,"footnotes":""},"class_list":["post-18388","fcm_c_ev_relac","type-fcm_c_ev_relac","status-publish","has-post-thumbnail","hentry","c_ev_relac_categoria-reconocimiento"],"acf":[],"_links":{"self":[{"href":"https:\/\/fcmanrique.org\/en\/wp-json\/wp\/v2\/fcm_c_ev_relac\/18388","targetHints":{"allow":["GET"]}}],"collection":[{"href":"https:\/\/fcmanrique.org\/en\/wp-json\/wp\/v2\/fcm_c_ev_relac"}],"about":[{"href":"https:\/\/fcmanrique.org\/en\/wp-json\/wp\/v2\/types\/fcm_c_ev_relac"}],"version-history":[{"count":3,"href":"https:\/\/fcmanrique.org\/en\/wp-json\/wp\/v2\/fcm_c_ev_relac\/18388\/revisions"}],"predecessor-version":[{"id":18495,"href":"https:\/\/fcmanrique.org\/en\/wp-json\/wp\/v2\/fcm_c_ev_relac\/18388\/revisions\/18495"}],"wp:featuredmedia":[{"embeddable":true,"href":"https:\/\/fcmanrique.org\/en\/wp-json\/wp\/v2\/media\/18577"}],"wp:attachment":[{"href":"https:\/\/fcmanrique.org\/en\/wp-json\/wp\/v2\/media?parent=18388"}],"curies":[{"name":"wp","href":"https:\/\/api.w.org\/{rel}","templated":true}]}}