{"id":19050,"date":"2019-05-20T16:21:45","date_gmt":"2019-05-20T16:21:45","guid":{"rendered":"https:\/\/fcmanrique.org\/?post_type=fcm_c_ev_relac&#038;p=19050"},"modified":"2019-05-21T10:21:57","modified_gmt":"2019-05-21T10:21:57","slug":"la-ull-clausuro-su-homenaje-a-manrique","status":"publish","type":"fcm_c_ev_relac","link":"https:\/\/fcmanrique.org\/en\/fcm-c-ev-relac\/la-ull-clausuro-su-homenaje-a-manrique\/","title":{"rendered":"La ULL clausur\u00f3 su homenaje a Manrique"},"content":{"rendered":"<p class=\"qtranxs-available-languages-message qtranxs-available-languages-message-en\">Sorry, this entry is only available in <a href=\"https:\/\/fcmanrique.org\/es\/wp-json\/wp\/v2\/fcm_c_ev_relac\/19050\" class=\"qtranxs-available-language-link qtranxs-available-language-link-es\" title=\"ES\">ES<\/a>.<\/p><p>La Universidad de la La Laguna (ULL) clausur\u00f3 las actividades acad\u00e9micas en homenaje a C\u00e9sar Manrique con un debate cient\u00edfico sobre el legado cultural del artista. El pasado viernes d\u00eda 10 se celebr\u00f3 en el Aula Magna de la Universidad de La Laguna (ULL) un debate cient\u00edfico de tres horas sobre la obra de C\u00e9sar Manrique, bajo el t\u00edtulo \u201cC\u00e9sar Manrique y su legado cultural\u201d. Moderado por la periodista y licenciada en Historia del Arte Ana Hern\u00e1ndez, cont\u00f3 con la participaci\u00f3n de Fernando G\u00f3mez-Aguilera, director de la Fundaci\u00f3n C\u00e9sar Manrique, escritor y comisario de exposiciones; Francisco Galante G\u00f3mez, director la C\u00e1tedra C\u00e9sar Manrique de la ULL, catedr\u00e1tico de Historia del Arte de la ULL y profesor de la Universidad de Lovaina; y Nilo Palenzuela, catedr\u00e1tico de Literatura de la ULL, escritor y comisario de exposiciones.<\/p>\n<p><a href=\"https:\/\/fcmanrique.org\/wp-content\/uploads\/fc-manrique-universidad-la-laguna1-1.jpg\"><img loading=\"lazy\" decoding=\"async\" class=\"alignnone size-full wp-image-19066\" src=\"https:\/\/fcmanrique.org\/wp-content\/uploads\/fc-manrique-universidad-la-laguna1-1.jpg\" alt=\"\" width=\"920\" height=\"615\" srcset=\"https:\/\/fcmanrique.org\/wp-content\/uploads\/fc-manrique-universidad-la-laguna1-1.jpg 920w, https:\/\/fcmanrique.org\/wp-content\/uploads\/fc-manrique-universidad-la-laguna1-1-300x201.jpg 300w, https:\/\/fcmanrique.org\/wp-content\/uploads\/fc-manrique-universidad-la-laguna1-1-768x513.jpg 768w, https:\/\/fcmanrique.org\/wp-content\/uploads\/fc-manrique-universidad-la-laguna1-1-289x193.jpg 289w\" sizes=\"auto, (max-width: 920px) 100vw, 920px\" \/><\/a><em>Nilo Palenzuela, Fernando G\u00f3mez Aguilera, Francisco Galante y Ana Hern\u00e1ndez<\/em><\/p>\n<p>El debate culmin\u00f3 el curso \u201cTradici\u00f3n, Modernidad y Utop\u00eda. Encuentros en torno a la obra de C\u00e9sar Manrique\u201d, organizado por C\u00e1tedra C\u00e9sar Manrique en el contexto de las actividades conmemorativas del Centenario del artista lanzarote\u00f1o impulsadas por la Fundaci\u00f3n que lleva el nombre del artista. La actividad acad\u00e9mica, de 10 horas lectivas, se desarroll\u00f3 en el Edificio Central de la ULL, entre el 6 y el 8 de mayo, con el objetivo de \u201cdifundir el valioso legado cultural y repercusi\u00f3n internacional del artista C\u00e9sar Manrique, as\u00ed como su mensaje en la defensa del patrimonio natural, arquitect\u00f3nico y paisaj\u00edstico\u201d, como expusieron el Vicerrector de Relaciones con la Sociedad, Francisco Javier Garc\u00eda Rodr\u00edguez, y el director del curso.<\/p>\n<p>El curso cont\u00f3 con la participaci\u00f3n de los profesores Francisco Galante G\u00f3mez; Dora Lardelli, presidenta de la Fundaci\u00f3n Tino Walz (Suiza) y directora art\u00edstica del Museo Atelier Segantini; Eugenio Carmona, catedr\u00e1tico de Historia del Arte de la Universidad de M\u00e1laga; Celestino Celso Hern\u00e1ndez, director del Museo de Arte Contempor\u00e1neo Eduardo Westerdahl (MACEW) y vicepresidente de Arte del Instituto de Estudios Hisp\u00e1nicos de Canarias (IEHC); y Ana Mart\u00ednez de Aguilar, exdirectora general del Museo Nacional Centro de Arte Reina Sof\u00eda, exdirectora del Museo Esteban Vicente y comisaria de exposiciones.<\/p>\n<p>Con esta iniciativa acad\u00e9mica la Universidad de La Laguna clausur\u00f3 las actividades de homenaje a la memoria del artista lanzarote\u00f1o con motivo de su centenario.<\/p>\n<p><a href=\"https:\/\/fcmanrique.org\/wp-content\/uploads\/fc-manrique-universidad-la-laguna2-1.jpg\"><img loading=\"lazy\" decoding=\"async\" class=\"alignnone size-full wp-image-19065\" src=\"https:\/\/fcmanrique.org\/wp-content\/uploads\/fc-manrique-universidad-la-laguna2-1.jpg\" alt=\"\" width=\"920\" height=\"615\" srcset=\"https:\/\/fcmanrique.org\/wp-content\/uploads\/fc-manrique-universidad-la-laguna2-1.jpg 920w, https:\/\/fcmanrique.org\/wp-content\/uploads\/fc-manrique-universidad-la-laguna2-1-300x201.jpg 300w, https:\/\/fcmanrique.org\/wp-content\/uploads\/fc-manrique-universidad-la-laguna2-1-768x513.jpg 768w, https:\/\/fcmanrique.org\/wp-content\/uploads\/fc-manrique-universidad-la-laguna2-1-289x193.jpg 289w\" sizes=\"auto, (max-width: 920px) 100vw, 920px\" \/><\/a><img loading=\"lazy\" decoding=\"async\" src=\"http:\/\/fcmanrique.ip-zone.com\/mailing-manager\/domains\/fcmanrique_ip-zone_com\/files\/img\/\/dsc-0692.jpg\" alt=\"\" width=\"900\" height=\"602\" \/><\/p>","protected":false},"excerpt":{"rendered":"<p>Sorry, this entry is only available in ES.La Universidad de la La Laguna (ULL) clausur\u00f3 las actividades acad\u00e9micas en homenaje a C\u00e9sar Manrique con un debate cient\u00edfico sobre el legado cultural del artista. El pasado viernes d\u00eda 10 se celebr\u00f3 en el Aula Magna de la Universidad de La Laguna (ULL) un debate cient\u00edfico de&#8230; <a href=\"https:\/\/fcmanrique.org\/en\/fcm-c-ev-relac\/la-ull-clausuro-su-homenaje-a-manrique\/\" class=\"readmore\">Contin\u00faa leyendo \u2192<\/a><\/p>\n","protected":false},"featured_media":19053,"parent":0,"template":"","meta":{"_acf_changed":false,"ngg_post_thumbnail":0,"footnotes":""},"class_list":["post-19050","fcm_c_ev_relac","type-fcm_c_ev_relac","status-publish","has-post-thumbnail","hentry","c_ev_relac_categoria-colaboracion"],"acf":[],"_links":{"self":[{"href":"https:\/\/fcmanrique.org\/en\/wp-json\/wp\/v2\/fcm_c_ev_relac\/19050","targetHints":{"allow":["GET"]}}],"collection":[{"href":"https:\/\/fcmanrique.org\/en\/wp-json\/wp\/v2\/fcm_c_ev_relac"}],"about":[{"href":"https:\/\/fcmanrique.org\/en\/wp-json\/wp\/v2\/types\/fcm_c_ev_relac"}],"version-history":[{"count":3,"href":"https:\/\/fcmanrique.org\/en\/wp-json\/wp\/v2\/fcm_c_ev_relac\/19050\/revisions"}],"predecessor-version":[{"id":19067,"href":"https:\/\/fcmanrique.org\/en\/wp-json\/wp\/v2\/fcm_c_ev_relac\/19050\/revisions\/19067"}],"wp:featuredmedia":[{"embeddable":true,"href":"https:\/\/fcmanrique.org\/en\/wp-json\/wp\/v2\/media\/19053"}],"wp:attachment":[{"href":"https:\/\/fcmanrique.org\/en\/wp-json\/wp\/v2\/media?parent=19050"}],"curies":[{"name":"wp","href":"https:\/\/api.w.org\/{rel}","templated":true}]}}