{"id":15035,"date":"2018-02-21T11:30:22","date_gmt":"2018-02-21T11:30:22","guid":{"rendered":"https:\/\/fcmanrique.org\/fcm-exposicion\/alberto-corazon-pinturas-esculturas-1992-2002\/"},"modified":"2022-11-04T11:03:35","modified_gmt":"2022-11-04T11:03:35","slug":"alberto-corazon-pinturas-esculturas-1992-2002","status":"publish","type":"fcm_exposicion","link":"https:\/\/fcmanrique.org\/en\/fcm-exposicion\/alberto-corazon-pinturas-esculturas-1992-2002\/","title":{"rendered":"Alberto Coraz\u00f3n. Pinturas &#038; Esculturas 1992-2002"},"content":{"rendered":"<p class=\"qtranxs-available-languages-message qtranxs-available-languages-message-en\">Sorry, this entry is only available in <a href=\"https:\/\/fcmanrique.org\/es\/wp-json\/wp\/v2\/fcm_exposicion\/15035\" class=\"qtranxs-available-language-link qtranxs-available-language-link-es\" title=\"ES\">ES<\/a>.<\/p><p><\/p>\n<p class=\"MsoNormal\" style=\"text-align: justify;\"><span style=\"ofont-family: Arial;\">El 4 de marzo de 2004, se inaugur\u00f3 en la sede de la Fundaci\u00f3n C\u00e9sar Manrique, en Taro de Tah\u00edche, la exposici\u00f3n <em>Alberto Coraz\u00f3n. Pinturas &amp; Esculturas 1992-2002, <\/em>y pudo visitarse hasta el 25 de abril de 2004.<\/span><\/p>\n<p class=\"MsoNormal\" style=\"text-align: justify;\"><span style=\"ofont-family: Arial;\">Alberto Coraz\u00f3n (Madrid, 1942) es uno de los principales dise\u00f1adores gr\u00e1ficos de nuestro pa\u00eds, ocupando tambi\u00e9n un lugar destacado en el panorama internacional. Ha recibido el Premio Nacional, as\u00ed como importantes reconocimientos internacionales. Asimismo, goza de un extraordinario prestigio en el campo del dise\u00f1o industrial. Su actividad creativa se completa con un extenso trabajo pl\u00e1stico.<\/span><\/p>\n<p class=\"MsoNormal\" style=\"text-align: justify;\"><span style=\"ofont-family: Arial;\">Alberto Coraz\u00f3n estudi\u00f3 Sociolog\u00eda y Ciencias Econ\u00f3micas. Al mismo tiempo, compagin\u00f3 estos estudios con el aprendizaje del dibujo y de la pintura. Al terminar sus estudios universitarios, fund\u00f3 con un grupo de amigos la editorial <em>Ciencia Nuevas<\/em> y se inici\u00f3 profesionalmente en el dise\u00f1o gr\u00e1fico. Simult\u00e1neamente, realiz\u00f3 sus primeras exposiciones en Tur\u00edn y en Mil\u00e1n. A comienzos de los a\u00f1os setenta, es el promotor, junto a Nacho Criado y Antoni Muntadas, de las primeras manifestacio\u00adnes de arte conceptual en Espa\u00f1a a trav\u00e9s de la Galer\u00eda Redor. En 1972, en colaboraci\u00f3n con Valeriano Bozal y Miguel Garc\u00eda S\u00e1nchez, cre\u00f3 <em>Alberto Coraz\u00f3n Editor<\/em>. Este proyecto permiti\u00f3 la introducci\u00f3n en el mercado espa\u00f1ol de los textos de las vanguardias hist\u00f3ricas y las corrientes estructuralistas en el pensamiento y la cr\u00edtica de arte. En 1976, fue invitado por el Comit\u00e9 Internacional a exponer en la Bienal de Venecia junto con T\u00e0pies y el Equipo Cr\u00f3nica, y en 1978 la Bienal de Par\u00eds, le invit\u00f3 a exponer en el Petit Palais junto con Antonio Saura. En la d\u00e9cada de los ochenta, decidi\u00f3 tomarse un per\u00edodo de reflexi\u00f3n, reorientando su trabajo hacia la escultura, presentando una exposici\u00f3n antol\u00f3gica en 1991. A partir de 1992, expuso en las galer\u00edas Gamarra &amp; Garrigues y Elvira Gonz\u00e1lez, as\u00ed como en el Museum W\u00fcrth (Alemania) que adquiri\u00f3 una amplia muestra de sus pinturas y esculturas. Desde el 2001, su obra puede contemplarse con regularidad en la Galer\u00eda Marlborough.<\/span><\/p>\n<p class=\"MsoNormal\" style=\"text-align: justify;\"><span style=\"ofont-family: Arial;\">En la exposici\u00f3n presentada en la FCM, pudieron contemplarse 20 pinturas y 4 esculturas correspondientes al per\u00edodo 1992-2002.<\/span><\/p>\n<p class=\"MsoNormal\" style=\"text-align: justify;\"><span style=\"ofont-family: Arial;\">Una exposici\u00f3n antol\u00f3gica de sus pinturas y esculturas de los diez \u00faltimos a\u00f1os fue exhibida en distintas salas del territorio espa\u00f1ol. Al mismo tiempo, una muestra representativa de su obra&nbsp; recorri\u00f3 diversos pa\u00edses de Oriente Medio.<\/span><\/p>\n<p><span style=\"ofont-size: 10pt; ofont-family: Arial;\">La exposici\u00f3n recibi\u00f3 42.589 visitantes.<\/span><\/p>","protected":false},"featured_media":16845,"parent":0,"template":"","meta":{"_acf_changed":false,"ngg_post_thumbnail":0,"footnotes":""},"exposicion_linea_discursiva":[53],"class_list":["post-15035","fcm_exposicion","type-fcm_exposicion","status-publish","has-post-thumbnail","hentry","exposicion_linea_discursiva-revisiones-historicas"],"acf":[],"_links":{"self":[{"href":"https:\/\/fcmanrique.org\/en\/wp-json\/wp\/v2\/fcm_exposicion\/15035","targetHints":{"allow":["GET"]}}],"collection":[{"href":"https:\/\/fcmanrique.org\/en\/wp-json\/wp\/v2\/fcm_exposicion"}],"about":[{"href":"https:\/\/fcmanrique.org\/en\/wp-json\/wp\/v2\/types\/fcm_exposicion"}],"version-history":[{"count":2,"href":"https:\/\/fcmanrique.org\/en\/wp-json\/wp\/v2\/fcm_exposicion\/15035\/revisions"}],"predecessor-version":[{"id":23226,"href":"https:\/\/fcmanrique.org\/en\/wp-json\/wp\/v2\/fcm_exposicion\/15035\/revisions\/23226"}],"wp:featuredmedia":[{"embeddable":true,"href":"https:\/\/fcmanrique.org\/en\/wp-json\/wp\/v2\/media\/16845"}],"wp:attachment":[{"href":"https:\/\/fcmanrique.org\/en\/wp-json\/wp\/v2\/media?parent=15035"}],"wp:term":[{"taxonomy":"exposicion_linea_discursiva","embeddable":true,"href":"https:\/\/fcmanrique.org\/en\/wp-json\/wp\/v2\/exposicion_linea_discursiva?post=15035"}],"curies":[{"name":"wp","href":"https:\/\/api.w.org\/{rel}","templated":true}]}}