{"id":15067,"date":"2018-02-21T11:30:29","date_gmt":"2018-02-21T11:30:29","guid":{"rendered":"https:\/\/fcmanrique.org\/fcm-exposicion\/miguel-angel-blanco-geogenia\/"},"modified":"2023-11-29T11:43:48","modified_gmt":"2023-11-29T11:43:48","slug":"miguel-angel-blanco-geogenia","status":"publish","type":"fcm_exposicion","link":"https:\/\/fcmanrique.org\/en\/fcm-exposicion\/miguel-angel-blanco-geogenia\/","title":{"rendered":"Miguel \u00c1ngel Blanco. Geogenia"},"content":{"rendered":"<p class=\"qtranxs-available-languages-message qtranxs-available-languages-message-en\">Sorry, this entry is only available in <a href=\"https:\/\/fcmanrique.org\/es\/wp-json\/wp\/v2\/fcm_exposicion\/15067\" class=\"qtranxs-available-language-link qtranxs-available-language-link-es\" title=\"ES\">ES<\/a>.<\/p><p>El 4 de diciembre, en la sede de la FCM de Taro de Tah\u00edche, se inaugur\u00f3 la exposici\u00f3n <em><strong>Miguel \u00c1ngel Blanco. Geogenia<\/strong><\/em>, que fue clausurada el 8 de febrero de 2004. El acto cont\u00f3 con la presencia del artista, del presidente de la FCM, Jos\u00e9 Juan Ram\u00edrez, y el director de Actividades Fundacionales de la FCM, Fernando G\u00f3mez Aguilera.<\/p>\n<p>Con esta retrospectiva de Miguel \u00c1ngel Blanco, la FCM daba continuidad a una de las l\u00edneas de su programa de exposiciones temporales, como es la de Arte-Naturaleza, que acoge a artistas nacionales e internacionales que desarrollan sus propuestas creativas en estrecha relaci\u00f3n con la naturaleza, y de la propia colecci\u00f3n espec\u00edfica de su Museo.<\/p>\n<p><strong>Miguel \u00c1ngel Blanco<\/strong> est\u00e1 considerado como uno de los artistas espa\u00f1oles contempor\u00e1neos m\u00e1s representativos en la utilizaci\u00f3n de la naturaleza como material del arte. Pr\u00f3ximo a la sensibilidad europea del <em>Land art<\/em>, Miguel \u00c1ngel Blanco afronta en su obra el tema de la naturaleza con la actitud de un caminante. En sus paseos recoge peque\u00f1os restos del entorno: hojas, semillas, cortezas, l\u00edquenes, piedras\u2026, con los que compone libros-collages, un proyecto que inici\u00f3 en 1985 con el objetivo de crear una gran <em>Biblioteca del Bosque<\/em>. La obra de Miguel \u00c1ngel Blanco se halla expuesta en distintos museos y colecciones p\u00fablicas y privadas: Museo Nacional Centro de Arte Reina Sof\u00eda; Museo de Arte Contempor\u00e1neo Uni\u00f3n Fenosa; Biblioteca Nacional; Real Academia de Bellas Artes de San Fernando, Calcograf\u00eda Nacional; Colecci\u00f3n Banco de Espa\u00f1a; y colecci\u00f3n Fundaci\u00f3n \u201cla Caixa\u201d, entre otros.<\/p>\n<p>&nbsp;La exposici\u00f3n exhibida en la FCM reuni\u00f3 53 piezas de las que 9 fueron encargadas por la FCM, y realizadas por Miguel \u00c1ngel Blanco durante su estancia en Lanzarote en el mes de junio, invitado por la instituci\u00f3n a participar en su programa <em>Residencia-Taller. Artistas en residencia.<\/em> El volc\u00e1n de la Corona, el risco de Famara, la costa de Mala, el Calet\u00f3n Blanco, las Quemadas, fueron, entre otros, los lugares de la Isla donde trabaj\u00f3 el artista. Cuatro de las obras expuestas han sido reci\u00e9n adquiridas por la FCM para su colecci\u00f3n espec\u00edfica Arte-Naturaleza. Miguel \u00c1ngel Blanco ha compuesto in\u00e9ditos paisajes fragmentarios, escenarios con representaciones de la naturaleza de Canarias, que el artista encierra en cajas apaisadas, a las que antepone algunas hojas de papeles diversos. Estas p\u00e1ginas son tratadas con esmalte y puntos de fuegos, sometidas a veces a aurograf\u00edas e incrustaciones de madera, o cubiertas en ocasiones con pintura met\u00e1lica o con contactos y graf\u00edas de agua, o se convierten en l\u00e1minas de estampaci\u00f3n digital.<\/p>\n<p>En palabras del cr\u00edtico de arte Jos\u00e9 Mar\u00edn-Medina en Miguel \u00c1ngel Blanco \u201cel g\u00e9nero y la noci\u00f3n misma de paisaje han experimentado una evoluci\u00f3n sin reglas desde las vanguardias hist\u00f3ricas hasta la posmodernidad, al redefinirse <em>lo paisaj\u00edstico<\/em> e introducirse en nuevos espacios\u201d. Para el cr\u00edtico Javier Maderuelo \u201clas obras de Miguel \u00c1ngel Blanco se inscriben, adem\u00e1s, en otra fruct\u00edfera corriente de reflexi\u00f3n intelectual que hinca sus ra\u00edces en el coraz\u00f3n del pensamiento ilustrado, cual es la dicotom\u00eda entre cultura y naturaleza\u201d.<\/p>\n<p>&nbsp;La exposici\u00f3n recibi\u00f3 19.086 visitantes.<\/p>\n<p style=\"text-align: left;\"><strong>M\u00e1s informaci\u00f3n:<\/strong>&nbsp;<a href=\"https:\/\/fcmanrique.org\/fcm-publicacion\/geogenia\/?cpg=2\" target=\"_blank\" rel=\"noopener\">Cat\u00e1logo de la exposici\u00f3n<\/a><\/p>\n<p><\/p>","protected":false},"featured_media":16818,"parent":0,"template":"","meta":{"_acf_changed":false,"ngg_post_thumbnail":0,"footnotes":""},"exposicion_linea_discursiva":[51],"class_list":["post-15067","fcm_exposicion","type-fcm_exposicion","status-publish","has-post-thumbnail","hentry","exposicion_linea_discursiva-arte-naturaleza"],"acf":[],"_links":{"self":[{"href":"https:\/\/fcmanrique.org\/en\/wp-json\/wp\/v2\/fcm_exposicion\/15067","targetHints":{"allow":["GET"]}}],"collection":[{"href":"https:\/\/fcmanrique.org\/en\/wp-json\/wp\/v2\/fcm_exposicion"}],"about":[{"href":"https:\/\/fcmanrique.org\/en\/wp-json\/wp\/v2\/types\/fcm_exposicion"}],"version-history":[{"count":5,"href":"https:\/\/fcmanrique.org\/en\/wp-json\/wp\/v2\/fcm_exposicion\/15067\/revisions"}],"predecessor-version":[{"id":24711,"href":"https:\/\/fcmanrique.org\/en\/wp-json\/wp\/v2\/fcm_exposicion\/15067\/revisions\/24711"}],"wp:featuredmedia":[{"embeddable":true,"href":"https:\/\/fcmanrique.org\/en\/wp-json\/wp\/v2\/media\/16818"}],"wp:attachment":[{"href":"https:\/\/fcmanrique.org\/en\/wp-json\/wp\/v2\/media?parent=15067"}],"wp:term":[{"taxonomy":"exposicion_linea_discursiva","embeddable":true,"href":"https:\/\/fcmanrique.org\/en\/wp-json\/wp\/v2\/exposicion_linea_discursiva?post=15067"}],"curies":[{"name":"wp","href":"https:\/\/api.w.org\/{rel}","templated":true}]}}